{"id":7932,"date":"2022-03-31T16:26:45","date_gmt":"2022-03-31T21:26:45","guid":{"rendered":"https:\/\/fundacioncarcafe.aicode-test.art\/?page_id=7932"},"modified":"2022-11-10T20:11:12","modified_gmt":"2022-11-11T01:11:12","slug":"aliados","status":"publish","type":"page","link":"https:\/\/fundacioncarcafe.co\/en\/aliados\/","title":{"rendered":"Allies"},"content":{"rendered":"<section class=\"wpb-content-wrapper\"><div class=\"vc_row wpb_row vc_row-fluid vc_custom_1624569748747\"><div class=\"wpb_column vc_column_container vc_col-sm-12\"><div class=\"vc_column-inner\"><div class=\"wpb_wrapper\">\t\t\n\t\t<div id=\"wd-625eb513b16aa\" class=\"title-wrapper wd-wpb set-mb-s reset-last-child  wd-title-color-default wd-title-style-default wd-width-100 text-center\">\n\t\t\t\n\t\t\t<div class=\"liner-continer\">\n\t\t\t\t<h4 class=\"woodmart-title-container title  wd-font-weight-700 wd-fontsize-xxl\" >ALLIES<\/h4>\n\t\t\t\t\t\t\t<\/div>\n\t\t\t\n\t\t\t\n\t\t\t\t\t<\/div>\n\t\t\n\t\t<\/div><\/div><\/div><\/div><div class=\"vc_row wpb_row vc_row-fluid vc_custom_1624569870178\"><div class=\"wpb_column vc_column_container vc_col-sm-12\"><div class=\"vc_column-inner\"><div class=\"wpb_wrapper\">\t\t\n\t\t<div id=\"wd-62462439d940f\" class=\"title-wrapper wd-wpb set-mb-s reset-last-child  wd-title-color-default wd-title-style-simple wd-width-100 text-center\">\n\t\t\t\n\t\t\t<div class=\"liner-continer\">\n\t\t\t\t<h4 class=\"woodmart-title-container title  wd-font-weight-900 wd-fontsize-xl\" >International Allies<\/h4>\n\t\t\t\t\t\t\t<\/div>\n\t\t\t\n\t\t\t\n\t\t\t\t\t<\/div>\n\t\t\n\t\t<div class=\"vc_empty_space\"   style=\"height: 32px\"><span class=\"vc_empty_space_inner\"><\/span><\/div><\/div><\/div><\/div><\/div><div class=\"vc_row wpb_row vc_row-fluid\"><div class=\"wpb_column vc_column_container vc_col-sm-3\" id=\"contentImgLogoFC\"><div class=\"vc_column-inner\"><div class=\"wpb_wrapper\">\n\t<div  class=\"wpb_single_image wpb_content_element vc_align_left\">\n\t\t\n\t\t<figure class=\"wpb_wrapper vc_figure\">\n\t\t\t<div class=\"vc_single_image-wrapper   vc_box_border_grey\"><img loading=\"lazy\" decoding=\"async\" width=\"2054\" height=\"973\" src=\"https:\/\/fundacioncarcafe.co\/wp-content\/uploads\/2022\/04\/consta_fundation_logo.png\" class=\"vc_single_image-img attachment-full\" alt=\"\" title=\"consta_fundation_logo\" srcset=\"https:\/\/fundacioncarcafe.co\/wp-content\/uploads\/2022\/04\/consta_fundation_logo.png 2054w, https:\/\/fundacioncarcafe.co\/wp-content\/uploads\/2022\/04\/consta_fundation_logo-300x142.png 300w, https:\/\/fundacioncarcafe.co\/wp-content\/uploads\/2022\/04\/consta_fundation_logo-1024x485.png 1024w, https:\/\/fundacioncarcafe.co\/wp-content\/uploads\/2022\/04\/consta_fundation_logo-768x364.png 768w, https:\/\/fundacioncarcafe.co\/wp-content\/uploads\/2022\/04\/consta_fundation_logo-1536x728.png 1536w, https:\/\/fundacioncarcafe.co\/wp-content\/uploads\/2022\/04\/consta_fundation_logo-2048x970.png 2048w, https:\/\/fundacioncarcafe.co\/wp-content\/uploads\/2022\/04\/consta_fundation_logo-16x8.png 16w, https:\/\/fundacioncarcafe.co\/wp-content\/uploads\/2022\/04\/consta_fundation_logo-1200x568.png 1200w, https:\/\/fundacioncarcafe.co\/wp-content\/uploads\/2022\/04\/consta_fundation_logo-150x71.png 150w\" sizes=\"auto, (max-width: 2054px) 100vw, 2054px\" \/><\/div>\n\t\t<\/figure>\n\t<\/div>\n<\/div><\/div><\/div><div class=\"wpb_column vc_column_container vc_col-sm-6\"><div class=\"vc_column-inner\"><div class=\"wpb_wrapper\">\t\t\n\t\t<div id=\"wd-625eb40e9a36a\" class=\"title-wrapper wd-wpb set-mb-s reset-last-child  wd-title-color-default wd-title-style-default wd-width-100 text-left\">\n\t\t\t\t\t\t\t<div class=\"title-subtitle  subtitle-color-default font-default subtitle-style-default wd-font-weight-600 wd-fontsize-xs\">Piers Blake<\/div>\n\t\t\t\n\t\t\t<div class=\"liner-continer\">\n\t\t\t\t<h1 class=\"woodmart-title-container title  wd-font-weight-600 wd-fontsize-l\" >Costa Foundation Director<\/h1>\n\t\t\t\t\t\t\t<\/div>\n\t\t\t\n\t\t\t\n\t\t\t\t\t<\/div>\n\t\t\n\t\t\t\n\t\t\t<div id=\"wd-625eb863acd89\" class=\"wd-text-block-wrapper wd-wpb color-scheme- wd-width-100 text-left  justify-text\">\n\t\t\t\t<div class=\"woodmart-title-container woodmart-text-block reset-last-child font-primary wd-font-weight-\">\n\t\t\t\t\tFundacion Carcafe has been a preferred partner for the Costa Foundation since 2014 and have proven to be one of the most reliable and professional teams that we\u2019ve worked with. What truly impresses us is the passion and commitment of Vivian Vasquez who not only leads these projects with a complete focus on the welfare of the children, but adds a creative edge to our school projects due to her background in architecture and design. Visiting San Lorenzo in 2016 to inaugurate the new school buildings was a real highlight for the Costa Foundation, such a wonderful, bright, modern design and such fantastic facilities for the students. We would recommend working with Fundaci\u00f3n Carcafe to anyone that needs a professional and successful project implemented.\t\t\t\t<\/div>\n\t\t\t\t\t\t\t<\/div>\n\t\t<\/div><\/div><\/div><div class=\"wpb_column vc_column_container vc_col-sm-3\" id=\"contentPhotoPiers\"><div class=\"vc_column-inner\"><div class=\"wpb_wrapper\">\n\t<div  class=\"wpb_single_image wpb_content_element vc_align_left\">\n\t\t\n\t\t<figure class=\"wpb_wrapper vc_figure\">\n\t\t\t<div class=\"vc_single_image-wrapper   vc_box_border_grey\"><img loading=\"lazy\" decoding=\"async\" width=\"1577\" height=\"2134\" src=\"https:\/\/fundacioncarcafe.co\/wp-content\/uploads\/2022\/04\/foto-aliado-piers.jpg\" class=\"vc_single_image-img attachment-full\" alt=\"\" title=\"foto-aliado-piers\" srcset=\"https:\/\/fundacioncarcafe.co\/wp-content\/uploads\/2022\/04\/foto-aliado-piers.jpg 1577w, https:\/\/fundacioncarcafe.co\/wp-content\/uploads\/2022\/04\/foto-aliado-piers-222x300.jpg 222w, https:\/\/fundacioncarcafe.co\/wp-content\/uploads\/2022\/04\/foto-aliado-piers-757x1024.jpg 757w, https:\/\/fundacioncarcafe.co\/wp-content\/uploads\/2022\/04\/foto-aliado-piers-768x1039.jpg 768w, https:\/\/fundacioncarcafe.co\/wp-content\/uploads\/2022\/04\/foto-aliado-piers-1135x1536.jpg 1135w, https:\/\/fundacioncarcafe.co\/wp-content\/uploads\/2022\/04\/foto-aliado-piers-1513x2048.jpg 1513w, https:\/\/fundacioncarcafe.co\/wp-content\/uploads\/2022\/04\/foto-aliado-piers-9x12.jpg 9w, https:\/\/fundacioncarcafe.co\/wp-content\/uploads\/2022\/04\/foto-aliado-piers-1200x1624.jpg 1200w, https:\/\/fundacioncarcafe.co\/wp-content\/uploads\/2022\/04\/foto-aliado-piers-150x203.jpg 150w\" sizes=\"auto, (max-width: 1577px) 100vw, 1577px\" \/><\/div>\n\t\t<\/figure>\n\t<\/div>\n<\/div><\/div><\/div><\/div><div class=\"vc_row wpb_row vc_row-fluid\"><div class=\"wpb_column vc_column_container vc_col-sm-3\"><div class=\"vc_column-inner\"><div class=\"wpb_wrapper\">\n\t<div  class=\"wpb_single_image wpb_content_element vc_align_left\">\n\t\t\n\t\t<figure class=\"wpb_wrapper vc_figure\">\n\t\t\t<div class=\"vc_single_image-wrapper   vc_box_border_grey\"><img loading=\"lazy\" decoding=\"async\" width=\"1200\" height=\"600\" src=\"https:\/\/fundacioncarcafe.co\/wp-content\/uploads\/2022\/06\/ltjs.jpeg\" class=\"vc_single_image-img attachment-full\" alt=\"\" title=\"ltjs\" srcset=\"https:\/\/fundacioncarcafe.co\/wp-content\/uploads\/2022\/06\/ltjs.jpeg 1200w, https:\/\/fundacioncarcafe.co\/wp-content\/uploads\/2022\/06\/ltjs-300x150.jpeg 300w, https:\/\/fundacioncarcafe.co\/wp-content\/uploads\/2022\/06\/ltjs-1024x512.jpeg 1024w, https:\/\/fundacioncarcafe.co\/wp-content\/uploads\/2022\/06\/ltjs-768x384.jpeg 768w, https:\/\/fundacioncarcafe.co\/wp-content\/uploads\/2022\/06\/ltjs-16x8.jpeg 16w, https:\/\/fundacioncarcafe.co\/wp-content\/uploads\/2022\/06\/ltjs-150x75.jpeg 150w\" sizes=\"auto, (max-width: 1200px) 100vw, 1200px\" \/><\/div>\n\t\t<\/figure>\n\t<\/div>\n<\/div><\/div><\/div><div class=\"wpb_column vc_column_container vc_col-sm-6\"><div class=\"vc_column-inner\"><div class=\"wpb_wrapper\">\t\t\n\t\t<div id=\"wd-62bfa0f8a48be\" class=\"title-wrapper wd-wpb set-mb-s reset-last-child  wd-title-color-default wd-title-style-default wd-width-100 text-left\">\n\t\t\t\t\t\t\t<div class=\"title-subtitle  subtitle-color-default font-default subtitle-style-default wd-font-weight-600 wd-fontsize-xs\">Jamie Stacey<\/div>\n\t\t\t\n\t\t\t<div class=\"liner-continer\">\n\t\t\t\t<h1 class=\"woodmart-title-container title  wd-font-weight-600 wd-fontsize-l\" >Philanthropy Manager<\/h1>\n\t\t\t\t\t\t\t<\/div>\n\t\t\t\n\t\t\t\n\t\t\t\t\t<\/div>\n\t\t\n\t\t<div class=\"team-member wd-wpb text-center  member-layout-default color-scheme-dark item-aliados-internacionales\"><div class=\"member-details\"><div class=\"member-bio\"><\/p>\n<div class=\"justify-text\">The partnership our Dutch Bros Foundation has experienced with Fundacion Carcafe has been one we are extremely proud of and grateful for. Through trust, the project leaders have been able to establish meaningful relationships with the coffee growing families in Antioquia who are a part of our social intervention project. It has been such a success, we extended the project with a second phase to expand the impact we were seeing with sustainable coffee growing practices, food security, and healthy eating habits. The professionalism, the heart, and the overall desire to improve these communities is evident in a partner like Fundacion Carcafe.<\/div>\n<p><\/div><\/div><\/div><\/div><\/div><\/div><div class=\"wpb_column vc_column_container vc_col-sm-3\"><div class=\"vc_column-inner\"><div class=\"wpb_wrapper\">\n\t<div  class=\"wpb_single_image wpb_content_element vc_align_left img-photo-aliado-internacional\">\n\t\t\n\t\t<figure class=\"wpb_wrapper vc_figure\">\n\t\t\t<div class=\"vc_single_image-wrapper   vc_box_border_grey\"><img loading=\"lazy\" decoding=\"async\" width=\"518\" height=\"810\" src=\"https:\/\/fundacioncarcafe.co\/wp-content\/uploads\/2022\/04\/photo-aliado-jamie.jpg\" class=\"vc_single_image-img attachment-full\" alt=\"\" title=\"photo-aliado-jamie\" srcset=\"https:\/\/fundacioncarcafe.co\/wp-content\/uploads\/2022\/04\/photo-aliado-jamie.jpg 518w, https:\/\/fundacioncarcafe.co\/wp-content\/uploads\/2022\/04\/photo-aliado-jamie-192x300.jpg 192w, https:\/\/fundacioncarcafe.co\/wp-content\/uploads\/2022\/04\/photo-aliado-jamie-8x12.jpg 8w, https:\/\/fundacioncarcafe.co\/wp-content\/uploads\/2022\/04\/photo-aliado-jamie-150x235.jpg 150w\" sizes=\"auto, (max-width: 518px) 100vw, 518px\" \/><\/div>\n\t\t<\/figure>\n\t<\/div>\n<\/div><\/div><\/div><\/div><div class=\"vc_row wpb_row vc_row-fluid\"><div class=\"wpb_column vc_column_container vc_col-sm-4\"><div class=\"vc_column-inner\"><div class=\"wpb_wrapper\"><\/div><\/div><\/div><div class=\"wpb_column vc_column_container vc_col-sm-4\"><div class=\"vc_column-inner\"><div class=\"wpb_wrapper\">\t\t\n\t\t<div id=\"wd-62bfa09e60853\" class=\"title-wrapper wd-wpb set-mb-s reset-last-child  wd-title-color-default wd-title-style-default wd-width-100 text-left  wd-title-empty\">\n\t\t\t\t\t\t\t<div class=\"title-subtitle  subtitle-color-default font-default subtitle-style-default wd-font-weight-600 wd-fontsize-xs\">Lavazza Foundation<\/div>\n\t\t\t\n\t\t\t<div class=\"liner-continer\">\n\t\t\t\t<h1 class=\"woodmart-title-container title  wd-font-weight-600 wd-fontsize-l\" ><\/h1>\n\t\t\t\t\t\t\t<\/div>\n\t\t\t\n\t\t\t\n\t\t\t\t\t<\/div>\n\t\t\n\t\t<\/div><\/div><\/div><div class=\"wpb_column vc_column_container vc_col-sm-4\"><div class=\"vc_column-inner\"><div class=\"wpb_wrapper\"><\/div><\/div><\/div><\/div><div class=\"vc_row wpb_row vc_row-fluid\"><div class=\"wpb_column vc_column_container vc_col-sm-3\"><div class=\"vc_column-inner\"><div class=\"wpb_wrapper\">\n\t<div  class=\"wpb_single_image wpb_content_element vc_align_left img-photo-aliado-internacional\">\n\t\t\n\t\t<figure class=\"wpb_wrapper vc_figure\">\n\t\t\t<div class=\"vc_single_image-wrapper   vc_box_border_grey\"><img loading=\"lazy\" decoding=\"async\" width=\"908\" height=\"975\" src=\"https:\/\/fundacioncarcafe.co\/wp-content\/uploads\/2022\/04\/photo-aliado-lavazza.jpg\" class=\"vc_single_image-img attachment-full\" alt=\"\" title=\"photo-aliado-lavazza\" srcset=\"https:\/\/fundacioncarcafe.co\/wp-content\/uploads\/2022\/04\/photo-aliado-lavazza.jpg 908w, https:\/\/fundacioncarcafe.co\/wp-content\/uploads\/2022\/04\/photo-aliado-lavazza-279x300.jpg 279w, https:\/\/fundacioncarcafe.co\/wp-content\/uploads\/2022\/04\/photo-aliado-lavazza-768x825.jpg 768w, https:\/\/fundacioncarcafe.co\/wp-content\/uploads\/2022\/04\/photo-aliado-lavazza-11x12.jpg 11w, https:\/\/fundacioncarcafe.co\/wp-content\/uploads\/2022\/04\/photo-aliado-lavazza-150x161.jpg 150w\" sizes=\"auto, (max-width: 908px) 100vw, 908px\" \/><\/div>\n\t\t<\/figure>\n\t<\/div>\n<\/div><\/div><\/div><div class=\"wpb_column vc_column_container vc_col-sm-6\"><div class=\"vc_column-inner\"><div class=\"wpb_wrapper\"><div class=\"team-member wd-wpb text-center  member-layout-default color-scheme-dark item-aliados-internacionales\"><div class=\"member-details\"><div class=\"member-bio\"><\/p>\n<div class=\"justify-text\">The Lavazza Foundation has been working in the Meta region, since 2015, together with Fundacion Carcaf\u00e8 with a sustainability project that has improved the economic and social conditions of over one hundred coffee producers and their families. The project, since now, has helped them to bring the coffee plantations back to life by planting over one million coffee plants and training them to use good farming practices, including techniques to fight the negative effects of climate change. This fruitful collaboration is returning every year important results thanks to the creativity, the dynamic and the expertise of all Fundacion Carcaf\u00e8 staff. In addition, coffee farmer\u2019s commitment demonstrates how better solutions can be achieved by working collectively.<\/div>\n<p><\/div><\/div><\/div><\/div><\/div><\/div><div class=\"wpb_column vc_column_container vc_col-sm-3\"><div class=\"vc_column-inner vc_custom_1661976156161\"><div class=\"wpb_wrapper\">\n\t<div  class=\"wpb_single_image wpb_content_element vc_align_left\">\n\t\t\n\t\t<figure class=\"wpb_wrapper vc_figure\">\n\t\t\t<div class=\"vc_single_image-wrapper   vc_box_border_grey\"><img loading=\"lazy\" decoding=\"async\" width=\"692\" height=\"361\" src=\"https:\/\/fundacioncarcafe.co\/wp-content\/uploads\/2022\/08\/Lavazza-Logo.jpg\" class=\"vc_single_image-img attachment-full\" alt=\"\" title=\"Lavazza Logo\" srcset=\"https:\/\/fundacioncarcafe.co\/wp-content\/uploads\/2022\/08\/Lavazza-Logo.jpg 692w, https:\/\/fundacioncarcafe.co\/wp-content\/uploads\/2022\/08\/Lavazza-Logo-300x157.jpg 300w, https:\/\/fundacioncarcafe.co\/wp-content\/uploads\/2022\/08\/Lavazza-Logo-16x8.jpg 16w, https:\/\/fundacioncarcafe.co\/wp-content\/uploads\/2022\/08\/Lavazza-Logo-150x78.jpg 150w\" sizes=\"auto, (max-width: 692px) 100vw, 692px\" \/><\/div>\n\t\t<\/figure>\n\t<\/div>\n<\/div><\/div><\/div><\/div><div class=\"vc_row wpb_row vc_row-fluid\"><div class=\"wpb_column vc_column_container vc_col-sm-3\" id=\"contentPhotoAndres\"><div class=\"vc_column-inner\"><div class=\"wpb_wrapper\">\n\t<div  class=\"wpb_single_image wpb_content_element vc_align_left\">\n\t\t\n\t\t<figure class=\"wpb_wrapper vc_figure\">\n\t\t\t<div class=\"vc_single_image-wrapper   vc_box_border_grey\"><img loading=\"lazy\" decoding=\"async\" width=\"500\" height=\"335\" src=\"https:\/\/fundacioncarcafe.co\/wp-content\/uploads\/2022\/04\/foto-aliado-andreas.jpg\" class=\"vc_single_image-img attachment-full\" alt=\"\" title=\"foto-aliado-andreas\" srcset=\"https:\/\/fundacioncarcafe.co\/wp-content\/uploads\/2022\/04\/foto-aliado-andreas.jpg 500w, https:\/\/fundacioncarcafe.co\/wp-content\/uploads\/2022\/04\/foto-aliado-andreas-300x201.jpg 300w, https:\/\/fundacioncarcafe.co\/wp-content\/uploads\/2022\/04\/foto-aliado-andreas-16x12.jpg 16w, https:\/\/fundacioncarcafe.co\/wp-content\/uploads\/2022\/04\/foto-aliado-andreas-150x101.jpg 150w\" sizes=\"auto, (max-width: 500px) 100vw, 500px\" \/><\/div>\n\t\t<\/figure>\n\t<\/div>\n<\/div><\/div><\/div><div class=\"wpb_column vc_column_container vc_col-sm-6\"><div class=\"vc_column-inner\"><div class=\"wpb_wrapper\">\t\t\n\t\t<div id=\"wd-625eb5ace6027\" class=\"title-wrapper wd-wpb set-mb-s reset-last-child  wd-title-color-default wd-title-style-default wd-width-100 text-left\">\n\t\t\t\t\t\t\t<div class=\"title-subtitle  subtitle-color-default font-default subtitle-style-default wd-font-weight-600 wd-fontsize-xs\">Andreas Christmann<\/div>\n\t\t\t\n\t\t\t<div class=\"liner-continer\">\n\t\t\t\t<h1 class=\"woodmart-title-container title  wd-font-weight-600 wd-fontsize-l\" >Purchasing Manager Cafe Tchibo<\/h1>\n\t\t\t\t\t\t\t<\/div>\n\t\t\t\n\t\t\t\n\t\t\t\t\t<\/div>\n\t\t\n\t\t\t\n\t\t\t<div id=\"wd-625eb8791cfb4\" class=\"wd-text-block-wrapper wd-wpb color-scheme- wd-width-100 text-left  justify-text\">\n\t\t\t\t<div class=\"woodmart-title-container woodmart-text-block reset-last-child font-primary wd-font-weight-\">\n\t\t\t\t\tWe had chosen Carcafe for a development project with small farmers in Colombia for mainly two reasons: Their proven competence in farmer field work and their good presence in the department of Narino.<\/p>\n<p>For us it was a \u201c win win situation \u201c as Tchibo is believing in the good combination of quality coffee And real, long lasting work and supply chain partnership.<\/p>\n<p>It speaks for itself that after the first phase of 3 years we jointly prolonged for another 3 year.\t\t\t\t<\/div>\n\t\t\t\t\t\t\t<\/div>\n\t\t<\/div><\/div><\/div><div class=\"wpb_column vc_column_container vc_col-sm-3\" id=\"contentLogoTchil\"><div class=\"vc_column-inner\"><div class=\"wpb_wrapper\">\n\t<div  class=\"wpb_single_image wpb_content_element vc_align_left\">\n\t\t\n\t\t<figure class=\"wpb_wrapper vc_figure\">\n\t\t\t<div class=\"vc_single_image-wrapper   vc_box_border_grey\"><img loading=\"lazy\" decoding=\"async\" width=\"1028\" height=\"709\" src=\"https:\/\/fundacioncarcafe.co\/wp-content\/uploads\/2022\/04\/logo-tchibo.jpg\" class=\"vc_single_image-img attachment-full\" alt=\"\" title=\"Druck\" srcset=\"https:\/\/fundacioncarcafe.co\/wp-content\/uploads\/2022\/04\/logo-tchibo.jpg 1028w, https:\/\/fundacioncarcafe.co\/wp-content\/uploads\/2022\/04\/logo-tchibo-300x207.jpg 300w, https:\/\/fundacioncarcafe.co\/wp-content\/uploads\/2022\/04\/logo-tchibo-1024x706.jpg 1024w, https:\/\/fundacioncarcafe.co\/wp-content\/uploads\/2022\/04\/logo-tchibo-768x530.jpg 768w, https:\/\/fundacioncarcafe.co\/wp-content\/uploads\/2022\/04\/logo-tchibo-16x12.jpg 16w, https:\/\/fundacioncarcafe.co\/wp-content\/uploads\/2022\/04\/logo-tchibo-150x103.jpg 150w\" sizes=\"auto, (max-width: 1028px) 100vw, 1028px\" \/><\/div>\n\t\t<\/figure>\n\t<\/div>\n<\/div><\/div><\/div><\/div><div class=\"vc_row wpb_row vc_row-fluid\"><div class=\"wpb_column vc_column_container vc_col-sm-12\"><div class=\"vc_column-inner\"><div class=\"wpb_wrapper\"><div class=\"vc_separator wpb_content_element vc_separator_align_center vc_sep_width_100 vc_sep_pos_align_center vc_separator_no_text vc_sep_color_grey\" ><span class=\"vc_sep_holder vc_sep_holder_l\"><span class=\"vc_sep_line\"><\/span><\/span><span class=\"vc_sep_holder vc_sep_holder_r\"><span class=\"vc_sep_line\"><\/span><\/span>\n<\/div>\t\t\n\t\t<div id=\"wd-625eb95c11f78\" class=\"title-wrapper wd-wpb set-mb-s reset-last-child  wd-title-color-default wd-title-style-simple wd-width-100 text-center\">\n\t\t\t\n\t\t\t<div class=\"liner-continer\">\n\t\t\t\t<h4 class=\"woodmart-title-container title  wd-font-weight-900 wd-fontsize-xl\" >National Allies<\/h4>\n\t\t\t\t\t\t\t<\/div>\n\t\t\t\n\t\t\t\n\t\t\t\t\t<\/div>\n\t\t\n\t\t<div class=\"vc_empty_space\"   style=\"height: 32px\"><span class=\"vc_empty_space_inner\"><\/span><\/div><div class=\"vc_row wpb_row vc_inner vc_row-fluid\"><div class=\"wpb_column vc_column_container vc_col-sm-3\"><div class=\"vc_column-inner\"><div class=\"wpb_wrapper\">\t\t\t<div class=\"info-box-wrapper\">\n\t\t\t\t<div id=\"wd-62bb3fe98327c\" class=\"cursor-pointer wd-info-box wd-wpb text-left box-icon-align-top box-style- color-scheme- wd-bg-none\"  onclick=\"window.open(&quot;\/wp-content\/uploads\/2022\/04\/2.1.2-alcalde-espanol.pdf&quot;,&quot;_blank&quot;)\"  >\n\t\t\t\t\t\t\t\t\t\t\t<div class=\"box-icon-wrapper  box-with-icon box-icon-simple\">\n\t\t\t\t\t\t\t<div class=\"info-box-icon\">\n\n\t\t\t\t\t\t\t\n\t\t\t\t\t\t\t\t\t\t\t\t\t\t\t\t\t<img loading=\"lazy\" decoding=\"async\" width=\"274\" height=\"317\" src=\"https:\/\/fundacioncarcafe.co\/wp-content\/uploads\/2022\/04\/foto-aliado-carlos.jpg\" class=\"info-icon image-1 attachment-full\" alt=\"\" title=\"foto-aliado-carlos\" srcset=\"https:\/\/fundacioncarcafe.co\/wp-content\/uploads\/2022\/04\/foto-aliado-carlos.jpg 274w, https:\/\/fundacioncarcafe.co\/wp-content\/uploads\/2022\/04\/foto-aliado-carlos-259x300.jpg 259w, https:\/\/fundacioncarcafe.co\/wp-content\/uploads\/2022\/04\/foto-aliado-carlos-10x12.jpg 10w, https:\/\/fundacioncarcafe.co\/wp-content\/uploads\/2022\/04\/foto-aliado-carlos-150x174.jpg 150w\" sizes=\"auto, (max-width: 274px) 100vw, 274px\" \/>\t\t\t\t\t\t\t\t\t\t\t\t\t\t\t\t\n\t\t\t\t\t\t\t\n\t\t\t\t\t\t\t<\/div>\n\t\t\t\t\t\t<\/div>\n\t\t\t\t\t\t\t\t\t\t<div class=\"info-box-content\">\n\t\t\t\t\t\t\t\t\t\t\t\t<div class=\"info-box-inner set-cont-mb-s reset-last-child\">\n\t\t\t\t\t\t\t\t\t\t\t\t\t<\/div>\n\n\t\t\t\t\t\t\t\t\t\t\t\t\n\t\t\t\t\t<\/div>\n\n\t\t\t\t\t<style>#wd-62bb3fe98327c .info-box-subtitle{background-color:  !important;}<\/style>\t\t\t\t<\/div>\n\t\t\t<\/div>\n\t\t<\/div><\/div><\/div><div class=\"wpb_column vc_column_container vc_col-sm-9\"><div class=\"vc_column-inner\"><div class=\"wpb_wrapper\">\t\t\n\t\t<div id=\"wd-636d4f3a1c127\" class=\"title-wrapper wd-wpb set-mb-s reset-last-child  wd-title-color-default wd-title-style-default wd-width-100 text-left\">\n\t\t\t\t\t\t\t<div class=\"title-subtitle  subtitle-color-default font-default subtitle-style-default wd-font-weight-600 wd-fontsize-xs\">Carlos Isaza.<\/div>\n\t\t\t\n\t\t\t<div class=\"liner-continer\">\n\t\t\t\t<h1 class=\"woodmart-title-container title  wd-font-weight-600 wd-fontsize-l\" >Carlos Isaza, Colombian Coffee Program Manager \u2013 Solidaridad Network<\/h1>\n\t\t\t\t\t\t\t<\/div>\n\t\t\t\n\t\t\t\n\t\t\t\t\t<\/div>\n\t\t\n\t\t\t\n\t\t\t<div id=\"wd-62bb3f2e90d33\" class=\"wd-text-block-wrapper wd-wpb color-scheme- wd-width-100 text-left  justify-text\">\n\t\t\t\t<div class=\"woodmart-title-container woodmart-text-block reset-last-child font-primary wd-font-weight-\">\n\t\t\t\t\tFrom Solidaridad we have worked hand in hand with the Carcafe Foundation in Sustainability projects. The dedication, professionalism and above all the commitment to improve the living conditions of the coffee growers is a common denominator of everything that the Carcafe Foundation does.<br \/>\nWe need more organizations of this kind that support collaborative work and social commitment with coffee growing communities.\t\t\t\t<\/div>\n\t\t\t\t\t\t\t<\/div>\n\t\t<\/div><\/div><\/div><\/div><div class=\"vc_row wpb_row vc_inner vc_row-fluid\"><div class=\"wpb_column vc_column_container vc_col-sm-3\"><div class=\"vc_column-inner\"><div class=\"wpb_wrapper\">\t\t\t<div class=\"info-box-wrapper\">\n\t\t\t\t<div id=\"wd-62bf9d44495db\" class=\"cursor-pointer wd-info-box wd-wpb text-center box-icon-align-top box-style- color-scheme- wd-bg-none\"  onclick=\"window.open(&quot;\/wp-content\/uploads\/2022\/04\/2.1.2-alcalde-espanol.pdf&quot;,&quot;_blank&quot;)\"  >\n\t\t\t\t\t\t\t\t\t\t\t<div class=\"box-icon-wrapper  box-with-icon box-icon-simple\">\n\t\t\t\t\t\t\t<div class=\"info-box-icon\">\n\n\t\t\t\t\t\t\t\n\t\t\t\t\t\t\t\t\t\t\t\t\t\t\t\t\t<img loading=\"lazy\" decoding=\"async\" width=\"115\" height=\"120\" src=\"https:\/\/fundacioncarcafe.co\/wp-content\/uploads\/2022\/04\/san-lorenzo.jpg\" class=\"info-icon image-1 attachment-full\" alt=\"\" title=\"san-lorenzo\" srcset=\"https:\/\/fundacioncarcafe.co\/wp-content\/uploads\/2022\/04\/san-lorenzo.jpg 115w, https:\/\/fundacioncarcafe.co\/wp-content\/uploads\/2022\/04\/san-lorenzo-12x12.jpg 12w\" sizes=\"auto, (max-width: 115px) 100vw, 115px\" \/>\t\t\t\t\t\t\t\t\t\t\t\t\t\t\t\t\n\t\t\t\t\t\t\t\n\t\t\t\t\t\t\t<\/div>\n\t\t\t\t\t\t<\/div>\n\t\t\t\t\t\t\t\t\t\t<div class=\"info-box-content\">\n\t\t\t\t\t\t\t\t\t\t\t\t<div class=\"info-box-inner set-cont-mb-s reset-last-child\">\n\t\t\t\t\t\t\t\t\t\t\t\t\t<\/div>\n\n\t\t\t\t\t\t\t\t\t\t\t\t\n\t\t\t\t\t<\/div>\n\n\t\t\t\t\t<style>#wd-62bf9d44495db .info-box-subtitle{background-color:  !important;}<\/style>\t\t\t\t<\/div>\n\t\t\t<\/div>\n\t\t<\/div><\/div><\/div><div class=\"wpb_column vc_column_container vc_col-sm-9\"><div class=\"vc_column-inner\"><div class=\"wpb_wrapper\">\t\t\n\t\t<div id=\"wd-62bb4829eacd9\" class=\"title-wrapper wd-wpb set-mb-s reset-last-child  wd-title-color-default wd-title-style-default wd-width-100 text-left\">\n\t\t\t\t\t\t\t<div class=\"title-subtitle  subtitle-color-default font-default subtitle-style-default wd-font-weight-600 wd-fontsize-xs\">Olmedo Castillo Gaviria.<\/div>\n\t\t\t\n\t\t\t<div class=\"liner-continer\">\n\t\t\t\t<h1 class=\"woodmart-title-container title  wd-font-weight-600 wd-fontsize-l\" >San Lorenzo's Municipal Mayor<\/h1>\n\t\t\t\t\t\t\t<\/div>\n\t\t\t\n\t\t\t\n\t\t\t\t\t<\/div>\n\t\t\n\t\t\t\n\t\t\t<div id=\"wd-62bb493482241\" class=\"wd-text-block-wrapper wd-wpb color-scheme- wd-width-100 text-left  justify-text\">\n\t\t\t\t<div class=\"woodmart-title-container woodmart-text-block reset-last-child font-primary wd-font-weight-\">\n\t\t\t\t\tSince 1.992, year in which I first started to work in my profession as Certified Public Accountant for the coffee growers\u2019 sector, I articulated and carried out several duties of acquisition of coffee from coffee growers from Municipalities of the North of Nari\u00f1o, as well as the sale of the same product to private exporters such as Empresas de Nari\u00f1o Ltda, now Carcafe; that is how, with the knowledge and learning of the production and marketing of the coffee, our vocation of service to the families who benefit of such a laudableactivity grew. That experience led to the knowledge of the Carcafe Foundation when, sponsored by them, in 2004 and 2005 there were projects of improvement of the homes of small coffee growers and families displaced by the conflict whose living quarters were improved with investments fpr a total of about 600 millions in Municipalities such as La Uni\u00f3n, Taminango and San Lorenzo Nari\u00f1o, this latter being the municipality I, a coffee farmer, come from...\t\t\t\t<\/div>\n\t\t\t\t\t\t\t<\/div>\n\t\t\n\t<div class=\"wpb_text_column wpb_content_element\" >\n\t\t<div class=\"wpb_wrapper\">\n\t\t\t<p><a href=\"https:\/\/fundacioncarcafe.aicode-test.art\/wp-content\/uploads\/2022\/04\/2.1.2-alcalde-espanol.pdf\" target=\"_blank\" rel=\"noopener\"><img loading=\"lazy\" decoding=\"async\" class=\"alignnone wp-image-8141\" src=\"https:\/\/fundacioncarcafe.aicode-test.art\/wp-content\/uploads\/2022\/06\/pdf-icon-10.png\" alt=\"\" width=\"43\" height=\"43\" srcset=\"\" sizes=\"auto, (max-width: 43px) 100vw, 43px\" data-srcset=\"\" \/> \u00a0<strong>https:\/\/fundacioncarcafe.aicode-test.art\/wp-content\/uploads\/2022\/08\/2.1.2-TESTIMONIO-Alcalde-San-Lorenzo-Ingles.pdf<\/strong><\/a><\/p>\n\n\t\t<\/div>\n\t<\/div>\n<\/div><\/div><\/div><\/div><div class=\"vc_row wpb_row vc_inner vc_row-fluid\"><div class=\"wpb_column vc_column_container vc_col-sm-3\"><div class=\"vc_column-inner\"><div class=\"wpb_wrapper\">\t\t\t<div class=\"info-box-wrapper\">\n\t\t\t\t<div id=\"wd-62bb4e2d58974\" class=\"cursor-pointer wd-info-box wd-wpb text-left box-icon-align-top box-style- color-scheme- wd-bg-none\"  onclick=\"window.open(&quot;\/wp-content\/uploads\/2022\/04\/2.1.2-alcalde-espanol.pdf&quot;,&quot;_blank&quot;)\"  >\n\t\t\t\t\t\t\t\t\t\t\t<div class=\"box-icon-wrapper  box-with-icon box-icon-simple\">\n\t\t\t\t\t\t\t<div class=\"info-box-icon\">\n\n\t\t\t\t\t\t\t\n\t\t\t\t\t\t\t\t\t\t\t\t\t\t\t\t\t<img loading=\"lazy\" decoding=\"async\" width=\"391\" height=\"247\" src=\"https:\/\/fundacioncarcafe.co\/wp-content\/uploads\/2022\/06\/logo13.jpg\" class=\"info-icon image-1 attachment-full\" alt=\"\" title=\"logo13\" srcset=\"https:\/\/fundacioncarcafe.co\/wp-content\/uploads\/2022\/06\/logo13.jpg 391w, https:\/\/fundacioncarcafe.co\/wp-content\/uploads\/2022\/06\/logo13-300x190.jpg 300w, https:\/\/fundacioncarcafe.co\/wp-content\/uploads\/2022\/06\/logo13-16x10.jpg 16w, https:\/\/fundacioncarcafe.co\/wp-content\/uploads\/2022\/06\/logo13-150x95.jpg 150w\" sizes=\"auto, (max-width: 391px) 100vw, 391px\" \/>\t\t\t\t\t\t\t\t\t\t\t\t\t\t\t\t\n\t\t\t\t\t\t\t\n\t\t\t\t\t\t\t<\/div>\n\t\t\t\t\t\t<\/div>\n\t\t\t\t\t\t\t\t\t\t<div class=\"info-box-content\">\n\t\t\t\t\t\t\t\t\t\t\t\t<div class=\"info-box-inner set-cont-mb-s reset-last-child\">\n\t\t\t\t\t\t\t\t\t\t\t\t\t<\/div>\n\n\t\t\t\t\t\t\t\t\t\t\t\t\n\t\t\t\t\t<\/div>\n\n\t\t\t\t\t<style>#wd-62bb4e2d58974 .info-box-subtitle{background-color:  !important;}<\/style>\t\t\t\t<\/div>\n\t\t\t<\/div>\n\t\t<\/div><\/div><\/div><div class=\"wpb_column vc_column_container vc_col-sm-9\"><div class=\"vc_column-inner\"><div class=\"wpb_wrapper\">\t\t\n\t\t<div id=\"wd-625eb9c98eee7\" class=\"title-wrapper wd-wpb set-mb-s reset-last-child  wd-title-color-default wd-title-style-default wd-width-100 text-left\">\n\t\t\t\t\t\t\t<div class=\"title-subtitle  subtitle-color-default font-default subtitle-style-default wd-font-weight-600 wd-fontsize-xs\">Carlos Miguel Narv\u00e1ez L.<\/div>\n\t\t\t\n\t\t\t<div class=\"liner-continer\">\n\t\t\t\t<h1 class=\"woodmart-title-container title  wd-font-weight-600 wd-fontsize-l\" >Associated Architects S.A.S.<\/h1>\n\t\t\t\t\t\t\t<\/div>\n\t\t\t\n\t\t\t\n\t\t\t\t\t<\/div>\n\t\t\n\t\t\t\n\t\t\t<div id=\"wd-625eb9fde47b8\" class=\"wd-text-block-wrapper wd-wpb color-scheme- wd-width-100 text-left  justify-text\">\n\t\t\t\t<div class=\"woodmart-title-container woodmart-text-block reset-last-child font-primary wd-font-weight-\">\n\t\t\t\t\tFor our firm it has been great to be a part of this beautiful and important work that the CARCAFE FOUNDATION has been carrying out for several years in our region. We have witnessed, first hand, the great social impact that the education amenities managed, formulated and executed by the CARCAFE Foundation have on each one of the communities that have benefitted by these interventions. We at C.N.O Arquitectos Asociados are very proud that the CARCAFE Foundation has allowed us to take part in these infrastructure projects that leave a mark on the region.\t\t\t\t<\/div>\n\t\t\t\t\t\t\t<\/div>\n\t\t<\/div><\/div><\/div><\/div><\/div><\/div><\/div><\/div><div class=\"vc_row wpb_row vc_row-fluid\"><div class=\"wpb_column vc_column_container vc_col-sm-12\"><div class=\"vc_column-inner\"><div class=\"wpb_wrapper\"><div class=\"vc_separator wpb_content_element vc_separator_align_center vc_sep_width_100 vc_sep_pos_align_center vc_separator_no_text vc_sep_color_grey\" ><span class=\"vc_sep_holder vc_sep_holder_l\"><span class=\"vc_sep_line\"><\/span><\/span><span class=\"vc_sep_holder vc_sep_holder_r\"><span class=\"vc_sep_line\"><\/span><\/span>\n<\/div>\t\t\n\t\t<div id=\"wd-625ec94663952\" class=\"title-wrapper wd-wpb set-mb-s reset-last-child  wd-title-color-default wd-title-style-simple wd-width-100 text-center\">\n\t\t\t\n\t\t\t<div class=\"liner-continer\">\n\t\t\t\t<h4 class=\"woodmart-title-container title  wd-font-weight-900 wd-fontsize-xl\" >Educational Allies<\/h4>\n\t\t\t\t\t\t\t<\/div>\n\t\t\t\n\t\t\t\n\t\t\t\t\t<\/div>\n\t\t\n\t\t<div class=\"vc_empty_space\"   style=\"height: 32px\"><span class=\"vc_empty_space_inner\"><\/span><\/div><div class=\"vc_row wpb_row vc_inner vc_row-fluid\"><div class=\"wpb_column vc_column_container vc_col-sm-12\"><div class=\"vc_column-inner vc_custom_1650380963386\"><div class=\"wpb_wrapper\">\t\t\n\t\t<div id=\"wd-62bb4ede52c5d\" class=\"title-wrapper wd-wpb set-mb-s reset-last-child  wd-title-color-default wd-title-style-simple wd-width-100 text-center\">\n\t\t\t\n\t\t\t<div class=\"liner-continer\">\n\t\t\t\t<h4 class=\"woodmart-title-container title  wd-font-weight-900 wd-fontsize-m\" >What do our students say?<\/h4>\n\t\t\t\t\t\t\t<\/div>\n\t\t\t\n\t\t\t\n\t\t\t\t\t<\/div>\n\t\t\n\t\t\n\t\t\t<div id=\"carousel-880\" class=\"wd-carousel-container banners-carousel-wrapper  wd-carousel-spacing-30\" data-owl-carousel data-wrap=\"no\" data-hide_pagination_control=\"no\" data-hide_prev_next_buttons=\"no\" data-dragendspeed=\"600\" data-desktop=\"1\" data-tablet_landscape=\"1\" data-tablet=\"1\" data-mobile=\"1\">\n\t\t\t\t<div class=\"owl-carousel banners-carousel  owl-items-lg-1 owl-items-md-1 owl-items-sm-1 owl-items-xs-1\" >\n\t\t\t\t\t\t\t<div class=\"promo-banner-wrapper\">\n\t\t\t<div id=\"wd-625ed0fe9f53c\" class=\"promo-banner banner- banner-hover-zoom color-scheme-light banner-btn-size-default banner-btn-style-default wd-display-image\" \n\t\t\t\t\t\t\t\t\t\t\t >\n\n\t\t\t\t<div class=\"main-wrapp-img\">\n\t\t\t\t\t\t\t\t\t\t\t<div class=\"banner-image\">\n\t\t\t\t\t\t\t<img loading=\"lazy\" decoding=\"async\" class=\"promo-banner-image\" src=\"https:\/\/fundacioncarcafe.co\/wp-content\/uploads\/2022\/04\/estudiantes-8-800x600.jpg\" width=\"800\" height=\"600\" alt=\"estudiantes-8\" title=\"estudiantes-8\" \/>\t\t\t\t\t\t<\/div>\n\t\t\t\t\t\t\t\t\t<\/div>\n\n\t\t\t\t<div class=\"wrapper-content-banner wd-fill  wd-items-top wd-justify-left\">\n\t\t\t\t\t<div class=\"content-banner text-left wd-width-100\">\n\t\t\t\t\t\t\t<div class=\"banner-title-wrap\">\n\t\t\t\t\t\t\t\t\t\t\t\t\t\t\t\t\t\t\t\t\t\t\t\t\t<\/div>\n\t\t\t\t\t\t\t\t\t\t\t\t\t\t\t\t\t<\/div>\n\t\t\t\t<\/div>\n\t\t\t\t\t\t\t<\/div>\n\t\t<\/div>\n\t\t\n\t\t\t\t<div class=\"promo-banner-wrapper\">\n\t\t\t<div id=\"wd-625ed0f31ff84\" class=\"promo-banner banner- banner-hover-zoom color-scheme-light banner-btn-size-default banner-btn-style-default wd-display-image\" \n\t\t\t\t\t\t\t\t\t\t\t >\n\n\t\t\t\t<div class=\"main-wrapp-img\">\n\t\t\t\t\t\t\t\t\t\t\t<div class=\"banner-image\">\n\t\t\t\t\t\t\t<img loading=\"lazy\" decoding=\"async\" class=\"promo-banner-image\" src=\"https:\/\/fundacioncarcafe.co\/wp-content\/uploads\/2022\/04\/estudiantes-7-800x600.jpg\" width=\"800\" height=\"600\" alt=\"estudiantes-7\" title=\"estudiantes-7\" \/>\t\t\t\t\t\t<\/div>\n\t\t\t\t\t\t\t\t\t<\/div>\n\n\t\t\t\t<div class=\"wrapper-content-banner wd-fill  wd-items-top wd-justify-left\">\n\t\t\t\t\t<div class=\"content-banner text-left wd-width-100\">\n\t\t\t\t\t\t\t<div class=\"banner-title-wrap\">\n\t\t\t\t\t\t\t\t\t\t\t\t\t\t\t\t\t\t\t\t\t\t\t\t\t<\/div>\n\t\t\t\t\t\t\t\t\t\t\t\t\t\t\t\t\t<\/div>\n\t\t\t\t<\/div>\n\t\t\t\t\t\t\t<\/div>\n\t\t<\/div>\n\t\t\n\t\t\t\t<div class=\"promo-banner-wrapper\">\n\t\t\t<div id=\"wd-625ece6218b97\" class=\"promo-banner banner- banner-hover-zoom color-scheme-light banner-btn-size-default banner-btn-style-default wd-display-image\" \n\t\t\t\t\t\t\t\t\t\t\t >\n\n\t\t\t\t<div class=\"main-wrapp-img\">\n\t\t\t\t\t\t\t\t\t\t\t<div class=\"banner-image\">\n\t\t\t\t\t\t\t<img loading=\"lazy\" decoding=\"async\" class=\"promo-banner-image\" src=\"https:\/\/fundacioncarcafe.co\/wp-content\/uploads\/2022\/04\/estudiantes-2-800x600.jpg\" width=\"800\" height=\"600\" alt=\"estudiantes-2\" title=\"estudiantes-2\" \/>\t\t\t\t\t\t<\/div>\n\t\t\t\t\t\t\t\t\t<\/div>\n\n\t\t\t\t<div class=\"wrapper-content-banner wd-fill  wd-items-top wd-justify-left\">\n\t\t\t\t\t<div class=\"content-banner text-left wd-width-100\">\n\t\t\t\t\t\t\t<div class=\"banner-title-wrap\">\n\t\t\t\t\t\t\t\t\t\t\t\t\t\t\t\t\t\t\t\t\t\t\t\t\t<\/div>\n\t\t\t\t\t\t\t\t\t\t\t\t\t\t\t\t\t<\/div>\n\t\t\t\t<\/div>\n\t\t\t\t\t\t\t<\/div>\n\t\t<\/div>\n\t\t\n\t\t\t\t<div class=\"promo-banner-wrapper\">\n\t\t\t<div id=\"wd-625ecebadf893\" class=\"promo-banner banner- banner-hover-zoom color-scheme-light banner-btn-size-default banner-btn-style-default wd-display-image\" \n\t\t\t\t\t\t\t\t\t\t\t >\n\n\t\t\t\t<div class=\"main-wrapp-img\">\n\t\t\t\t\t\t\t\t\t\t\t<div class=\"banner-image\">\n\t\t\t\t\t\t\t<img loading=\"lazy\" decoding=\"async\" class=\"promo-banner-image\" src=\"https:\/\/fundacioncarcafe.co\/wp-content\/uploads\/2022\/04\/estudiantes-3-800x600.jpg\" width=\"800\" height=\"600\" alt=\"estudiantes-3\" title=\"estudiantes-3\" \/>\t\t\t\t\t\t<\/div>\n\t\t\t\t\t\t\t\t\t<\/div>\n\n\t\t\t\t<div class=\"wrapper-content-banner wd-fill  wd-items-top wd-justify-left\">\n\t\t\t\t\t<div class=\"content-banner text-left wd-width-100\">\n\t\t\t\t\t\t\t<div class=\"banner-title-wrap\">\n\t\t\t\t\t\t\t\t\t\t\t\t\t\t\t\t\t\t\t\t\t\t\t\t\t<\/div>\n\t\t\t\t\t\t\t\t\t\t\t\t\t\t\t\t\t<\/div>\n\t\t\t\t<\/div>\n\t\t\t\t\t\t\t<\/div>\n\t\t<\/div>\n\t\t\n\t\t\t\t<div class=\"promo-banner-wrapper\">\n\t\t\t<div id=\"wd-625ed0ad24b2a\" class=\"promo-banner banner- banner-hover-zoom color-scheme-light banner-btn-size-default banner-btn-style-default wd-display-image\" \n\t\t\t\t\t\t\t\t\t\t\t >\n\n\t\t\t\t<div class=\"main-wrapp-img\">\n\t\t\t\t\t\t\t\t\t\t\t<div class=\"banner-image\">\n\t\t\t\t\t\t\t<img loading=\"lazy\" decoding=\"async\" class=\"promo-banner-image\" src=\"https:\/\/fundacioncarcafe.co\/wp-content\/uploads\/2022\/04\/estudiantes-4-800x600.jpg\" width=\"800\" height=\"600\" alt=\"estudiantes-4\" title=\"estudiantes-4\" \/>\t\t\t\t\t\t<\/div>\n\t\t\t\t\t\t\t\t\t<\/div>\n\n\t\t\t\t<div class=\"wrapper-content-banner wd-fill  wd-items-top wd-justify-left\">\n\t\t\t\t\t<div class=\"content-banner text-left wd-width-100\">\n\t\t\t\t\t\t\t<div class=\"banner-title-wrap\">\n\t\t\t\t\t\t\t\t\t\t\t\t\t\t\t\t\t\t\t\t\t\t\t\t\t<\/div>\n\t\t\t\t\t\t\t\t\t\t\t\t\t\t\t\t\t<\/div>\n\t\t\t\t<\/div>\n\t\t\t\t\t\t\t<\/div>\n\t\t<\/div>\n\t\t\n\t\t\t\t<div class=\"promo-banner-wrapper\">\n\t\t\t<div id=\"wd-625ed0d7dbb44\" class=\"promo-banner banner- banner-hover-zoom color-scheme-light banner-btn-size-default banner-btn-style-default wd-display-image\" \n\t\t\t\t\t\t\t\t\t\t\t >\n\n\t\t\t\t<div class=\"main-wrapp-img\">\n\t\t\t\t\t\t\t\t\t\t\t<div class=\"banner-image\">\n\t\t\t\t\t\t\t<img loading=\"lazy\" decoding=\"async\" class=\"promo-banner-image\" src=\"https:\/\/fundacioncarcafe.co\/wp-content\/uploads\/2022\/04\/estudiantes-5-800x600.jpg\" width=\"800\" height=\"600\" alt=\"estudiantes-5\" title=\"estudiantes-5\" \/>\t\t\t\t\t\t<\/div>\n\t\t\t\t\t\t\t\t\t<\/div>\n\n\t\t\t\t<div class=\"wrapper-content-banner wd-fill  wd-items-top wd-justify-left\">\n\t\t\t\t\t<div class=\"content-banner text-left wd-width-100\">\n\t\t\t\t\t\t\t<div class=\"banner-title-wrap\">\n\t\t\t\t\t\t\t\t\t\t\t\t\t\t\t\t\t\t\t\t\t\t\t\t\t<\/div>\n\t\t\t\t\t\t\t\t\t\t\t\t\t\t\t\t\t<\/div>\n\t\t\t\t<\/div>\n\t\t\t\t\t\t\t<\/div>\n\t\t<\/div>\n\t\t\n\t\t\t\t<div class=\"promo-banner-wrapper\">\n\t\t\t<div id=\"wd-625ecd94d64ed\" class=\"promo-banner banner- banner-hover-zoom color-scheme-light banner-btn-size-default banner-btn-style-default wd-display-image\" \n\t\t\t\t\t\t\t\t\t\t\t >\n\n\t\t\t\t<div class=\"main-wrapp-img\">\n\t\t\t\t\t\t\t\t\t\t\t<div class=\"banner-image\">\n\t\t\t\t\t\t\t<img loading=\"lazy\" decoding=\"async\" class=\"promo-banner-image\" src=\"https:\/\/fundacioncarcafe.co\/wp-content\/uploads\/2022\/04\/estudiantes-1-800x600.jpg\" width=\"800\" height=\"600\" alt=\"estudiantes-1\" title=\"estudiantes-1\" \/>\t\t\t\t\t\t<\/div>\n\t\t\t\t\t\t\t\t\t<\/div>\n\n\t\t\t\t<div class=\"wrapper-content-banner wd-fill  wd-items-top wd-justify-left\">\n\t\t\t\t\t<div class=\"content-banner text-left wd-width-100\">\n\t\t\t\t\t\t\t<div class=\"banner-title-wrap\">\n\t\t\t\t\t\t\t\t\t\t\t\t\t\t\t\t\t\t\t\t\t\t\t\t\t<\/div>\n\t\t\t\t\t\t\t\t\t\t\t\t\t\t\t\t\t<\/div>\n\t\t\t\t<\/div>\n\t\t\t\t\t\t\t<\/div>\n\t\t<\/div>\n\t\t\n\t\t\t\t<div class=\"promo-banner-wrapper\">\n\t\t\t<div id=\"wd-625ed0e73167c\" class=\"promo-banner banner- banner-hover-zoom color-scheme-light banner-btn-size-default banner-btn-style-default wd-display-image\" \n\t\t\t\t\t\t\t\t\t\t\t >\n\n\t\t\t\t<div class=\"main-wrapp-img\">\n\t\t\t\t\t\t\t\t\t\t\t<div class=\"banner-image\">\n\t\t\t\t\t\t\t<img loading=\"lazy\" decoding=\"async\" class=\"promo-banner-image\" src=\"https:\/\/fundacioncarcafe.co\/wp-content\/uploads\/2022\/04\/estudiantes-6-800x600.jpg\" width=\"800\" height=\"600\" alt=\"estudiantes-6\" title=\"estudiantes-6\" \/>\t\t\t\t\t\t<\/div>\n\t\t\t\t\t\t\t\t\t<\/div>\n\n\t\t\t\t<div class=\"wrapper-content-banner wd-fill  wd-items-top wd-justify-left\">\n\t\t\t\t\t<div class=\"content-banner text-left wd-width-100\">\n\t\t\t\t\t\t\t<div class=\"banner-title-wrap\">\n\t\t\t\t\t\t\t\t\t\t\t\t\t\t\t\t\t\t\t\t\t\t\t\t\t<\/div>\n\t\t\t\t\t\t\t\t\t\t\t\t\t\t\t\t\t<\/div>\n\t\t\t\t<\/div>\n\t\t\t\t\t\t\t<\/div>\n\t\t<\/div>\n\t\t\n\t\t\t\t\t\t<\/div>\n\t\t\t<\/div>\n\n\t\t<\/div><\/div><\/div><\/div><div class=\"vc_empty_space\"   style=\"height: 32px\"><span class=\"vc_empty_space_inner\"><\/span><\/div><div class=\"vc_separator wpb_content_element vc_separator_align_center vc_sep_width_100 vc_sep_pos_align_center vc_separator_no_text vc_sep_color_grey\" ><span class=\"vc_sep_holder vc_sep_holder_l\"><span class=\"vc_sep_line\"><\/span><\/span><span class=\"vc_sep_holder vc_sep_holder_r\"><span class=\"vc_sep_line\"><\/span><\/span>\n<\/div><\/div><\/div><\/div><\/div><div class=\"vc_row wpb_row vc_row-fluid\"><div class=\"wpb_column vc_column_container vc_col-sm-12\"><div class=\"vc_column-inner\"><div class=\"wpb_wrapper\"><div class=\"vc_separator wpb_content_element vc_separator_align_center vc_sep_width_100 vc_sep_pos_align_center vc_separator_no_text vc_sep_color_grey\" ><span class=\"vc_sep_holder vc_sep_holder_l\"><span class=\"vc_sep_line\"><\/span><\/span><span class=\"vc_sep_holder vc_sep_holder_r\"><span class=\"vc_sep_line\"><\/span><\/span>\n<\/div>\t\t\n\t\t<div id=\"wd-62bb4f6bb17a8\" class=\"title-wrapper wd-wpb set-mb-s reset-last-child  wd-title-color-default wd-title-style-default wd-width-100 text-center  wd-title-empty\">\n\t\t\t\t\t\t\t<div class=\"title-subtitle  subtitle-color-default font-default subtitle-style-default wd-font-weight-600 wd-fontsize-xs\">What do our educators say?<\/div>\n\t\t\t\n\t\t\t<div class=\"liner-continer\">\n\t\t\t\t<h1 class=\"woodmart-title-container title  wd-font-weight-600 wd-fontsize-l\" ><\/h1>\n\t\t\t\t\t\t\t<\/div>\n\t\t\t\n\t\t\t\n\t\t\t\t\t<\/div>\n\t\t\n\t\t<div class=\"vc_empty_space\"   style=\"height: 32px\"><span class=\"vc_empty_space_inner\"><\/span><\/div><div class=\"vc_row wpb_row vc_inner vc_row-fluid\"><div class=\"wpb_column vc_column_container vc_col-sm-4\"><div class=\"vc_column-inner\"><div class=\"wpb_wrapper\">\t\t\n\t\t<div id=\"wd-636da06939abd\" class=\"title-wrapper wd-wpb set-mb-s reset-last-child  wd-title-color-default wd-title-style-default wd-width-100 text-center\">\n\t\t\t\t\t\t\t<div class=\"title-subtitle  subtitle-color-default font-default subtitle-style-default wd-font-weight-600 wd-fontsize-xs\">School Dean \u2013 Carlos Dario Pasaje<\/div>\n\t\t\t\n\t\t\t<div class=\"liner-continer\">\n\t\t\t\t<h1 class=\"woodmart-title-container title  wd-font-weight-400 wd-fontsize-m\" >School \u201cIE Ecoturista Puerto Remolino\u201d In Taminango, Nari\u00f1o<\/h1>\n\t\t\t\t\t\t\t<\/div>\n\t\t\t\n\t\t\t\n\t\t\t\t\t<\/div>\n\t\t\n\t\t\n\t<div  class=\"wpb_single_image wpb_content_element vc_align_center\">\n\t\t\n\t\t<figure class=\"wpb_wrapper vc_figure\">\n\t\t\t<div class=\"vc_single_image-wrapper   vc_box_border_grey\"><img loading=\"lazy\" decoding=\"async\" width=\"628\" height=\"419\" src=\"https:\/\/fundacioncarcafe.co\/wp-content\/uploads\/2022\/06\/cdp.jpg\" class=\"vc_single_image-img attachment-full\" alt=\"\" title=\"cdp\" srcset=\"https:\/\/fundacioncarcafe.co\/wp-content\/uploads\/2022\/06\/cdp.jpg 628w, https:\/\/fundacioncarcafe.co\/wp-content\/uploads\/2022\/06\/cdp-300x200.jpg 300w, https:\/\/fundacioncarcafe.co\/wp-content\/uploads\/2022\/06\/cdp-16x12.jpg 16w, https:\/\/fundacioncarcafe.co\/wp-content\/uploads\/2022\/06\/cdp-150x100.jpg 150w\" sizes=\"auto, (max-width: 628px) 100vw, 628px\" \/><\/div>\n\t\t<\/figure>\n\t<\/div>\n\t\n\t\t\t<div id=\"wd-630fb943e7d5b\" class=\"wd-text-block-wrapper wd-wpb color-scheme- wd-width-100 text-left  justify-text\">\n\t\t\t\t<div class=\"woodmart-title-container woodmart-text-block reset-last-child font-primary wd-font-weight-\">\n\t\t\t\t\tFor the Puerto Remolino Eco - touristic Educational Institution to have been the beneficiary of the project for the construction of 8 classrooms has been, perhaps, the only opportunity that the students of Remolino have had to enjoy beautiful, well built, well designed classrooms, with the adequate technical characteristics for the extreme weather of Remolino. These new learning spaces, adapted to the new educational technologies, will allow the students to improve their academic and behavioral performance, promoting, in this way, the wider access of students to public and private universities, contributing, therefore, to the development of the region and of the municipality of Taminango. We are truly grateful to Fundacion Carcaf\u00e9 and Costa Foundation for making this fantastic gift to the school. We, as well as the future generations, will bear witness to the huge boost that this great project will give.\t\t\t\t<\/div>\n\t\t\t\t\t\t\t<\/div>\n\t\t<\/div><\/div><\/div><div class=\"wpb_column vc_column_container vc_col-sm-4\"><div class=\"vc_column-inner\"><div class=\"wpb_wrapper\">\t\t\n\t\t<div id=\"wd-636da0ccb6e49\" class=\"title-wrapper wd-wpb set-mb-s reset-last-child  wd-title-color-default wd-title-style-default wd-width-100 text-center\">\n\t\t\t\t\t\t\t<div class=\"title-subtitle  subtitle-color-default font-default subtitle-style-default wd-font-weight-600 wd-fontsize-xs\">School Dean \u2013 Luis Alberto Suarez<\/div>\n\t\t\t\n\t\t\t<div class=\"liner-continer\">\n\t\t\t\t<h1 class=\"woodmart-title-container title  wd-font-weight-400 wd-fontsize-m\" >School \u201cIE Agropecuaria Concentraci\u00f3n De Desarrollo Rural\u201d In La Union, Nari\u00f1o<\/h1>\n\t\t\t\t\t\t\t<\/div>\n\t\t\t\n\t\t\t\n\t\t\t\t\t<\/div>\n\t\t\n\t\t\n\t<div  class=\"wpb_single_image wpb_content_element vc_align_center\">\n\t\t\n\t\t<figure class=\"wpb_wrapper vc_figure\">\n\t\t\t<div class=\"vc_single_image-wrapper   vc_box_border_grey\"><img loading=\"lazy\" decoding=\"async\" width=\"1105\" height=\"622\" src=\"https:\/\/fundacioncarcafe.co\/wp-content\/uploads\/2022\/06\/las.png\" class=\"vc_single_image-img attachment-full\" alt=\"\" title=\"las\" srcset=\"https:\/\/fundacioncarcafe.co\/wp-content\/uploads\/2022\/06\/las.png 1105w, https:\/\/fundacioncarcafe.co\/wp-content\/uploads\/2022\/06\/las-300x169.png 300w, https:\/\/fundacioncarcafe.co\/wp-content\/uploads\/2022\/06\/las-1024x576.png 1024w, https:\/\/fundacioncarcafe.co\/wp-content\/uploads\/2022\/06\/las-768x432.png 768w, https:\/\/fundacioncarcafe.co\/wp-content\/uploads\/2022\/06\/las-16x9.png 16w, https:\/\/fundacioncarcafe.co\/wp-content\/uploads\/2022\/06\/las-150x84.png 150w\" sizes=\"auto, (max-width: 1105px) 100vw, 1105px\" \/><\/div>\n\t\t<\/figure>\n\t<\/div>\n\t\n\t\t\t<div id=\"wd-625edf0272ae8\" class=\"wd-text-block-wrapper wd-wpb color-scheme- wd-width-100 text-left  justify-text\">\n\t\t\t\t<div class=\"woodmart-title-container woodmart-text-block reset-last-child font-primary wd-font-weight-\">\n\t\t\t\t\tOur RURAL DEVELOPMENT EDUCATIONAL INSTITUTION OF LA UNION NARI\u00d1O with a historic, social, cultural and educational tradition of 76 years in the service of the integral, pertinent and quality education, is strengthened in its pedagogic, administrative and community - related processes with the implementation of the project of construction of six classrooms and one bathroom battery thanks to the support of the CARCAFE FOUNDATION, which has become a true beacon of hope for the life project of all of our boys and girls of the rural sector, so they can have more and better hopes for their life projects, with which one of our ideas and mottos can become a reality: OUR DREAMS WILL COME TRUE.\t\t\t\t<\/div>\n\t\t\t\t\t\t\t<\/div>\n\t\t<\/div><\/div><\/div><div class=\"wpb_column vc_column_container vc_col-sm-4\"><div class=\"vc_column-inner\"><div class=\"wpb_wrapper\">\t\t\n\t\t<div id=\"wd-636da0fa8a56d\" class=\"title-wrapper wd-wpb set-mb-s reset-last-child  wd-title-color-default wd-title-style-default wd-width-100 text-center\">\n\t\t\t\t\t\t\t<div class=\"title-subtitle  subtitle-color-default font-default subtitle-style-default wd-font-weight-600 wd-fontsize-xs\">School Dean \u2013 Sister Lucy Cabrera Cordova<\/div>\n\t\t\t\n\t\t\t<div class=\"liner-continer\">\n\t\t\t\t<h1 class=\"woodmart-title-container title  wd-font-weight-400 wd-fontsize-m\" >School \u201cIE Sagrado Corazon De Jesus\u201d In San Lorenzo, Nari\u00f1o<\/h1>\n\t\t\t\t\t\t\t<\/div>\n\t\t\t\n\t\t\t\n\t\t\t\t\t<\/div>\n\t\t\n\t\t\n\t<div  class=\"wpb_single_image wpb_content_element vc_align_center\">\n\t\t\n\t\t<figure class=\"wpb_wrapper vc_figure\">\n\t\t\t<div class=\"vc_single_image-wrapper   vc_box_border_grey\"><img loading=\"lazy\" decoding=\"async\" width=\"718\" height=\"957\" src=\"https:\/\/fundacioncarcafe.co\/wp-content\/uploads\/2022\/06\/hlcc.jpg\" class=\"vc_single_image-img attachment-full\" alt=\"\" title=\"hlcc\" srcset=\"https:\/\/fundacioncarcafe.co\/wp-content\/uploads\/2022\/06\/hlcc.jpg 718w, https:\/\/fundacioncarcafe.co\/wp-content\/uploads\/2022\/06\/hlcc-225x300.jpg 225w, https:\/\/fundacioncarcafe.co\/wp-content\/uploads\/2022\/06\/hlcc-9x12.jpg 9w, https:\/\/fundacioncarcafe.co\/wp-content\/uploads\/2022\/06\/hlcc-150x200.jpg 150w\" sizes=\"auto, (max-width: 718px) 100vw, 718px\" \/><\/div>\n\t\t<\/figure>\n\t<\/div>\n\t\n\t\t\t<div id=\"wd-62bfa37a56835\" class=\"wd-text-block-wrapper wd-wpb color-scheme- wd-width-100 text-left  justify-text\">\n\t\t\t\t<div class=\"woodmart-title-container woodmart-text-block reset-last-child font-primary wd-font-weight-\">\n\t\t\t\t\tThe Sagrado Coraz\u00f3n de Jes\u00fas Educational Institution and the Bethlehemite Sisters\u2019 Community of San Lorenzo, Nari\u00f1o, express their heartfelt thanks to the Fundaci\u00f3n Carcaf\u00e9; because of their generous donation, boys, girls and teenagers from this humble and socioeconomically depressed community can enjoy today of spacious and safe classrooms; we have left behind the overcrowding that prevented them from learning, get together and feel happy. The new building allows us to continue with the mission inspired by our founders the Saint Brother Pedro de San Jos\u00e9 Betancur and the Blessed Mother Mar\u00eda Encarnaci\u00f3n Rosal, to continue with their work and to make it relevant today. Our gratitude for ever.\t\t\t\t<\/div>\n\t\t\t\t\t\t\t<\/div>\n\t\t<\/div><\/div><\/div><\/div><\/div><\/div><\/div><\/div>\n<\/section>","protected":false},"excerpt":{"rendered":"ALIADOS Aliados Internacionales Piers Blake Costa Foundation Director Fundaci\u00f3n Carcafe ha sido un socio preferido de la Fundaci\u00f3n Costa desde","protected":false},"author":1,"featured_media":0,"parent":0,"menu_order":0,"comment_status":"closed","ping_status":"closed","template":"","meta":{"wp_popup_display_lightbox":0,"wp_popup_suppress":"","wp_popup_trigger":"","wp_popup_trigger_amount":0,"wp_popup_disable_on_mobile":false,"footnotes":""},"class_list":["post-7932","page","type-page","status-publish","hentry"],"_links":{"self":[{"href":"https:\/\/fundacioncarcafe.co\/en\/wp-json\/wp\/v2\/pages\/7932","targetHints":{"allow":["GET"]}}],"collection":[{"href":"https:\/\/fundacioncarcafe.co\/en\/wp-json\/wp\/v2\/pages"}],"about":[{"href":"https:\/\/fundacioncarcafe.co\/en\/wp-json\/wp\/v2\/types\/page"}],"author":[{"embeddable":true,"href":"https:\/\/fundacioncarcafe.co\/en\/wp-json\/wp\/v2\/users\/1"}],"replies":[{"embeddable":true,"href":"https:\/\/fundacioncarcafe.co\/en\/wp-json\/wp\/v2\/comments?post=7932"}],"version-history":[{"count":78,"href":"https:\/\/fundacioncarcafe.co\/en\/wp-json\/wp\/v2\/pages\/7932\/revisions"}],"predecessor-version":[{"id":8557,"href":"https:\/\/fundacioncarcafe.co\/en\/wp-json\/wp\/v2\/pages\/7932\/revisions\/8557"}],"wp:attachment":[{"href":"https:\/\/fundacioncarcafe.co\/en\/wp-json\/wp\/v2\/media?parent=7932"}],"curies":[{"name":"wp","href":"https:\/\/api.w.org\/{rel}","templated":true}]}}