{"id":7854,"date":"2022-02-14T14:27:52","date_gmt":"2022-02-14T19:27:52","guid":{"rendered":"https:\/\/fundacioncarcafe.aicode-test.art\/?page_id=7854"},"modified":"2022-07-08T11:46:36","modified_gmt":"2022-07-08T16:46:36","slug":"nuestra-trayectoria","status":"publish","type":"page","link":"https:\/\/fundacioncarcafe.co\/en\/nuestra-trayectoria\/","title":{"rendered":"Nuestra trayectoria"},"content":{"rendered":"<section class=\"wpb-content-wrapper\"><div id=\"mainContentNuestraTrayectoria\" data-vc-full-width=\"true\" data-vc-full-width-init=\"false\" data-vc-stretch-content=\"true\" class=\"vc_row wpb_row vc_row-fluid vc_custom_1644867294029 vc_row-no-padding\"><div class=\"wpb_column vc_column_container vc_col-sm-12\"><div class=\"vc_column-inner\"><div class=\"wpb_wrapper\"><\/div><\/div><\/div><\/div><div class=\"vc_row-full-width vc_clearfix\"><\/div><div class=\"vc_row wpb_row vc_row-fluid\"><div class=\"wpb_column vc_column_container vc_col-sm-12\"><div class=\"vc_column-inner\"><div class=\"wpb_wrapper\"><div class=\"vc_empty_space\"   style=\"height: 32px\"><span class=\"vc_empty_space_inner\"><\/span><\/div>\t\t\n\t\t<div id=\"wd-62c85175468d9\" class=\"title-wrapper wd-wpb set-mb-s reset-last-child  wd-title-color-default wd-title-style-default wd-width-100 text-left \">\n\t\t\t\n\t\t\t<div class=\"liner-continer\">\n\t\t\t\t<h4 class=\"woodmart-title-container title  wd-font-weight-700 wd-fontsize-xl\" >TRAYECTORIA DE FUNDACI\u00d3N CARCAFE<\/h4>\n\t\t\t\t\t\t\t<\/div>\n\t\t\t\n\t\t\t\t\t\t\t<div class=\"title-after_title  set-cont-mb-s reset-last-child  wd-fontsize-s\">\u00a1Ha sido una trayectoria que nos ha brindado grandes momentos por Colombia! Conoce el camino que hemos recorrido con perseverancia por los cafetales de nuestro pa\u00eds pensando en las familias y en el futuro de cada uno de ellos.<\/div>\n\t\t\t\n\t\t\t\t\t<\/div>\n\t\t\n\t\t<\/div><\/div><\/div><\/div><div data-vc-full-width=\"true\" data-vc-full-width-init=\"false\" data-vc-stretch-content=\"true\" class=\"vc_row wpb_row vc_row-fluid vc_custom_1624554602194 vc_row-no-padding\"><div class=\"wpb_column vc_column_container vc_col-sm-12\"><div class=\"vc_column-inner\"><div class=\"wpb_wrapper\"><div class=\"vc_empty_space\"   style=\"height: 32px\"><span class=\"vc_empty_space_inner\"><\/span><\/div>\n\t\t\t<!-- START sectiontrayectoria REVOLUTION SLIDER 6.6.16 --><p class=\"rs-p-wp-fix\"><\/p>\n\t\t\t<rs-module-wrap id=\"rev_slider_47_1_wrapper\" data-source=\"gallery\" style=\"visibility:hidden;background:transparent;padding:0;margin:0px auto;margin-top:0;margin-bottom:0;\">\n\t\t\t\t<rs-module id=\"rev_slider_47_1\" style=\"\" data-version=\"6.6.16\">\n\t\t\t\t\t<rs-slides style=\"overflow: hidden; position: absolute;\">\n\t\t\t\t\t\t<rs-slide style=\"position: absolute;\" data-key=\"rs-113\" data-title=\"Slide\" data-anim=\"adpr:false;\" data-in=\"o:0;\" data-out=\"a:false;\">\n\t\t\t\t\t\t\t<img decoding=\"async\" src=\"\/\/fundacioncarcafe.co\/wp-content\/plugins\/revslider\/public\/assets\/assets\/dummy.png\" alt=\"Slide\" title=\"Nuestra trayectoria\" class=\"rev-slidebg tp-rs-img rs-lazyload\" data-lazyload=\"\/\/fundacioncarcafe.co\/wp-content\/plugins\/revslider\/public\/assets\/assets\/transparent.png\" data-no-retina>\n<!--\n\t\t\t\t\t\t\t--><rs-layer\n\t\t\t\t\t\t\t\tid=\"slider-47-slide-113-layer-0\" \n\t\t\t\t\t\t\t\tdata-type=\"shape\"\n\t\t\t\t\t\t\t\tdata-rsp_ch=\"on\"\n\t\t\t\t\t\t\t\tdata-xy=\"x:-2px;y:-4px;\"\n\t\t\t\t\t\t\t\tdata-text=\"w:normal;\"\n\t\t\t\t\t\t\t\tdata-dim=\"w:1241px;h:351px;\"\n\t\t\t\t\t\t\t\tdata-frame_999=\"o:0;st:w;\"\n\t\t\t\t\t\t\t\tstyle=\"z-index:8;background-color:#EDEDED;\"\n\t\t\t\t\t\t\t> \n\t\t\t\t\t\t\t<\/rs-layer><!--\n\n\t\t\t\t\t\t\t--><rs-layer\n\t\t\t\t\t\t\t\tid=\"slider-47-slide-113-layer-2\" \n\t\t\t\t\t\t\t\tdata-type=\"text\"\n\t\t\t\t\t\t\t\tdata-color=\"#000000\"\n\t\t\t\t\t\t\t\tdata-rsp_ch=\"on\"\n\t\t\t\t\t\t\t\tdata-xy=\"x:39px;y:109px;\"\n\t\t\t\t\t\t\t\tdata-text=\"w:normal;s:22;fw:700;a:center;\"\n\t\t\t\t\t\t\t\tdata-dim=\"w:319.578px;\"\n\t\t\t\t\t\t\t\tdata-frame_999=\"o:0;st:w;\"\n\t\t\t\t\t\t\t\tstyle=\"z-index:14;font-family:'Montserrat';\"\n\t\t\t\t\t\t\t>Urbanizaci\u00f3n Aldea Suiza \u2013 Cartago, Valle del Cauca \n\t\t\t\t\t\t\t<\/rs-layer><!--\n\n\t\t\t\t\t\t\t--><rs-layer\n\t\t\t\t\t\t\t\tid=\"slider-47-slide-113-layer-3\" \n\t\t\t\t\t\t\t\tdata-type=\"text\"\n\t\t\t\t\t\t\t\tdata-color=\"#6c6c6c\"\n\t\t\t\t\t\t\t\tdata-rsp_ch=\"on\"\n\t\t\t\t\t\t\t\tdata-xy=\"x:48px;y:172px;\"\n\t\t\t\t\t\t\t\tdata-text=\"w:normal;s:15;l:20;\"\n\t\t\t\t\t\t\t\tdata-dim=\"w:320px;\"\n\t\t\t\t\t\t\t\tdata-frame_999=\"o:0;st:w;\"\n\t\t\t\t\t\t\t\tstyle=\"z-index:17;font-family:'Roboto';\"\n\t\t\t\t\t\t\t>Construcci\u00f3n y donaci\u00f3n de desarrollo urban\u00edstico de 11 casas en Cartago, Valle del Cauca.  Alianza entre Fundaci\u00f3n Carca fe y propietarios de viviendas. \n\t\t\t\t\t\t\t<\/rs-layer><!--\n\n\t\t\t\t\t\t\t--><rs-layer\n\t\t\t\t\t\t\t\tid=\"slider-47-slide-113-layer-4\" \n\t\t\t\t\t\t\t\tdata-type=\"shape\"\n\t\t\t\t\t\t\t\tdata-rsp_ch=\"on\"\n\t\t\t\t\t\t\t\tdata-xy=\"x:400px;y:41px;\"\n\t\t\t\t\t\t\t\tdata-text=\"w:normal;\"\n\t\t\t\t\t\t\t\tdata-dim=\"w:1px;h:200px;\"\n\t\t\t\t\t\t\t\tdata-vbility=\"t,t,t,f\"\n\t\t\t\t\t\t\t\tdata-frame_999=\"o:0;st:w;\"\n\t\t\t\t\t\t\t\tstyle=\"z-index:19;background-color:#707070;\"\n\t\t\t\t\t\t\t> \n\t\t\t\t\t\t\t<\/rs-layer><!--\n\n\t\t\t\t\t\t\t--><rs-layer\n\t\t\t\t\t\t\t\tid=\"slider-47-slide-113-layer-6\" \n\t\t\t\t\t\t\t\tdata-type=\"text\"\n\t\t\t\t\t\t\t\tdata-color=\"#000000\"\n\t\t\t\t\t\t\t\tdata-rsp_ch=\"on\"\n\t\t\t\t\t\t\t\tdata-xy=\"x:452px;y:106px;\"\n\t\t\t\t\t\t\t\tdata-text=\"w:normal;s:22;fw:700;a:center;\"\n\t\t\t\t\t\t\t\tdata-dim=\"w:333.84400000000005px;\"\n\t\t\t\t\t\t\t\tdata-frame_999=\"o:0;st:w;\"\n\t\t\t\t\t\t\t\tstyle=\"z-index:13;font-family:'Montserrat';\"\n\t\t\t\t\t\t\t>Urbanizaci\u00f3n Aroma de Caf\u00e9 \u2013 Cartago, Valle del Cauca \n\t\t\t\t\t\t\t<\/rs-layer><!--\n\n\t\t\t\t\t\t\t--><rs-layer\n\t\t\t\t\t\t\t\tid=\"slider-47-slide-113-layer-7\" \n\t\t\t\t\t\t\t\tdata-type=\"text\"\n\t\t\t\t\t\t\t\tdata-color=\"#6c6c6c\"\n\t\t\t\t\t\t\t\tdata-rsp_ch=\"on\"\n\t\t\t\t\t\t\t\tdata-xy=\"x:456px;y:167px;\"\n\t\t\t\t\t\t\t\tdata-text=\"w:normal;s:15;l:20;\"\n\t\t\t\t\t\t\t\tdata-dim=\"w:345px;\"\n\t\t\t\t\t\t\t\tdata-frame_999=\"o:0;st:w;\"\n\t\t\t\t\t\t\t\tstyle=\"z-index:16;font-family:'Roboto';\"\n\t\t\t\t\t\t\t>Construccion y donacion de desarrollo urbanistico de 24 casas en Cartago, Valle del Cauca.  Incluye vias pavimentadas, zona de juegos infantiles y parqueaderos para vehiculos. Alianza entre Fundacion Carcafe, gobierno local y propietarios de viviendas. \n\t\t\t\t\t\t\t<\/rs-layer><!--\n\n\t\t\t\t\t\t\t--><rs-layer\n\t\t\t\t\t\t\t\tid=\"slider-47-slide-113-layer-8\" \n\t\t\t\t\t\t\t\tdata-type=\"shape\"\n\t\t\t\t\t\t\t\tdata-rsp_ch=\"on\"\n\t\t\t\t\t\t\t\tdata-xy=\"x:824px;y:40px;\"\n\t\t\t\t\t\t\t\tdata-text=\"w:normal;\"\n\t\t\t\t\t\t\t\tdata-dim=\"w:1px;h:200px;\"\n\t\t\t\t\t\t\t\tdata-vbility=\"t,t,t,f\"\n\t\t\t\t\t\t\t\tdata-frame_999=\"o:0;st:w;\"\n\t\t\t\t\t\t\t\tstyle=\"z-index:18;background-color:#707070;\"\n\t\t\t\t\t\t\t> \n\t\t\t\t\t\t\t<\/rs-layer><!--\n\n\t\t\t\t\t\t\t--><rs-layer\n\t\t\t\t\t\t\t\tid=\"slider-47-slide-113-layer-9\" \n\t\t\t\t\t\t\t\tdata-type=\"text\"\n\t\t\t\t\t\t\t\tdata-color=\"#6c6c6c\"\n\t\t\t\t\t\t\t\tdata-rsp_ch=\"on\"\n\t\t\t\t\t\t\t\tdata-xy=\"x:866px;y:168px;\"\n\t\t\t\t\t\t\t\tdata-text=\"w:normal;s:15;l:20;\"\n\t\t\t\t\t\t\t\tdata-dim=\"w:320px;\"\n\t\t\t\t\t\t\t\tdata-frame_999=\"o:0;st:w;\"\n\t\t\t\t\t\t\t\tstyle=\"z-index:15;font-family:'Roboto';\"\n\t\t\t\t\t\t\t>Proyecto de Educaci\u00f3n. Construcci\u00f3n de 2 aulas de clase nuevas con ba\u00f1os separados para ni\u00f1os y ni\u00f1as en Sandona, Nari\u00f1o.  Donado por Empresas de Nari\u00f1o Ltda. \n\t\t\t\t\t\t\t<\/rs-layer><!--\n\n\t\t\t\t\t\t\t--><rs-layer\n\t\t\t\t\t\t\t\tid=\"slider-47-slide-113-layer-10\" \n\t\t\t\t\t\t\t\tdata-type=\"text\"\n\t\t\t\t\t\t\t\tdata-color=\"#000000\"\n\t\t\t\t\t\t\t\tdata-rsp_ch=\"on\"\n\t\t\t\t\t\t\t\tdata-xy=\"x:869px;y:106px;\"\n\t\t\t\t\t\t\t\tdata-text=\"w:normal;s:22;fw:700;a:center;\"\n\t\t\t\t\t\t\t\tdata-dim=\"w:337px;\"\n\t\t\t\t\t\t\t\tdata-frame_999=\"o:0;st:w;\"\n\t\t\t\t\t\t\t\tstyle=\"z-index:12;font-family:'Montserrat';\"\n\t\t\t\t\t\t\t>Colegio El Ingenio - Sandon\u00e1, Nari\u00f1o \n\t\t\t\t\t\t\t<\/rs-layer><!--\n\n\t\t\t\t\t\t\t--><rs-layer\n\t\t\t\t\t\t\t\tid=\"slider-47-slide-113-layer-12\" \n\t\t\t\t\t\t\t\tdata-type=\"text\"\n\t\t\t\t\t\t\t\tdata-color=\"#000000\"\n\t\t\t\t\t\t\t\tdata-rsp_ch=\"on\"\n\t\t\t\t\t\t\t\tdata-xy=\"x:126px;y:269px;\"\n\t\t\t\t\t\t\t\tdata-text=\"w:normal;\"\n\t\t\t\t\t\t\t\tdata-frame_999=\"o:0;st:w;\"\n\t\t\t\t\t\t\t\tstyle=\"z-index:20;font-family:'Roboto';\"\n\t\t\t\t\t\t\t><div class=\"vc_row wpb_row vc_row-fluid\"><div class=\"wpb_column vc_column_container vc_col-sm-12\"><div class=\"vc_column-inner\"><div class=\"wpb_wrapper\"><div id=\"wd-61700d2db37ed\" class=\"wd-button-wrapper text-center\"><a href=\"#my_popup\" title=\"\" class=\"btn btn-color-default btn-style-link btn-shape-rectangle btn-size-default wd-open-popup \">M\u00e1s Informaci\u00f3n<\/a><\/div><div id=\"my_popup\" class=\"mfp-with-anim wd-popup mfp-hide\" style=\"max-width:800px;\"><div class=\"wd-popup-inner\">\n\t<div  class=\"wpb_single_image wpb_content_element vc_align_left\">\n\t\t\n\t\t<figure class=\"wpb_wrapper vc_figure\">\n\t\t\t<div class=\"vc_single_image-wrapper   vc_box_border_grey\"><img loading=\"lazy\" decoding=\"async\" width=\"300\" height=\"40\" src=\"https:\/\/fundacioncarcafe.co\/wp-content\/uploads\/2021\/10\/1-1995 - 1996-300x40.png\" class=\"vc_single_image-img attachment-medium\" alt=\"\" title=\"1995 - 1996\" srcset=\"https:\/\/fundacioncarcafe.co\/wp-content\/uploads\/2021\/10\/1-1995%20-%201996-300x40.png 300w, https:\/\/fundacioncarcafe.co\/wp-content\/uploads\/2021\/10\/1-1995%20-%201996-16x2.png 16w, https:\/\/fundacioncarcafe.co\/wp-content\/uploads\/2021\/10\/1-1995%20-%201996-150x20.png 150w, https:\/\/fundacioncarcafe.co\/wp-content\/uploads\/2021\/10\/1-1995%20-%201996.png 660w\" sizes=\"auto, (max-width: 300px) 100vw, 300px\" \/><\/div>\n\t\t<\/figure>\n\t<\/div>\n\t\t\n\t\t<div id=\"wd-6290bf6dcbcc8\" class=\"title-wrapper wd-wpb set-mb-s reset-last-child  wd-title-color-default wd-title-style-default wd-width-100 text-center \">\n\t\t\t\n\t\t\t<div class=\"liner-continer\">\n\t\t\t\t<h4 class=\"woodmart-title-container title  wd-font-weight-600 wd-fontsize-xxl\" >Urbanizaci\u00f3n Aldea Suiza - Cartago, Valle del Cauca<\/h4>\n\t\t\t\t\t\t\t<\/div>\n\t\t\t\n\t\t\t\n\t\t\t\t\t<\/div>\n\t\t\n\t\t\n\t<div class=\"wpb_text_column wpb_content_element\" >\n\t\t<div class=\"wpb_wrapper\">\n\t\t\t<p style=\"text-align: justify !important;\">Alianza entre Fundacion Carcafe y propietarios de viviendas. Este proyecto fue dirigido ha trabajadores de Carcafe. La urbanizaci\u00f3n \"Aldea Suiza\", se encuentra ubicada en el \u00e1rea urbana del Municipio de Cartago (Valle del Cauca), en el Barrio San Jos\u00e9. Se construyeron 11 soluciones de vivienda unifamiliar. Descripci\u00f3n vivienda: El \u00e1rea de cada lote de 72 metros cuadrados. La vivienda consta de sala comedor, dos alcobas, una cocina, un ba\u00f1o, un patio de ropas, una \u00e1rea para futura ampliaci\u00f3n, cubierta en teja de barro, pisos de baldosa, paredes en ladrillo y cemento, puerta principal de acceso met\u00e1lica. La urbanizaci\u00f3n posee zonas verdes, y v\u00edas peatonales de acceso pavimentadas.<\/p>\n<p><img loading=\"lazy\" decoding=\"async\" class=\"size-medium wp-image-8279 aligncenter\" src=\"https:\/\/fundacioncarcafe.aicode-test.art\/wp-content\/uploads\/2022\/07\/5b804b73eabb15ebe8bbb58d347af7e2-300x215.png\" alt=\"\" width=\"300\" height=\"215\" srcset=\"https:\/\/fundacioncarcafe.co\/wp-content\/uploads\/2022\/07\/5b804b73eabb15ebe8bbb58d347af7e2-300x215.png 300w, https:\/\/fundacioncarcafe.co\/wp-content\/uploads\/2022\/07\/5b804b73eabb15ebe8bbb58d347af7e2-16x12.png 16w, https:\/\/fundacioncarcafe.co\/wp-content\/uploads\/2022\/07\/5b804b73eabb15ebe8bbb58d347af7e2-150x107.png 150w, https:\/\/fundacioncarcafe.co\/wp-content\/uploads\/2022\/07\/5b804b73eabb15ebe8bbb58d347af7e2.png 539w\" sizes=\"auto, (max-width: 300px) 100vw, 300px\" \/><\/p>\n\n\t\t<\/div>\n\t<\/div>\n<\/div><\/div><\/div><\/div><\/div><\/div><style data-type=\"vc_shortcodes-custom-css\"><\/style> \n\t\t\t\t\t\t\t<\/rs-layer><!--\n\n\t\t\t\t\t\t\t--><rs-layer\n\t\t\t\t\t\t\t\tid=\"slider-47-slide-113-layer-13\" \n\t\t\t\t\t\t\t\tdata-type=\"image\"\n\t\t\t\t\t\t\t\tdata-rsp_ch=\"on\"\n\t\t\t\t\t\t\t\tdata-xy=\"x:43px;y:51px;\"\n\t\t\t\t\t\t\t\tdata-text=\"w:normal;\"\n\t\t\t\t\t\t\t\tdata-dim=\"w:308px;h:41px;\"\n\t\t\t\t\t\t\t\tdata-frame_999=\"o:0;st:w;\"\n\t\t\t\t\t\t\t\tstyle=\"z-index:21;\"\n\t\t\t\t\t\t\t><img decoding=\"async\" src=\"\/\/fundacioncarcafe.co\/wp-content\/plugins\/revslider\/public\/assets\/assets\/dummy.png\" alt=\"\" class=\"tp-rs-img rs-lazyload\" width=\"660\" height=\"88\" data-lazyload=\"\/\/fundacioncarcafe.aicode-test.art\/wp-content\/uploads\/2021\/10\/1-1995%20-%201996.png\" data-no-retina> \n\t\t\t\t\t\t\t<\/rs-layer><!--\n\n\t\t\t\t\t\t\t--><rs-layer\n\t\t\t\t\t\t\t\tid=\"slider-47-slide-113-layer-14\" \n\t\t\t\t\t\t\t\tdata-type=\"image\"\n\t\t\t\t\t\t\t\tdata-rsp_ch=\"on\"\n\t\t\t\t\t\t\t\tdata-xy=\"x:467px;y:49px;\"\n\t\t\t\t\t\t\t\tdata-text=\"w:normal;\"\n\t\t\t\t\t\t\t\tdata-dim=\"w:298px;h:39px;\"\n\t\t\t\t\t\t\t\tdata-frame_999=\"o:0;st:w;\"\n\t\t\t\t\t\t\t\tstyle=\"z-index:22;\"\n\t\t\t\t\t\t\t><img decoding=\"async\" src=\"\/\/fundacioncarcafe.co\/wp-content\/plugins\/revslider\/public\/assets\/assets\/dummy.png\" alt=\"\" class=\"tp-rs-img rs-lazyload\" width=\"666\" height=\"88\" data-lazyload=\"\/\/fundacioncarcafe.aicode-test.art\/wp-content\/uploads\/2021\/10\/1-1996%20-%201998.png\" data-no-retina> \n\t\t\t\t\t\t\t<\/rs-layer><!--\n\n\t\t\t\t\t\t\t--><rs-layer\n\t\t\t\t\t\t\t\tid=\"slider-47-slide-113-layer-17\" \n\t\t\t\t\t\t\t\tdata-type=\"text\"\n\t\t\t\t\t\t\t\tdata-color=\"#000000\"\n\t\t\t\t\t\t\t\tdata-rsp_ch=\"on\"\n\t\t\t\t\t\t\t\tdata-xy=\"x:559px;y:296px;\"\n\t\t\t\t\t\t\t\tdata-text=\"w:normal;\"\n\t\t\t\t\t\t\t\tdata-frame_999=\"o:0;st:w;\"\n\t\t\t\t\t\t\t\tstyle=\"z-index:23;font-family:'Roboto';\"\n\t\t\t\t\t\t\t><div class=\"vc_row wpb_row vc_row-fluid\"><div class=\"wpb_column vc_column_container vc_col-sm-12\"><div class=\"vc_column-inner\"><div class=\"wpb_wrapper\"><div id=\"wd-6170158ae1b17\" class=\"wd-button-wrapper text-center\"><a href=\"#aroma-cafe-1996-1998\" title=\"\" class=\"btn btn-color-default btn-style-link btn-shape-rectangle btn-size-default wd-open-popup \">M\u00e1s Informaci\u00f3n<\/a><\/div><div id=\"aroma-cafe-1996-1998\" class=\"mfp-with-anim wd-popup mfp-hide\" style=\"max-width:800px;\"><div class=\"wd-popup-inner\">\n\t<div  class=\"wpb_single_image wpb_content_element vc_align_left\">\n\t\t\n\t\t<figure class=\"wpb_wrapper vc_figure\">\n\t\t\t<div class=\"vc_single_image-wrapper   vc_box_border_grey\"><img loading=\"lazy\" decoding=\"async\" width=\"300\" height=\"40\" src=\"https:\/\/fundacioncarcafe.co\/wp-content\/uploads\/2021\/10\/1996-1998-300x40.png\" class=\"vc_single_image-img attachment-medium\" alt=\"\" title=\"1996 - 1998\" srcset=\"https:\/\/fundacioncarcafe.co\/wp-content\/uploads\/2021\/10\/1996-1998-300x40.png 300w, https:\/\/fundacioncarcafe.co\/wp-content\/uploads\/2021\/10\/1996-1998-16x2.png 16w, https:\/\/fundacioncarcafe.co\/wp-content\/uploads\/2021\/10\/1996-1998-150x20.png 150w, https:\/\/fundacioncarcafe.co\/wp-content\/uploads\/2021\/10\/1996-1998.png 666w\" sizes=\"auto, (max-width: 300px) 100vw, 300px\" \/><\/div>\n\t\t<\/figure>\n\t<\/div>\n\t\t\n\t\t<div id=\"wd-6290c0722c2b3\" class=\"title-wrapper wd-wpb set-mb-s reset-last-child  wd-title-color-default wd-title-style-default wd-width-100 text-center \">\n\t\t\t\n\t\t\t<div class=\"liner-continer\">\n\t\t\t\t<h4 class=\"woodmart-title-container title  wd-font-weight-600 wd-fontsize-xxl\" >Urbanizaci\u00f3n Aroma de Caf\u00e9 \u2013 Cartago, Valle del Cauca<\/h4>\n\t\t\t\t\t\t\t<\/div>\n\t\t\t\n\t\t\t\n\t\t\t\t\t<\/div>\n\t\t\n\t\t\n\t<div class=\"wpb_text_column wpb_content_element\" >\n\t\t<div class=\"wpb_wrapper\">\n\t\t\t<p style=\"text-align: justify !important;\">Alianza entre Fundaci\u00f3n Carcafe, gobierno local y propietarios de viviendas. Este proyecto fue dirigido ha trabajadores de Carcafe. La urbanizaci\u00f3n \"Aroma De Caf\u00e9\", se encuentra ubicado en el \u00e1rea urbana del Municipio de Cartago (Valle del Cauca), dentro de la Urbanizaci\u00f3n \"Villa Juliana\". Se construyeron 24 soluciones de vivienda unifamiliar. Descripci\u00f3n de la vivienda: El \u00e1rea de cada lote es de 69 metros cuadrados y tienen un \u00e1rea construida de 45,5 metros cuadrados. La vivienda consta de dos alcobas, una sala \u2013 comedor, un ba\u00f1o, cocina, patio de ropas. La urbanizaci\u00f3n posee zonas verdes, un parque con juegos infantiles, parqueaderos comunitarios y v\u00edas de acceso pavimentadas.<\/p>\n<p><img loading=\"lazy\" decoding=\"async\" class=\"size-medium wp-image-8280 aligncenter\" src=\"https:\/\/fundacioncarcafe.aicode-test.art\/wp-content\/uploads\/2022\/07\/0090588f17715af5f47b59462b94fad1-300x195.png\" alt=\"\" width=\"300\" height=\"195\" srcset=\"https:\/\/fundacioncarcafe.co\/wp-content\/uploads\/2022\/07\/0090588f17715af5f47b59462b94fad1-300x195.png 300w, https:\/\/fundacioncarcafe.co\/wp-content\/uploads\/2022\/07\/0090588f17715af5f47b59462b94fad1-16x10.png 16w, https:\/\/fundacioncarcafe.co\/wp-content\/uploads\/2022\/07\/0090588f17715af5f47b59462b94fad1-150x98.png 150w, https:\/\/fundacioncarcafe.co\/wp-content\/uploads\/2022\/07\/0090588f17715af5f47b59462b94fad1.png 593w\" sizes=\"auto, (max-width: 300px) 100vw, 300px\" \/><\/p>\n\n\t\t<\/div>\n\t<\/div>\n<\/div><\/div><\/div><\/div><\/div><\/div><style data-type=\"vc_shortcodes-custom-css\"><\/style> \n\t\t\t\t\t\t\t<\/rs-layer><!--\n\n\t\t\t\t\t\t\t--><rs-layer\n\t\t\t\t\t\t\t\tid=\"slider-47-slide-113-layer-18\" \n\t\t\t\t\t\t\t\tdata-type=\"image\"\n\t\t\t\t\t\t\t\tdata-rsp_ch=\"on\"\n\t\t\t\t\t\t\t\tdata-xy=\"x:883px;y:48px;\"\n\t\t\t\t\t\t\t\tdata-text=\"w:normal;\"\n\t\t\t\t\t\t\t\tdata-dim=\"w:301px;h:38px;\"\n\t\t\t\t\t\t\t\tdata-frame_999=\"o:0;st:w;\"\n\t\t\t\t\t\t\t\tstyle=\"z-index:24;\"\n\t\t\t\t\t\t\t><img decoding=\"async\" src=\"\/\/fundacioncarcafe.co\/wp-content\/plugins\/revslider\/public\/assets\/assets\/dummy.png\" alt=\"\" class=\"tp-rs-img rs-lazyload\" width=\"701\" height=\"88\" data-lazyload=\"\/\/fundacioncarcafe.aicode-test.art\/wp-content\/uploads\/2021\/10\/1-1999%20-%202000.png\" data-no-retina> \n\t\t\t\t\t\t\t<\/rs-layer><!--\n\n\t\t\t\t\t\t\t--><rs-layer\n\t\t\t\t\t\t\t\tid=\"slider-47-slide-113-layer-19\" \n\t\t\t\t\t\t\t\tdata-type=\"text\"\n\t\t\t\t\t\t\t\tdata-color=\"#000000\"\n\t\t\t\t\t\t\t\tdata-rsp_ch=\"on\"\n\t\t\t\t\t\t\t\tdata-xy=\"x:978px;y:276px;\"\n\t\t\t\t\t\t\t\tdata-text=\"w:normal;\"\n\t\t\t\t\t\t\t\tdata-frame_999=\"o:0;st:w;\"\n\t\t\t\t\t\t\t\tstyle=\"z-index:25;font-family:'Roboto';\"\n\t\t\t\t\t\t\t><div class=\"vc_row wpb_row vc_row-fluid\"><div class=\"wpb_column vc_column_container vc_col-sm-12\"><div class=\"vc_column-inner\"><div class=\"wpb_wrapper\"><div id=\"wd-6170152c5a016\" class=\"wd-button-wrapper text-center\"><a href=\"#school-1999-2000\" title=\"\" class=\"btn btn-color-default btn-style-link btn-shape-rectangle btn-size-default wd-open-popup \">M\u00e1s Informaci\u00f3n<\/a><\/div><div id=\"school-1999-2000\" class=\"mfp-with-anim wd-popup mfp-hide\" style=\"max-width:800px;\"><div class=\"wd-popup-inner\">\n\t<div  class=\"wpb_single_image wpb_content_element vc_align_left\">\n\t\t\n\t\t<figure class=\"wpb_wrapper vc_figure\">\n\t\t\t<div class=\"vc_single_image-wrapper   vc_box_border_grey\"><img loading=\"lazy\" decoding=\"async\" width=\"300\" height=\"38\" src=\"https:\/\/fundacioncarcafe.co\/wp-content\/uploads\/2021\/10\/1-1999 - 2000-300x38.png\" class=\"vc_single_image-img attachment-medium\" alt=\"\" title=\"1999 - 2000\" srcset=\"https:\/\/fundacioncarcafe.co\/wp-content\/uploads\/2021\/10\/1-1999%20-%202000-300x38.png 300w, https:\/\/fundacioncarcafe.co\/wp-content\/uploads\/2021\/10\/1-1999%20-%202000-16x2.png 16w, https:\/\/fundacioncarcafe.co\/wp-content\/uploads\/2021\/10\/1-1999%20-%202000-150x19.png 150w, https:\/\/fundacioncarcafe.co\/wp-content\/uploads\/2021\/10\/1-1999%20-%202000.png 701w\" sizes=\"auto, (max-width: 300px) 100vw, 300px\" \/><\/div>\n\t\t<\/figure>\n\t<\/div>\n\t\t\n\t\t<div id=\"wd-6290c0f52e922\" class=\"title-wrapper wd-wpb set-mb-s reset-last-child  wd-title-color-default wd-title-style-default wd-width-100 text-center \">\n\t\t\t\n\t\t\t<div class=\"liner-continer\">\n\t\t\t\t<h4 class=\"woodmart-title-container title  wd-font-weight-600 wd-fontsize-xxl\" >Colegio El Ingenio - Sandon\u00e1, Nari\u00f1o<\/h4>\n\t\t\t\t\t\t\t<\/div>\n\t\t\t\n\t\t\t\n\t\t\t\t\t<\/div>\n\t\t\n\t\t\n\t<div class=\"wpb_text_column wpb_content_element\" >\n\t\t<div class=\"wpb_wrapper\">\n\t\t\t<p style=\"text-align: justify !important;\">Donaci\u00f3n de Empresas de Nari\u00f1o Ltda. Construcci\u00f3n de dos nuevas aulas de clases y ba\u00f1os separados para ni\u00f1os y ni\u00f1as.<\/p>\n<p><img loading=\"lazy\" decoding=\"async\" class=\" wp-image-8281 aligncenter\" src=\"https:\/\/fundacioncarcafe.aicode-test.art\/wp-content\/uploads\/2022\/07\/63f511ff53bbaf77f3c640927fb81308-206x300.png\" alt=\"\" width=\"249\" height=\"363\" srcset=\"https:\/\/fundacioncarcafe.co\/wp-content\/uploads\/2022\/07\/63f511ff53bbaf77f3c640927fb81308-206x300.png 206w, https:\/\/fundacioncarcafe.co\/wp-content\/uploads\/2022\/07\/63f511ff53bbaf77f3c640927fb81308-8x12.png 8w, https:\/\/fundacioncarcafe.co\/wp-content\/uploads\/2022\/07\/63f511ff53bbaf77f3c640927fb81308-150x219.png 150w, https:\/\/fundacioncarcafe.co\/wp-content\/uploads\/2022\/07\/63f511ff53bbaf77f3c640927fb81308.png 580w\" sizes=\"auto, (max-width: 249px) 100vw, 249px\" \/><\/p>\n\n\t\t<\/div>\n\t<\/div>\n<\/div><\/div><\/div><\/div><\/div><\/div><style data-type=\"vc_shortcodes-custom-css\"><\/style> \n\t\t\t\t\t\t\t<\/rs-layer><!--\n-->\t\t\t\t\t\t<\/rs-slide>\n\t\t\t\t\t\t<rs-slide style=\"position: absolute;\" data-key=\"rs-131\" data-title=\"Slide\" data-anim=\"adpr:false;\" data-in=\"o:0;\" data-out=\"a:false;\">\n\t\t\t\t\t\t\t<img decoding=\"async\" src=\"\/\/fundacioncarcafe.co\/wp-content\/plugins\/revslider\/public\/assets\/assets\/dummy.png\" alt=\"Slide\" title=\"Nuestra trayectoria\" class=\"rev-slidebg tp-rs-img rs-lazyload\" data-lazyload=\"\/\/fundacioncarcafe.co\/wp-content\/plugins\/revslider\/public\/assets\/assets\/transparent.png\" data-no-retina>\n<!--\n\t\t\t\t\t\t\t--><rs-layer\n\t\t\t\t\t\t\t\tid=\"slider-47-slide-131-layer-0\" \n\t\t\t\t\t\t\t\tdata-type=\"shape\"\n\t\t\t\t\t\t\t\tdata-rsp_ch=\"on\"\n\t\t\t\t\t\t\t\tdata-xy=\"x:-2px;y:-4px;\"\n\t\t\t\t\t\t\t\tdata-text=\"w:normal;\"\n\t\t\t\t\t\t\t\tdata-dim=\"w:1241px;h:351px;\"\n\t\t\t\t\t\t\t\tdata-frame_999=\"o:0;st:w;\"\n\t\t\t\t\t\t\t\tstyle=\"z-index:8;background-color:#EDEDED;\"\n\t\t\t\t\t\t\t> \n\t\t\t\t\t\t\t<\/rs-layer><!--\n\n\t\t\t\t\t\t\t--><rs-layer\n\t\t\t\t\t\t\t\tid=\"slider-47-slide-131-layer-2\" \n\t\t\t\t\t\t\t\tdata-type=\"text\"\n\t\t\t\t\t\t\t\tdata-color=\"#000000\"\n\t\t\t\t\t\t\t\tdata-rsp_ch=\"on\"\n\t\t\t\t\t\t\t\tdata-xy=\"x:12px;y:95px;\"\n\t\t\t\t\t\t\t\tdata-text=\"w:normal;s:22;fw:700;a:center;\"\n\t\t\t\t\t\t\t\tdata-dim=\"w:376px;\"\n\t\t\t\t\t\t\t\tdata-frame_999=\"o:0;st:w;\"\n\t\t\t\t\t\t\t\tstyle=\"z-index:11;font-family:'Montserrat';\"\n\t\t\t\t\t\t\t>Urbanizaci\u00f3n Aldea Suiza en el coraz\u00f3n del Quind\u00edo \u2013 Montenegro, Quind\u00edo \n\t\t\t\t\t\t\t<\/rs-layer><!--\n\n\t\t\t\t\t\t\t--><rs-layer\n\t\t\t\t\t\t\t\tid=\"slider-47-slide-131-layer-3\" \n\t\t\t\t\t\t\t\tdata-type=\"text\"\n\t\t\t\t\t\t\t\tdata-color=\"#6c6c6c\"\n\t\t\t\t\t\t\t\tdata-rsp_ch=\"on\"\n\t\t\t\t\t\t\t\tdata-xy=\"x:34px;y:178px;\"\n\t\t\t\t\t\t\t\tdata-text=\"w:normal;s:15;l:20;\"\n\t\t\t\t\t\t\t\tdata-dim=\"w:357px;\"\n\t\t\t\t\t\t\t\tdata-frame_999=\"o:0;st:w;\"\n\t\t\t\t\t\t\t\tstyle=\"z-index:14;font-family:'Roboto';\"\n\t\t\t\t\t\t\t>Construcci\u00f3n y donaci\u00f3n de desarrollo urban\u00edstico y complejo de vivienda con 101 casas en Montenegro, Quind\u00edo.  Proyecto dirigido a familias victimas del terremoto del 25 de enero de 1995.  Alianza entre Fundaci\u00f3n Carcafe, gobierno local y propietarios de viviendas. \n\t\t\t\t\t\t\t<\/rs-layer><!--\n\n\t\t\t\t\t\t\t--><rs-layer\n\t\t\t\t\t\t\t\tid=\"slider-47-slide-131-layer-4\" \n\t\t\t\t\t\t\t\tdata-type=\"shape\"\n\t\t\t\t\t\t\t\tdata-rsp_ch=\"on\"\n\t\t\t\t\t\t\t\tdata-xy=\"x:400px;y:41px;\"\n\t\t\t\t\t\t\t\tdata-text=\"w:normal;\"\n\t\t\t\t\t\t\t\tdata-dim=\"w:1px;h:200px;\"\n\t\t\t\t\t\t\t\tdata-vbility=\"t,t,t,f\"\n\t\t\t\t\t\t\t\tdata-frame_999=\"o:0;st:w;\"\n\t\t\t\t\t\t\t\tstyle=\"z-index:16;background-color:#707070;\"\n\t\t\t\t\t\t\t> \n\t\t\t\t\t\t\t<\/rs-layer><!--\n\n\t\t\t\t\t\t\t--><rs-layer\n\t\t\t\t\t\t\t\tid=\"slider-47-slide-131-layer-6\" \n\t\t\t\t\t\t\t\tdata-type=\"text\"\n\t\t\t\t\t\t\t\tdata-color=\"#000000\"\n\t\t\t\t\t\t\t\tdata-rsp_ch=\"on\"\n\t\t\t\t\t\t\t\tdata-xy=\"x:432px;y:99px;\"\n\t\t\t\t\t\t\t\tdata-text=\"w:normal;s:22;fw:700;a:center;\"\n\t\t\t\t\t\t\t\tdata-dim=\"w:358px;\"\n\t\t\t\t\t\t\t\tdata-frame_999=\"o:0;st:w;\"\n\t\t\t\t\t\t\t\tstyle=\"z-index:10;font-family:'Montserrat';\"\n\t\t\t\t\t\t\t>Colegio Nacionalizado Pablo Sexto \u2013 Taminango, Nari\u00f1o \n\t\t\t\t\t\t\t<\/rs-layer><!--\n\n\t\t\t\t\t\t\t--><rs-layer\n\t\t\t\t\t\t\t\tid=\"slider-47-slide-131-layer-7\" \n\t\t\t\t\t\t\t\tdata-type=\"text\"\n\t\t\t\t\t\t\t\tdata-color=\"#6c6c6c\"\n\t\t\t\t\t\t\t\tdata-rsp_ch=\"on\"\n\t\t\t\t\t\t\t\tdata-xy=\"x:446px;y:178px;\"\n\t\t\t\t\t\t\t\tdata-text=\"w:normal;s:15;l:20;\"\n\t\t\t\t\t\t\t\tdata-dim=\"w:362px;\"\n\t\t\t\t\t\t\t\tdata-frame_999=\"o:0;st:w;\"\n\t\t\t\t\t\t\t\tstyle=\"z-index:13;font-family:'Roboto';\"\n\t\t\t\t\t\t\t>Proyecto de Educaci\u00f3n.  Construcci\u00f3n de sal\u00f3n comunal \/ comedor, cocina, despensa y ba\u00f1os en el Colegio Pablo Sexto de Taminanfo, Nari\u00f1o. 460 estudiantes.  Alianza entre tostador de caf\u00e9 La Minita y Empresas de Nari\u00f1o Ltda. \n\t\t\t\t\t\t\t<\/rs-layer><!--\n\n\t\t\t\t\t\t\t--><rs-layer\n\t\t\t\t\t\t\t\tid=\"slider-47-slide-131-layer-8\" \n\t\t\t\t\t\t\t\tdata-type=\"shape\"\n\t\t\t\t\t\t\t\tdata-rsp_ch=\"on\"\n\t\t\t\t\t\t\t\tdata-xy=\"x:824px;y:40px;\"\n\t\t\t\t\t\t\t\tdata-text=\"w:normal;\"\n\t\t\t\t\t\t\t\tdata-dim=\"w:1px;h:200px;\"\n\t\t\t\t\t\t\t\tdata-vbility=\"t,t,t,f\"\n\t\t\t\t\t\t\t\tdata-frame_999=\"o:0;st:w;\"\n\t\t\t\t\t\t\t\tstyle=\"z-index:15;background-color:#707070;\"\n\t\t\t\t\t\t\t> \n\t\t\t\t\t\t\t<\/rs-layer><!--\n\n\t\t\t\t\t\t\t--><rs-layer\n\t\t\t\t\t\t\t\tid=\"slider-47-slide-131-layer-9\" \n\t\t\t\t\t\t\t\tdata-type=\"text\"\n\t\t\t\t\t\t\t\tdata-color=\"#6c6c6c\"\n\t\t\t\t\t\t\t\tdata-rsp_ch=\"on\"\n\t\t\t\t\t\t\t\tdata-xy=\"x:882px;y:157px;\"\n\t\t\t\t\t\t\t\tdata-text=\"w:normal;s:15;l:20;\"\n\t\t\t\t\t\t\t\tdata-dim=\"w:320px;\"\n\t\t\t\t\t\t\t\tdata-frame_999=\"o:0;st:w;\"\n\t\t\t\t\t\t\t\tstyle=\"z-index:12;font-family:'Roboto';\"\n\t\t\t\t\t\t\t>Donaci\u00f3n de electrodom\u00e9sticos y de infraestructura de procesamiento para caf\u00e9 para 975 familias caficultoras del Norte de Nari\u00f1o.  Alianza entre Starbucks y Empresas de Nari\u00f1o Ltda. \n\t\t\t\t\t\t\t<\/rs-layer><!--\n\n\t\t\t\t\t\t\t--><rs-layer\n\t\t\t\t\t\t\t\tid=\"slider-47-slide-131-layer-10\" \n\t\t\t\t\t\t\t\tdata-type=\"text\"\n\t\t\t\t\t\t\t\tdata-color=\"#000000\"\n\t\t\t\t\t\t\t\tdata-rsp_ch=\"on\"\n\t\t\t\t\t\t\t\tdata-xy=\"x:858px;y:96px;\"\n\t\t\t\t\t\t\t\tdata-text=\"w:normal;s:22;fw:700;a:center;\"\n\t\t\t\t\t\t\t\tdata-dim=\"w:345px;\"\n\t\t\t\t\t\t\t\tdata-frame_999=\"o:0;st:w;\"\n\t\t\t\t\t\t\t\tstyle=\"z-index:9;font-family:'Montserrat';\"\n\t\t\t\t\t\t\t>CARRERA CAFETERA 2003<br \/>\n \n\t\t\t\t\t\t\t<\/rs-layer><!--\n\n\t\t\t\t\t\t\t--><rs-layer\n\t\t\t\t\t\t\t\tid=\"slider-47-slide-131-layer-12\" \n\t\t\t\t\t\t\t\tdata-type=\"text\"\n\t\t\t\t\t\t\t\tdata-color=\"#000000\"\n\t\t\t\t\t\t\t\tdata-rsp_ch=\"on\"\n\t\t\t\t\t\t\t\tdata-xy=\"x:145px;y:301px;\"\n\t\t\t\t\t\t\t\tdata-text=\"w:normal;\"\n\t\t\t\t\t\t\t\tdata-frame_999=\"o:0;st:w;\"\n\t\t\t\t\t\t\t\tstyle=\"z-index:17;font-family:'Roboto';\"\n\t\t\t\t\t\t\t><div class=\"vc_row wpb_row vc_row-fluid\"><div class=\"wpb_column vc_column_container vc_col-sm-12\"><div class=\"vc_column-inner\"><div class=\"wpb_wrapper\"><div id=\"wd-617017091e1e0\" class=\"wd-button-wrapper text-center\"><a href=\"#aldea-quindio-2000-2002\" title=\"\" class=\"btn btn-color-default btn-style-link btn-shape-rectangle btn-size-default wd-open-popup \">M\u00e1s Informaci\u00f3n<\/a><\/div><div id=\"aldea-quindio-2000-2002\" class=\"mfp-with-anim wd-popup mfp-hide\" style=\"max-width:800px;\"><div class=\"wd-popup-inner\">\n\t<div  class=\"wpb_single_image wpb_content_element vc_align_left\">\n\t\t\n\t\t<figure class=\"wpb_wrapper vc_figure\">\n\t\t\t<div class=\"vc_single_image-wrapper   vc_box_border_grey\"><img loading=\"lazy\" decoding=\"async\" width=\"300\" height=\"36\" src=\"https:\/\/fundacioncarcafe.co\/wp-content\/uploads\/2021\/10\/1-2000 - 2002-300x36.png\" class=\"vc_single_image-img attachment-medium\" alt=\"\" title=\"2000 - 2002\" srcset=\"https:\/\/fundacioncarcafe.co\/wp-content\/uploads\/2021\/10\/1-2000%20-%202002-300x36.png 300w, https:\/\/fundacioncarcafe.co\/wp-content\/uploads\/2021\/10\/1-2000%20-%202002-16x2.png 16w, https:\/\/fundacioncarcafe.co\/wp-content\/uploads\/2021\/10\/1-2000%20-%202002-150x18.png 150w, https:\/\/fundacioncarcafe.co\/wp-content\/uploads\/2021\/10\/1-2000%20-%202002.png 730w\" sizes=\"auto, (max-width: 300px) 100vw, 300px\" \/><\/div>\n\t\t<\/figure>\n\t<\/div>\n\t\t\n\t\t<div id=\"wd-6290c1b7dd0c6\" class=\"title-wrapper wd-wpb set-mb-s reset-last-child  wd-title-color-default wd-title-style-default wd-width-100 text-center \">\n\t\t\t\n\t\t\t<div class=\"liner-continer\">\n\t\t\t\t<h4 class=\"woodmart-title-container title  wd-font-weight-600 wd-fontsize-xl\" >Urbanizaci\u00f3n Aldea Suiza en el coraz\u00f3n del Quind\u00edo \u2013 Montenegro, Quind\u00edo<\/h4>\n\t\t\t\t\t\t\t<\/div>\n\t\t\t\n\t\t\t\n\t\t\t\t\t<\/div>\n\t\t\n\t\t\n\t<div class=\"wpb_text_column wpb_content_element\" >\n\t\t<div class=\"wpb_wrapper\">\n\t\t\t<p style=\"text-align: justify !important;\">Alianza entre Fundaci\u00f3n Carcafe, gobierno local y propietarios de viviendas. Este proyecto fue dirigido a las familias que resultaron damnificadas en el sismo del 25 de Enero\/1995. La urbanizaci\u00f3n \"Aldea Suiza En El Coraz\u00f3n Del Quind\u00edo\", se encuentra ubicada en el casco urbano del Municipio de Montenegro (Quind\u00edo), sobre la v\u00eda que va hacia el corregimiento de Pueblo Tapao; se compone de 13 manzanas de forma regular, v\u00edas vehiculares de acceso pavimentadas, zona de parqueaderos, y \u00e1reas destinadas a una grader\u00eda y a talleres de cer\u00e1mica. Se construyeron 101 soluciones de vivienda, 43 D\u00faplex, 56 Unifamiliares y 2 Bifamiliares. Descripci\u00f3n Viviendas: Cumplen con especificaciones establecidas por el c\u00f3digo sismorresistente NRS -98. -Vivienda D\u00faplex: 43 unidades. El \u00e1rea del lote por cada vivienda es de 48.75 M2 y un \u00e1rea construida en dos plantas de 65.65 metros cuadrados. - Vivienda Unifamiliar: 56 unidades. El \u00e1rea de cada lote es de 49.17 M2 y area construida por casa es de 44.02 . Vivienda Bifamiliar: 2 unidades. El \u00e1rea de cada uno de sus lotes es de 49.24 M2 y el area construida es de 85.58 M2. La vivienda unifamiliar consta de sala comedor, cocina , dos alcobas, patio de ropas , un ba\u00f1o. Las viviendas duplex tienen posibilidad de ampliaci\u00f3n en segundo piso.<\/p>\n<p><img loading=\"lazy\" decoding=\"async\" class=\"size-medium wp-image-8282 aligncenter\" src=\"https:\/\/fundacioncarcafe.aicode-test.art\/wp-content\/uploads\/2022\/07\/3ede1123eaeb527a04f36692a6a42ef9-300x202.png\" alt=\"\" width=\"300\" height=\"202\" srcset=\"https:\/\/fundacioncarcafe.co\/wp-content\/uploads\/2022\/07\/3ede1123eaeb527a04f36692a6a42ef9-300x202.png 300w, https:\/\/fundacioncarcafe.co\/wp-content\/uploads\/2022\/07\/3ede1123eaeb527a04f36692a6a42ef9-16x12.png 16w, https:\/\/fundacioncarcafe.co\/wp-content\/uploads\/2022\/07\/3ede1123eaeb527a04f36692a6a42ef9-150x101.png 150w, https:\/\/fundacioncarcafe.co\/wp-content\/uploads\/2022\/07\/3ede1123eaeb527a04f36692a6a42ef9.png 579w\" sizes=\"auto, (max-width: 300px) 100vw, 300px\" \/><\/p>\n\n\t\t<\/div>\n\t<\/div>\n<\/div><\/div><\/div><\/div><\/div><\/div><style data-type=\"vc_shortcodes-custom-css\"><\/style> \n\t\t\t\t\t\t\t<\/rs-layer><!--\n\n\t\t\t\t\t\t\t--><rs-layer\n\t\t\t\t\t\t\t\tid=\"slider-47-slide-131-layer-17\" \n\t\t\t\t\t\t\t\tdata-type=\"text\"\n\t\t\t\t\t\t\t\tdata-color=\"#000000\"\n\t\t\t\t\t\t\t\tdata-rsp_ch=\"on\"\n\t\t\t\t\t\t\t\tdata-xy=\"x:563px;y:289px;\"\n\t\t\t\t\t\t\t\tdata-text=\"w:normal;\"\n\t\t\t\t\t\t\t\tdata-frame_999=\"o:0;st:w;\"\n\t\t\t\t\t\t\t\tstyle=\"z-index:18;font-family:'Roboto';\"\n\t\t\t\t\t\t\t><div class=\"vc_row wpb_row vc_row-fluid\"><div class=\"wpb_column vc_column_container vc_col-sm-12\"><div class=\"vc_column-inner\"><div class=\"wpb_wrapper\"><div id=\"wd-61701843de84d\" class=\"wd-button-wrapper text-center\"><a href=\"#colegio-pablo-sextp-2002\" title=\"\" class=\"btn btn-color-default btn-style-link btn-shape-rectangle btn-size-default wd-open-popup \">M\u00e1s Informaci\u00f3n<\/a><\/div><div id=\"colegio-pablo-sextp-2002\" class=\"mfp-with-anim wd-popup mfp-hide\" style=\"max-width:800px;\"><div class=\"wd-popup-inner\">\n\t<div  class=\"wpb_single_image wpb_content_element vc_align_left\">\n\t\t\n\t\t<figure class=\"wpb_wrapper vc_figure\">\n\t\t\t<div class=\"vc_single_image-wrapper   vc_box_border_grey\"><img loading=\"lazy\" decoding=\"async\" width=\"300\" height=\"88\" src=\"https:\/\/fundacioncarcafe.co\/wp-content\/uploads\/2021\/10\/2002.png\" class=\"vc_single_image-img attachment-medium\" alt=\"\" title=\"2002\" srcset=\"https:\/\/fundacioncarcafe.co\/wp-content\/uploads\/2021\/10\/2002.png 301w, https:\/\/fundacioncarcafe.co\/wp-content\/uploads\/2021\/10\/2002-16x5.png 16w, https:\/\/fundacioncarcafe.co\/wp-content\/uploads\/2021\/10\/2002-150x44.png 150w\" sizes=\"auto, (max-width: 300px) 100vw, 300px\" \/><\/div>\n\t\t<\/figure>\n\t<\/div>\n\t\t\n\t\t<div id=\"wd-6290c255cd4a2\" class=\"title-wrapper wd-wpb set-mb-s reset-last-child  wd-title-color-default wd-title-style-default wd-width-100 text-center \">\n\t\t\t\n\t\t\t<div class=\"liner-continer\">\n\t\t\t\t<h4 class=\"woodmart-title-container title  wd-font-weight-600 wd-fontsize-xl\" >Colegio Nacionalizado Pablo Sexto \u2013 Taminango, Nari\u00f1o<\/h4>\n\t\t\t\t\t\t\t<\/div>\n\t\t\t\n\t\t\t\n\t\t\t\t\t<\/div>\n\t\t\n\t\t\n\t<div class=\"wpb_text_column wpb_content_element\" >\n\t\t<div class=\"wpb_wrapper\">\n\t\t\t<p style=\"text-align: justify !important;\">Alianza entre La Minita Coffee Roasters y Empresas de Nari\u00f1o Ltda. Este proyecto fue dirigido a estudiantes del Colegio Pablo VI, con dotaci\u00f3n y construcci\u00f3n de un comedor estudiantil, que consta de: Un sal\u00f3n comedor, una cocina, una bodega, una bater\u00eda sanitaria, y una tienda.<\/p>\n<p><img loading=\"lazy\" decoding=\"async\" class=\"size-medium wp-image-8283 aligncenter\" src=\"https:\/\/fundacioncarcafe.aicode-test.art\/wp-content\/uploads\/2022\/07\/a723efffaeeaff57e55010afb49b9696-273x300.jpg\" alt=\"\" width=\"273\" height=\"300\" srcset=\"https:\/\/fundacioncarcafe.co\/wp-content\/uploads\/2022\/07\/a723efffaeeaff57e55010afb49b9696-273x300.jpg 273w, https:\/\/fundacioncarcafe.co\/wp-content\/uploads\/2022\/07\/a723efffaeeaff57e55010afb49b9696-11x12.jpg 11w, https:\/\/fundacioncarcafe.co\/wp-content\/uploads\/2022\/07\/a723efffaeeaff57e55010afb49b9696-150x165.jpg 150w, https:\/\/fundacioncarcafe.co\/wp-content\/uploads\/2022\/07\/a723efffaeeaff57e55010afb49b9696.jpg 628w\" sizes=\"auto, (max-width: 273px) 100vw, 273px\" \/><\/p>\n\n\t\t<\/div>\n\t<\/div>\n<\/div><\/div><\/div><\/div><\/div><\/div><style data-type=\"vc_shortcodes-custom-css\"><\/style> \n\t\t\t\t\t\t\t<\/rs-layer><!--\n\n\t\t\t\t\t\t\t--><rs-layer\n\t\t\t\t\t\t\t\tid=\"slider-47-slide-131-layer-19\" \n\t\t\t\t\t\t\t\tdata-type=\"text\"\n\t\t\t\t\t\t\t\tdata-color=\"#000000\"\n\t\t\t\t\t\t\t\tdata-rsp_ch=\"on\"\n\t\t\t\t\t\t\t\tdata-xy=\"x:982px;y:288px;\"\n\t\t\t\t\t\t\t\tdata-text=\"w:normal;\"\n\t\t\t\t\t\t\t\tdata-frame_999=\"o:0;st:w;\"\n\t\t\t\t\t\t\t\tstyle=\"z-index:19;font-family:'Roboto';\"\n\t\t\t\t\t\t\t><div class=\"vc_row wpb_row vc_row-fluid\"><div class=\"wpb_column vc_column_container vc_col-sm-12\"><div class=\"vc_column-inner\"><div class=\"wpb_wrapper\"><div id=\"wd-6170336556ba6\" class=\"wd-button-wrapper text-center\"><a href=\"#carrera-cafetera-2004\" title=\"\" class=\"btn btn-color-default btn-style-link btn-shape-rectangle btn-size-default wd-open-popup \">M\u00e1s Informaci\u00f3n<\/a><\/div><div id=\"carrera-cafetera-2004\" class=\"mfp-with-anim wd-popup mfp-hide\" style=\"max-width:800px;\"><div class=\"wd-popup-inner\">\n\t<div  class=\"wpb_single_image wpb_content_element vc_align_left\">\n\t\t\n\t\t<figure class=\"wpb_wrapper vc_figure\">\n\t\t\t<div class=\"vc_single_image-wrapper   vc_box_border_grey\"><img loading=\"lazy\" decoding=\"async\" width=\"299\" height=\"88\" src=\"https:\/\/fundacioncarcafe.co\/wp-content\/uploads\/2021\/10\/1-2003.png\" class=\"vc_single_image-img attachment-medium\" alt=\"\" title=\"2003\" srcset=\"https:\/\/fundacioncarcafe.co\/wp-content\/uploads\/2021\/10\/1-2003.png 299w, https:\/\/fundacioncarcafe.co\/wp-content\/uploads\/2021\/10\/1-2003-16x5.png 16w, https:\/\/fundacioncarcafe.co\/wp-content\/uploads\/2021\/10\/1-2003-150x44.png 150w\" sizes=\"auto, (max-width: 299px) 100vw, 299px\" \/><\/div>\n\t\t<\/figure>\n\t<\/div>\n\t\t\n\t\t<div id=\"wd-62c6febe43a6f\" class=\"title-wrapper wd-wpb set-mb-s reset-last-child  wd-title-color-default wd-title-style-default wd-width-100 text-center \">\n\t\t\t\n\t\t\t<div class=\"liner-continer\">\n\t\t\t\t<h4 class=\"woodmart-title-container title  wd-font-weight-600 wd-fontsize-xl\" >Concurso Carrera Cafetera 2003 \u2013 Pasto, Nari\u00f1o<\/h4>\n\t\t\t\t\t\t\t<\/div>\n\t\t\t\n\t\t\t\n\t\t\t\t\t<\/div>\n\t\t\n\t\t\n\t<div class=\"wpb_text_column wpb_content_element\" >\n\t\t<div class=\"wpb_wrapper\">\n\t\t\t<p style=\"text-align: justify !important;\">Alianza entre Starbucks y Empresas de Nari\u00f1o Ltda. Dotaci\u00f3n para las 975 familias caficultoras con electrodom\u00e9sticos para la cocina familiar y con infraestructura de procesamiento de caf\u00e9<\/p>\n<p><img loading=\"lazy\" decoding=\"async\" class=\"size-medium wp-image-8284 aligncenter\" src=\"https:\/\/fundacioncarcafe.aicode-test.art\/wp-content\/uploads\/2022\/07\/CARRERA-CAFETERA-300x225.jpg\" alt=\"\" width=\"300\" height=\"225\" srcset=\"https:\/\/fundacioncarcafe.co\/wp-content\/uploads\/2022\/07\/CARRERA-CAFETERA-300x225.jpg 300w, https:\/\/fundacioncarcafe.co\/wp-content\/uploads\/2022\/07\/CARRERA-CAFETERA-1024x768.jpg 1024w, https:\/\/fundacioncarcafe.co\/wp-content\/uploads\/2022\/07\/CARRERA-CAFETERA-768x576.jpg 768w, https:\/\/fundacioncarcafe.co\/wp-content\/uploads\/2022\/07\/CARRERA-CAFETERA-1536x1152.jpg 1536w, https:\/\/fundacioncarcafe.co\/wp-content\/uploads\/2022\/07\/CARRERA-CAFETERA-2048x1536.jpg 2048w, https:\/\/fundacioncarcafe.co\/wp-content\/uploads\/2022\/07\/CARRERA-CAFETERA-16x12.jpg 16w, https:\/\/fundacioncarcafe.co\/wp-content\/uploads\/2022\/07\/CARRERA-CAFETERA-1200x900.jpg 1200w, https:\/\/fundacioncarcafe.co\/wp-content\/uploads\/2022\/07\/CARRERA-CAFETERA-150x113.jpg 150w\" sizes=\"auto, (max-width: 300px) 100vw, 300px\" \/><\/p>\n\n\t\t<\/div>\n\t<\/div>\n<\/div><\/div><\/div><\/div><\/div><\/div><style data-type=\"vc_shortcodes-custom-css\"><\/style> \n\t\t\t\t\t\t\t<\/rs-layer><!--\n\n\t\t\t\t\t\t\t--><rs-layer\n\t\t\t\t\t\t\t\tid=\"slider-47-slide-131-layer-36\" \n\t\t\t\t\t\t\t\tdata-type=\"text\"\n\t\t\t\t\t\t\t\tdata-color=\"#339059\"\n\t\t\t\t\t\t\t\tdata-rsp_ch=\"on\"\n\t\t\t\t\t\t\t\tdata-xy=\"x:50px;y:42px;\"\n\t\t\t\t\t\t\t\tdata-text=\"w:normal;s:50;l:44;fw:700;a:center;\"\n\t\t\t\t\t\t\t\tdata-dim=\"w:326px;h:47px;\"\n\t\t\t\t\t\t\t\tdata-frame_999=\"o:0;st:w;\"\n\t\t\t\t\t\t\t\tstyle=\"z-index:22;font-family:'Montserrat';\"\n\t\t\t\t\t\t\t>2000 - 2002 \n\t\t\t\t\t\t\t<\/rs-layer><!--\n\n\t\t\t\t\t\t\t--><rs-layer\n\t\t\t\t\t\t\t\tid=\"slider-47-slide-131-layer-54\" \n\t\t\t\t\t\t\t\tdata-type=\"text\"\n\t\t\t\t\t\t\t\tdata-color=\"#339059\"\n\t\t\t\t\t\t\t\tdata-rsp_ch=\"on\"\n\t\t\t\t\t\t\t\tdata-xy=\"x:453px;y:45px;\"\n\t\t\t\t\t\t\t\tdata-text=\"w:normal;s:50;l:44;fw:700;a:center;\"\n\t\t\t\t\t\t\t\tdata-dim=\"w:326px;h:47px;\"\n\t\t\t\t\t\t\t\tdata-frame_999=\"o:0;st:w;\"\n\t\t\t\t\t\t\t\tstyle=\"z-index:21;font-family:'Montserrat';\"\n\t\t\t\t\t\t\t>2002 - 2002 \n\t\t\t\t\t\t\t<\/rs-layer><!--\n\n\t\t\t\t\t\t\t--><rs-layer\n\t\t\t\t\t\t\t\tid=\"slider-47-slide-131-layer-55\" \n\t\t\t\t\t\t\t\tdata-type=\"text\"\n\t\t\t\t\t\t\t\tdata-color=\"#339059\"\n\t\t\t\t\t\t\t\tdata-rsp_ch=\"on\"\n\t\t\t\t\t\t\t\tdata-xy=\"x:863px;y:41px;\"\n\t\t\t\t\t\t\t\tdata-text=\"w:normal;s:50;l:44;fw:700;a:center;\"\n\t\t\t\t\t\t\t\tdata-dim=\"w:326px;h:47px;\"\n\t\t\t\t\t\t\t\tdata-frame_999=\"o:0;st:w;\"\n\t\t\t\t\t\t\t\tstyle=\"z-index:20;font-family:'Montserrat';\"\n\t\t\t\t\t\t\t>2003 - 2003 \n\t\t\t\t\t\t\t<\/rs-layer><!--\n-->\t\t\t\t\t\t<\/rs-slide>\n\t\t\t\t\t\t<rs-slide style=\"position: absolute;\" data-key=\"rs-132\" data-title=\"Slide\" data-anim=\"adpr:false;\" data-in=\"o:0;\" data-out=\"a:false;\">\n\t\t\t\t\t\t\t<img decoding=\"async\" src=\"\/\/fundacioncarcafe.co\/wp-content\/plugins\/revslider\/public\/assets\/assets\/dummy.png\" alt=\"Slide\" title=\"Nuestra trayectoria\" class=\"rev-slidebg tp-rs-img rs-lazyload\" data-lazyload=\"\/\/fundacioncarcafe.co\/wp-content\/plugins\/revslider\/public\/assets\/assets\/transparent.png\" data-no-retina>\n<!--\n\t\t\t\t\t\t\t--><rs-layer\n\t\t\t\t\t\t\t\tid=\"slider-47-slide-132-layer-0\" \n\t\t\t\t\t\t\t\tdata-type=\"shape\"\n\t\t\t\t\t\t\t\tdata-rsp_ch=\"on\"\n\t\t\t\t\t\t\t\tdata-xy=\"x:-2px;y:-4px;\"\n\t\t\t\t\t\t\t\tdata-text=\"w:normal;\"\n\t\t\t\t\t\t\t\tdata-dim=\"w:1241px;h:351px;\"\n\t\t\t\t\t\t\t\tdata-frame_999=\"o:0;st:w;\"\n\t\t\t\t\t\t\t\tstyle=\"z-index:8;background-color:#EDEDED;\"\n\t\t\t\t\t\t\t> \n\t\t\t\t\t\t\t<\/rs-layer><!--\n\n\t\t\t\t\t\t\t--><rs-layer\n\t\t\t\t\t\t\t\tid=\"slider-47-slide-132-layer-2\" \n\t\t\t\t\t\t\t\tdata-type=\"text\"\n\t\t\t\t\t\t\t\tdata-color=\"#000000\"\n\t\t\t\t\t\t\t\tdata-rsp_ch=\"on\"\n\t\t\t\t\t\t\t\tdata-xy=\"x:854px;y:96px;\"\n\t\t\t\t\t\t\t\tdata-text=\"w:normal;s:22;fw:700;a:center;\"\n\t\t\t\t\t\t\t\tdata-dim=\"w:341px;\"\n\t\t\t\t\t\t\t\tdata-frame_999=\"o:0;st:w;\"\n\t\t\t\t\t\t\t\tstyle=\"z-index:14;font-family:'Montserrat';\"\n\t\t\t\t\t\t\t>Urbanizaci\u00f3n Sim\u00f3n Bolivar \u2013 Planadas, Tolima \n\t\t\t\t\t\t\t<\/rs-layer><!--\n\n\t\t\t\t\t\t\t--><rs-layer\n\t\t\t\t\t\t\t\tid=\"slider-47-slide-132-layer-3\" \n\t\t\t\t\t\t\t\tdata-type=\"text\"\n\t\t\t\t\t\t\t\tdata-color=\"#6c6c6c\"\n\t\t\t\t\t\t\t\tdata-rsp_ch=\"on\"\n\t\t\t\t\t\t\t\tdata-xy=\"x:851px;y:165px;\"\n\t\t\t\t\t\t\t\tdata-text=\"w:normal;s:15;l:20;\"\n\t\t\t\t\t\t\t\tdata-dim=\"w:357px;\"\n\t\t\t\t\t\t\t\tdata-frame_999=\"o:0;st:w;\"\n\t\t\t\t\t\t\t\tstyle=\"z-index:17;font-family:'Roboto';\"\n\t\t\t\t\t\t\t>Construcci\u00f3n y donaci\u00f3n de desarrollo urban\u00edstico para complejo de vivienda con 150 casas en Planadas, Tolima.  Incluye v\u00edas internas pavimentadas y parqueaderos para veh\u00edculos. Proyecto dirigido a familias desplazadas v\u00edctimas del conflicto armado.   Alianza entre Fundaci\u00f3n Carcafe y gobierno local. \n\t\t\t\t\t\t\t<\/rs-layer><!--\n\n\t\t\t\t\t\t\t--><rs-layer\n\t\t\t\t\t\t\t\tid=\"slider-47-slide-132-layer-4\" \n\t\t\t\t\t\t\t\tdata-type=\"shape\"\n\t\t\t\t\t\t\t\tdata-rsp_ch=\"on\"\n\t\t\t\t\t\t\t\tdata-xy=\"x:400px;y:41px;\"\n\t\t\t\t\t\t\t\tdata-text=\"w:normal;\"\n\t\t\t\t\t\t\t\tdata-dim=\"w:1px;h:200px;\"\n\t\t\t\t\t\t\t\tdata-vbility=\"t,t,t,f\"\n\t\t\t\t\t\t\t\tdata-frame_999=\"o:0;st:w;\"\n\t\t\t\t\t\t\t\tstyle=\"z-index:19;background-color:#707070;\"\n\t\t\t\t\t\t\t> \n\t\t\t\t\t\t\t<\/rs-layer><!--\n\n\t\t\t\t\t\t\t--><rs-layer\n\t\t\t\t\t\t\t\tid=\"slider-47-slide-132-layer-6\" \n\t\t\t\t\t\t\t\tdata-type=\"text\"\n\t\t\t\t\t\t\t\tdata-color=\"#000000\"\n\t\t\t\t\t\t\t\tdata-rsp_ch=\"on\"\n\t\t\t\t\t\t\t\tdata-xy=\"x:410px;y:103px;\"\n\t\t\t\t\t\t\t\tdata-text=\"w:normal;s:22;fw:700;a:center;\"\n\t\t\t\t\t\t\t\tdata-dim=\"w:397px;\"\n\t\t\t\t\t\t\t\tdata-frame_999=\"o:0;st:w;\"\n\t\t\t\t\t\t\t\tstyle=\"z-index:13;font-family:'Montserrat';\"\n\t\t\t\t\t\t\t>Donaci\u00f3n Equipos para procesar el caf\u00e9 \u2013 Norte de Nari\u00f1o \n\t\t\t\t\t\t\t<\/rs-layer><!--\n\n\t\t\t\t\t\t\t--><rs-layer\n\t\t\t\t\t\t\t\tid=\"slider-47-slide-132-layer-7\" \n\t\t\t\t\t\t\t\tdata-type=\"text\"\n\t\t\t\t\t\t\t\tdata-color=\"#6c6c6c\"\n\t\t\t\t\t\t\t\tdata-rsp_ch=\"on\"\n\t\t\t\t\t\t\t\tdata-xy=\"x:452px;y:176px;\"\n\t\t\t\t\t\t\t\tdata-text=\"w:normal;s:15;l:20;\"\n\t\t\t\t\t\t\t\tdata-dim=\"w:366px;\"\n\t\t\t\t\t\t\t\tdata-frame_999=\"o:0;st:w;\"\n\t\t\t\t\t\t\t\tstyle=\"z-index:16;font-family:'Roboto';\"\n\t\t\t\t\t\t\t>Donaci\u00f3n e instalaci\u00f3n de infraestructura de procesamiento de caf\u00e9 en 120 fincas de familias caficultoras de Nari\u00f1o.  Alianza entre USAID, Cooperativa de Caficultores del Norte de Nari\u00f1o, Starbucks y Empresas de Nari\u00f1o Ltda. \n\t\t\t\t\t\t\t<\/rs-layer><!--\n\n\t\t\t\t\t\t\t--><rs-layer\n\t\t\t\t\t\t\t\tid=\"slider-47-slide-132-layer-8\" \n\t\t\t\t\t\t\t\tdata-type=\"shape\"\n\t\t\t\t\t\t\t\tdata-rsp_ch=\"on\"\n\t\t\t\t\t\t\t\tdata-xy=\"x:824px;y:40px;\"\n\t\t\t\t\t\t\t\tdata-text=\"w:normal;\"\n\t\t\t\t\t\t\t\tdata-dim=\"w:1px;h:200px;\"\n\t\t\t\t\t\t\t\tdata-vbility=\"t,t,t,f\"\n\t\t\t\t\t\t\t\tdata-frame_999=\"o:0;st:w;\"\n\t\t\t\t\t\t\t\tstyle=\"z-index:18;background-color:#707070;\"\n\t\t\t\t\t\t\t> \n\t\t\t\t\t\t\t<\/rs-layer><!--\n\n\t\t\t\t\t\t\t--><rs-layer\n\t\t\t\t\t\t\t\tid=\"slider-47-slide-132-layer-12\" \n\t\t\t\t\t\t\t\tdata-type=\"text\"\n\t\t\t\t\t\t\t\tdata-color=\"#000000\"\n\t\t\t\t\t\t\t\tdata-rsp_ch=\"on\"\n\t\t\t\t\t\t\t\tdata-xy=\"x:959px;y:293px;\"\n\t\t\t\t\t\t\t\tdata-text=\"w:normal;\"\n\t\t\t\t\t\t\t\tdata-frame_999=\"o:0;st:w;\"\n\t\t\t\t\t\t\t\tstyle=\"z-index:20;font-family:'Roboto';\"\n\t\t\t\t\t\t\t><div class=\"vc_row wpb_row vc_row-fluid\"><div class=\"wpb_column vc_column_container vc_col-sm-12\"><div class=\"vc_column-inner\"><div class=\"wpb_wrapper\"><div id=\"wd-61702d061ae59\" class=\"wd-button-wrapper text-center\"><a href=\"#urbanizacion-simon-bolivar-2003-2004\" title=\"\" class=\"btn btn-color-default btn-style-link btn-shape-rectangle btn-size-default wd-open-popup \">M\u00e1s Informaci\u00f3n<\/a><\/div><div id=\"urbanizacion-simon-bolivar-2003-2004\" class=\"mfp-with-anim wd-popup mfp-hide\" style=\"max-width:800px;\"><div class=\"wd-popup-inner\">\n\t<div  class=\"wpb_single_image wpb_content_element vc_align_left\">\n\t\t\n\t\t<figure class=\"wpb_wrapper vc_figure\">\n\t\t\t<div class=\"vc_single_image-wrapper   vc_box_border_grey\"><img loading=\"lazy\" decoding=\"async\" width=\"300\" height=\"36\" src=\"https:\/\/fundacioncarcafe.co\/wp-content\/uploads\/2021\/10\/1-2003 - 2004-300x36.png\" class=\"vc_single_image-img attachment-medium\" alt=\"\" title=\"2003 - 2004\" srcset=\"https:\/\/fundacioncarcafe.co\/wp-content\/uploads\/2021\/10\/1-2003%20-%202004-300x36.png 300w, https:\/\/fundacioncarcafe.co\/wp-content\/uploads\/2021\/10\/1-2003%20-%202004-16x2.png 16w, https:\/\/fundacioncarcafe.co\/wp-content\/uploads\/2021\/10\/1-2003%20-%202004-150x18.png 150w, https:\/\/fundacioncarcafe.co\/wp-content\/uploads\/2021\/10\/1-2003%20-%202004.png 733w\" sizes=\"auto, (max-width: 300px) 100vw, 300px\" \/><\/div>\n\t\t<\/figure>\n\t<\/div>\n\t\t\n\t\t<div id=\"wd-6290cc90dd4d6\" class=\"title-wrapper wd-wpb set-mb-s reset-last-child  wd-title-color-default wd-title-style-default wd-width-100 text-center \">\n\t\t\t\n\t\t\t<div class=\"liner-continer\">\n\t\t\t\t<h4 class=\"woodmart-title-container title  wd-font-weight-600 wd-fontsize-xl\" >Urbanizaci\u00f3n Sim\u00f3n Bolivar \u2013 Planadas, Tolima<\/h4>\n\t\t\t\t\t\t\t<\/div>\n\t\t\t\n\t\t\t\n\t\t\t\t\t<\/div>\n\t\t\n\t\t\n\t<div class=\"wpb_text_column wpb_content_element\" >\n\t\t<div class=\"wpb_wrapper\">\n\t\t\t<p style=\"text-align: justify !important;\">Alianza entre Fundaci\u00f3n Carcafe y gobierno local. Este proyecto es dirigido a familias campesinas desplazadas por la violencia en el Departamento del Tolima. Siguiendo las pol\u00edticas de la Fundaci\u00f3n Carcafe y atendiendo una solicitud de la Alcald\u00eda de Planadas \u2013 Tolima se decidi\u00f3 emprender un proyecto de vivienda para 150 familias desplazadas que vivian en un lote de terreno de propiedad del Municipio. En convenio con el Alcalde se acord\u00f3 que Fundaci\u00f3n Carcafe financiar\u00eda la construcci\u00f3n de las viviendas mientras la Alcald\u00eda aportaba el lote y la infraestructura urban\u00edstica. Proyecto: Dadas las caracter\u00edsticas topogr\u00e1ficas del lote se dise\u00f1o un eje vial a lo largo del predio con manzanas perpendiculares a este, con v\u00edas peatonales que termina en zonas verdes; buscando otro eje vial peatonal que conduce a una zona verde central a manera de parque, aprovechando la vegetaci\u00f3n existente.<br \/>\nDescripci\u00f3n Viviendas: El \u00e1rea del lote por cada vivienda es de 72 Mts2 y 36 Mts2 construidos. La vivienda consta de: sala \u2013 comedor, una cocineta, un ba\u00f1o social, y dos alcobas.<\/p>\n<p><img loading=\"lazy\" decoding=\"async\" class=\"size-medium wp-image-8287 aligncenter\" src=\"https:\/\/fundacioncarcafe.aicode-test.art\/wp-content\/uploads\/2022\/07\/c6197dddcec64eb7638a68281418a26a-300x173.png\" alt=\"\" width=\"300\" height=\"173\" srcset=\"https:\/\/fundacioncarcafe.co\/wp-content\/uploads\/2022\/07\/c6197dddcec64eb7638a68281418a26a-300x173.png 300w, https:\/\/fundacioncarcafe.co\/wp-content\/uploads\/2022\/07\/c6197dddcec64eb7638a68281418a26a-16x9.png 16w, https:\/\/fundacioncarcafe.co\/wp-content\/uploads\/2022\/07\/c6197dddcec64eb7638a68281418a26a-600x347.png 600w, https:\/\/fundacioncarcafe.co\/wp-content\/uploads\/2022\/07\/c6197dddcec64eb7638a68281418a26a-150x86.png 150w, https:\/\/fundacioncarcafe.co\/wp-content\/uploads\/2022\/07\/c6197dddcec64eb7638a68281418a26a.png 603w\" sizes=\"auto, (max-width: 300px) 100vw, 300px\" \/><\/p>\n\n\t\t<\/div>\n\t<\/div>\n<\/div><\/div><\/div><\/div><\/div><\/div><style data-type=\"vc_shortcodes-custom-css\"><\/style> \n\t\t\t\t\t\t\t<\/rs-layer><!--\n\n\t\t\t\t\t\t\t--><rs-layer\n\t\t\t\t\t\t\t\tid=\"slider-47-slide-132-layer-17\" \n\t\t\t\t\t\t\t\tdata-type=\"text\"\n\t\t\t\t\t\t\t\tdata-color=\"#000000\"\n\t\t\t\t\t\t\t\tdata-rsp_ch=\"on\"\n\t\t\t\t\t\t\t\tdata-xy=\"x:543px;y:285px;\"\n\t\t\t\t\t\t\t\tdata-text=\"w:normal;\"\n\t\t\t\t\t\t\t\tdata-frame_999=\"o:0;st:w;\"\n\t\t\t\t\t\t\t\tstyle=\"z-index:23;font-family:'Roboto';\"\n\t\t\t\t\t\t\t><div class=\"vc_row wpb_row vc_row-fluid\"><div class=\"wpb_column vc_column_container vc_col-sm-12\"><div class=\"vc_column-inner\"><div class=\"wpb_wrapper\"><div id=\"wd-617034b5a5c71\" class=\"wd-button-wrapper text-center\"><a href=\"#coffe-infraestructure-2003\" title=\"\" class=\"btn btn-color-default btn-style-link btn-shape-rectangle btn-size-default wd-open-popup \">M\u00e1s Informaci\u00f3n<\/a><\/div><div id=\"coffe-infraestructure-2003\" class=\"mfp-with-anim wd-popup mfp-hide\" style=\"max-width:800px;\"><div class=\"wd-popup-inner\">\n\t<div  class=\"wpb_single_image wpb_content_element vc_align_left\">\n\t\t\n\t\t<figure class=\"wpb_wrapper vc_figure\">\n\t\t\t<div class=\"vc_single_image-wrapper   vc_box_border_grey\"><img loading=\"lazy\" decoding=\"async\" width=\"299\" height=\"88\" src=\"https:\/\/fundacioncarcafe.co\/wp-content\/uploads\/2021\/10\/1-2003.png\" class=\"vc_single_image-img attachment-medium\" alt=\"\" title=\"2003\" srcset=\"https:\/\/fundacioncarcafe.co\/wp-content\/uploads\/2021\/10\/1-2003.png 299w, https:\/\/fundacioncarcafe.co\/wp-content\/uploads\/2021\/10\/1-2003-16x5.png 16w, https:\/\/fundacioncarcafe.co\/wp-content\/uploads\/2021\/10\/1-2003-150x44.png 150w\" sizes=\"auto, (max-width: 299px) 100vw, 299px\" \/><\/div>\n\t\t<\/figure>\n\t<\/div>\n\t\t\n\t\t<div id=\"wd-6290cc604a4bb\" class=\"title-wrapper wd-wpb set-mb-s reset-last-child  wd-title-color-default wd-title-style-default wd-width-100 text-center \">\n\t\t\t\n\t\t\t<div class=\"liner-continer\">\n\t\t\t\t<h4 class=\"woodmart-title-container title  wd-font-weight-600 wd-fontsize-xl\" >Donaci\u00f3n Equipos para procesar el caf\u00e9 \u2013 Norte de Nari\u00f1o<\/h4>\n\t\t\t\t\t\t\t<\/div>\n\t\t\t\n\t\t\t\n\t\t\t\t\t<\/div>\n\t\t\n\t\t\n\t<div class=\"wpb_text_column wpb_content_element\" >\n\t\t<div class=\"wpb_wrapper\">\n\t\t\t<p style=\"text-align: justify !important;\">Alianza entre Starbucks, Cooperativa de Caficultores del Norte, Banco Agrario y Empresas de Nari\u00f1o Ltda. Se llev\u00f3 a cabo la ejecuci\u00f3n del proyecto con el objeto de mejorar la calidad de vida de desplazados y caficultores fortaleciendo las actividades y la infraestructura utilizada en el beneficio del caf\u00e9 y la sostenibilidad econ\u00f3mica, se donaron instalaciones de procesamiento de cafe para 120 familias caficultoras de Nari\u00f1o.<\/p>\n<p><img loading=\"lazy\" decoding=\"async\" class=\"size-medium wp-image-8286 aligncenter\" src=\"https:\/\/fundacioncarcafe.aicode-test.art\/wp-content\/uploads\/2022\/07\/6c790610f498ffd555349e9fbe33f1fd-300x168.png\" alt=\"\" width=\"300\" height=\"168\" srcset=\"https:\/\/fundacioncarcafe.co\/wp-content\/uploads\/2022\/07\/6c790610f498ffd555349e9fbe33f1fd-300x168.png 300w, https:\/\/fundacioncarcafe.co\/wp-content\/uploads\/2022\/07\/6c790610f498ffd555349e9fbe33f1fd-16x9.png 16w, https:\/\/fundacioncarcafe.co\/wp-content\/uploads\/2022\/07\/6c790610f498ffd555349e9fbe33f1fd-150x84.png 150w, https:\/\/fundacioncarcafe.co\/wp-content\/uploads\/2022\/07\/6c790610f498ffd555349e9fbe33f1fd.png 585w\" sizes=\"auto, (max-width: 300px) 100vw, 300px\" \/><\/p>\n\n\t\t<\/div>\n\t<\/div>\n<\/div><\/div><\/div><\/div><\/div><\/div><style data-type=\"vc_shortcodes-custom-css\"><\/style> \n\t\t\t\t\t\t\t<\/rs-layer><!--\n\n\t\t\t\t\t\t\t--><rs-layer\n\t\t\t\t\t\t\t\tid=\"slider-47-slide-132-layer-21\" \n\t\t\t\t\t\t\t\tdata-type=\"text\"\n\t\t\t\t\t\t\t\tdata-color=\"#339059\"\n\t\t\t\t\t\t\t\tdata-rsp_ch=\"on\"\n\t\t\t\t\t\t\t\tdata-xy=\"x:448px;y:46px;\"\n\t\t\t\t\t\t\t\tdata-text=\"w:normal;s:50;l:44;fw:700;a:center;\"\n\t\t\t\t\t\t\t\tdata-dim=\"w:326px;h:47px;\"\n\t\t\t\t\t\t\t\tdata-frame_999=\"o:0;st:w;\"\n\t\t\t\t\t\t\t\tstyle=\"z-index:29;font-family:'Montserrat';\"\n\t\t\t\t\t\t\t>2003 - 2003 \n\t\t\t\t\t\t\t<\/rs-layer><!--\n\n\t\t\t\t\t\t\t--><rs-layer\n\t\t\t\t\t\t\t\tid=\"slider-47-slide-132-layer-27\" \n\t\t\t\t\t\t\t\tdata-type=\"text\"\n\t\t\t\t\t\t\t\tdata-color=\"#000000\"\n\t\t\t\t\t\t\t\tdata-rsp_ch=\"on\"\n\t\t\t\t\t\t\t\tdata-xy=\"x:27px;y:105px;\"\n\t\t\t\t\t\t\t\tdata-text=\"w:normal;s:22;fw:700;a:center;\"\n\t\t\t\t\t\t\t\tdata-dim=\"w:323.703px;\"\n\t\t\t\t\t\t\t\tdata-frame_999=\"o:0;st:w;\"\n\t\t\t\t\t\t\t\tstyle=\"z-index:13;font-family:'Montserrat';\"\n\t\t\t\t\t\t\t>Colegio Liceo San Francisco de As\u00eds \u2013 Chachag\u00fc\u00ed, Nari\u00f1o  \n\t\t\t\t\t\t\t<\/rs-layer><!--\n\n\t\t\t\t\t\t\t--><rs-layer\n\t\t\t\t\t\t\t\tid=\"slider-47-slide-132-layer-28\" \n\t\t\t\t\t\t\t\tdata-type=\"text\"\n\t\t\t\t\t\t\t\tdata-color=\"#6c6c6c\"\n\t\t\t\t\t\t\t\tdata-rsp_ch=\"on\"\n\t\t\t\t\t\t\t\tdata-xy=\"x:37px;y:178px;\"\n\t\t\t\t\t\t\t\tdata-text=\"w:normal;s:15;l:20;\"\n\t\t\t\t\t\t\t\tdata-dim=\"w:345px;\"\n\t\t\t\t\t\t\t\tdata-frame_999=\"o:0;st:w;\"\n\t\t\t\t\t\t\t\tstyle=\"z-index:16;font-family:'Roboto';\"\n\t\t\t\t\t\t\t>Proyecto de Educaci\u00f3n.  Construcci\u00f3n de un nuevo sal\u00f3n de clases y remodelaci\u00f3n de salones existentes en Colegio SAN Francisco de As\u00eds en Chachag\u00fc\u00ed, Nari\u00f1o. Alianza entre tostador de caf\u00e9 La Minita y Empresas de Nari\u00f1o Ltda. \n\t\t\t\t\t\t\t<\/rs-layer><!--\n\n\t\t\t\t\t\t\t--><rs-layer\n\t\t\t\t\t\t\t\tid=\"slider-47-slide-132-layer-29\" \n\t\t\t\t\t\t\t\tdata-type=\"text\"\n\t\t\t\t\t\t\t\tdata-color=\"#000000\"\n\t\t\t\t\t\t\t\tdata-rsp_ch=\"on\"\n\t\t\t\t\t\t\t\tdata-xy=\"x:134px;y:283px;\"\n\t\t\t\t\t\t\t\tdata-text=\"w:normal;\"\n\t\t\t\t\t\t\t\tdata-frame_999=\"o:0;st:w;\"\n\t\t\t\t\t\t\t\tstyle=\"z-index:23;font-family:'Roboto';\"\n\t\t\t\t\t\t\t><div class=\"vc_row wpb_row vc_row-fluid\"><div class=\"wpb_column vc_column_container vc_col-sm-12\"><div class=\"vc_column-inner\"><div class=\"wpb_wrapper\"><div id=\"wd-61702c026ce4f\" class=\"wd-button-wrapper text-center\"><a href=\"#colegio-san-francisco-asis-2003\" title=\"\" class=\"btn btn-color-default btn-style-link btn-shape-rectangle btn-size-default wd-open-popup \">M\u00e1s Informaci\u00f3n<\/a><\/div><div id=\"colegio-san-francisco-asis-2003\" class=\"mfp-with-anim wd-popup mfp-hide\" style=\"max-width:800px;\"><div class=\"wd-popup-inner\">\n\t<div  class=\"wpb_single_image wpb_content_element vc_align_left\">\n\t\t\n\t\t<figure class=\"wpb_wrapper vc_figure\">\n\t\t\t<div class=\"vc_single_image-wrapper   vc_box_border_grey\"><img loading=\"lazy\" decoding=\"async\" width=\"299\" height=\"88\" src=\"https:\/\/fundacioncarcafe.co\/wp-content\/uploads\/2021\/10\/1-2003.png\" class=\"vc_single_image-img attachment-medium\" alt=\"\" title=\"2003\" srcset=\"https:\/\/fundacioncarcafe.co\/wp-content\/uploads\/2021\/10\/1-2003.png 299w, https:\/\/fundacioncarcafe.co\/wp-content\/uploads\/2021\/10\/1-2003-16x5.png 16w, https:\/\/fundacioncarcafe.co\/wp-content\/uploads\/2021\/10\/1-2003-150x44.png 150w\" sizes=\"auto, (max-width: 299px) 100vw, 299px\" \/><\/div>\n\t\t<\/figure>\n\t<\/div>\n\t\t\n\t\t<div id=\"wd-6290c3178042b\" class=\"title-wrapper wd-wpb set-mb-s reset-last-child  wd-title-color-default wd-title-style-default wd-width-100 text-center \">\n\t\t\t\n\t\t\t<div class=\"liner-continer\">\n\t\t\t\t<h4 class=\"woodmart-title-container title  wd-font-weight-600 wd-fontsize-xl\" >Colegio Liceo San Francisco de As\u00eds \u2013 Chachag\u00fc\u00ed, Nari\u00f1o<\/h4>\n\t\t\t\t\t\t\t<\/div>\n\t\t\t\n\t\t\t\n\t\t\t\t\t<\/div>\n\t\t\n\t\t\n\t<div class=\"wpb_text_column wpb_content_element\" >\n\t\t<div class=\"wpb_wrapper\">\n\t\t\t<p style=\"text-align: justify !important;\">Alianza entre La Minita Coffee Roasters y Empresas de Nari\u00f1o Ltda. Construcci\u00f3n de una aula de clase nueva en el segundo piso y remodelaci\u00f3n de aula de clase existente en el primer piso. Colegio San Francisco de As\u00eds, Chachag\u00fc\u00ed, Nari\u00f1o.<\/p>\n<p><img loading=\"lazy\" decoding=\"async\" class=\"size-medium wp-image-8285 aligncenter\" src=\"https:\/\/fundacioncarcafe.aicode-test.art\/wp-content\/uploads\/2022\/07\/e2302377c7f5cbed32f12648e87024e9-300x153.png\" alt=\"\" width=\"300\" height=\"153\" srcset=\"https:\/\/fundacioncarcafe.co\/wp-content\/uploads\/2022\/07\/e2302377c7f5cbed32f12648e87024e9-300x153.png 300w, https:\/\/fundacioncarcafe.co\/wp-content\/uploads\/2022\/07\/e2302377c7f5cbed32f12648e87024e9-16x8.png 16w, https:\/\/fundacioncarcafe.co\/wp-content\/uploads\/2022\/07\/e2302377c7f5cbed32f12648e87024e9-150x77.png 150w, https:\/\/fundacioncarcafe.co\/wp-content\/uploads\/2022\/07\/e2302377c7f5cbed32f12648e87024e9.png 638w\" sizes=\"auto, (max-width: 300px) 100vw, 300px\" \/><\/p>\n\n\t\t<\/div>\n\t<\/div>\n<\/div><\/div><\/div><\/div><\/div><\/div><style data-type=\"vc_shortcodes-custom-css\"><\/style> \n\t\t\t\t\t\t\t<\/rs-layer><!--\n\n\t\t\t\t\t\t\t--><rs-layer\n\t\t\t\t\t\t\t\tid=\"slider-47-slide-132-layer-37\" \n\t\t\t\t\t\t\t\tdata-type=\"text\"\n\t\t\t\t\t\t\t\tdata-color=\"#339059\"\n\t\t\t\t\t\t\t\tdata-rsp_ch=\"on\"\n\t\t\t\t\t\t\t\tdata-xy=\"x:861px;y:42px;\"\n\t\t\t\t\t\t\t\tdata-text=\"w:normal;s:50;l:44;fw:700;a:center;\"\n\t\t\t\t\t\t\t\tdata-dim=\"w:326px;h:47px;\"\n\t\t\t\t\t\t\t\tdata-frame_999=\"o:0;st:w;\"\n\t\t\t\t\t\t\t\tstyle=\"z-index:29;font-family:'Montserrat';\"\n\t\t\t\t\t\t\t>2003 - 2004 \n\t\t\t\t\t\t\t<\/rs-layer><!--\n\n\t\t\t\t\t\t\t--><rs-layer\n\t\t\t\t\t\t\t\tid=\"slider-47-slide-132-layer-56\" \n\t\t\t\t\t\t\t\tdata-type=\"text\"\n\t\t\t\t\t\t\t\tdata-color=\"#339059\"\n\t\t\t\t\t\t\t\tdata-rsp_ch=\"on\"\n\t\t\t\t\t\t\t\tdata-xy=\"x:36px;y:47px;\"\n\t\t\t\t\t\t\t\tdata-text=\"w:normal;s:50;l:44;fw:700;a:center;\"\n\t\t\t\t\t\t\t\tdata-dim=\"w:326px;h:47px;\"\n\t\t\t\t\t\t\t\tdata-frame_999=\"o:0;st:w;\"\n\t\t\t\t\t\t\t\tstyle=\"z-index:29;font-family:'Montserrat';\"\n\t\t\t\t\t\t\t>2003 - 2003 \n\t\t\t\t\t\t\t<\/rs-layer><!--\n-->\t\t\t\t\t\t<\/rs-slide>\n\t\t\t\t\t\t<rs-slide style=\"position: absolute;\" data-key=\"rs-133\" data-title=\"Slide\" data-anim=\"adpr:false;\" data-in=\"o:0;\" data-out=\"a:false;\">\n\t\t\t\t\t\t\t<img decoding=\"async\" src=\"\/\/fundacioncarcafe.co\/wp-content\/plugins\/revslider\/public\/assets\/assets\/dummy.png\" alt=\"Slide\" title=\"Nuestra trayectoria\" class=\"rev-slidebg tp-rs-img rs-lazyload\" data-lazyload=\"\/\/fundacioncarcafe.co\/wp-content\/plugins\/revslider\/public\/assets\/assets\/transparent.png\" data-no-retina>\n<!--\n\t\t\t\t\t\t\t--><rs-layer\n\t\t\t\t\t\t\t\tid=\"slider-47-slide-133-layer-0\" \n\t\t\t\t\t\t\t\tdata-type=\"shape\"\n\t\t\t\t\t\t\t\tdata-rsp_ch=\"on\"\n\t\t\t\t\t\t\t\tdata-xy=\"x:-2px;y:-4px;\"\n\t\t\t\t\t\t\t\tdata-text=\"w:normal;\"\n\t\t\t\t\t\t\t\tdata-dim=\"w:1241px;h:351px;\"\n\t\t\t\t\t\t\t\tdata-frame_999=\"o:0;st:w;\"\n\t\t\t\t\t\t\t\tstyle=\"z-index:8;background-color:#EDEDED;\"\n\t\t\t\t\t\t\t> \n\t\t\t\t\t\t\t<\/rs-layer><!--\n\n\t\t\t\t\t\t\t--><rs-layer\n\t\t\t\t\t\t\t\tid=\"slider-47-slide-133-layer-2\" \n\t\t\t\t\t\t\t\tdata-type=\"text\"\n\t\t\t\t\t\t\t\tdata-color=\"#000000\"\n\t\t\t\t\t\t\t\tdata-rsp_ch=\"on\"\n\t\t\t\t\t\t\t\tdata-xy=\"x:836px;y:99px;\"\n\t\t\t\t\t\t\t\tdata-text=\"w:normal;s:22;fw:700;a:center;\"\n\t\t\t\t\t\t\t\tdata-dim=\"w:385px;\"\n\t\t\t\t\t\t\t\tdata-frame_999=\"o:0;st:w;\"\n\t\t\t\t\t\t\t\tstyle=\"z-index:14;font-family:'Montserrat';\"\n\t\t\t\t\t\t\t>Donaci\u00f3n Equipos para procesar el caf\u00e9 \u2013 Norte de Nari\u00f1o \n\t\t\t\t\t\t\t<\/rs-layer><!--\n\n\t\t\t\t\t\t\t--><rs-layer\n\t\t\t\t\t\t\t\tid=\"slider-47-slide-133-layer-3\" \n\t\t\t\t\t\t\t\tdata-type=\"text\"\n\t\t\t\t\t\t\t\tdata-color=\"#6c6c6c\"\n\t\t\t\t\t\t\t\tdata-rsp_ch=\"on\"\n\t\t\t\t\t\t\t\tdata-xy=\"x:846px;y:167px;\"\n\t\t\t\t\t\t\t\tdata-text=\"w:normal;s:15;l:20;\"\n\t\t\t\t\t\t\t\tdata-dim=\"w:357px;\"\n\t\t\t\t\t\t\t\tdata-frame_999=\"o:0;st:w;\"\n\t\t\t\t\t\t\t\tstyle=\"z-index:17;font-family:'Roboto';\"\n\t\t\t\t\t\t\t>Donaci\u00f3n e instalaci\u00f3n de infraestructura de procesamiento de caf\u00e9 en 175 fincas de familias caficultoras de Nari\u00f1o.  Alianza entre Starbucks y Empresas de Nari\u00f1o Ltda. \n\t\t\t\t\t\t\t<\/rs-layer><!--\n\n\t\t\t\t\t\t\t--><rs-layer\n\t\t\t\t\t\t\t\tid=\"slider-47-slide-133-layer-4\" \n\t\t\t\t\t\t\t\tdata-type=\"shape\"\n\t\t\t\t\t\t\t\tdata-rsp_ch=\"on\"\n\t\t\t\t\t\t\t\tdata-xy=\"x:400px;y:41px;\"\n\t\t\t\t\t\t\t\tdata-text=\"w:normal;\"\n\t\t\t\t\t\t\t\tdata-dim=\"w:1px;h:200px;\"\n\t\t\t\t\t\t\t\tdata-vbility=\"t,t,t,f\"\n\t\t\t\t\t\t\t\tdata-frame_999=\"o:0;st:w;\"\n\t\t\t\t\t\t\t\tstyle=\"z-index:19;background-color:#707070;\"\n\t\t\t\t\t\t\t> \n\t\t\t\t\t\t\t<\/rs-layer><!--\n\n\t\t\t\t\t\t\t--><rs-layer\n\t\t\t\t\t\t\t\tid=\"slider-47-slide-133-layer-6\" \n\t\t\t\t\t\t\t\tdata-type=\"text\"\n\t\t\t\t\t\t\t\tdata-color=\"#000000\"\n\t\t\t\t\t\t\t\tdata-rsp_ch=\"on\"\n\t\t\t\t\t\t\t\tdata-xy=\"x:35px;y:103px;\"\n\t\t\t\t\t\t\t\tdata-text=\"w:normal;s:22;fw:700;a:center;\"\n\t\t\t\t\t\t\t\tdata-dim=\"w:323.703px;\"\n\t\t\t\t\t\t\t\tdata-frame_999=\"o:0;st:w;\"\n\t\t\t\t\t\t\t\tstyle=\"z-index:13;font-family:'Montserrat';\"\n\t\t\t\t\t\t\t>Urbanizaci\u00f3n Las Chapoleras \u2013 Fresno, Tolima \n\t\t\t\t\t\t\t<\/rs-layer><!--\n\n\t\t\t\t\t\t\t--><rs-layer\n\t\t\t\t\t\t\t\tid=\"slider-47-slide-133-layer-7\" \n\t\t\t\t\t\t\t\tdata-type=\"text\"\n\t\t\t\t\t\t\t\tdata-color=\"#6c6c6c\"\n\t\t\t\t\t\t\t\tdata-rsp_ch=\"on\"\n\t\t\t\t\t\t\t\tdata-xy=\"x:25px;y:166px;\"\n\t\t\t\t\t\t\t\tdata-text=\"w:normal;s:15;l:20;\"\n\t\t\t\t\t\t\t\tdata-dim=\"w:355px;\"\n\t\t\t\t\t\t\t\tdata-frame_999=\"o:0;st:w;\"\n\t\t\t\t\t\t\t\tstyle=\"z-index:16;font-family:'Roboto';\"\n\t\t\t\t\t\t\t>Construcci\u00f3n y donaci\u00f3n de desarrollo urban\u00edstico y complejo de vivienda con 136 casas en Fresno, Tolima.  Proyecto dirigido a familias de los empleados de la trilladora de Carcafe.   Alianza entre Fundaci\u00f3n Carcafe y gobierno local. \n\t\t\t\t\t\t\t<\/rs-layer><!--\n\n\t\t\t\t\t\t\t--><rs-layer\n\t\t\t\t\t\t\t\tid=\"slider-47-slide-133-layer-8\" \n\t\t\t\t\t\t\t\tdata-type=\"shape\"\n\t\t\t\t\t\t\t\tdata-rsp_ch=\"on\"\n\t\t\t\t\t\t\t\tdata-xy=\"x:824px;y:40px;\"\n\t\t\t\t\t\t\t\tdata-text=\"w:normal;\"\n\t\t\t\t\t\t\t\tdata-dim=\"w:1px;h:200px;\"\n\t\t\t\t\t\t\t\tdata-vbility=\"t,t,t,f\"\n\t\t\t\t\t\t\t\tdata-frame_999=\"o:0;st:w;\"\n\t\t\t\t\t\t\t\tstyle=\"z-index:18;background-color:#707070;\"\n\t\t\t\t\t\t\t> \n\t\t\t\t\t\t\t<\/rs-layer><!--\n\n\t\t\t\t\t\t\t--><rs-layer\n\t\t\t\t\t\t\t\tid=\"slider-47-slide-133-layer-9\" \n\t\t\t\t\t\t\t\tdata-type=\"text\"\n\t\t\t\t\t\t\t\tdata-color=\"#6c6c6c\"\n\t\t\t\t\t\t\t\tdata-rsp_ch=\"on\"\n\t\t\t\t\t\t\t\tdata-xy=\"x:424px;y:159px;\"\n\t\t\t\t\t\t\t\tdata-text=\"w:normal;s:15;l:20;\"\n\t\t\t\t\t\t\t\tdata-dim=\"w:382px;\"\n\t\t\t\t\t\t\t\tdata-frame_999=\"o:0;st:w;\"\n\t\t\t\t\t\t\t\tstyle=\"z-index:15;font-family:'Roboto';\"\n\t\t\t\t\t\t\t>Construcci\u00f3n y donaci\u00f3n de 65 nuevas viviendas para familias caficultoras de Nari\u00f1o.  Alianza entre Banco Agrario, Cooperativa de Caficultores del Norte de Nari\u00f1o, Starbucks y Empresas de Nari\u00f1o Ltda. \n\t\t\t\t\t\t\t<\/rs-layer><!--\n\n\t\t\t\t\t\t\t--><rs-layer\n\t\t\t\t\t\t\t\tid=\"slider-47-slide-133-layer-10\" \n\t\t\t\t\t\t\t\tdata-type=\"text\"\n\t\t\t\t\t\t\t\tdata-color=\"#000000\"\n\t\t\t\t\t\t\t\tdata-rsp_ch=\"on\"\n\t\t\t\t\t\t\t\tdata-xy=\"x:436px;y:99px;\"\n\t\t\t\t\t\t\t\tdata-text=\"w:normal;s:22;fw:700;a:center;\"\n\t\t\t\t\t\t\t\tdata-dim=\"w:341px;\"\n\t\t\t\t\t\t\t\tdata-frame_999=\"o:0;st:w;\"\n\t\t\t\t\t\t\t\tstyle=\"z-index:12;font-family:'Montserrat';\"\n\t\t\t\t\t\t\t>Construcci\u00f3n de Vivienda rural nueva \u2013 Norte de Nari\u00f1o \n\t\t\t\t\t\t\t<\/rs-layer><!--\n\n\t\t\t\t\t\t\t--><rs-layer\n\t\t\t\t\t\t\t\tid=\"slider-47-slide-133-layer-12\" \n\t\t\t\t\t\t\t\tdata-type=\"text\"\n\t\t\t\t\t\t\t\tdata-color=\"#000000\"\n\t\t\t\t\t\t\t\tdata-rsp_ch=\"on\"\n\t\t\t\t\t\t\t\tdata-xy=\"x:966px;y:261px;\"\n\t\t\t\t\t\t\t\tdata-text=\"w:normal;\"\n\t\t\t\t\t\t\t\tdata-frame_999=\"o:0;st:w;\"\n\t\t\t\t\t\t\t\tstyle=\"z-index:20;font-family:'Roboto';\"\n\t\t\t\t\t\t\t><div class=\"vc_row wpb_row vc_row-fluid\"><div class=\"wpb_column vc_column_container vc_col-sm-12\"><div class=\"vc_column-inner\"><div class=\"wpb_wrapper\"><div id=\"wd-61703afcd159f\" class=\"wd-button-wrapper text-center\"><a href=\"#coffe-infraestructure-2003-2004\" title=\"\" class=\"btn btn-color-default btn-style-link btn-shape-rectangle btn-size-default wd-open-popup \">M\u00e1s Informaci\u00f3n<\/a><\/div><div id=\"coffe-infraestructure-2003-2004\" class=\"mfp-with-anim wd-popup mfp-hide\" style=\"max-width:800px;\"><div class=\"wd-popup-inner\">\n\t<div  class=\"wpb_single_image wpb_content_element vc_align_left\">\n\t\t\n\t\t<figure class=\"wpb_wrapper vc_figure\">\n\t\t\t<div class=\"vc_single_image-wrapper   vc_box_border_grey\"><img loading=\"lazy\" decoding=\"async\" width=\"300\" height=\"36\" src=\"https:\/\/fundacioncarcafe.co\/wp-content\/uploads\/2021\/10\/1-2003 - 2004-300x36.png\" class=\"vc_single_image-img attachment-medium\" alt=\"\" title=\"2003 - 2004\" srcset=\"https:\/\/fundacioncarcafe.co\/wp-content\/uploads\/2021\/10\/1-2003%20-%202004-300x36.png 300w, https:\/\/fundacioncarcafe.co\/wp-content\/uploads\/2021\/10\/1-2003%20-%202004-16x2.png 16w, https:\/\/fundacioncarcafe.co\/wp-content\/uploads\/2021\/10\/1-2003%20-%202004-150x18.png 150w, https:\/\/fundacioncarcafe.co\/wp-content\/uploads\/2021\/10\/1-2003%20-%202004.png 733w\" sizes=\"auto, (max-width: 300px) 100vw, 300px\" \/><\/div>\n\t\t<\/figure>\n\t<\/div>\n\t\t\n\t\t<div id=\"wd-6290cd5cc4722\" class=\"title-wrapper wd-wpb set-mb-s reset-last-child  wd-title-color-default wd-title-style-default wd-width-100 text-center \">\n\t\t\t\n\t\t\t<div class=\"liner-continer\">\n\t\t\t\t<h4 class=\"woodmart-title-container title  wd-font-weight-600 wd-fontsize-xl\" >Donaci\u00f3n Equipos para procesar el caf\u00e9 \u2013 Norte de Nari\u00f1o<\/h4>\n\t\t\t\t\t\t\t<\/div>\n\t\t\t\n\t\t\t\n\t\t\t\t\t<\/div>\n\t\t\n\t\t\n\t<div class=\"wpb_text_column wpb_content_element\" >\n\t\t<div class=\"wpb_wrapper\">\n\t\t\t<p style=\"text-align: justify !important;\">Alianza entre Starbucks y Empresas de Nari\u00f1o Ltda. Con el fin de continuar con la labor de Fundaci\u00f3n Carcafe de ayuda a 175 familias cafeteras en el Departamento de Nari\u00f1o se realiza este proyecto consistente en mejoras de vivienda, construcci\u00f3n de beneficiaderos secos y\/o h\u00famedos, unidad sanitaria, dotaci\u00f3n de despulpadoras y secadores solares.<\/p>\n<p><img loading=\"lazy\" decoding=\"async\" class=\"size-medium wp-image-8291 aligncenter\" src=\"https:\/\/fundacioncarcafe.aicode-test.art\/wp-content\/uploads\/2022\/07\/aa59ec2da6b75b22878d20e8aafb5473-300x156.png\" alt=\"\" width=\"300\" height=\"156\" srcset=\"https:\/\/fundacioncarcafe.co\/wp-content\/uploads\/2022\/07\/aa59ec2da6b75b22878d20e8aafb5473-300x156.png 300w, https:\/\/fundacioncarcafe.co\/wp-content\/uploads\/2022\/07\/aa59ec2da6b75b22878d20e8aafb5473-16x8.png 16w, https:\/\/fundacioncarcafe.co\/wp-content\/uploads\/2022\/07\/aa59ec2da6b75b22878d20e8aafb5473-150x78.png 150w, https:\/\/fundacioncarcafe.co\/wp-content\/uploads\/2022\/07\/aa59ec2da6b75b22878d20e8aafb5473.png 588w\" sizes=\"auto, (max-width: 300px) 100vw, 300px\" \/><\/p>\n\n\t\t<\/div>\n\t<\/div>\n<\/div><\/div><\/div><\/div><\/div><\/div><style data-type=\"vc_shortcodes-custom-css\"><\/style> \n\t\t\t\t\t\t\t<\/rs-layer><!--\n\n\t\t\t\t\t\t\t--><rs-layer\n\t\t\t\t\t\t\t\tid=\"slider-47-slide-133-layer-17\" \n\t\t\t\t\t\t\t\tdata-type=\"text\"\n\t\t\t\t\t\t\t\tdata-color=\"#000000\"\n\t\t\t\t\t\t\t\tdata-rsp_ch=\"on\"\n\t\t\t\t\t\t\t\tdata-xy=\"x:548px;y:254px;\"\n\t\t\t\t\t\t\t\tdata-text=\"w:normal;\"\n\t\t\t\t\t\t\t\tdata-frame_999=\"o:0;st:w;\"\n\t\t\t\t\t\t\t\tstyle=\"z-index:23;font-family:'Roboto';\"\n\t\t\t\t\t\t\t><div class=\"vc_row wpb_row vc_row-fluid\"><div class=\"wpb_column vc_column_container vc_col-sm-12\"><div class=\"vc_column-inner\"><div class=\"wpb_wrapper\"><div id=\"wd-61703a2e4510d\" class=\"wd-button-wrapper text-center\"><a href=\"#new-housing-2003-2004\" title=\"\" class=\"btn btn-color-default btn-style-link btn-shape-rectangle btn-size-default wd-open-popup \">M\u00e1s Informaci\u00f3n<\/a><\/div><div id=\"new-housing-2003-2004\" class=\"mfp-with-anim wd-popup mfp-hide\" style=\"max-width:800px;\"><div class=\"wd-popup-inner\">\n\t<div  class=\"wpb_single_image wpb_content_element vc_align_left\">\n\t\t\n\t\t<figure class=\"wpb_wrapper vc_figure\">\n\t\t\t<div class=\"vc_single_image-wrapper   vc_box_border_grey\"><img loading=\"lazy\" decoding=\"async\" width=\"300\" height=\"36\" src=\"https:\/\/fundacioncarcafe.co\/wp-content\/uploads\/2021\/10\/1-2003 - 2004-300x36.png\" class=\"vc_single_image-img attachment-medium\" alt=\"\" title=\"2003 - 2004\" srcset=\"https:\/\/fundacioncarcafe.co\/wp-content\/uploads\/2021\/10\/1-2003%20-%202004-300x36.png 300w, https:\/\/fundacioncarcafe.co\/wp-content\/uploads\/2021\/10\/1-2003%20-%202004-16x2.png 16w, https:\/\/fundacioncarcafe.co\/wp-content\/uploads\/2021\/10\/1-2003%20-%202004-150x18.png 150w, https:\/\/fundacioncarcafe.co\/wp-content\/uploads\/2021\/10\/1-2003%20-%202004.png 733w\" sizes=\"auto, (max-width: 300px) 100vw, 300px\" \/><\/div>\n\t\t<\/figure>\n\t<\/div>\n\t\t\n\t\t<div id=\"wd-6290cd1746db6\" class=\"title-wrapper wd-wpb set-mb-s reset-last-child  wd-title-color-default wd-title-style-default wd-width-100 text-center \">\n\t\t\t\n\t\t\t<div class=\"liner-continer\">\n\t\t\t\t<h4 class=\"woodmart-title-container title  wd-font-weight-600 wd-fontsize-xl\" >Construcci\u00f3n de Vivienda rural nueva \u2013 Norte de Nari\u00f1o<\/h4>\n\t\t\t\t\t\t\t<\/div>\n\t\t\t\n\t\t\t\n\t\t\t\t\t<\/div>\n\t\t\n\t\t\n\t<div class=\"wpb_text_column wpb_content_element\" >\n\t\t<div class=\"wpb_wrapper\">\n\t\t\t<p style=\"text-align: justify !important;\">Alianza entre Starbucks, Cooperativa de Caficultores del Norte, Banco Agrario y Empresas de Nari\u00f1o Ltda. Construccion de 65 viviendas nuevas para familias de caficultores de Nari\u00f1o.<\/p>\n<p><img loading=\"lazy\" decoding=\"async\" class=\"size-medium wp-image-8290 aligncenter\" src=\"https:\/\/fundacioncarcafe.aicode-test.art\/wp-content\/uploads\/2022\/07\/e604e874e8c6acbba69499ebf7e67fe2-300x186.png\" alt=\"\" width=\"300\" height=\"186\" srcset=\"https:\/\/fundacioncarcafe.co\/wp-content\/uploads\/2022\/07\/e604e874e8c6acbba69499ebf7e67fe2-300x186.png 300w, https:\/\/fundacioncarcafe.co\/wp-content\/uploads\/2022\/07\/e604e874e8c6acbba69499ebf7e67fe2-16x10.png 16w, https:\/\/fundacioncarcafe.co\/wp-content\/uploads\/2022\/07\/e604e874e8c6acbba69499ebf7e67fe2-150x93.png 150w, https:\/\/fundacioncarcafe.co\/wp-content\/uploads\/2022\/07\/e604e874e8c6acbba69499ebf7e67fe2.png 581w\" sizes=\"auto, (max-width: 300px) 100vw, 300px\" \/><\/p>\n\n\t\t<\/div>\n\t<\/div>\n<\/div><\/div><\/div><\/div><\/div><\/div><style data-type=\"vc_shortcodes-custom-css\"><\/style> \n\t\t\t\t\t\t\t<\/rs-layer><!--\n\n\t\t\t\t\t\t\t--><rs-layer\n\t\t\t\t\t\t\t\tid=\"slider-47-slide-133-layer-19\" \n\t\t\t\t\t\t\t\tdata-type=\"text\"\n\t\t\t\t\t\t\t\tdata-color=\"#000000\"\n\t\t\t\t\t\t\t\tdata-rsp_ch=\"on\"\n\t\t\t\t\t\t\t\tdata-xy=\"x:130px;y:277px;\"\n\t\t\t\t\t\t\t\tdata-text=\"w:normal;\"\n\t\t\t\t\t\t\t\tdata-frame_999=\"o:0;st:w;\"\n\t\t\t\t\t\t\t\tstyle=\"z-index:25;font-family:'Roboto';\"\n\t\t\t\t\t\t\t><div class=\"vc_row wpb_row vc_row-fluid\"><div class=\"wpb_column vc_column_container vc_col-sm-12\"><div class=\"vc_column-inner\"><div class=\"wpb_wrapper\"><div id=\"wd-61702dfc39ddc\" class=\"wd-button-wrapper text-center\"><a href=\"#urbanizacion-chapoleras-2003-2004\" title=\"\" class=\"btn btn-color-default btn-style-link btn-shape-rectangle btn-size-default wd-open-popup \">M\u00e1s Informaci\u00f3n<\/a><\/div><div id=\"urbanizacion-chapoleras-2003-2004\" class=\"mfp-with-anim wd-popup mfp-hide\" style=\"max-width:800px;\"><div class=\"wd-popup-inner\">\n\t<div  class=\"wpb_single_image wpb_content_element vc_align_left\">\n\t\t\n\t\t<figure class=\"wpb_wrapper vc_figure\">\n\t\t\t<div class=\"vc_single_image-wrapper   vc_box_border_grey\"><img loading=\"lazy\" decoding=\"async\" width=\"300\" height=\"36\" src=\"https:\/\/fundacioncarcafe.co\/wp-content\/uploads\/2021\/10\/1-2003 - 2004-300x36.png\" class=\"vc_single_image-img attachment-medium\" alt=\"\" title=\"2003 - 2004\" srcset=\"https:\/\/fundacioncarcafe.co\/wp-content\/uploads\/2021\/10\/1-2003%20-%202004-300x36.png 300w, https:\/\/fundacioncarcafe.co\/wp-content\/uploads\/2021\/10\/1-2003%20-%202004-16x2.png 16w, https:\/\/fundacioncarcafe.co\/wp-content\/uploads\/2021\/10\/1-2003%20-%202004-150x18.png 150w, https:\/\/fundacioncarcafe.co\/wp-content\/uploads\/2021\/10\/1-2003%20-%202004.png 733w\" sizes=\"auto, (max-width: 300px) 100vw, 300px\" \/><\/div>\n\t\t<\/figure>\n\t<\/div>\n\t\t\n\t\t<div id=\"wd-6290ccdca1cea\" class=\"title-wrapper wd-wpb set-mb-s reset-last-child  wd-title-color-default wd-title-style-default wd-width-100 text-center \">\n\t\t\t\n\t\t\t<div class=\"liner-continer\">\n\t\t\t\t<h4 class=\"woodmart-title-container title  wd-font-weight-600 wd-fontsize-xl\" >Urbanizaci\u00f3n Las Chapoleras \u2013 Fresno, Tolima<\/h4>\n\t\t\t\t\t\t\t<\/div>\n\t\t\t\n\t\t\t\n\t\t\t\t\t<\/div>\n\t\t\n\t\t\n\t<div class=\"wpb_text_column wpb_content_element\" >\n\t\t<div class=\"wpb_wrapper\">\n\t\t\t<p style=\"text-align: justify !important;\">Alianza entre Fundaci\u00f3n Carcafe y gobierno local. Este proyecto fue dirigido a 1360familias habitantes del Municipio de Fresno, donde Carcafe Ltda. C.I posee un Planta de Producci\u00f3n y vincula a familias al proceso de escogedur\u00eda del producto para exportaci\u00f3n. El objetivo, vincular esfuerzos econ\u00f3micos entre el Gobierno Municipal y Carcafe Ltda. C.I para los habitantes de la regi\u00f3n con recursos y fuente de trabajo limitados y con muy pocas posibilidades de acceso a una vivienda digna. Descripci\u00f3n Viviendas: El \u00e1rea del lote por cada vivienda es de 72 Mts2 y are construida por vivienda: 36 Mts2 , la vivienda consta de: dos alcobas, sala \u2013 comedor, una cocina, un ba\u00f1o completo, y patio cerrado.<\/p>\n<p><img loading=\"lazy\" decoding=\"async\" class=\"size-medium wp-image-8288 aligncenter\" src=\"https:\/\/fundacioncarcafe.aicode-test.art\/wp-content\/uploads\/2022\/07\/2ccca844185ad08b3be487c166c11574-300x174.png\" alt=\"\" width=\"300\" height=\"174\" srcset=\"https:\/\/fundacioncarcafe.co\/wp-content\/uploads\/2022\/07\/2ccca844185ad08b3be487c166c11574-300x174.png 300w, https:\/\/fundacioncarcafe.co\/wp-content\/uploads\/2022\/07\/2ccca844185ad08b3be487c166c11574-16x9.png 16w, https:\/\/fundacioncarcafe.co\/wp-content\/uploads\/2022\/07\/2ccca844185ad08b3be487c166c11574-150x87.png 150w, https:\/\/fundacioncarcafe.co\/wp-content\/uploads\/2022\/07\/2ccca844185ad08b3be487c166c11574.png 594w\" sizes=\"auto, (max-width: 300px) 100vw, 300px\" \/><\/p>\n\n\t\t<\/div>\n\t<\/div>\n<\/div><\/div><\/div><\/div><\/div><\/div><style data-type=\"vc_shortcodes-custom-css\"><\/style> \n\t\t\t\t\t\t\t<\/rs-layer><!--\n\n\t\t\t\t\t\t\t--><rs-layer\n\t\t\t\t\t\t\t\tid=\"slider-47-slide-133-layer-38\" \n\t\t\t\t\t\t\t\tdata-type=\"text\"\n\t\t\t\t\t\t\t\tdata-color=\"#339059\"\n\t\t\t\t\t\t\t\tdata-rsp_ch=\"on\"\n\t\t\t\t\t\t\t\tdata-xy=\"x:49px;y:46px;\"\n\t\t\t\t\t\t\t\tdata-text=\"w:normal;s:50;l:44;fw:700;a:center;\"\n\t\t\t\t\t\t\t\tdata-dim=\"w:326px;h:47px;\"\n\t\t\t\t\t\t\t\tdata-frame_999=\"o:0;st:w;\"\n\t\t\t\t\t\t\t\tstyle=\"z-index:29;font-family:'Montserrat';\"\n\t\t\t\t\t\t\t>2003 - 2004 \n\t\t\t\t\t\t\t<\/rs-layer><!--\n\n\t\t\t\t\t\t\t--><rs-layer\n\t\t\t\t\t\t\t\tid=\"slider-47-slide-133-layer-39\" \n\t\t\t\t\t\t\t\tdata-type=\"text\"\n\t\t\t\t\t\t\t\tdata-color=\"#339059\"\n\t\t\t\t\t\t\t\tdata-rsp_ch=\"on\"\n\t\t\t\t\t\t\t\tdata-xy=\"x:443px;y:44px;\"\n\t\t\t\t\t\t\t\tdata-text=\"w:normal;s:50;l:44;fw:700;a:center;\"\n\t\t\t\t\t\t\t\tdata-dim=\"w:326px;h:47px;\"\n\t\t\t\t\t\t\t\tdata-frame_999=\"o:0;st:w;\"\n\t\t\t\t\t\t\t\tstyle=\"z-index:29;font-family:'Montserrat';\"\n\t\t\t\t\t\t\t>2003 - 2004 \n\t\t\t\t\t\t\t<\/rs-layer><!--\n\n\t\t\t\t\t\t\t--><rs-layer\n\t\t\t\t\t\t\t\tid=\"slider-47-slide-133-layer-40\" \n\t\t\t\t\t\t\t\tdata-type=\"text\"\n\t\t\t\t\t\t\t\tdata-color=\"#339059\"\n\t\t\t\t\t\t\t\tdata-rsp_ch=\"on\"\n\t\t\t\t\t\t\t\tdata-xy=\"x:868px;y:44px;\"\n\t\t\t\t\t\t\t\tdata-text=\"w:normal;s:50;l:44;fw:700;a:center;\"\n\t\t\t\t\t\t\t\tdata-dim=\"w:326px;h:47px;\"\n\t\t\t\t\t\t\t\tdata-frame_999=\"o:0;st:w;\"\n\t\t\t\t\t\t\t\tstyle=\"z-index:29;font-family:'Montserrat';\"\n\t\t\t\t\t\t\t>2003 - 2004 \n\t\t\t\t\t\t\t<\/rs-layer><!--\n-->\t\t\t\t\t\t<\/rs-slide>\n\t\t\t\t\t\t<rs-slide style=\"position: absolute;\" data-key=\"rs-134\" data-title=\"Slide\" data-anim=\"adpr:false;\" data-in=\"o:0;\" data-out=\"a:false;\">\n\t\t\t\t\t\t\t<img decoding=\"async\" src=\"\/\/fundacioncarcafe.co\/wp-content\/plugins\/revslider\/public\/assets\/assets\/dummy.png\" alt=\"Slide\" title=\"Nuestra trayectoria\" class=\"rev-slidebg tp-rs-img rs-lazyload\" data-lazyload=\"\/\/fundacioncarcafe.co\/wp-content\/plugins\/revslider\/public\/assets\/assets\/transparent.png\" data-no-retina>\n<!--\n\t\t\t\t\t\t\t--><rs-layer\n\t\t\t\t\t\t\t\tid=\"slider-47-slide-134-layer-0\" \n\t\t\t\t\t\t\t\tdata-type=\"shape\"\n\t\t\t\t\t\t\t\tdata-rsp_ch=\"on\"\n\t\t\t\t\t\t\t\tdata-xy=\"x:-2px;y:-4px;\"\n\t\t\t\t\t\t\t\tdata-text=\"w:normal;\"\n\t\t\t\t\t\t\t\tdata-dim=\"w:1241px;h:351px;\"\n\t\t\t\t\t\t\t\tdata-frame_999=\"o:0;st:w;\"\n\t\t\t\t\t\t\t\tstyle=\"z-index:8;background-color:#EDEDED;\"\n\t\t\t\t\t\t\t> \n\t\t\t\t\t\t\t<\/rs-layer><!--\n\n\t\t\t\t\t\t\t--><rs-layer\n\t\t\t\t\t\t\t\tid=\"slider-47-slide-134-layer-2\" \n\t\t\t\t\t\t\t\tdata-type=\"text\"\n\t\t\t\t\t\t\t\tdata-color=\"#000000\"\n\t\t\t\t\t\t\t\tdata-rsp_ch=\"on\"\n\t\t\t\t\t\t\t\tdata-xy=\"x:852px;y:88px;\"\n\t\t\t\t\t\t\t\tdata-text=\"w:normal;s:22;fw:700;a:center;\"\n\t\t\t\t\t\t\t\tdata-dim=\"w:341px;\"\n\t\t\t\t\t\t\t\tdata-frame_999=\"o:0;st:w;\"\n\t\t\t\t\t\t\t\tstyle=\"z-index:14;font-family:'Montserrat';\"\n\t\t\t\t\t\t\t>Proyecto Tierra Colombia-Guadalupe, Huila \n\t\t\t\t\t\t\t<\/rs-layer><!--\n\n\t\t\t\t\t\t\t--><rs-layer\n\t\t\t\t\t\t\t\tid=\"slider-47-slide-134-layer-3\" \n\t\t\t\t\t\t\t\tdata-type=\"text\"\n\t\t\t\t\t\t\t\tdata-color=\"#6c6c6c\"\n\t\t\t\t\t\t\t\tdata-rsp_ch=\"on\"\n\t\t\t\t\t\t\t\tdata-xy=\"x:863px;y:152px;\"\n\t\t\t\t\t\t\t\tdata-text=\"w:normal;s:12;l:20;\"\n\t\t\t\t\t\t\t\tdata-dim=\"w:357px;\"\n\t\t\t\t\t\t\t\tdata-frame_999=\"o:0;st:w;\"\n\t\t\t\t\t\t\t\tstyle=\"z-index:17;font-family:'Roboto';\"\n\t\t\t\t\t\t\t>Proyecto de gran alcanze para 59 familias caficultoras del municipio de Guadalupe departamento de Huila.  Enfoque en familias caficultoras, remodelacion de viviendas, construccion de infraestructura de procesamiento de cafe en las fincas, implementacion de estandares de certificacion sostenible, y reforestacion. Capacitaciones en temas sociales, financieros y ambientales. Alianza entreLavazza Foundation y Fundacion Carcafe. \n\t\t\t\t\t\t\t<\/rs-layer><!--\n\n\t\t\t\t\t\t\t--><rs-layer\n\t\t\t\t\t\t\t\tid=\"slider-47-slide-134-layer-4\" \n\t\t\t\t\t\t\t\tdata-type=\"shape\"\n\t\t\t\t\t\t\t\tdata-rsp_ch=\"on\"\n\t\t\t\t\t\t\t\tdata-xy=\"x:400px;y:41px;\"\n\t\t\t\t\t\t\t\tdata-text=\"w:normal;\"\n\t\t\t\t\t\t\t\tdata-dim=\"w:1px;h:200px;\"\n\t\t\t\t\t\t\t\tdata-vbility=\"t,t,t,f\"\n\t\t\t\t\t\t\t\tdata-frame_999=\"o:0;st:w;\"\n\t\t\t\t\t\t\t\tstyle=\"z-index:19;background-color:#707070;\"\n\t\t\t\t\t\t\t> \n\t\t\t\t\t\t\t<\/rs-layer><!--\n\n\t\t\t\t\t\t\t--><rs-layer\n\t\t\t\t\t\t\t\tid=\"slider-47-slide-134-layer-6\" \n\t\t\t\t\t\t\t\tdata-type=\"text\"\n\t\t\t\t\t\t\t\tdata-color=\"#000000\"\n\t\t\t\t\t\t\t\tdata-rsp_ch=\"on\"\n\t\t\t\t\t\t\t\tdata-xy=\"x:39px;y:89px;\"\n\t\t\t\t\t\t\t\tdata-text=\"w:normal;s:22;fw:700;a:center;\"\n\t\t\t\t\t\t\t\tdata-dim=\"w:323.703px;\"\n\t\t\t\t\t\t\t\tdata-frame_999=\"o:0;st:w;\"\n\t\t\t\t\t\t\t\tstyle=\"z-index:13;font-family:'Montserrat';\"\n\t\t\t\t\t\t\t>Reforma de Vivienda rural \u2013 Nari\u00f1o \n\t\t\t\t\t\t\t<\/rs-layer><!--\n\n\t\t\t\t\t\t\t--><rs-layer\n\t\t\t\t\t\t\t\tid=\"slider-47-slide-134-layer-7\" \n\t\t\t\t\t\t\t\tdata-type=\"text\"\n\t\t\t\t\t\t\t\tdata-color=\"#6c6c6c\"\n\t\t\t\t\t\t\t\tdata-rsp_ch=\"on\"\n\t\t\t\t\t\t\t\tdata-xy=\"x:24px;y:147px;\"\n\t\t\t\t\t\t\t\tdata-text=\"w:normal;s:13;l:20;\"\n\t\t\t\t\t\t\t\tdata-dim=\"w:359px;\"\n\t\t\t\t\t\t\t\tdata-frame_999=\"o:0;st:w;\"\n\t\t\t\t\t\t\t\tstyle=\"z-index:16;font-family:'Roboto';\"\n\t\t\t\t\t\t\t>Remodelaci\u00f3n de 152 viviendas de familias caficultoras de Nari\u00f1o.  Construcci\u00f3n de infraestructura de procesamiento de caf\u00e9.  Alianza entre Starbucks y Empresas de Nari\u00f1o Ltda. \n\t\t\t\t\t\t\t<\/rs-layer><!--\n\n\t\t\t\t\t\t\t--><rs-layer\n\t\t\t\t\t\t\t\tid=\"slider-47-slide-134-layer-8\" \n\t\t\t\t\t\t\t\tdata-type=\"shape\"\n\t\t\t\t\t\t\t\tdata-rsp_ch=\"on\"\n\t\t\t\t\t\t\t\tdata-xy=\"x:824px;y:40px;\"\n\t\t\t\t\t\t\t\tdata-text=\"w:normal;\"\n\t\t\t\t\t\t\t\tdata-dim=\"w:1px;h:200px;\"\n\t\t\t\t\t\t\t\tdata-vbility=\"t,t,t,f\"\n\t\t\t\t\t\t\t\tdata-frame_999=\"o:0;st:w;\"\n\t\t\t\t\t\t\t\tstyle=\"z-index:18;background-color:#707070;\"\n\t\t\t\t\t\t\t> \n\t\t\t\t\t\t\t<\/rs-layer><!--\n\n\t\t\t\t\t\t\t--><rs-layer\n\t\t\t\t\t\t\t\tid=\"slider-47-slide-134-layer-9\" \n\t\t\t\t\t\t\t\tdata-type=\"text\"\n\t\t\t\t\t\t\t\tdata-color=\"#6c6c6c\"\n\t\t\t\t\t\t\t\tdata-rsp_ch=\"on\"\n\t\t\t\t\t\t\t\tdata-xy=\"x:420px;y:153px;\"\n\t\t\t\t\t\t\t\tdata-text=\"w:normal;s:15;l:20;\"\n\t\t\t\t\t\t\t\tdata-dim=\"w:391px;\"\n\t\t\t\t\t\t\t\tdata-frame_999=\"o:0;st:w;\"\n\t\t\t\t\t\t\t\tstyle=\"z-index:15;font-family:'Roboto';\"\n\t\t\t\t\t\t\t>Donacion de electrodomesticos y de infraestructura de procesamiento para caf\u00e9 para 962 familias caficultoras del Norte de Nari\u00f1o.  Alianza entre Starbucks y Empresas de Nari\u00f1o Ltda. \n\t\t\t\t\t\t\t<\/rs-layer><!--\n\n\t\t\t\t\t\t\t--><rs-layer\n\t\t\t\t\t\t\t\tid=\"slider-47-slide-134-layer-10\" \n\t\t\t\t\t\t\t\tdata-type=\"text\"\n\t\t\t\t\t\t\t\tdata-color=\"#000000\"\n\t\t\t\t\t\t\t\tdata-rsp_ch=\"on\"\n\t\t\t\t\t\t\t\tdata-xy=\"x:414px;y:93px;\"\n\t\t\t\t\t\t\t\tdata-text=\"w:normal;s:22;fw:700;a:center;\"\n\t\t\t\t\t\t\t\tdata-dim=\"w:382px;\"\n\t\t\t\t\t\t\t\tdata-frame_999=\"o:0;st:w;\"\n\t\t\t\t\t\t\t\tstyle=\"z-index:12;font-family:'Montserrat';\"\n\t\t\t\t\t\t\t>Concurso carrera cafetera 2004 - Nari\u00f1o \n\t\t\t\t\t\t\t<\/rs-layer><!--\n\n\t\t\t\t\t\t\t--><rs-layer\n\t\t\t\t\t\t\t\tid=\"slider-47-slide-134-layer-12\" \n\t\t\t\t\t\t\t\tdata-type=\"text\"\n\t\t\t\t\t\t\t\tdata-color=\"#000000\"\n\t\t\t\t\t\t\t\tdata-rsp_ch=\"on\"\n\t\t\t\t\t\t\t\tdata-xy=\"x:949px;y:310px;\"\n\t\t\t\t\t\t\t\tdata-text=\"w:normal;\"\n\t\t\t\t\t\t\t\tdata-frame_999=\"o:0;st:w;\"\n\t\t\t\t\t\t\t\tstyle=\"z-index:20;font-family:'Roboto';\"\n\t\t\t\t\t\t\t><div class=\"vc_row wpb_row vc_row-fluid\"><div class=\"wpb_column vc_column_container vc_col-sm-12\"><div class=\"vc_column-inner\"><div class=\"wpb_wrapper\"><div id=\"wd-61703f65c942f\" class=\"wd-button-wrapper text-center\"><a href=\"#tierra-colombia-association-2003-2008\" title=\"\" class=\"btn btn-color-default btn-style-link btn-shape-rectangle btn-size-default wd-open-popup \">M\u00e1s Informaci\u00f3n<\/a><\/div><div id=\"tierra-colombia-association-2003-2008\" class=\"mfp-with-anim wd-popup mfp-hide\" style=\"max-width:800px;\"><div class=\"wd-popup-inner\">\n\t<div  class=\"wpb_single_image wpb_content_element vc_align_left\">\n\t\t\n\t\t<figure class=\"wpb_wrapper vc_figure\">\n\t\t\t<div class=\"vc_single_image-wrapper   vc_box_border_grey\"><img loading=\"lazy\" decoding=\"async\" width=\"300\" height=\"36\" src=\"https:\/\/fundacioncarcafe.co\/wp-content\/uploads\/2021\/10\/1-2003 - 2008-300x36.png\" class=\"vc_single_image-img attachment-medium\" alt=\"\" title=\"2003 - 2008\" srcset=\"https:\/\/fundacioncarcafe.co\/wp-content\/uploads\/2021\/10\/1-2003%20-%202008-300x36.png 300w, https:\/\/fundacioncarcafe.co\/wp-content\/uploads\/2021\/10\/1-2003%20-%202008-16x2.png 16w, https:\/\/fundacioncarcafe.co\/wp-content\/uploads\/2021\/10\/1-2003%20-%202008-150x18.png 150w, https:\/\/fundacioncarcafe.co\/wp-content\/uploads\/2021\/10\/1-2003%20-%202008.png 726w\" sizes=\"auto, (max-width: 300px) 100vw, 300px\" \/><\/div>\n\t\t<\/figure>\n\t<\/div>\n\t\t\n\t\t<div id=\"wd-6290cd9859683\" class=\"title-wrapper wd-wpb set-mb-s reset-last-child  wd-title-color-default wd-title-style-default wd-width-100 text-center \">\n\t\t\t\n\t\t\t<div class=\"liner-continer\">\n\t\t\t\t<h4 class=\"woodmart-title-container title  wd-font-weight-600 wd-fontsize-xl\" >Proyecto Tierra Colombia \u2013 Guadalupe, Huila<\/h4>\n\t\t\t\t\t\t\t<\/div>\n\t\t\t\n\t\t\t\n\t\t\t\t\t<\/div>\n\t\t\n\t\t\n\t<div class=\"wpb_text_column wpb_content_element\" >\n\t\t<div class=\"wpb_wrapper\">\n\t\t\t<p style=\"text-align: justify !important;\">Proyecto en Alianza con Fondazione Guiseppe e Pericle Lavazza. Durante la primera Etapa: El objetivo del programa es de fortalecer un grupo de peque\u00f1os caficultores del departamento del Huila en el mejoramiento de vivienda, implementaci\u00f3n de medios para las labores de beneficio del producto y el ingreso familiar. El programa fue desarrollado para una comunidad organizada de 51 familias cafeteras (aprox. 250 personas), propietarias de \u00e1reas cafeteras en promedio no mayor de 5 a 8 Hect\u00e1reas, denominado Grupo Asociativo Villa Esperanza, aplicado en obra civil de vivienda, implementaci\u00f3n de sistemas sanitarios, sistemas de tratamiento de aguas residuales, mejoramiento de beneficio h\u00famedo del producto, para el despulpado, fermentado, lavado y fosa, y entrega de un secador para el beneficio seco del caf\u00e9.<br \/>\nSegunda Etapa: Actualmente se viene desarrollando la segunda fase del programa, mediante un convenio interinstitucional entre la Corporaci\u00f3n Regional del Alto Magdalena y el Grupo Asociativo Villa Esperanza. El objetivo aunar esfuerzos econ\u00f3micos, institucionales, administrativos y t\u00e9cnicos para desarrollar actividades de refosteraci\u00f3n, conformaci\u00f3n y protecci\u00f3n de corredores biol\u00f3gicos y producci\u00f3n sostenible de caf\u00e9, buscando la recuperaci\u00f3n de la conectividad biol\u00f3gica entre los ecosistemas.<\/p>\n<p><img loading=\"lazy\" decoding=\"async\" class=\"size-medium wp-image-8294 aligncenter\" src=\"https:\/\/fundacioncarcafe.aicode-test.art\/wp-content\/uploads\/2022\/07\/villa-esperanza-families-300x225.jpg\" alt=\"\" width=\"300\" height=\"225\" srcset=\"https:\/\/fundacioncarcafe.co\/wp-content\/uploads\/2022\/07\/villa-esperanza-families-300x225.jpg 300w, https:\/\/fundacioncarcafe.co\/wp-content\/uploads\/2022\/07\/villa-esperanza-families-1024x768.jpg 1024w, https:\/\/fundacioncarcafe.co\/wp-content\/uploads\/2022\/07\/villa-esperanza-families-768x576.jpg 768w, https:\/\/fundacioncarcafe.co\/wp-content\/uploads\/2022\/07\/villa-esperanza-families-1536x1152.jpg 1536w, https:\/\/fundacioncarcafe.co\/wp-content\/uploads\/2022\/07\/villa-esperanza-families-2048x1536.jpg 2048w, https:\/\/fundacioncarcafe.co\/wp-content\/uploads\/2022\/07\/villa-esperanza-families-16x12.jpg 16w, https:\/\/fundacioncarcafe.co\/wp-content\/uploads\/2022\/07\/villa-esperanza-families-1200x900.jpg 1200w, https:\/\/fundacioncarcafe.co\/wp-content\/uploads\/2022\/07\/villa-esperanza-families-150x113.jpg 150w\" sizes=\"auto, (max-width: 300px) 100vw, 300px\" \/><\/p>\n\n\t\t<\/div>\n\t<\/div>\n<\/div><\/div><\/div><\/div><\/div><\/div><style data-type=\"vc_shortcodes-custom-css\"><\/style> \n\t\t\t\t\t\t\t<\/rs-layer><!--\n\n\t\t\t\t\t\t\t--><rs-layer\n\t\t\t\t\t\t\t\tid=\"slider-47-slide-134-layer-17\" \n\t\t\t\t\t\t\t\tdata-type=\"text\"\n\t\t\t\t\t\t\t\tdata-color=\"#000000\"\n\t\t\t\t\t\t\t\tdata-rsp_ch=\"on\"\n\t\t\t\t\t\t\t\tdata-xy=\"x:548px;y:247px;\"\n\t\t\t\t\t\t\t\tdata-text=\"w:normal;\"\n\t\t\t\t\t\t\t\tdata-frame_999=\"o:0;st:w;\"\n\t\t\t\t\t\t\t\tstyle=\"z-index:23;font-family:'Roboto';\"\n\t\t\t\t\t\t\t><div class=\"vc_row wpb_row vc_row-fluid\"><div class=\"wpb_column vc_column_container vc_col-sm-12\"><div class=\"vc_column-inner\"><div class=\"wpb_wrapper\"><div id=\"wd-617034017a6bf\" class=\"wd-button-wrapper text-center\"><a href=\"#carrera-cafetera-2003\" title=\"\" class=\"btn btn-color-default btn-style-link btn-shape-rectangle btn-size-default wd-open-popup \">M\u00e1s Informaci\u00f3n<\/a><\/div><div id=\"carrera-cafetera-2003\" class=\"mfp-with-anim wd-popup mfp-hide\" style=\"max-width:800px;\"><div class=\"wd-popup-inner\">\n\t<div  class=\"wpb_single_image wpb_content_element vc_align_left\">\n\t\t\n\t\t<figure class=\"wpb_wrapper vc_figure\">\n\t\t\t<div class=\"vc_single_image-wrapper   vc_box_border_grey\"><img loading=\"lazy\" decoding=\"async\" width=\"300\" height=\"84\" src=\"https:\/\/fundacioncarcafe.co\/wp-content\/uploads\/2021\/10\/1-2004-300x84.png\" class=\"vc_single_image-img attachment-medium\" alt=\"\" title=\"2004\" srcset=\"https:\/\/fundacioncarcafe.co\/wp-content\/uploads\/2021\/10\/1-2004-300x84.png 300w, https:\/\/fundacioncarcafe.co\/wp-content\/uploads\/2021\/10\/1-2004-16x4.png 16w, https:\/\/fundacioncarcafe.co\/wp-content\/uploads\/2021\/10\/1-2004-150x42.png 150w, https:\/\/fundacioncarcafe.co\/wp-content\/uploads\/2021\/10\/1-2004.png 316w\" sizes=\"auto, (max-width: 300px) 100vw, 300px\" \/><\/div>\n\t\t<\/figure>\n\t<\/div>\n\t\t\n\t\t<div id=\"wd-62c70a0058440\" class=\"title-wrapper wd-wpb set-mb-s reset-last-child  wd-title-color-default wd-title-style-default wd-width-100 text-center \">\n\t\t\t\n\t\t\t<div class=\"liner-continer\">\n\t\t\t\t<h4 class=\"woodmart-title-container title  wd-font-weight-600 wd-fontsize-xl\" >Concurso Carrera Cafetera 2004 \u2013 Nari\u00f1o<\/h4>\n\t\t\t\t\t\t\t<\/div>\n\t\t\t\n\t\t\t\n\t\t\t\t\t<\/div>\n\t\t\n\t\t\n\t<div class=\"wpb_text_column wpb_content_element\" >\n\t\t<div class=\"wpb_wrapper\">\n\t\t\t<p style=\"text-align: justify !important;\">Alianza entre Starbucks y Empresas de Nari\u00f1o Ltda. Dotaci\u00f3n de 600 bombas para fumigar y 375 ollas a presi\u00f3n, para familias caficultoras de Nari\u00f1o<\/p>\n<p><img loading=\"lazy\" decoding=\"async\" class=\"size-medium wp-image-8293 aligncenter\" src=\"https:\/\/fundacioncarcafe.aicode-test.art\/wp-content\/uploads\/2022\/07\/CARRERA-CAFETERA2004-300x169.jpg\" alt=\"\" width=\"300\" height=\"169\" srcset=\"https:\/\/fundacioncarcafe.co\/wp-content\/uploads\/2022\/07\/CARRERA-CAFETERA2004-300x169.jpg 300w, https:\/\/fundacioncarcafe.co\/wp-content\/uploads\/2022\/07\/CARRERA-CAFETERA2004-1024x576.jpg 1024w, https:\/\/fundacioncarcafe.co\/wp-content\/uploads\/2022\/07\/CARRERA-CAFETERA2004-768x432.jpg 768w, https:\/\/fundacioncarcafe.co\/wp-content\/uploads\/2022\/07\/CARRERA-CAFETERA2004-1536x864.jpg 1536w, https:\/\/fundacioncarcafe.co\/wp-content\/uploads\/2022\/07\/CARRERA-CAFETERA2004-2048x1152.jpg 2048w, https:\/\/fundacioncarcafe.co\/wp-content\/uploads\/2022\/07\/CARRERA-CAFETERA2004-16x9.jpg 16w, https:\/\/fundacioncarcafe.co\/wp-content\/uploads\/2022\/07\/CARRERA-CAFETERA2004-1200x675.jpg 1200w, https:\/\/fundacioncarcafe.co\/wp-content\/uploads\/2022\/07\/CARRERA-CAFETERA2004-150x84.jpg 150w\" sizes=\"auto, (max-width: 300px) 100vw, 300px\" \/><\/p>\n\n\t\t<\/div>\n\t<\/div>\n<\/div><\/div><\/div><\/div><\/div><\/div><style data-type=\"vc_shortcodes-custom-css\"><\/style> \n\t\t\t\t\t\t\t<\/rs-layer><!--\n\n\t\t\t\t\t\t\t--><rs-layer\n\t\t\t\t\t\t\t\tid=\"slider-47-slide-134-layer-25\" \n\t\t\t\t\t\t\t\tdata-type=\"text\"\n\t\t\t\t\t\t\t\tdata-color=\"#000000\"\n\t\t\t\t\t\t\t\tdata-rsp_ch=\"on\"\n\t\t\t\t\t\t\t\tdata-xy=\"x:92px;y:239px;\"\n\t\t\t\t\t\t\t\tdata-text=\"w:normal;\"\n\t\t\t\t\t\t\t\tdata-frame_999=\"o:0;st:w;\"\n\t\t\t\t\t\t\t\tstyle=\"z-index:23;font-family:'Roboto';\"\n\t\t\t\t\t\t\t><div class=\"vc_row wpb_row vc_row-fluid\"><div class=\"wpb_column vc_column_container vc_col-sm-12\"><div class=\"vc_column-inner\"><div class=\"wpb_wrapper\"><div id=\"wd-62c85d175fb88\" class=\"wd-button-wrapper text-center\"><a href=\"#Reforma-vivienda-ruralnari\u00f1o-2003-2004\" title=\"\" class=\"btn btn-color-default btn-style-link btn-shape-rectangle btn-size-default wd-open-popup \">M\u00e1s Informaci\u00f3n<\/a><\/div><div id=\"Reforma-vivienda-ruralnari\u00f1o-2003-2004\" class=\"mfp-with-anim wd-popup mfp-hide\" style=\"max-width:800px;\"><div class=\"wd-popup-inner\">\n\t<div  class=\"wpb_single_image wpb_content_element vc_align_left\">\n\t\t\n\t\t<figure class=\"wpb_wrapper vc_figure\">\n\t\t\t<div class=\"vc_single_image-wrapper   vc_box_border_grey\"><img loading=\"lazy\" decoding=\"async\" width=\"300\" height=\"36\" src=\"https:\/\/fundacioncarcafe.co\/wp-content\/uploads\/2021\/10\/1-2003 - 2004-300x36.png\" class=\"vc_single_image-img attachment-medium\" alt=\"\" title=\"2003 - 2004\" srcset=\"https:\/\/fundacioncarcafe.co\/wp-content\/uploads\/2021\/10\/1-2003%20-%202004-300x36.png 300w, https:\/\/fundacioncarcafe.co\/wp-content\/uploads\/2021\/10\/1-2003%20-%202004-16x2.png 16w, https:\/\/fundacioncarcafe.co\/wp-content\/uploads\/2021\/10\/1-2003%20-%202004-150x18.png 150w, https:\/\/fundacioncarcafe.co\/wp-content\/uploads\/2021\/10\/1-2003%20-%202004.png 733w\" sizes=\"auto, (max-width: 300px) 100vw, 300px\" \/><\/div>\n\t\t<\/figure>\n\t<\/div>\n\t\t\n\t\t<div id=\"wd-62bcd1714c8ea\" class=\"title-wrapper wd-wpb set-mb-s reset-last-child  wd-title-color-default wd-title-style-default wd-width-100 text-center \">\n\t\t\t\n\t\t\t<div class=\"liner-continer\">\n\t\t\t\t<h4 class=\"woodmart-title-container title  wd-font-weight-600 wd-fontsize-xl\" >Reforma de Vivienda rural \u2013 Nari\u00f1o<\/h4>\n\t\t\t\t\t\t\t<\/div>\n\t\t\t\n\t\t\t\n\t\t\t\t\t<\/div>\n\t\t\n\t\t\n\t<div class=\"wpb_text_column wpb_content_element\" >\n\t\t<div class=\"wpb_wrapper\">\n\t\t\t<p>Alianza entre Starbucks y Empresas de Nari\u00f1o Ltda. Remodelaci\u00f3n de viviendas de 152 familias caficultoras, e instalaci\u00f3n de infraestructura de procesamiento de caf\u00e9 en postcosecha<\/p>\n<p><img loading=\"lazy\" decoding=\"async\" class=\"size-medium wp-image-8292 aligncenter\" src=\"https:\/\/fundacioncarcafe.aicode-test.art\/wp-content\/uploads\/2022\/07\/ec03cfacc4997c4dcafab30fd96163f2-300x119.png\" alt=\"\" width=\"300\" height=\"119\" srcset=\"https:\/\/fundacioncarcafe.co\/wp-content\/uploads\/2022\/07\/ec03cfacc4997c4dcafab30fd96163f2-300x119.png 300w, https:\/\/fundacioncarcafe.co\/wp-content\/uploads\/2022\/07\/ec03cfacc4997c4dcafab30fd96163f2-16x6.png 16w, https:\/\/fundacioncarcafe.co\/wp-content\/uploads\/2022\/07\/ec03cfacc4997c4dcafab30fd96163f2-150x59.png 150w, https:\/\/fundacioncarcafe.co\/wp-content\/uploads\/2022\/07\/ec03cfacc4997c4dcafab30fd96163f2.png 658w\" sizes=\"auto, (max-width: 300px) 100vw, 300px\" \/><\/p>\n\n\t\t<\/div>\n\t<\/div>\n<\/div><\/div><\/div><\/div><\/div><\/div><style data-type=\"vc_shortcodes-custom-css\"><\/style> \n\t\t\t\t\t\t\t<\/rs-layer><!--\n\n\t\t\t\t\t\t\t--><rs-layer\n\t\t\t\t\t\t\t\tid=\"slider-47-slide-134-layer-41\" \n\t\t\t\t\t\t\t\tdata-type=\"text\"\n\t\t\t\t\t\t\t\tdata-color=\"#339059\"\n\t\t\t\t\t\t\t\tdata-rsp_ch=\"on\"\n\t\t\t\t\t\t\t\tdata-xy=\"x:44px;y:24px;\"\n\t\t\t\t\t\t\t\tdata-text=\"w:normal;s:50;l:44;fw:700;a:center;\"\n\t\t\t\t\t\t\t\tdata-dim=\"w:326px;h:47px;\"\n\t\t\t\t\t\t\t\tdata-frame_999=\"o:0;st:w;\"\n\t\t\t\t\t\t\t\tstyle=\"z-index:29;font-family:'Montserrat';\"\n\t\t\t\t\t\t\t>2003 - 2004 \n\t\t\t\t\t\t\t<\/rs-layer><!--\n\n\t\t\t\t\t\t\t--><rs-layer\n\t\t\t\t\t\t\t\tid=\"slider-47-slide-134-layer-53\" \n\t\t\t\t\t\t\t\tdata-type=\"text\"\n\t\t\t\t\t\t\t\tdata-color=\"#339059\"\n\t\t\t\t\t\t\t\tdata-rsp_ch=\"on\"\n\t\t\t\t\t\t\t\tdata-xy=\"x:446px;y:37px;\"\n\t\t\t\t\t\t\t\tdata-text=\"w:normal;s:50;l:44;fw:700;a:center;\"\n\t\t\t\t\t\t\t\tdata-dim=\"w:326px;h:47px;\"\n\t\t\t\t\t\t\t\tdata-frame_999=\"o:0;st:w;\"\n\t\t\t\t\t\t\t\tstyle=\"z-index:29;font-family:'Montserrat';\"\n\t\t\t\t\t\t\t>2004 - 2004 \n\t\t\t\t\t\t\t<\/rs-layer><!--\n\n\t\t\t\t\t\t\t--><rs-layer\n\t\t\t\t\t\t\t\tid=\"slider-47-slide-134-layer-58\" \n\t\t\t\t\t\t\t\tdata-type=\"text\"\n\t\t\t\t\t\t\t\tdata-color=\"#339059\"\n\t\t\t\t\t\t\t\tdata-rsp_ch=\"on\"\n\t\t\t\t\t\t\t\tdata-xy=\"x:862px;y:32px;\"\n\t\t\t\t\t\t\t\tdata-text=\"w:normal;s:50;l:44;fw:700;a:center;\"\n\t\t\t\t\t\t\t\tdata-dim=\"w:326px;h:47px;\"\n\t\t\t\t\t\t\t\tdata-frame_999=\"o:0;st:w;\"\n\t\t\t\t\t\t\t\tstyle=\"z-index:29;font-family:'Montserrat';\"\n\t\t\t\t\t\t\t>2003 - 2008 \n\t\t\t\t\t\t\t<\/rs-layer><!--\n-->\t\t\t\t\t\t<\/rs-slide>\n\t\t\t\t\t\t<rs-slide style=\"position: absolute;\" data-key=\"rs-136\" data-title=\"Slide\" data-anim=\"adpr:false;\" data-in=\"o:0;\" data-out=\"a:false;\">\n\t\t\t\t\t\t\t<img decoding=\"async\" src=\"\/\/fundacioncarcafe.co\/wp-content\/plugins\/revslider\/public\/assets\/assets\/dummy.png\" alt=\"Slide\" title=\"Nuestra trayectoria\" class=\"rev-slidebg tp-rs-img rs-lazyload\" data-lazyload=\"\/\/fundacioncarcafe.co\/wp-content\/plugins\/revslider\/public\/assets\/assets\/transparent.png\" data-no-retina>\n<!--\n\t\t\t\t\t\t\t--><rs-layer\n\t\t\t\t\t\t\t\tid=\"slider-47-slide-136-layer-0\" \n\t\t\t\t\t\t\t\tdata-type=\"shape\"\n\t\t\t\t\t\t\t\tdata-rsp_ch=\"on\"\n\t\t\t\t\t\t\t\tdata-xy=\"x:-2px;y:-4px;\"\n\t\t\t\t\t\t\t\tdata-text=\"w:normal;\"\n\t\t\t\t\t\t\t\tdata-dim=\"w:1241px;h:351px;\"\n\t\t\t\t\t\t\t\tdata-frame_999=\"o:0;st:w;\"\n\t\t\t\t\t\t\t\tstyle=\"z-index:8;background-color:#EDEDED;\"\n\t\t\t\t\t\t\t> \n\t\t\t\t\t\t\t<\/rs-layer><!--\n\n\t\t\t\t\t\t\t--><rs-layer\n\t\t\t\t\t\t\t\tid=\"slider-47-slide-136-layer-2\" \n\t\t\t\t\t\t\t\tdata-type=\"text\"\n\t\t\t\t\t\t\t\tdata-color=\"#000000\"\n\t\t\t\t\t\t\t\tdata-rsp_ch=\"on\"\n\t\t\t\t\t\t\t\tdata-xy=\"x:834px;y:88px;\"\n\t\t\t\t\t\t\t\tdata-text=\"w:normal;s:22;fw:700;a:center;\"\n\t\t\t\t\t\t\t\tdata-dim=\"w:400px;\"\n\t\t\t\t\t\t\t\tdata-frame_999=\"o:0;st:w;\"\n\t\t\t\t\t\t\t\tstyle=\"z-index:14;font-family:'Montserrat';\"\n\t\t\t\t\t\t\t>Proyecto Desarrollo sostenible para caficultores - Norte de Nari\u00f1o \n\t\t\t\t\t\t\t<\/rs-layer><!--\n\n\t\t\t\t\t\t\t--><rs-layer\n\t\t\t\t\t\t\t\tid=\"slider-47-slide-136-layer-3\" \n\t\t\t\t\t\t\t\tdata-type=\"text\"\n\t\t\t\t\t\t\t\tdata-color=\"#6c6c6c\"\n\t\t\t\t\t\t\t\tdata-rsp_ch=\"on\"\n\t\t\t\t\t\t\t\tdata-xy=\"x:842px;y:148px;\"\n\t\t\t\t\t\t\t\tdata-text=\"w:normal;s:12;l:20;\"\n\t\t\t\t\t\t\t\tdata-dim=\"w:357px;\"\n\t\t\t\t\t\t\t\tdata-frame_999=\"o:0;st:w;\"\n\t\t\t\t\t\t\t\tstyle=\"z-index:17;font-family:'Roboto';\"\n\t\t\t\t\t\t\t>Proyecto de gran alcance para 1200 familias caficultoras de 11 municipios del Norte del departamento de Nari\u00f1o.  Remodelaci\u00f3n de las viviendas con remodelaci\u00f3n de cocinas y ba\u00f1os.  Construcci\u00f3n de patios de secado de caf\u00e9, torres de despulpadoras y bodegas para fermentaci\u00f3n del caf\u00e9.  Bodegas para almacenamiento de pergamino seco. Capacitaciones en temas sociales, financieros y ambientales.  Alianza entre el gobierno de Holanda, Starbucks y Empresas de Nari\u00f1o Ltda. \n\t\t\t\t\t\t\t<\/rs-layer><!--\n\n\t\t\t\t\t\t\t--><rs-layer\n\t\t\t\t\t\t\t\tid=\"slider-47-slide-136-layer-4\" \n\t\t\t\t\t\t\t\tdata-type=\"shape\"\n\t\t\t\t\t\t\t\tdata-rsp_ch=\"on\"\n\t\t\t\t\t\t\t\tdata-xy=\"x:400px;y:41px;\"\n\t\t\t\t\t\t\t\tdata-text=\"w:normal;\"\n\t\t\t\t\t\t\t\tdata-dim=\"w:1px;h:200px;\"\n\t\t\t\t\t\t\t\tdata-vbility=\"t,t,t,f\"\n\t\t\t\t\t\t\t\tdata-frame_999=\"o:0;st:w;\"\n\t\t\t\t\t\t\t\tstyle=\"z-index:19;background-color:#707070;\"\n\t\t\t\t\t\t\t> \n\t\t\t\t\t\t\t<\/rs-layer><!--\n\n\t\t\t\t\t\t\t--><rs-layer\n\t\t\t\t\t\t\t\tid=\"slider-47-slide-136-layer-6\" \n\t\t\t\t\t\t\t\tdata-type=\"text\"\n\t\t\t\t\t\t\t\tdata-color=\"#000000\"\n\t\t\t\t\t\t\t\tdata-rsp_ch=\"on\"\n\t\t\t\t\t\t\t\tdata-xy=\"x:15px;y:73px;\"\n\t\t\t\t\t\t\t\tdata-text=\"w:normal;s:20;fw:700;a:center;\"\n\t\t\t\t\t\t\t\tdata-dim=\"w:375px;\"\n\t\t\t\t\t\t\t\tdata-frame_999=\"o:0;st:w;\"\n\t\t\t\t\t\t\t\tstyle=\"z-index:13;font-family:'Montserrat';\"\n\t\t\t\t\t\t\t>Colegio Escuela San Antonio \u2013 Sandon\u00e1, Nari\u00f1o \n\t\t\t\t\t\t\t<\/rs-layer><!--\n\n\t\t\t\t\t\t\t--><rs-layer\n\t\t\t\t\t\t\t\tid=\"slider-47-slide-136-layer-7\" \n\t\t\t\t\t\t\t\tdata-type=\"text\"\n\t\t\t\t\t\t\t\tdata-color=\"#6c6c6c\"\n\t\t\t\t\t\t\t\tdata-rsp_ch=\"on\"\n\t\t\t\t\t\t\t\tdata-xy=\"x:19px;y:134px;\"\n\t\t\t\t\t\t\t\tdata-text=\"w:normal;s:15;l:20;\"\n\t\t\t\t\t\t\t\tdata-dim=\"w:359px;\"\n\t\t\t\t\t\t\t\tdata-frame_999=\"o:0;st:w;\"\n\t\t\t\t\t\t\t\tstyle=\"z-index:16;font-family:'Roboto';\"\n\t\t\t\t\t\t\t>Proyecto de Educaci\u00f3n.  Remodelaci\u00f3n de colegio en Sandon\u00e1, Nari\u00f1o. Construcci\u00f3n de nuevos ba\u00f1os para ni\u00f1os y ni\u00f1as, construcci\u00f3n de placa deportiva y de muro de contenci\u00f3n. 36 estudiantes. Alianza entre tostador de caf\u00e9 La Minita y Empresas de Nari\u00f1o Ltda. \n\t\t\t\t\t\t\t<\/rs-layer><!--\n\n\t\t\t\t\t\t\t--><rs-layer\n\t\t\t\t\t\t\t\tid=\"slider-47-slide-136-layer-8\" \n\t\t\t\t\t\t\t\tdata-type=\"shape\"\n\t\t\t\t\t\t\t\tdata-rsp_ch=\"on\"\n\t\t\t\t\t\t\t\tdata-xy=\"x:824px;y:40px;\"\n\t\t\t\t\t\t\t\tdata-text=\"w:normal;\"\n\t\t\t\t\t\t\t\tdata-dim=\"w:1px;h:200px;\"\n\t\t\t\t\t\t\t\tdata-vbility=\"t,t,t,f\"\n\t\t\t\t\t\t\t\tdata-frame_999=\"o:0;st:w;\"\n\t\t\t\t\t\t\t\tstyle=\"z-index:18;background-color:#707070;\"\n\t\t\t\t\t\t\t> \n\t\t\t\t\t\t\t<\/rs-layer><!--\n\n\t\t\t\t\t\t\t--><rs-layer\n\t\t\t\t\t\t\t\tid=\"slider-47-slide-136-layer-9\" \n\t\t\t\t\t\t\t\tdata-type=\"text\"\n\t\t\t\t\t\t\t\tdata-color=\"#6c6c6c\"\n\t\t\t\t\t\t\t\tdata-rsp_ch=\"on\"\n\t\t\t\t\t\t\t\tdata-xy=\"x:421px;y:142px;\"\n\t\t\t\t\t\t\t\tdata-text=\"w:normal;s:15;l:20;\"\n\t\t\t\t\t\t\t\tdata-dim=\"w:391px;\"\n\t\t\t\t\t\t\t\tdata-frame_999=\"o:0;st:w;\"\n\t\t\t\t\t\t\t\tstyle=\"z-index:15;font-family:'Roboto';\"\n\t\t\t\t\t\t\t>Importaci\u00f3n, transporte, instalaci\u00f3n y donaci\u00f3n de 450 equipos de computo para 50 escuelas rurales en municipios cafeteros del departamento de Nari\u00f1o.  Incluye licenciamiento del software y capacitaci\u00f3n a profesores y estudiantes. Alianza entre OIM, Microsoft, Computer Aid y Empresas de Nari\u00f1o Ltda. \n\t\t\t\t\t\t\t<\/rs-layer><!--\n\n\t\t\t\t\t\t\t--><rs-layer\n\t\t\t\t\t\t\t\tid=\"slider-47-slide-136-layer-10\" \n\t\t\t\t\t\t\t\tdata-type=\"text\"\n\t\t\t\t\t\t\t\tdata-color=\"#000000\"\n\t\t\t\t\t\t\t\tdata-rsp_ch=\"on\"\n\t\t\t\t\t\t\t\tdata-xy=\"x:440px;y:82px;\"\n\t\t\t\t\t\t\t\tdata-text=\"w:normal;s:22;fw:700;a:center;\"\n\t\t\t\t\t\t\t\tdata-dim=\"w:363px;\"\n\t\t\t\t\t\t\t\tdata-frame_999=\"o:0;st:w;\"\n\t\t\t\t\t\t\t\tstyle=\"z-index:12;font-family:'Montserrat';\"\n\t\t\t\t\t\t\t>Donaci\u00f3n 450 computadores \u2013 Norte de Nari\u00f1o \n\t\t\t\t\t\t\t<\/rs-layer><!--\n\n\t\t\t\t\t\t\t--><rs-layer\n\t\t\t\t\t\t\t\tid=\"slider-47-slide-136-layer-12\" \n\t\t\t\t\t\t\t\tdata-type=\"text\"\n\t\t\t\t\t\t\t\tdata-color=\"#000000\"\n\t\t\t\t\t\t\t\tdata-rsp_ch=\"on\"\n\t\t\t\t\t\t\t\tdata-xy=\"x:949px;y:315px;\"\n\t\t\t\t\t\t\t\tdata-text=\"w:normal;\"\n\t\t\t\t\t\t\t\tdata-frame_999=\"o:0;st:w;\"\n\t\t\t\t\t\t\t\tstyle=\"z-index:20;font-family:'Roboto';\"\n\t\t\t\t\t\t\t><div class=\"vc_row wpb_row vc_row-fluid\"><div class=\"wpb_column vc_column_container vc_col-sm-12\"><div class=\"vc_column-inner\"><div class=\"wpb_wrapper\"><div id=\"wd-617078de08af7\" class=\"wd-button-wrapper text-center\"><a href=\"#sustainable-growers-2004\" title=\"\" class=\"btn btn-color-default btn-style-link btn-shape-rectangle btn-size-default wd-open-popup \">M\u00e1s Informaci\u00f3n<\/a><\/div><div id=\"sustainable-growers-2004\" class=\"mfp-with-anim wd-popup mfp-hide\" style=\"max-width:800px;\"><div class=\"wd-popup-inner\">\n\t<div  class=\"wpb_single_image wpb_content_element vc_align_left\">\n\t\t\n\t\t<figure class=\"wpb_wrapper vc_figure\">\n\t\t\t<div class=\"vc_single_image-wrapper   vc_box_border_grey\"><img loading=\"lazy\" decoding=\"async\" width=\"300\" height=\"36\" src=\"https:\/\/fundacioncarcafe.co\/wp-content\/uploads\/2021\/10\/1-2004 - 2007-300x36.png\" class=\"vc_single_image-img attachment-medium\" alt=\"\" title=\"2004 - 2007\" srcset=\"https:\/\/fundacioncarcafe.co\/wp-content\/uploads\/2021\/10\/1-2004%20-%202007-300x36.png 300w, https:\/\/fundacioncarcafe.co\/wp-content\/uploads\/2021\/10\/1-2004%20-%202007-16x2.png 16w, https:\/\/fundacioncarcafe.co\/wp-content\/uploads\/2021\/10\/1-2004%20-%202007-150x18.png 150w, https:\/\/fundacioncarcafe.co\/wp-content\/uploads\/2021\/10\/1-2004%20-%202007.png 734w\" sizes=\"auto, (max-width: 300px) 100vw, 300px\" \/><\/div>\n\t\t<\/figure>\n\t<\/div>\n\t\t\n\t\t<div id=\"wd-6290cfb0dc39b\" class=\"title-wrapper wd-wpb set-mb-s reset-last-child  wd-title-color-default wd-title-style-default wd-width-100 text-center \">\n\t\t\t\n\t\t\t<div class=\"liner-continer\">\n\t\t\t\t<h4 class=\"woodmart-title-container title  wd-font-weight-600 wd-fontsize-xl\" >Proyecto Desarrollo Sostenible para caficultores \u2013 Norte de Nari\u00f1o<\/h4>\n\t\t\t\t\t\t\t<\/div>\n\t\t\t\n\t\t\t\n\t\t\t\t\t<\/div>\n\t\t\n\t\t\n\t<div class=\"wpb_text_column wpb_content_element\" >\n\t\t<div class=\"wpb_wrapper\">\n\t\t\t<p style=\"text-align: justify !important;\">Alianza entre el gobierno de Holanda, Starbucks y Empresas de Nari\u00f1o Ltda. Proyecto de alto impacto implementado en 11 municipios productores de caf\u00e9 del Norte de Nari\u00f1o. Muy alta inversi\u00f3n por finca. El programa se ha dirigido a los habitantes de la zona rural del Departamento de Nari\u00f1o, afectado por el conflicto armado colombiano que ha generado el desplazamiento, deserci\u00f3n de los cultivos de caf\u00e9 y la inmigraci\u00f3n a las capitales. El objetivo, aunar esfuerzos para ejecutar una estrategia social, econ\u00f3mica y de agricultura sostenible, para vincular a la cadena de productiva de caf\u00e9 a 1080 familias de peque\u00f1os caficultores (aproximadamente 5,000 personas), permitirles acceder al mercado, mejorar la producci\u00f3n, el nivel de ingresos y por tanto su calidad de vida. El programa se presupuesta par un periodo de dos a\u00f1os, y su iniciaci\u00f3n a partir de Junio\/2005. Luego se hizo una extensi\u00f3n por 2 a\u00f1os mas.<\/p>\n<p><img loading=\"lazy\" decoding=\"async\" class=\"size-medium wp-image-8296 aligncenter\" src=\"https:\/\/fundacioncarcafe.aicode-test.art\/wp-content\/uploads\/2022\/07\/SUSTAINABLE-DEVELOPMENT-FOR-NORTHERN-NARIaeO-GROWERS-3-300x225.jpg\" alt=\"\" width=\"300\" height=\"225\" srcset=\"https:\/\/fundacioncarcafe.co\/wp-content\/uploads\/2022\/07\/SUSTAINABLE-DEVELOPMENT-FOR-NORTHERN-NARIaeO-GROWERS-3-300x225.jpg 300w, https:\/\/fundacioncarcafe.co\/wp-content\/uploads\/2022\/07\/SUSTAINABLE-DEVELOPMENT-FOR-NORTHERN-NARIaeO-GROWERS-3-1024x768.jpg 1024w, https:\/\/fundacioncarcafe.co\/wp-content\/uploads\/2022\/07\/SUSTAINABLE-DEVELOPMENT-FOR-NORTHERN-NARIaeO-GROWERS-3-768x576.jpg 768w, https:\/\/fundacioncarcafe.co\/wp-content\/uploads\/2022\/07\/SUSTAINABLE-DEVELOPMENT-FOR-NORTHERN-NARIaeO-GROWERS-3-1536x1152.jpg 1536w, https:\/\/fundacioncarcafe.co\/wp-content\/uploads\/2022\/07\/SUSTAINABLE-DEVELOPMENT-FOR-NORTHERN-NARIaeO-GROWERS-3-16x12.jpg 16w, https:\/\/fundacioncarcafe.co\/wp-content\/uploads\/2022\/07\/SUSTAINABLE-DEVELOPMENT-FOR-NORTHERN-NARIaeO-GROWERS-3-1200x900.jpg 1200w, https:\/\/fundacioncarcafe.co\/wp-content\/uploads\/2022\/07\/SUSTAINABLE-DEVELOPMENT-FOR-NORTHERN-NARIaeO-GROWERS-3-150x113.jpg 150w, https:\/\/fundacioncarcafe.co\/wp-content\/uploads\/2022\/07\/SUSTAINABLE-DEVELOPMENT-FOR-NORTHERN-NARIaeO-GROWERS-3.jpg 1600w\" sizes=\"auto, (max-width: 300px) 100vw, 300px\" \/><\/p>\n\n\t\t<\/div>\n\t<\/div>\n<\/div><\/div><\/div><\/div><\/div><\/div><style data-type=\"vc_shortcodes-custom-css\"><\/style> \n\t\t\t\t\t\t\t<\/rs-layer><!--\n\n\t\t\t\t\t\t\t--><rs-layer\n\t\t\t\t\t\t\t\tid=\"slider-47-slide-136-layer-17\" \n\t\t\t\t\t\t\t\tdata-type=\"text\"\n\t\t\t\t\t\t\t\tdata-color=\"#000000\"\n\t\t\t\t\t\t\t\tdata-rsp_ch=\"on\"\n\t\t\t\t\t\t\t\tdata-xy=\"x:557px;y:277px;\"\n\t\t\t\t\t\t\t\tdata-text=\"w:normal;\"\n\t\t\t\t\t\t\t\tdata-frame_999=\"o:0;st:w;\"\n\t\t\t\t\t\t\t\tstyle=\"z-index:23;font-family:'Roboto';\"\n\t\t\t\t\t\t\t><div class=\"vc_row wpb_row vc_row-fluid\"><div class=\"wpb_column vc_column_container vc_col-sm-12\"><div class=\"vc_column-inner\"><div class=\"wpb_wrapper\"><div id=\"wd-617079fe81c04\" class=\"wd-button-wrapper text-center\"><a href=\"#computers-schools-2004-2007\" title=\"\" class=\"btn btn-color-default btn-style-link btn-shape-rectangle btn-size-default wd-open-popup \">M\u00e1s Informaci\u00f3n<\/a><\/div><div id=\"computers-schools-2004-2007\" class=\"mfp-with-anim wd-popup mfp-hide\" style=\"max-width:800px;\"><div class=\"wd-popup-inner\">\n\t<div  class=\"wpb_single_image wpb_content_element vc_align_left\">\n\t\t\n\t\t<figure class=\"wpb_wrapper vc_figure\">\n\t\t\t<div class=\"vc_single_image-wrapper   vc_box_border_grey\"><img loading=\"lazy\" decoding=\"async\" width=\"300\" height=\"36\" src=\"https:\/\/fundacioncarcafe.co\/wp-content\/uploads\/2021\/10\/1-2004 - 2007-300x36.png\" class=\"vc_single_image-img attachment-medium\" alt=\"\" title=\"2004 - 2007\" srcset=\"https:\/\/fundacioncarcafe.co\/wp-content\/uploads\/2021\/10\/1-2004%20-%202007-300x36.png 300w, https:\/\/fundacioncarcafe.co\/wp-content\/uploads\/2021\/10\/1-2004%20-%202007-16x2.png 16w, https:\/\/fundacioncarcafe.co\/wp-content\/uploads\/2021\/10\/1-2004%20-%202007-150x18.png 150w, https:\/\/fundacioncarcafe.co\/wp-content\/uploads\/2021\/10\/1-2004%20-%202007.png 734w\" sizes=\"auto, (max-width: 300px) 100vw, 300px\" \/><\/div>\n\t\t<\/figure>\n\t<\/div>\n\t\t\n\t\t<div id=\"wd-6290d03a0a9ec\" class=\"title-wrapper wd-wpb set-mb-s reset-last-child  wd-title-color-default wd-title-style-default wd-width-100 text-center \">\n\t\t\t\n\t\t\t<div class=\"liner-continer\">\n\t\t\t\t<h4 class=\"woodmart-title-container title  wd-font-weight-600 wd-fontsize-xl\" >Donaci\u00f3n 450 computadores \u2013 Norte de Nari\u00f1o<\/h4>\n\t\t\t\t\t\t\t<\/div>\n\t\t\t\n\t\t\t\n\t\t\t\t\t<\/div>\n\t\t\n\t\t\n\t<div class=\"wpb_text_column wpb_content_element\" >\n\t\t<div class=\"wpb_wrapper\">\n\t\t\t<p style=\"text-align: justify !important;\">Alianza entre OIM, Microsoft, Computer Aid y Empresas de Nari\u00f1o Ltda. Donaci\u00f3n de ONG de Inglaterra de 450 computadores repotencializados, transporte desde Inglaterra hasta Colombia por barco y luego desplazamiento terrestre desde Buenaventura hasta las zonas caficutloras de Nari\u00f1o. Se distribuyeron entre 50 escuelas rurales de zonas cafeteras de Nari\u00f1o. Se hizo instalaci\u00f3n de los computadores y capacitaci\u00f3n en su manejo para estudiantes y profesores de los 50 colegios. Las licencias y el software fue donado por Microsoft.<\/p>\n<p><img loading=\"lazy\" decoding=\"async\" class=\"size-medium wp-image-8297 aligncenter\" src=\"https:\/\/fundacioncarcafe.aicode-test.art\/wp-content\/uploads\/2022\/07\/9a61dc33e868068ad5d80c51bd860595-300x167.png\" alt=\"\" width=\"300\" height=\"167\" srcset=\"https:\/\/fundacioncarcafe.co\/wp-content\/uploads\/2022\/07\/9a61dc33e868068ad5d80c51bd860595-300x167.png 300w, https:\/\/fundacioncarcafe.co\/wp-content\/uploads\/2022\/07\/9a61dc33e868068ad5d80c51bd860595-16x9.png 16w, https:\/\/fundacioncarcafe.co\/wp-content\/uploads\/2022\/07\/9a61dc33e868068ad5d80c51bd860595-150x83.png 150w, https:\/\/fundacioncarcafe.co\/wp-content\/uploads\/2022\/07\/9a61dc33e868068ad5d80c51bd860595.png 674w\" sizes=\"auto, (max-width: 300px) 100vw, 300px\" \/><\/p>\n\n\t\t<\/div>\n\t<\/div>\n<\/div><\/div><\/div><\/div><\/div><\/div><style data-type=\"vc_shortcodes-custom-css\"><\/style> \n\t\t\t\t\t\t\t<\/rs-layer><!--\n\n\t\t\t\t\t\t\t--><rs-layer\n\t\t\t\t\t\t\t\tid=\"slider-47-slide-136-layer-19\" \n\t\t\t\t\t\t\t\tdata-type=\"text\"\n\t\t\t\t\t\t\t\tdata-color=\"#000000\"\n\t\t\t\t\t\t\t\tdata-rsp_ch=\"on\"\n\t\t\t\t\t\t\t\tdata-xy=\"x:131px;y:275px;\"\n\t\t\t\t\t\t\t\tdata-text=\"w:normal;\"\n\t\t\t\t\t\t\t\tdata-frame_999=\"o:0;st:w;\"\n\t\t\t\t\t\t\t\tstyle=\"z-index:25;font-family:'Roboto';\"\n\t\t\t\t\t\t\t><div class=\"vc_row wpb_row vc_row-fluid\"><div class=\"wpb_column vc_column_container vc_col-sm-12\"><div class=\"vc_column-inner\"><div class=\"wpb_wrapper\"><div id=\"wd-6170734ceea29\" class=\"wd-button-wrapper text-center\"><a href=\"#escuela-san-antonio-2004\" title=\"\" class=\"btn btn-color-default btn-style-link btn-shape-rectangle btn-size-default wd-open-popup \">M\u00e1s Informaci\u00f3n<\/a><\/div><div id=\"escuela-san-antonio-2004\" class=\"mfp-with-anim wd-popup mfp-hide\" style=\"max-width:800px;\"><div class=\"wd-popup-inner\">\n\t<div  class=\"wpb_single_image wpb_content_element vc_align_left\">\n\t\t\n\t\t<figure class=\"wpb_wrapper vc_figure\">\n\t\t\t<div class=\"vc_single_image-wrapper   vc_box_border_grey\"><img loading=\"lazy\" decoding=\"async\" width=\"300\" height=\"84\" src=\"https:\/\/fundacioncarcafe.co\/wp-content\/uploads\/2021\/10\/1-2004-300x84.png\" class=\"vc_single_image-img attachment-medium\" alt=\"\" title=\"2004\" srcset=\"https:\/\/fundacioncarcafe.co\/wp-content\/uploads\/2021\/10\/1-2004-300x84.png 300w, https:\/\/fundacioncarcafe.co\/wp-content\/uploads\/2021\/10\/1-2004-16x4.png 16w, https:\/\/fundacioncarcafe.co\/wp-content\/uploads\/2021\/10\/1-2004-150x42.png 150w, https:\/\/fundacioncarcafe.co\/wp-content\/uploads\/2021\/10\/1-2004.png 316w\" sizes=\"auto, (max-width: 300px) 100vw, 300px\" \/><\/div>\n\t\t<\/figure>\n\t<\/div>\n\t\t\n\t\t<div id=\"wd-6290ce3fbf079\" class=\"title-wrapper wd-wpb set-mb-s reset-last-child  wd-title-color-default wd-title-style-default wd-width-100 text-center \">\n\t\t\t\n\t\t\t<div class=\"liner-continer\">\n\t\t\t\t<h4 class=\"woodmart-title-container title  wd-font-weight-600 wd-fontsize-xl\" >Colegio Escuela San Antonio \u2013 Sandon\u00e1, Nari\u00f1o<\/h4>\n\t\t\t\t\t\t\t<\/div>\n\t\t\t\n\t\t\t\n\t\t\t\t\t<\/div>\n\t\t\n\t\t\n\t<div class=\"wpb_text_column wpb_content_element\" >\n\t\t<div class=\"wpb_wrapper\">\n\t\t\t<p style=\"text-align: justify !important;\">Alianza entre La Minita Coffee Roasters y Empresas de Nari\u00f1o Ltda. Escuela San Antonio para uso de 36 estudiantes. Se realizo remodelaci\u00f3n de la unidad sanitaria y reparaci\u00f3n de instalaciones de agua potable y sanitarios; se amplio el patio para recreaci\u00f3n de los alumnos, y se hizo muro de contenci\u00f3n para proteger a los estudiantes de posibles derrumbes de tierra.<\/p>\n<p><img loading=\"lazy\" decoding=\"async\" class=\"size-medium wp-image-8295 aligncenter\" src=\"https:\/\/fundacioncarcafe.aicode-test.art\/wp-content\/uploads\/2022\/07\/f3b9f7f5f8da6ee34c213dcdd8efde8c-300x225.png\" alt=\"\" width=\"300\" height=\"225\" srcset=\"https:\/\/fundacioncarcafe.co\/wp-content\/uploads\/2022\/07\/f3b9f7f5f8da6ee34c213dcdd8efde8c-300x225.png 300w, https:\/\/fundacioncarcafe.co\/wp-content\/uploads\/2022\/07\/f3b9f7f5f8da6ee34c213dcdd8efde8c-16x12.png 16w, https:\/\/fundacioncarcafe.co\/wp-content\/uploads\/2022\/07\/f3b9f7f5f8da6ee34c213dcdd8efde8c-150x112.png 150w, https:\/\/fundacioncarcafe.co\/wp-content\/uploads\/2022\/07\/f3b9f7f5f8da6ee34c213dcdd8efde8c.png 542w\" sizes=\"auto, (max-width: 300px) 100vw, 300px\" \/><\/p>\n\n\t\t<\/div>\n\t<\/div>\n<\/div><\/div><\/div><\/div><\/div><\/div><style data-type=\"vc_shortcodes-custom-css\"><\/style> \n\t\t\t\t\t\t\t<\/rs-layer><!--\n\n\t\t\t\t\t\t\t--><rs-layer\n\t\t\t\t\t\t\t\tid=\"slider-47-slide-136-layer-23\" \n\t\t\t\t\t\t\t\tdata-type=\"text\"\n\t\t\t\t\t\t\t\tdata-color=\"#339059\"\n\t\t\t\t\t\t\t\tdata-rsp_ch=\"on\"\n\t\t\t\t\t\t\t\tdata-xy=\"x:50px;y:20px;\"\n\t\t\t\t\t\t\t\tdata-text=\"w:normal;s:40;l:44;fw:700;a:center;\"\n\t\t\t\t\t\t\t\tdata-dim=\"w:326px;h:47px;\"\n\t\t\t\t\t\t\t\tdata-frame_999=\"o:0;st:w;\"\n\t\t\t\t\t\t\t\tstyle=\"z-index:29;font-family:'Montserrat';\"\n\t\t\t\t\t\t\t>2004 - 2004 \n\t\t\t\t\t\t\t<\/rs-layer><!--\n\n\t\t\t\t\t\t\t--><rs-layer\n\t\t\t\t\t\t\t\tid=\"slider-47-slide-136-layer-24\" \n\t\t\t\t\t\t\t\tdata-type=\"text\"\n\t\t\t\t\t\t\t\tdata-color=\"#339059\"\n\t\t\t\t\t\t\t\tdata-rsp_ch=\"on\"\n\t\t\t\t\t\t\t\tdata-xy=\"x:458px;y:28px;\"\n\t\t\t\t\t\t\t\tdata-text=\"w:normal;s:40;l:44;fw:700;a:center;\"\n\t\t\t\t\t\t\t\tdata-dim=\"w:326px;h:47px;\"\n\t\t\t\t\t\t\t\tdata-frame_999=\"o:0;st:w;\"\n\t\t\t\t\t\t\t\tstyle=\"z-index:29;font-family:'Montserrat';\"\n\t\t\t\t\t\t\t>2004 - 2007 \n\t\t\t\t\t\t\t<\/rs-layer><!--\n\n\t\t\t\t\t\t\t--><rs-layer\n\t\t\t\t\t\t\t\tid=\"slider-47-slide-136-layer-26\" \n\t\t\t\t\t\t\t\tdata-type=\"text\"\n\t\t\t\t\t\t\t\tdata-color=\"#339059\"\n\t\t\t\t\t\t\t\tdata-rsp_ch=\"on\"\n\t\t\t\t\t\t\t\tdata-xy=\"x:861px;y:29px;\"\n\t\t\t\t\t\t\t\tdata-text=\"w:normal;s:50;l:44;fw:700;a:center;\"\n\t\t\t\t\t\t\t\tdata-dim=\"w:326px;h:47px;\"\n\t\t\t\t\t\t\t\tdata-frame_999=\"o:0;st:w;\"\n\t\t\t\t\t\t\t\tstyle=\"z-index:29;font-family:'Montserrat';\"\n\t\t\t\t\t\t\t>2004 - 2007 \n\t\t\t\t\t\t\t<\/rs-layer><!--\n-->\t\t\t\t\t\t<\/rs-slide>\n\t\t\t\t\t\t<rs-slide style=\"position: absolute;\" data-key=\"rs-157\" data-title=\"Slide\" data-anim=\"adpr:false;\" data-in=\"o:0;\" data-out=\"a:false;\">\n\t\t\t\t\t\t\t<img decoding=\"async\" src=\"\/\/fundacioncarcafe.co\/wp-content\/plugins\/revslider\/public\/assets\/assets\/dummy.png\" alt=\"Slide\" title=\"Nuestra trayectoria\" class=\"rev-slidebg tp-rs-img rs-lazyload\" data-lazyload=\"\/\/fundacioncarcafe.co\/wp-content\/plugins\/revslider\/public\/assets\/assets\/transparent.png\" data-no-retina>\n<!--\n\t\t\t\t\t\t\t--><rs-layer\n\t\t\t\t\t\t\t\tid=\"slider-47-slide-157-layer-0\" \n\t\t\t\t\t\t\t\tdata-type=\"shape\"\n\t\t\t\t\t\t\t\tdata-rsp_ch=\"on\"\n\t\t\t\t\t\t\t\tdata-xy=\"x:-1px;y:-4px;\"\n\t\t\t\t\t\t\t\tdata-text=\"w:normal;\"\n\t\t\t\t\t\t\t\tdata-dim=\"w:1241px;h:351px;\"\n\t\t\t\t\t\t\t\tdata-frame_999=\"o:0;st:w;\"\n\t\t\t\t\t\t\t\tstyle=\"z-index:8;background-color:#EDEDED;\"\n\t\t\t\t\t\t\t> \n\t\t\t\t\t\t\t<\/rs-layer><!--\n\n\t\t\t\t\t\t\t--><rs-layer\n\t\t\t\t\t\t\t\tid=\"slider-47-slide-157-layer-6\" \n\t\t\t\t\t\t\t\tdata-type=\"text\"\n\t\t\t\t\t\t\t\tdata-color=\"#000000\"\n\t\t\t\t\t\t\t\tdata-rsp_ch=\"on\"\n\t\t\t\t\t\t\t\tdata-xy=\"x:65px;y:53px;\"\n\t\t\t\t\t\t\t\tdata-text=\"w:normal;s:20;fw:700;a:center;\"\n\t\t\t\t\t\t\t\tdata-dim=\"w:375px;\"\n\t\t\t\t\t\t\t\tdata-frame_999=\"o:0;st:w;\"\n\t\t\t\t\t\t\t\tstyle=\"z-index:13;font-family:'Montserrat';\"\n\t\t\t\t\t\t\t><br \/>\nEscuela Rural Mixta Quebradahonda \n\t\t\t\t\t\t\t<\/rs-layer><!--\n\n\t\t\t\t\t\t\t--><rs-layer\n\t\t\t\t\t\t\t\tid=\"slider-47-slide-157-layer-7\" \n\t\t\t\t\t\t\t\tdata-type=\"text\"\n\t\t\t\t\t\t\t\tdata-color=\"#6c6c6c\"\n\t\t\t\t\t\t\t\tdata-rsp_ch=\"on\"\n\t\t\t\t\t\t\t\tdata-xy=\"x:96px;y:150px;\"\n\t\t\t\t\t\t\t\tdata-text=\"w:normal;s:15;l:20;\"\n\t\t\t\t\t\t\t\tdata-dim=\"w:359px;\"\n\t\t\t\t\t\t\t\tdata-frame_999=\"o:0;st:w;\"\n\t\t\t\t\t\t\t\tstyle=\"z-index:16;font-family:'Roboto';\"\n\t\t\t\t\t\t\t>Proyecto de Educacion.  Remodelacion de colegio en La Florida, Nari\u00f1o. Construccion de nuevos ba\u00f1os para ni\u00f1os y ni\u00f1as. 82 estudiantes. Alianza entre tostador de cafe La Minita y Empresas de Nari\u00f1o Ltda. \n\t\t\t\t\t\t\t<\/rs-layer><!--\n\n\t\t\t\t\t\t\t--><rs-layer\n\t\t\t\t\t\t\t\tid=\"slider-47-slide-157-layer-19\" \n\t\t\t\t\t\t\t\tdata-type=\"text\"\n\t\t\t\t\t\t\t\tdata-color=\"#000000\"\n\t\t\t\t\t\t\t\tdata-rsp_ch=\"on\"\n\t\t\t\t\t\t\t\tdata-xy=\"x:151px;y:288px;\"\n\t\t\t\t\t\t\t\tdata-text=\"w:normal;\"\n\t\t\t\t\t\t\t\tdata-frame_999=\"o:0;st:w;\"\n\t\t\t\t\t\t\t\tstyle=\"z-index:25;font-family:'Roboto';\"\n\t\t\t\t\t\t\t><div class=\"vc_row wpb_row vc_row-fluid\"><div class=\"wpb_column vc_column_container vc_col-sm-12\"><div class=\"vc_column-inner\"><div class=\"wpb_wrapper\"><div id=\"wd-628faebda1f5f\" class=\"wd-button-wrapper text-center\"><a href=\"#escuela-quebradahonda-2004\" title=\"\" class=\"btn btn-color-default btn-style-link btn-shape-rectangle btn-size-default wd-open-popup \">M\u00e1s Informaci\u00f3n<\/a><\/div><div id=\"escuela-quebradahonda-2004\" class=\"mfp-with-anim wd-popup mfp-hide\" style=\"max-width:800px;\"><div class=\"wd-popup-inner\">\n\t<div  class=\"wpb_single_image wpb_content_element vc_align_left\">\n\t\t\n\t\t<figure class=\"wpb_wrapper vc_figure\">\n\t\t\t<div class=\"vc_single_image-wrapper   vc_box_border_grey\"><img loading=\"lazy\" decoding=\"async\" width=\"300\" height=\"84\" src=\"https:\/\/fundacioncarcafe.co\/wp-content\/uploads\/2021\/10\/1-2004-300x84.png\" class=\"vc_single_image-img attachment-medium\" alt=\"\" title=\"2004\" srcset=\"https:\/\/fundacioncarcafe.co\/wp-content\/uploads\/2021\/10\/1-2004-300x84.png 300w, https:\/\/fundacioncarcafe.co\/wp-content\/uploads\/2021\/10\/1-2004-16x4.png 16w, https:\/\/fundacioncarcafe.co\/wp-content\/uploads\/2021\/10\/1-2004-150x42.png 150w, https:\/\/fundacioncarcafe.co\/wp-content\/uploads\/2021\/10\/1-2004.png 316w\" sizes=\"auto, (max-width: 300px) 100vw, 300px\" \/><\/div>\n\t\t<\/figure>\n\t<\/div>\n\t\t\n\t\t<div id=\"wd-6290ced1334f6\" class=\"title-wrapper wd-wpb set-mb-s reset-last-child  wd-title-color-default wd-title-style-default wd-width-100 text-left \">\n\t\t\t\n\t\t\t<div class=\"liner-continer\">\n\t\t\t\t<h4 class=\"woodmart-title-container title  wd-font-weight-600 wd-fontsize-xl\" >Colegio Escuela Rural Mixta Quebradahonda \u2013 La Florida, Nari\u00f1o<\/h4>\n\t\t\t\t\t\t\t<\/div>\n\t\t\t\n\t\t\t\n\t\t\t\t\t<\/div>\n\t\t\n\t\t\n\t<div class=\"wpb_text_column wpb_content_element\" >\n\t\t<div class=\"wpb_wrapper\">\n\t\t\t<p style=\"text-align: justify !important;\">Alianza entre La Minita Coffee Roasters y Empresas de Nari\u00f1o Ltda. Escuela Quebrada Honda para 82 estudiantes: demolici\u00f3n de la unidad sanitaria existente y construcci\u00f3n de otra en el mismo sitio, construcci\u00f3n de pozo s\u00e9ptico con sus respectivas redes sanitarias.<\/p>\n<p><img loading=\"lazy\" decoding=\"async\" class=\"size-medium wp-image-8298 aligncenter\" src=\"https:\/\/fundacioncarcafe.aicode-test.art\/wp-content\/uploads\/2022\/07\/31c6c2069ee0a9460583d633ed2c19f0-197x300.png\" alt=\"\" width=\"197\" height=\"300\" srcset=\"https:\/\/fundacioncarcafe.co\/wp-content\/uploads\/2022\/07\/31c6c2069ee0a9460583d633ed2c19f0-197x300.png 197w, https:\/\/fundacioncarcafe.co\/wp-content\/uploads\/2022\/07\/31c6c2069ee0a9460583d633ed2c19f0-8x12.png 8w, https:\/\/fundacioncarcafe.co\/wp-content\/uploads\/2022\/07\/31c6c2069ee0a9460583d633ed2c19f0-150x229.png 150w, https:\/\/fundacioncarcafe.co\/wp-content\/uploads\/2022\/07\/31c6c2069ee0a9460583d633ed2c19f0.png 544w\" sizes=\"auto, (max-width: 197px) 100vw, 197px\" \/><\/p>\n\n\t\t<\/div>\n\t<\/div>\n<\/div><\/div><\/div><\/div><\/div><\/div><style data-type=\"vc_shortcodes-custom-css\"><\/style> \n\t\t\t\t\t\t\t<\/rs-layer><!--\n\n\t\t\t\t\t\t\t--><rs-layer\n\t\t\t\t\t\t\t\tid=\"slider-47-slide-157-layer-22\" \n\t\t\t\t\t\t\t\tdata-type=\"shape\"\n\t\t\t\t\t\t\t\tdata-rsp_ch=\"on\"\n\t\t\t\t\t\t\t\tdata-xy=\"x:570px;y:41px;\"\n\t\t\t\t\t\t\t\tdata-text=\"w:normal;\"\n\t\t\t\t\t\t\t\tdata-dim=\"w:1px;h:200px;\"\n\t\t\t\t\t\t\t\tdata-vbility=\"t,t,t,f\"\n\t\t\t\t\t\t\t\tdata-frame_999=\"o:0;st:w;\"\n\t\t\t\t\t\t\t\tstyle=\"z-index:19;background-color:#707070;\"\n\t\t\t\t\t\t\t> \n\t\t\t\t\t\t\t<\/rs-layer><!--\n\n\t\t\t\t\t\t\t--><rs-layer\n\t\t\t\t\t\t\t\tid=\"slider-47-slide-157-layer-23\" \n\t\t\t\t\t\t\t\tdata-type=\"text\"\n\t\t\t\t\t\t\t\tdata-color=\"#339059\"\n\t\t\t\t\t\t\t\tdata-rsp_ch=\"on\"\n\t\t\t\t\t\t\t\tdata-xy=\"x:94px;y:22px;\"\n\t\t\t\t\t\t\t\tdata-text=\"w:normal;s:40;l:44;fw:700;a:center;\"\n\t\t\t\t\t\t\t\tdata-dim=\"w:326px;h:47px;\"\n\t\t\t\t\t\t\t\tdata-frame_999=\"o:0;st:w;\"\n\t\t\t\t\t\t\t\tstyle=\"z-index:29;font-family:'Montserrat';\"\n\t\t\t\t\t\t\t>2004 - 2004 \n\t\t\t\t\t\t\t<\/rs-layer><!--\n\n\t\t\t\t\t\t\t--><rs-layer\n\t\t\t\t\t\t\t\tid=\"slider-47-slide-157-layer-47\" \n\t\t\t\t\t\t\t\tdata-type=\"text\"\n\t\t\t\t\t\t\t\tdata-color=\"#339059\"\n\t\t\t\t\t\t\t\tdata-rsp_ch=\"on\"\n\t\t\t\t\t\t\t\tdata-xy=\"x:737px;y:12px;\"\n\t\t\t\t\t\t\t\tdata-text=\"w:normal;s:40;l:44;fw:700;a:center;\"\n\t\t\t\t\t\t\t\tdata-dim=\"w:326px;h:47px;\"\n\t\t\t\t\t\t\t\tdata-frame_999=\"o:0;st:w;\"\n\t\t\t\t\t\t\t\tstyle=\"z-index:29;font-family:'Montserrat';\"\n\t\t\t\t\t\t\t>2004 - 2004 \n\t\t\t\t\t\t\t<\/rs-layer><!--\n\n\t\t\t\t\t\t\t--><rs-layer\n\t\t\t\t\t\t\t\tid=\"slider-47-slide-157-layer-48\" \n\t\t\t\t\t\t\t\tdata-type=\"text\"\n\t\t\t\t\t\t\t\tdata-color=\"#000000\"\n\t\t\t\t\t\t\t\tdata-rsp_ch=\"on\"\n\t\t\t\t\t\t\t\tdata-xy=\"x:746px;y:70px;\"\n\t\t\t\t\t\t\t\tdata-text=\"w:normal;s:20;fw:700;a:center;\"\n\t\t\t\t\t\t\t\tdata-dim=\"w:305px;\"\n\t\t\t\t\t\t\t\tdata-frame_999=\"o:0;st:w;\"\n\t\t\t\t\t\t\t\tstyle=\"z-index:13;font-family:'Montserrat';\"\n\t\t\t\t\t\t\t>Escuela Rural Mixta Rosapamba \n\t\t\t\t\t\t\t<\/rs-layer><!--\n\n\t\t\t\t\t\t\t--><rs-layer\n\t\t\t\t\t\t\t\tid=\"slider-47-slide-157-layer-49\" \n\t\t\t\t\t\t\t\tdata-type=\"text\"\n\t\t\t\t\t\t\t\tdata-color=\"#6c6c6c\"\n\t\t\t\t\t\t\t\tdata-rsp_ch=\"on\"\n\t\t\t\t\t\t\t\tdata-xy=\"x:720px;y:139px;\"\n\t\t\t\t\t\t\t\tdata-text=\"w:normal;s:15;l:20;\"\n\t\t\t\t\t\t\t\tdata-dim=\"w:359px;\"\n\t\t\t\t\t\t\t\tdata-frame_999=\"o:0;st:w;\"\n\t\t\t\t\t\t\t\tstyle=\"z-index:16;font-family:'Roboto';\"\n\t\t\t\t\t\t\t>Proyecto de Educacion.  Remodelacion de 4 aulas de clase, cambio de pisos y pintura en La Florida, Nari\u00f1o. 105 estudiantes. Alianza entre tostador de cafe La Minita y Empresas de Nari\u00f1o Ltda. \n\t\t\t\t\t\t\t<\/rs-layer><!--\n\n\t\t\t\t\t\t\t--><rs-layer\n\t\t\t\t\t\t\t\tid=\"slider-47-slide-157-layer-50\" \n\t\t\t\t\t\t\t\tdata-type=\"text\"\n\t\t\t\t\t\t\t\tdata-color=\"#000000\"\n\t\t\t\t\t\t\t\tdata-rsp_ch=\"on\"\n\t\t\t\t\t\t\t\tdata-xy=\"x:805px;y:250px;\"\n\t\t\t\t\t\t\t\tdata-text=\"w:normal;\"\n\t\t\t\t\t\t\t\tdata-frame_999=\"o:0;st:w;\"\n\t\t\t\t\t\t\t\tstyle=\"z-index:25;font-family:'Roboto';\"\n\t\t\t\t\t\t\t><div class=\"vc_row wpb_row vc_row-fluid\"><div class=\"wpb_column vc_column_container vc_col-sm-12\"><div class=\"vc_column-inner\"><div class=\"wpb_wrapper\"><div id=\"wd-6170408db8c62\" class=\"wd-button-wrapper text-center\"><a href=\"#escuela-rosapamba-2004\" title=\"\" class=\"btn btn-color-default btn-style-link btn-shape-rectangle btn-size-default wd-open-popup \">M\u00e1s Informaci\u00f3n<\/a><\/div><div id=\"escuela-rosapamba-2004\" class=\"mfp-with-anim wd-popup mfp-hide\" style=\"max-width:800px;\"><div class=\"wd-popup-inner\">\n\t<div  class=\"wpb_single_image wpb_content_element vc_align_left\">\n\t\t\n\t\t<figure class=\"wpb_wrapper vc_figure\">\n\t\t\t<div class=\"vc_single_image-wrapper   vc_box_border_grey\"><img loading=\"lazy\" decoding=\"async\" width=\"300\" height=\"84\" src=\"https:\/\/fundacioncarcafe.co\/wp-content\/uploads\/2021\/10\/1-2004-300x84.png\" class=\"vc_single_image-img attachment-medium\" alt=\"\" title=\"2004\" srcset=\"https:\/\/fundacioncarcafe.co\/wp-content\/uploads\/2021\/10\/1-2004-300x84.png 300w, https:\/\/fundacioncarcafe.co\/wp-content\/uploads\/2021\/10\/1-2004-16x4.png 16w, https:\/\/fundacioncarcafe.co\/wp-content\/uploads\/2021\/10\/1-2004-150x42.png 150w, https:\/\/fundacioncarcafe.co\/wp-content\/uploads\/2021\/10\/1-2004.png 316w\" sizes=\"auto, (max-width: 300px) 100vw, 300px\" \/><\/div>\n\t\t<\/figure>\n\t<\/div>\n\t\t\n\t\t<div id=\"wd-6290ce1b27ecc\" class=\"title-wrapper wd-wpb set-mb-s reset-last-child  wd-title-color-default wd-title-style-default wd-width-100 text-center \">\n\t\t\t\n\t\t\t<div class=\"liner-continer\">\n\t\t\t\t<h4 class=\"woodmart-title-container title  wd-font-weight-600 wd-fontsize-xl\" >Colegio Escuela Rural Mixta Rosapamba \u2013 La Florida, Nari\u00f1o<\/h4>\n\t\t\t\t\t\t\t<\/div>\n\t\t\t\n\t\t\t\n\t\t\t\t\t<\/div>\n\t\t\n\t\t\n\t<div class=\"wpb_text_column wpb_content_element\" >\n\t\t<div class=\"wpb_wrapper\">\n\t\t\t<p style=\"text-align: justify !important;\">Alianza entre La Minita Coffee Roasters y Empresas de Nari\u00f1o Ltda. Escuela Rural Mixta Rosampamba, se cambiaron los pisos de 4 aulas de clase existentes para uso de 104 estudiantes.<\/p>\n<p><img loading=\"lazy\" decoding=\"async\" class=\"size-medium wp-image-8304 aligncenter\" src=\"https:\/\/fundacioncarcafe.aicode-test.art\/wp-content\/uploads\/2022\/07\/0fcf1a79f22a02ff540f68fcc38143fa-195x300.jpg\" alt=\"\" width=\"195\" height=\"300\" srcset=\"https:\/\/fundacioncarcafe.co\/wp-content\/uploads\/2022\/07\/0fcf1a79f22a02ff540f68fcc38143fa-195x300.jpg 195w, https:\/\/fundacioncarcafe.co\/wp-content\/uploads\/2022\/07\/0fcf1a79f22a02ff540f68fcc38143fa-8x12.jpg 8w, https:\/\/fundacioncarcafe.co\/wp-content\/uploads\/2022\/07\/0fcf1a79f22a02ff540f68fcc38143fa-150x231.jpg 150w, https:\/\/fundacioncarcafe.co\/wp-content\/uploads\/2022\/07\/0fcf1a79f22a02ff540f68fcc38143fa.jpg 564w\" sizes=\"auto, (max-width: 195px) 100vw, 195px\" \/><\/p>\n\n\t\t<\/div>\n\t<\/div>\n<\/div><\/div><\/div><\/div><\/div><\/div><style data-type=\"vc_shortcodes-custom-css\"><\/style> \n\t\t\t\t\t\t\t<\/rs-layer><!--\n-->\t\t\t\t\t\t<\/rs-slide>\n\t\t\t\t\t\t<rs-slide style=\"position: absolute;\" data-key=\"rs-137\" data-title=\"Slide\" data-anim=\"adpr:false;\" data-in=\"o:0;\" data-out=\"a:false;\">\n\t\t\t\t\t\t\t<img decoding=\"async\" src=\"\/\/fundacioncarcafe.co\/wp-content\/plugins\/revslider\/public\/assets\/assets\/dummy.png\" alt=\"Slide\" title=\"Nuestra trayectoria\" class=\"rev-slidebg tp-rs-img rs-lazyload\" data-lazyload=\"\/\/fundacioncarcafe.co\/wp-content\/plugins\/revslider\/public\/assets\/assets\/transparent.png\" data-no-retina>\n<!--\n\t\t\t\t\t\t\t--><rs-layer\n\t\t\t\t\t\t\t\tid=\"slider-47-slide-137-layer-0\" \n\t\t\t\t\t\t\t\tdata-type=\"shape\"\n\t\t\t\t\t\t\t\tdata-rsp_ch=\"on\"\n\t\t\t\t\t\t\t\tdata-xy=\"x:-2px;y:-4px;\"\n\t\t\t\t\t\t\t\tdata-text=\"w:normal;\"\n\t\t\t\t\t\t\t\tdata-dim=\"w:1241px;h:351px;\"\n\t\t\t\t\t\t\t\tdata-frame_999=\"o:0;st:w;\"\n\t\t\t\t\t\t\t\tstyle=\"z-index:8;background-color:#EDEDED;\"\n\t\t\t\t\t\t\t> \n\t\t\t\t\t\t\t<\/rs-layer><!--\n\n\t\t\t\t\t\t\t--><rs-layer\n\t\t\t\t\t\t\t\tid=\"slider-47-slide-137-layer-2\" \n\t\t\t\t\t\t\t\tdata-type=\"text\"\n\t\t\t\t\t\t\t\tdata-color=\"#000000\"\n\t\t\t\t\t\t\t\tdata-rsp_ch=\"on\"\n\t\t\t\t\t\t\t\tdata-xy=\"x:859px;y:82px;\"\n\t\t\t\t\t\t\t\tdata-text=\"w:normal;s:22;fw:700;a:center;\"\n\t\t\t\t\t\t\t\tdata-dim=\"w:307px;\"\n\t\t\t\t\t\t\t\tdata-frame_999=\"o:0;st:w;\"\n\t\t\t\t\t\t\t\tstyle=\"z-index:14;font-family:'Montserrat';\"\n\t\t\t\t\t\t\t>Remodelaci\u00f3n de vivienda rural \u2013 Norte de Nari\u00f1o \n\t\t\t\t\t\t\t<\/rs-layer><!--\n\n\t\t\t\t\t\t\t--><rs-layer\n\t\t\t\t\t\t\t\tid=\"slider-47-slide-137-layer-3\" \n\t\t\t\t\t\t\t\tdata-type=\"text\"\n\t\t\t\t\t\t\t\tdata-color=\"#6c6c6c\"\n\t\t\t\t\t\t\t\tdata-rsp_ch=\"on\"\n\t\t\t\t\t\t\t\tdata-xy=\"x:843px;y:139px;\"\n\t\t\t\t\t\t\t\tdata-text=\"w:normal;s:15;l:20;\"\n\t\t\t\t\t\t\t\tdata-dim=\"w:357px;\"\n\t\t\t\t\t\t\t\tdata-frame_999=\"o:0;st:w;\"\n\t\t\t\t\t\t\t\tstyle=\"z-index:17;font-family:'Roboto';\"\n\t\t\t\t\t\t\t>Reforma de 164 viviendas para familias caficultoras de Nari\u00f1o.  Alianza entre ACDI VOCA, IRRIMER, Starbucks y Empresas de Nari\u00f1o Ltda. \n\t\t\t\t\t\t\t<\/rs-layer><!--\n\n\t\t\t\t\t\t\t--><rs-layer\n\t\t\t\t\t\t\t\tid=\"slider-47-slide-137-layer-4\" \n\t\t\t\t\t\t\t\tdata-type=\"shape\"\n\t\t\t\t\t\t\t\tdata-rsp_ch=\"on\"\n\t\t\t\t\t\t\t\tdata-xy=\"x:400px;y:41px;\"\n\t\t\t\t\t\t\t\tdata-text=\"w:normal;\"\n\t\t\t\t\t\t\t\tdata-dim=\"w:1px;h:200px;\"\n\t\t\t\t\t\t\t\tdata-vbility=\"t,t,t,f\"\n\t\t\t\t\t\t\t\tdata-frame_999=\"o:0;st:w;\"\n\t\t\t\t\t\t\t\tstyle=\"z-index:19;background-color:#707070;\"\n\t\t\t\t\t\t\t> \n\t\t\t\t\t\t\t<\/rs-layer><!--\n\n\t\t\t\t\t\t\t--><rs-layer\n\t\t\t\t\t\t\t\tid=\"slider-47-slide-137-layer-6\" \n\t\t\t\t\t\t\t\tdata-type=\"text\"\n\t\t\t\t\t\t\t\tdata-color=\"#000000\"\n\t\t\t\t\t\t\t\tdata-rsp_ch=\"on\"\n\t\t\t\t\t\t\t\tdata-xy=\"x:35px;y:89px;\"\n\t\t\t\t\t\t\t\tdata-text=\"w:normal;s:20;fw:700;a:center;\"\n\t\t\t\t\t\t\t\tdata-dim=\"w:325px;\"\n\t\t\t\t\t\t\t\tdata-frame_999=\"o:0;st:w;\"\n\t\t\t\t\t\t\t\tstyle=\"z-index:13;font-family:'Montserrat';\"\n\t\t\t\t\t\t\t>Colegio Nuestra Se\u00f1ora del Carmen \u2013 La Florida, Nari\u00f1o \n\t\t\t\t\t\t\t<\/rs-layer><!--\n\n\t\t\t\t\t\t\t--><rs-layer\n\t\t\t\t\t\t\t\tid=\"slider-47-slide-137-layer-7\" \n\t\t\t\t\t\t\t\tdata-type=\"text\"\n\t\t\t\t\t\t\t\tdata-color=\"#6c6c6c\"\n\t\t\t\t\t\t\t\tdata-rsp_ch=\"on\"\n\t\t\t\t\t\t\t\tdata-xy=\"x:20px;y:149px;\"\n\t\t\t\t\t\t\t\tdata-text=\"w:normal;s:15;l:20;\"\n\t\t\t\t\t\t\t\tdata-dim=\"w:359px;\"\n\t\t\t\t\t\t\t\tdata-frame_999=\"o:0;st:w;\"\n\t\t\t\t\t\t\t\tstyle=\"z-index:16;font-family:'Roboto';\"\n\t\t\t\t\t\t\t>Proyecto de Educaci\u00f3n.  Construcci\u00f3n de nuevo sal\u00f3n comunal en La Florida, Nari\u00f1o.  165 estudiantes. Alianza entre tostador de caf\u00e9 La Minita y Empresas de Nari\u00f1o Ltda. \n\t\t\t\t\t\t\t<\/rs-layer><!--\n\n\t\t\t\t\t\t\t--><rs-layer\n\t\t\t\t\t\t\t\tid=\"slider-47-slide-137-layer-8\" \n\t\t\t\t\t\t\t\tdata-type=\"shape\"\n\t\t\t\t\t\t\t\tdata-rsp_ch=\"on\"\n\t\t\t\t\t\t\t\tdata-xy=\"x:824px;y:40px;\"\n\t\t\t\t\t\t\t\tdata-text=\"w:normal;\"\n\t\t\t\t\t\t\t\tdata-dim=\"w:1px;h:200px;\"\n\t\t\t\t\t\t\t\tdata-vbility=\"t,t,t,f\"\n\t\t\t\t\t\t\t\tdata-frame_999=\"o:0;st:w;\"\n\t\t\t\t\t\t\t\tstyle=\"z-index:18;background-color:#707070;\"\n\t\t\t\t\t\t\t> \n\t\t\t\t\t\t\t<\/rs-layer><!--\n\n\t\t\t\t\t\t\t--><rs-layer\n\t\t\t\t\t\t\t\tid=\"slider-47-slide-137-layer-9\" \n\t\t\t\t\t\t\t\tdata-type=\"text\"\n\t\t\t\t\t\t\t\tdata-color=\"#6c6c6c\"\n\t\t\t\t\t\t\t\tdata-rsp_ch=\"on\"\n\t\t\t\t\t\t\t\tdata-xy=\"x:420px;y:149px;\"\n\t\t\t\t\t\t\t\tdata-text=\"w:normal;s:15;l:20;\"\n\t\t\t\t\t\t\t\tdata-dim=\"w:391px;\"\n\t\t\t\t\t\t\t\tdata-frame_999=\"o:0;st:w;\"\n\t\t\t\t\t\t\t\tstyle=\"z-index:15;font-family:'Roboto';\"\n\t\t\t\t\t\t\t>Becas de estudio para 145 estudiantes incluyendo matricula y mensualidad, comidas en el colegio y auxilio de alimentaci\u00f3n para las familias de los estudiantes.  Colegio manejado por la Fundaci\u00f3n Sol y Luna.  Alianza entre Strabucks y Empresas de Nari\u00f1o Ltda. \n\t\t\t\t\t\t\t<\/rs-layer><!--\n\n\t\t\t\t\t\t\t--><rs-layer\n\t\t\t\t\t\t\t\tid=\"slider-47-slide-137-layer-10\" \n\t\t\t\t\t\t\t\tdata-type=\"text\"\n\t\t\t\t\t\t\t\tdata-color=\"#000000\"\n\t\t\t\t\t\t\t\tdata-rsp_ch=\"on\"\n\t\t\t\t\t\t\t\tdata-xy=\"x:414px;y:88px;\"\n\t\t\t\t\t\t\t\tdata-text=\"w:normal;s:22;fw:700;a:center;\"\n\t\t\t\t\t\t\t\tdata-dim=\"w:386px;\"\n\t\t\t\t\t\t\t\tdata-frame_999=\"o:0;st:w;\"\n\t\t\t\t\t\t\t\tstyle=\"z-index:12;font-family:'Montserrat';\"\n\t\t\t\t\t\t\t>Becas Estudiantiles Fundacion Sol y Luna \u2013 Chachag\u00fc\u00ed, Nari\u00f1o \n\t\t\t\t\t\t\t<\/rs-layer><!--\n\n\t\t\t\t\t\t\t--><rs-layer\n\t\t\t\t\t\t\t\tid=\"slider-47-slide-137-layer-12\" \n\t\t\t\t\t\t\t\tdata-type=\"text\"\n\t\t\t\t\t\t\t\tdata-color=\"#000000\"\n\t\t\t\t\t\t\t\tdata-rsp_ch=\"on\"\n\t\t\t\t\t\t\t\tdata-xy=\"x:963px;y:246px;\"\n\t\t\t\t\t\t\t\tdata-text=\"w:normal;\"\n\t\t\t\t\t\t\t\tdata-frame_999=\"o:0;st:w;\"\n\t\t\t\t\t\t\t\tstyle=\"z-index:20;font-family:'Roboto';\"\n\t\t\t\t\t\t\t><div class=\"vc_row wpb_row vc_row-fluid\"><div class=\"wpb_column vc_column_container vc_col-sm-12\"><div class=\"vc_column-inner\"><div class=\"wpb_wrapper\"><div id=\"wd-61707fb06fae3\" class=\"wd-button-wrapper text-center\"><a href=\"#house-improvement-2005\" title=\"\" class=\"btn btn-color-default btn-style-link btn-shape-rectangle btn-size-default wd-open-popup \">M\u00e1s Informaci\u00f3n<\/a><\/div><div id=\"house-improvement-2005\" class=\"mfp-with-anim wd-popup mfp-hide\" style=\"max-width:800px;\"><div class=\"wd-popup-inner\">\n\t<div  class=\"wpb_single_image wpb_content_element vc_align_left\">\n\t\t\n\t\t<figure class=\"wpb_wrapper vc_figure\">\n\t\t\t<div class=\"vc_single_image-wrapper   vc_box_border_grey\"><img loading=\"lazy\" decoding=\"async\" width=\"300\" height=\"87\" src=\"https:\/\/fundacioncarcafe.co\/wp-content\/uploads\/2021\/10\/1-2005-300x87.png\" class=\"vc_single_image-img attachment-medium\" alt=\"\" title=\"2005\" srcset=\"https:\/\/fundacioncarcafe.co\/wp-content\/uploads\/2021\/10\/1-2005-300x87.png 300w, https:\/\/fundacioncarcafe.co\/wp-content\/uploads\/2021\/10\/1-2005-16x5.png 16w, https:\/\/fundacioncarcafe.co\/wp-content\/uploads\/2021\/10\/1-2005-150x44.png 150w, https:\/\/fundacioncarcafe.co\/wp-content\/uploads\/2021\/10\/1-2005.png 302w\" sizes=\"auto, (max-width: 300px) 100vw, 300px\" \/><\/div>\n\t\t<\/figure>\n\t<\/div>\n\t\t\n\t\t<div id=\"wd-6290d16ee8ee7\" class=\"title-wrapper wd-wpb set-mb-s reset-last-child  wd-title-color-default wd-title-style-default wd-width-100 text-center \">\n\t\t\t\n\t\t\t<div class=\"liner-continer\">\n\t\t\t\t<h4 class=\"woodmart-title-container title  wd-font-weight-600 wd-fontsize-xl\" >Remodelaci\u00f3n de vivienda rural \u2013 Norte de Nari\u00f1o<\/h4>\n\t\t\t\t\t\t\t<\/div>\n\t\t\t\n\t\t\t\n\t\t\t\t\t<\/div>\n\t\t\n\t\t\n\t<div class=\"wpb_text_column wpb_content_element\" >\n\t\t<div class=\"wpb_wrapper\">\n\t\t\t<p style=\"text-align: justify !important;\">Alianza entre Starbucks y Empresas de Nari\u00f1o Ltda. Remodelaci\u00f3n de 164 viviendas ya existentes de caficultores en zonas rurales.<\/p>\n<p><img loading=\"lazy\" decoding=\"async\" class=\"size-medium wp-image-8302 aligncenter\" src=\"https:\/\/fundacioncarcafe.aicode-test.art\/wp-content\/uploads\/2022\/07\/cd1a989b679eecf101f26e3ea100f743-300x190.png\" alt=\"\" width=\"300\" height=\"190\" srcset=\"https:\/\/fundacioncarcafe.co\/wp-content\/uploads\/2022\/07\/cd1a989b679eecf101f26e3ea100f743-300x190.png 300w, https:\/\/fundacioncarcafe.co\/wp-content\/uploads\/2022\/07\/cd1a989b679eecf101f26e3ea100f743-16x10.png 16w, https:\/\/fundacioncarcafe.co\/wp-content\/uploads\/2022\/07\/cd1a989b679eecf101f26e3ea100f743-150x95.png 150w, https:\/\/fundacioncarcafe.co\/wp-content\/uploads\/2022\/07\/cd1a989b679eecf101f26e3ea100f743.png 579w\" sizes=\"auto, (max-width: 300px) 100vw, 300px\" \/><\/p>\n\n\t\t<\/div>\n\t<\/div>\n<\/div><\/div><\/div><\/div><\/div><\/div><style data-type=\"vc_shortcodes-custom-css\"><\/style> \n\t\t\t\t\t\t\t<\/rs-layer><!--\n\n\t\t\t\t\t\t\t--><rs-layer\n\t\t\t\t\t\t\t\tid=\"slider-47-slide-137-layer-17\" \n\t\t\t\t\t\t\t\tdata-type=\"text\"\n\t\t\t\t\t\t\t\tdata-color=\"#000000\"\n\t\t\t\t\t\t\t\tdata-rsp_ch=\"on\"\n\t\t\t\t\t\t\t\tdata-xy=\"x:557px;y:277px;\"\n\t\t\t\t\t\t\t\tdata-text=\"w:normal;\"\n\t\t\t\t\t\t\t\tdata-frame_999=\"o:0;st:w;\"\n\t\t\t\t\t\t\t\tstyle=\"z-index:23;font-family:'Roboto';\"\n\t\t\t\t\t\t\t><div class=\"vc_row wpb_row vc_row-fluid\"><div class=\"wpb_column vc_column_container vc_col-sm-12\"><div class=\"vc_column-inner\"><div class=\"wpb_wrapper\"><div id=\"wd-61707eff3cf88\" class=\"wd-button-wrapper text-center\"><a href=\"#scholarships-chachagui-2005\" title=\"\" class=\"btn btn-color-default btn-style-link btn-shape-rectangle btn-size-default wd-open-popup \">M\u00e1s Informaci\u00f3n<\/a><\/div><div id=\"scholarships-chachagui-2005\" class=\"mfp-with-anim wd-popup mfp-hide\" style=\"max-width:800px;\"><div class=\"wd-popup-inner\">\n\t<div  class=\"wpb_single_image wpb_content_element vc_align_left\">\n\t\t\n\t\t<figure class=\"wpb_wrapper vc_figure\">\n\t\t\t<div class=\"vc_single_image-wrapper   vc_box_border_grey\"><img loading=\"lazy\" decoding=\"async\" width=\"300\" height=\"87\" src=\"https:\/\/fundacioncarcafe.co\/wp-content\/uploads\/2021\/10\/1-2005-300x87.png\" class=\"vc_single_image-img attachment-medium\" alt=\"\" title=\"2005\" srcset=\"https:\/\/fundacioncarcafe.co\/wp-content\/uploads\/2021\/10\/1-2005-300x87.png 300w, https:\/\/fundacioncarcafe.co\/wp-content\/uploads\/2021\/10\/1-2005-16x5.png 16w, https:\/\/fundacioncarcafe.co\/wp-content\/uploads\/2021\/10\/1-2005-150x44.png 150w, https:\/\/fundacioncarcafe.co\/wp-content\/uploads\/2021\/10\/1-2005.png 302w\" sizes=\"auto, (max-width: 300px) 100vw, 300px\" \/><\/div>\n\t\t<\/figure>\n\t<\/div>\n\t\t\n\t\t<div id=\"wd-6290d13931626\" class=\"title-wrapper wd-wpb set-mb-s reset-last-child  wd-title-color-default wd-title-style-default wd-width-100 text-center \">\n\t\t\t\n\t\t\t<div class=\"liner-continer\">\n\t\t\t\t<h4 class=\"woodmart-title-container title  wd-font-weight-600 wd-fontsize-xl\" >Becas Estudiantiles Fundacion Sol y Luna \u2013 Chachag\u00fc\u00ed, Nari\u00f1o<\/h4>\n\t\t\t\t\t\t\t<\/div>\n\t\t\t\n\t\t\t\n\t\t\t\t\t<\/div>\n\t\t\n\t\t\n\t<div class=\"wpb_text_column wpb_content_element\" >\n\t\t<div class=\"wpb_wrapper\">\n\t\t\t<p style=\"text-align: justify !important;\">Alianza entre Starbucks y Empresas de Nari\u00f1o Ltda. Proyecto enfocado en 145 familias mas vulnerables, que no poseen su propia finca cafetera sino que trabajan como mano de obra en la cosecha de caf\u00e9. La principal intenci\u00f3n fue proveer a cada uno de los 145 ni\u00f1os y ni\u00f1as beneficiarios con \u00fatiles escolares necesarios, uniforme b\u00e1sico del plantel educativo (sudadera, pantal\u00f3n, camiseta, medias, zapatos escolares y de deporte, ropa interior). Proveer a la madre o padre del ni\u00f1o o ni\u00f1a beneficiario con un dinero mensual que cubra el almuerzo escolar diario durante los diez meses del a\u00f1o. Dar un regalo de Navidad y de Cumplea\u00f1os a cada uno de los ni\u00f1os y ni\u00f1as. Proveer de capacitaci\u00f3n a las familias acerca de temas de inter\u00e9s general como higiene b\u00e1sica, planificaci\u00f3n familiar, promoci\u00f3n del buen trato en familia, temas que beneficien a las personas integrantes de la misma.<\/p>\n<p><img loading=\"lazy\" decoding=\"async\" class=\"size-medium wp-image-8301 aligncenter\" src=\"https:\/\/fundacioncarcafe.aicode-test.art\/wp-content\/uploads\/2022\/07\/83a033ffe99decb57004f34b8a4006fc-300x196.png\" alt=\"\" width=\"300\" height=\"196\" srcset=\"https:\/\/fundacioncarcafe.co\/wp-content\/uploads\/2022\/07\/83a033ffe99decb57004f34b8a4006fc-300x196.png 300w, https:\/\/fundacioncarcafe.co\/wp-content\/uploads\/2022\/07\/83a033ffe99decb57004f34b8a4006fc-16x10.png 16w, https:\/\/fundacioncarcafe.co\/wp-content\/uploads\/2022\/07\/83a033ffe99decb57004f34b8a4006fc-150x98.png 150w, https:\/\/fundacioncarcafe.co\/wp-content\/uploads\/2022\/07\/83a033ffe99decb57004f34b8a4006fc.png 642w\" sizes=\"auto, (max-width: 300px) 100vw, 300px\" \/><\/p>\n\n\t\t<\/div>\n\t<\/div>\n<\/div><\/div><\/div><\/div><\/div><\/div><style data-type=\"vc_shortcodes-custom-css\"><\/style> \n\t\t\t\t\t\t\t<\/rs-layer><!--\n\n\t\t\t\t\t\t\t--><rs-layer\n\t\t\t\t\t\t\t\tid=\"slider-47-slide-137-layer-19\" \n\t\t\t\t\t\t\t\tdata-type=\"text\"\n\t\t\t\t\t\t\t\tdata-color=\"#000000\"\n\t\t\t\t\t\t\t\tdata-rsp_ch=\"on\"\n\t\t\t\t\t\t\t\tdata-xy=\"x:140px;y:248px;\"\n\t\t\t\t\t\t\t\tdata-text=\"w:normal;\"\n\t\t\t\t\t\t\t\tdata-frame_999=\"o:0;st:w;\"\n\t\t\t\t\t\t\t\tstyle=\"z-index:25;font-family:'Roboto';\"\n\t\t\t\t\t\t\t><div class=\"vc_row wpb_row vc_row-fluid\"><div class=\"wpb_column vc_column_container vc_col-sm-12\"><div class=\"vc_column-inner\"><div class=\"wpb_wrapper\"><div id=\"wd-61707dfcb80df\" class=\"wd-button-wrapper text-center\"><a href=\"#colegio-carmen-2005\" title=\"\" class=\"btn btn-color-default btn-style-link btn-shape-rectangle btn-size-default wd-open-popup \">M\u00e1s Informaci\u00f3n<\/a><\/div><div id=\"colegio-carmen-2005\" class=\"mfp-with-anim wd-popup mfp-hide\" style=\"max-width:800px;\"><div class=\"wd-popup-inner\">\n\t<div  class=\"wpb_single_image wpb_content_element vc_align_left\">\n\t\t\n\t\t<figure class=\"wpb_wrapper vc_figure\">\n\t\t\t<div class=\"vc_single_image-wrapper   vc_box_border_grey\"><img loading=\"lazy\" decoding=\"async\" width=\"300\" height=\"87\" src=\"https:\/\/fundacioncarcafe.co\/wp-content\/uploads\/2021\/10\/1-2005-300x87.png\" class=\"vc_single_image-img attachment-medium\" alt=\"\" title=\"2005\" srcset=\"https:\/\/fundacioncarcafe.co\/wp-content\/uploads\/2021\/10\/1-2005-300x87.png 300w, https:\/\/fundacioncarcafe.co\/wp-content\/uploads\/2021\/10\/1-2005-16x5.png 16w, https:\/\/fundacioncarcafe.co\/wp-content\/uploads\/2021\/10\/1-2005-150x44.png 150w, https:\/\/fundacioncarcafe.co\/wp-content\/uploads\/2021\/10\/1-2005.png 302w\" sizes=\"auto, (max-width: 300px) 100vw, 300px\" \/><\/div>\n\t\t<\/figure>\n\t<\/div>\n\t\t\n\t\t<div id=\"wd-6290d0de99e98\" class=\"title-wrapper wd-wpb set-mb-s reset-last-child  wd-title-color-default wd-title-style-default wd-width-100 text-center \">\n\t\t\t\n\t\t\t<div class=\"liner-continer\">\n\t\t\t\t<h4 class=\"woodmart-title-container title  wd-font-weight-600 wd-fontsize-xl\" >Colegio Nuestra Se\u00f1ora del Carmen \u2013 La Florida, Nari\u00f1o<\/h4>\n\t\t\t\t\t\t\t<\/div>\n\t\t\t\n\t\t\t\n\t\t\t\t\t<\/div>\n\t\t\n\t\t\n\t<div class=\"wpb_text_column wpb_content_element\" >\n\t\t<div class=\"wpb_wrapper\">\n\t\t\t<p style=\"text-align: justify !important;\">Alianza entre La Minita Coffee Roasters y Empresas de Nari\u00f1o Ltda. Las obras que se realizaron fue construcci\u00f3n de un sal\u00f3n m\u00faltiple con su correspondiente instalaci\u00f3n sanitaria y acondicionamiento de acceso a las instalaciones de los ni\u00f1os y docentes, y reubicaci\u00f3n de las puertas del restaurante en el Colegio Nuestra Se\u00f1ora del Carmen ubicado en el Municipio de La Florida, Nari\u00f1o con 165 estudiantes. Obra civil placa de entrepiso en dos aulas y acondicionamiento del cielo raso.<\/p>\n<p><img loading=\"lazy\" decoding=\"async\" class=\"size-medium wp-image-8300 aligncenter\" src=\"https:\/\/fundacioncarcafe.aicode-test.art\/wp-content\/uploads\/2022\/07\/816611b66d93f4a1bc8b9006c87e2847-300x223.png\" alt=\"\" width=\"300\" height=\"223\" srcset=\"https:\/\/fundacioncarcafe.co\/wp-content\/uploads\/2022\/07\/816611b66d93f4a1bc8b9006c87e2847-300x223.png 300w, https:\/\/fundacioncarcafe.co\/wp-content\/uploads\/2022\/07\/816611b66d93f4a1bc8b9006c87e2847-16x12.png 16w, https:\/\/fundacioncarcafe.co\/wp-content\/uploads\/2022\/07\/816611b66d93f4a1bc8b9006c87e2847-150x112.png 150w, https:\/\/fundacioncarcafe.co\/wp-content\/uploads\/2022\/07\/816611b66d93f4a1bc8b9006c87e2847.png 563w\" sizes=\"auto, (max-width: 300px) 100vw, 300px\" \/><\/p>\n\n\t\t<\/div>\n\t<\/div>\n<\/div><\/div><\/div><\/div><\/div><\/div><style data-type=\"vc_shortcodes-custom-css\"><\/style> \n\t\t\t\t\t\t\t<\/rs-layer><!--\n\n\t\t\t\t\t\t\t--><rs-layer\n\t\t\t\t\t\t\t\tid=\"slider-47-slide-137-layer-31\" \n\t\t\t\t\t\t\t\tdata-type=\"text\"\n\t\t\t\t\t\t\t\tdata-color=\"#339059\"\n\t\t\t\t\t\t\t\tdata-rsp_ch=\"on\"\n\t\t\t\t\t\t\t\tdata-xy=\"x:42px;y:30px;\"\n\t\t\t\t\t\t\t\tdata-text=\"w:normal;s:50;l:44;fw:700;a:center;\"\n\t\t\t\t\t\t\t\tdata-dim=\"w:326px;h:47px;\"\n\t\t\t\t\t\t\t\tdata-frame_999=\"o:0;st:w;\"\n\t\t\t\t\t\t\t\tstyle=\"z-index:29;font-family:'Montserrat';\"\n\t\t\t\t\t\t\t>2005 - 2005 \n\t\t\t\t\t\t\t<\/rs-layer><!--\n\n\t\t\t\t\t\t\t--><rs-layer\n\t\t\t\t\t\t\t\tid=\"slider-47-slide-137-layer-33\" \n\t\t\t\t\t\t\t\tdata-type=\"text\"\n\t\t\t\t\t\t\t\tdata-color=\"#339059\"\n\t\t\t\t\t\t\t\tdata-rsp_ch=\"on\"\n\t\t\t\t\t\t\t\tdata-xy=\"x:443px;y:29px;\"\n\t\t\t\t\t\t\t\tdata-text=\"w:normal;s:50;l:44;fw:700;a:center;\"\n\t\t\t\t\t\t\t\tdata-dim=\"w:326px;h:47px;\"\n\t\t\t\t\t\t\t\tdata-frame_999=\"o:0;st:w;\"\n\t\t\t\t\t\t\t\tstyle=\"z-index:29;font-family:'Montserrat';\"\n\t\t\t\t\t\t\t>2005 - 2005 \n\t\t\t\t\t\t\t<\/rs-layer><!--\n\n\t\t\t\t\t\t\t--><rs-layer\n\t\t\t\t\t\t\t\tid=\"slider-47-slide-137-layer-57\" \n\t\t\t\t\t\t\t\tdata-type=\"text\"\n\t\t\t\t\t\t\t\tdata-color=\"#339059\"\n\t\t\t\t\t\t\t\tdata-rsp_ch=\"on\"\n\t\t\t\t\t\t\t\tdata-xy=\"x:853px;y:28px;\"\n\t\t\t\t\t\t\t\tdata-text=\"w:normal;s:50;l:44;fw:700;a:center;\"\n\t\t\t\t\t\t\t\tdata-dim=\"w:326px;h:47px;\"\n\t\t\t\t\t\t\t\tdata-frame_999=\"o:0;st:w;\"\n\t\t\t\t\t\t\t\tstyle=\"z-index:29;font-family:'Montserrat';\"\n\t\t\t\t\t\t\t>2005 - 2005 \n\t\t\t\t\t\t\t<\/rs-layer><!--\n-->\t\t\t\t\t\t<\/rs-slide>\n\t\t\t\t\t\t<rs-slide style=\"position: absolute;\" data-key=\"rs-138\" data-title=\"Slide\" data-anim=\"adpr:false;\" data-in=\"o:0;\" data-out=\"a:false;\">\n\t\t\t\t\t\t\t<img decoding=\"async\" src=\"\/\/fundacioncarcafe.co\/wp-content\/plugins\/revslider\/public\/assets\/assets\/dummy.png\" alt=\"Slide\" title=\"Nuestra trayectoria\" class=\"rev-slidebg tp-rs-img rs-lazyload\" data-lazyload=\"\/\/fundacioncarcafe.co\/wp-content\/plugins\/revslider\/public\/assets\/assets\/transparent.png\" data-no-retina>\n<!--\n\t\t\t\t\t\t\t--><rs-layer\n\t\t\t\t\t\t\t\tid=\"slider-47-slide-138-layer-0\" \n\t\t\t\t\t\t\t\tdata-type=\"shape\"\n\t\t\t\t\t\t\t\tdata-rsp_ch=\"on\"\n\t\t\t\t\t\t\t\tdata-xy=\"x:-2px;y:-4px;\"\n\t\t\t\t\t\t\t\tdata-text=\"w:normal;\"\n\t\t\t\t\t\t\t\tdata-dim=\"w:1241px;h:351px;\"\n\t\t\t\t\t\t\t\tdata-frame_999=\"o:0;st:w;\"\n\t\t\t\t\t\t\t\tstyle=\"z-index:8;background-color:#EDEDED;\"\n\t\t\t\t\t\t\t> \n\t\t\t\t\t\t\t<\/rs-layer><!--\n\n\t\t\t\t\t\t\t--><rs-layer\n\t\t\t\t\t\t\t\tid=\"slider-47-slide-138-layer-2\" \n\t\t\t\t\t\t\t\tdata-type=\"text\"\n\t\t\t\t\t\t\t\tdata-color=\"#000000\"\n\t\t\t\t\t\t\t\tdata-rsp_ch=\"on\"\n\t\t\t\t\t\t\t\tdata-xy=\"x:857px;y:90px;\"\n\t\t\t\t\t\t\t\tdata-text=\"w:normal;s:22;fw:700;a:center;\"\n\t\t\t\t\t\t\t\tdata-dim=\"w:369px;\"\n\t\t\t\t\t\t\t\tdata-frame_999=\"o:0;st:w;\"\n\t\t\t\t\t\t\t\tstyle=\"z-index:14;font-family:'Montserrat';\"\n\t\t\t\t\t\t\t>Colegio Centro Educativo El Motil\u00f3n \u2013 Samaniego, Nari\u00f1o \n\t\t\t\t\t\t\t<\/rs-layer><!--\n\n\t\t\t\t\t\t\t--><rs-layer\n\t\t\t\t\t\t\t\tid=\"slider-47-slide-138-layer-3\" \n\t\t\t\t\t\t\t\tdata-type=\"text\"\n\t\t\t\t\t\t\t\tdata-color=\"#6c6c6c\"\n\t\t\t\t\t\t\t\tdata-rsp_ch=\"on\"\n\t\t\t\t\t\t\t\tdata-xy=\"x:843px;y:151px;\"\n\t\t\t\t\t\t\t\tdata-text=\"w:normal;s:15;l:20;\"\n\t\t\t\t\t\t\t\tdata-dim=\"w:357px;\"\n\t\t\t\t\t\t\t\tdata-frame_999=\"o:0;st:w;\"\n\t\t\t\t\t\t\t\tstyle=\"z-index:17;font-family:'Roboto';\"\n\t\t\t\t\t\t\t>Proyecto de Educaci\u00f3n.  Construcci\u00f3n de dos nuevos salones de clase en Samaniego, Nari\u00f1o.  120 estudiantes. Alianza entre tostador de caf\u00e9 La Minita y Empresas de Nari\u00f1o Ltda. \n\t\t\t\t\t\t\t<\/rs-layer><!--\n\n\t\t\t\t\t\t\t--><rs-layer\n\t\t\t\t\t\t\t\tid=\"slider-47-slide-138-layer-4\" \n\t\t\t\t\t\t\t\tdata-type=\"shape\"\n\t\t\t\t\t\t\t\tdata-rsp_ch=\"on\"\n\t\t\t\t\t\t\t\tdata-xy=\"x:400px;y:41px;\"\n\t\t\t\t\t\t\t\tdata-text=\"w:normal;\"\n\t\t\t\t\t\t\t\tdata-dim=\"w:1px;h:200px;\"\n\t\t\t\t\t\t\t\tdata-vbility=\"t,t,t,f\"\n\t\t\t\t\t\t\t\tdata-frame_999=\"o:0;st:w;\"\n\t\t\t\t\t\t\t\tstyle=\"z-index:19;background-color:#707070;\"\n\t\t\t\t\t\t\t> \n\t\t\t\t\t\t\t<\/rs-layer><!--\n\n\t\t\t\t\t\t\t--><rs-layer\n\t\t\t\t\t\t\t\tid=\"slider-47-slide-138-layer-6\" \n\t\t\t\t\t\t\t\tdata-type=\"text\"\n\t\t\t\t\t\t\t\tdata-color=\"#000000\"\n\t\t\t\t\t\t\t\tdata-rsp_ch=\"on\"\n\t\t\t\t\t\t\t\tdata-xy=\"x:25px;y:89px;\"\n\t\t\t\t\t\t\t\tdata-text=\"w:normal;s:20;fw:700;a:center;\"\n\t\t\t\t\t\t\t\tdata-dim=\"w:337px;\"\n\t\t\t\t\t\t\t\tdata-frame_999=\"o:0;st:w;\"\n\t\t\t\t\t\t\t\tstyle=\"z-index:13;font-family:'Montserrat';\"\n\t\t\t\t\t\t\t>Colegio concentraci\u00f3n de Desarrollo Rural - Consaca, Nari\u00f1o \n\t\t\t\t\t\t\t<\/rs-layer><!--\n\n\t\t\t\t\t\t\t--><rs-layer\n\t\t\t\t\t\t\t\tid=\"slider-47-slide-138-layer-7\" \n\t\t\t\t\t\t\t\tdata-type=\"text\"\n\t\t\t\t\t\t\t\tdata-color=\"#6c6c6c\"\n\t\t\t\t\t\t\t\tdata-rsp_ch=\"on\"\n\t\t\t\t\t\t\t\tdata-xy=\"x:21px;y:183px;\"\n\t\t\t\t\t\t\t\tdata-text=\"w:normal;s:15;l:20;\"\n\t\t\t\t\t\t\t\tdata-dim=\"w:359px;\"\n\t\t\t\t\t\t\t\tdata-frame_999=\"o:0;st:w;\"\n\t\t\t\t\t\t\t\tstyle=\"z-index:16;font-family:'Roboto';\"\n\t\t\t\t\t\t\t>Proyecto de Educaci\u00f3n.  Remodelaci\u00f3n de 2 salones de clase en colegio en Consaca, Nari\u00f1o.  475 estudiantes. Alianza entre tostador de caf\u00e9 La Minita y Empresas de Nari\u00f1o Ltda. \n\t\t\t\t\t\t\t<\/rs-layer><!--\n\n\t\t\t\t\t\t\t--><rs-layer\n\t\t\t\t\t\t\t\tid=\"slider-47-slide-138-layer-8\" \n\t\t\t\t\t\t\t\tdata-type=\"shape\"\n\t\t\t\t\t\t\t\tdata-rsp_ch=\"on\"\n\t\t\t\t\t\t\t\tdata-xy=\"x:824px;y:40px;\"\n\t\t\t\t\t\t\t\tdata-text=\"w:normal;\"\n\t\t\t\t\t\t\t\tdata-dim=\"w:1px;h:200px;\"\n\t\t\t\t\t\t\t\tdata-vbility=\"t,t,t,f\"\n\t\t\t\t\t\t\t\tdata-frame_999=\"o:0;st:w;\"\n\t\t\t\t\t\t\t\tstyle=\"z-index:18;background-color:#707070;\"\n\t\t\t\t\t\t\t> \n\t\t\t\t\t\t\t<\/rs-layer><!--\n\n\t\t\t\t\t\t\t--><rs-layer\n\t\t\t\t\t\t\t\tid=\"slider-47-slide-138-layer-9\" \n\t\t\t\t\t\t\t\tdata-type=\"text\"\n\t\t\t\t\t\t\t\tdata-color=\"#6c6c6c\"\n\t\t\t\t\t\t\t\tdata-rsp_ch=\"on\"\n\t\t\t\t\t\t\t\tdata-xy=\"x:420px;y:149px;\"\n\t\t\t\t\t\t\t\tdata-text=\"w:normal;s:15;l:20;\"\n\t\t\t\t\t\t\t\tdata-dim=\"w:391px;\"\n\t\t\t\t\t\t\t\tdata-frame_999=\"o:0;st:w;\"\n\t\t\t\t\t\t\t\tstyle=\"z-index:15;font-family:'Roboto';\"\n\t\t\t\t\t\t\t>Proyecto de Educaci\u00f3n.  Remodelaci\u00f3n de kiosko para actividades deportivas en La Florida, Nari\u00f1o. 105 estudiantes. Alianza entre tostador de caf\u00e9 La Minita y Empresas de Nari\u00f1o Ltda. \n\t\t\t\t\t\t\t<\/rs-layer><!--\n\n\t\t\t\t\t\t\t--><rs-layer\n\t\t\t\t\t\t\t\tid=\"slider-47-slide-138-layer-10\" \n\t\t\t\t\t\t\t\tdata-type=\"text\"\n\t\t\t\t\t\t\t\tdata-color=\"#000000\"\n\t\t\t\t\t\t\t\tdata-rsp_ch=\"on\"\n\t\t\t\t\t\t\t\tdata-xy=\"x:423px;y:86px;\"\n\t\t\t\t\t\t\t\tdata-text=\"w:normal;s:22;fw:700;a:center;\"\n\t\t\t\t\t\t\t\tdata-dim=\"w:373px;\"\n\t\t\t\t\t\t\t\tdata-frame_999=\"o:0;st:w;\"\n\t\t\t\t\t\t\t\tstyle=\"z-index:12;font-family:'Montserrat';\"\n\t\t\t\t\t\t\t>Colegio Escuela Rural Mixta Rosapamba \u2013 La Florida, Nari\u00f1o \n\t\t\t\t\t\t\t<\/rs-layer><!--\n\n\t\t\t\t\t\t\t--><rs-layer\n\t\t\t\t\t\t\t\tid=\"slider-47-slide-138-layer-12\" \n\t\t\t\t\t\t\t\tdata-type=\"text\"\n\t\t\t\t\t\t\t\tdata-color=\"#000000\"\n\t\t\t\t\t\t\t\tdata-rsp_ch=\"on\"\n\t\t\t\t\t\t\t\tdata-xy=\"x:963px;y:250px;\"\n\t\t\t\t\t\t\t\tdata-text=\"w:normal;\"\n\t\t\t\t\t\t\t\tdata-frame_999=\"o:0;st:w;\"\n\t\t\t\t\t\t\t\tstyle=\"z-index:20;font-family:'Roboto';\"\n\t\t\t\t\t\t\t><div class=\"vc_row wpb_row vc_row-fluid\"><div class=\"wpb_column vc_column_container vc_col-sm-12\"><div class=\"vc_column-inner\"><div class=\"wpb_wrapper\"><div id=\"wd-61708372eff71\" class=\"wd-button-wrapper text-center\"><a href=\"#educativo-motilon-2006\" title=\"\" class=\"btn btn-color-default btn-style-link btn-shape-rectangle btn-size-default wd-open-popup \">M\u00e1s Informaci\u00f3n<\/a><\/div><div id=\"educativo-motilon-2006\" class=\"mfp-with-anim wd-popup mfp-hide\" style=\"max-width:800px;\"><div class=\"wd-popup-inner\">\n\t<div  class=\"wpb_single_image wpb_content_element vc_align_left\">\n\t\t\n\t\t<figure class=\"wpb_wrapper vc_figure\">\n\t\t\t<div class=\"vc_single_image-wrapper   vc_box_border_grey\"><img loading=\"lazy\" decoding=\"async\" width=\"300\" height=\"86\" src=\"https:\/\/fundacioncarcafe.co\/wp-content\/uploads\/2021\/10\/1-2006-300x86.png\" class=\"vc_single_image-img attachment-medium\" alt=\"\" title=\"2006\" srcset=\"https:\/\/fundacioncarcafe.co\/wp-content\/uploads\/2021\/10\/1-2006-300x86.png 300w, https:\/\/fundacioncarcafe.co\/wp-content\/uploads\/2021\/10\/1-2006-16x5.png 16w, https:\/\/fundacioncarcafe.co\/wp-content\/uploads\/2021\/10\/1-2006-150x43.png 150w, https:\/\/fundacioncarcafe.co\/wp-content\/uploads\/2021\/10\/1-2006.png 308w\" sizes=\"auto, (max-width: 300px) 100vw, 300px\" \/><\/div>\n\t\t<\/figure>\n\t<\/div>\n\t\t\n\t\t<div id=\"wd-6290d2224a92e\" class=\"title-wrapper wd-wpb set-mb-s reset-last-child  wd-title-color-default wd-title-style-default wd-width-100 text-center \">\n\t\t\t\n\t\t\t<div class=\"liner-continer\">\n\t\t\t\t<h4 class=\"woodmart-title-container title  wd-font-weight-600 wd-fontsize-xl\" >Colegio Centro Educativo El Motil\u00f3n \u2013 Samaniego, Nari\u00f1o<\/h4>\n\t\t\t\t\t\t\t<\/div>\n\t\t\t\n\t\t\t\n\t\t\t\t\t<\/div>\n\t\t\n\t\t\n\t<div class=\"wpb_text_column wpb_content_element\" >\n\t\t<div class=\"wpb_wrapper\">\n\t\t\t<p style=\"text-align: justify !important;\">Alianza entre La Minita Coffee Roasters y Empresas de Nari\u00f1o Ltda. Construcci\u00f3n de dos nuevas aulas de clase en el segundo piso de un colegio ya existente. Colegio en vereda El Motil\u00f3n para 120 estudiantes, en municipio de Samaniego, Nari\u00f1o.<\/p>\n<p><img loading=\"lazy\" decoding=\"async\" class=\"size-medium wp-image-8305 aligncenter\" src=\"https:\/\/fundacioncarcafe.aicode-test.art\/wp-content\/uploads\/2022\/07\/1837680e735c936536d36e1ce5d8e812-300x226.png\" alt=\"\" width=\"300\" height=\"226\" srcset=\"https:\/\/fundacioncarcafe.co\/wp-content\/uploads\/2022\/07\/1837680e735c936536d36e1ce5d8e812-300x226.png 300w, https:\/\/fundacioncarcafe.co\/wp-content\/uploads\/2022\/07\/1837680e735c936536d36e1ce5d8e812-16x12.png 16w, https:\/\/fundacioncarcafe.co\/wp-content\/uploads\/2022\/07\/1837680e735c936536d36e1ce5d8e812-150x113.png 150w, https:\/\/fundacioncarcafe.co\/wp-content\/uploads\/2022\/07\/1837680e735c936536d36e1ce5d8e812.png 651w\" sizes=\"auto, (max-width: 300px) 100vw, 300px\" \/><\/p>\n\n\t\t<\/div>\n\t<\/div>\n<\/div><\/div><\/div><\/div><\/div><\/div><style data-type=\"vc_shortcodes-custom-css\"><\/style> \n\t\t\t\t\t\t\t<\/rs-layer><!--\n\n\t\t\t\t\t\t\t--><rs-layer\n\t\t\t\t\t\t\t\tid=\"slider-47-slide-138-layer-17\" \n\t\t\t\t\t\t\t\tdata-type=\"text\"\n\t\t\t\t\t\t\t\tdata-color=\"#000000\"\n\t\t\t\t\t\t\t\tdata-rsp_ch=\"on\"\n\t\t\t\t\t\t\t\tdata-xy=\"x:557px;y:277px;\"\n\t\t\t\t\t\t\t\tdata-text=\"w:normal;\"\n\t\t\t\t\t\t\t\tdata-frame_999=\"o:0;st:w;\"\n\t\t\t\t\t\t\t\tstyle=\"z-index:23;font-family:'Roboto';\"\n\t\t\t\t\t\t\t><div class=\"vc_row wpb_row vc_row-fluid\"><div class=\"wpb_column vc_column_container vc_col-sm-12\"><div class=\"vc_column-inner\"><div class=\"wpb_wrapper\"><div id=\"wd-617082dda81f9\" class=\"wd-button-wrapper text-center\"><a href=\"#rural-mixta-rosapamba-2006\" title=\"\" class=\"btn btn-color-default btn-style-link btn-shape-rectangle btn-size-default wd-open-popup \">M\u00e1s Informaci\u00f3n<\/a><\/div><div id=\"rural-mixta-rosapamba-2006\" class=\"mfp-with-anim wd-popup mfp-hide\" style=\"max-width:800px;\"><div class=\"wd-popup-inner\">\n\t<div  class=\"wpb_single_image wpb_content_element vc_align_left\">\n\t\t\n\t\t<figure class=\"wpb_wrapper vc_figure\">\n\t\t\t<div class=\"vc_single_image-wrapper   vc_box_border_grey\"><img loading=\"lazy\" decoding=\"async\" width=\"300\" height=\"86\" src=\"https:\/\/fundacioncarcafe.co\/wp-content\/uploads\/2021\/10\/1-2006-300x86.png\" class=\"vc_single_image-img attachment-medium\" alt=\"\" title=\"2006\" srcset=\"https:\/\/fundacioncarcafe.co\/wp-content\/uploads\/2021\/10\/1-2006-300x86.png 300w, https:\/\/fundacioncarcafe.co\/wp-content\/uploads\/2021\/10\/1-2006-16x5.png 16w, https:\/\/fundacioncarcafe.co\/wp-content\/uploads\/2021\/10\/1-2006-150x43.png 150w, https:\/\/fundacioncarcafe.co\/wp-content\/uploads\/2021\/10\/1-2006.png 308w\" sizes=\"auto, (max-width: 300px) 100vw, 300px\" \/><\/div>\n\t\t<\/figure>\n\t<\/div>\n\t\t\n\t\t<div id=\"wd-6290d1e92eb9d\" class=\"title-wrapper wd-wpb set-mb-s reset-last-child  wd-title-color-default wd-title-style-default wd-width-100 text-center \">\n\t\t\t\n\t\t\t<div class=\"liner-continer\">\n\t\t\t\t<h4 class=\"woodmart-title-container title  wd-font-weight-600 wd-fontsize-xl\" >Colegio Escuela Rural Mixta Rosapamba \u2013 La Florida, Nari\u00f1o<\/h4>\n\t\t\t\t\t\t\t<\/div>\n\t\t\t\n\t\t\t\n\t\t\t\t\t<\/div>\n\t\t\n\t\t\n\t<div class=\"wpb_text_column wpb_content_element\" >\n\t\t<div class=\"wpb_wrapper\">\n\t\t\t<p style=\"text-align: justify !important;\">Alianza entre La Minita Coffee Roasters y Empresas de Nari\u00f1o Ltda. Remodelaci\u00f3n de kiosko para reuniones y actividades deportivas. Colegio de La Florida, Nari\u00f1o con 105 estudiantes.<\/p>\n<p><img loading=\"lazy\" decoding=\"async\" class=\"size-medium wp-image-8299 aligncenter\" src=\"https:\/\/fundacioncarcafe.aicode-test.art\/wp-content\/uploads\/2022\/07\/3a3efdd40447937244503a7fdf3d2285-300x224.png\" alt=\"\" width=\"300\" height=\"224\" srcset=\"https:\/\/fundacioncarcafe.co\/wp-content\/uploads\/2022\/07\/3a3efdd40447937244503a7fdf3d2285-300x224.png 300w, https:\/\/fundacioncarcafe.co\/wp-content\/uploads\/2022\/07\/3a3efdd40447937244503a7fdf3d2285-16x12.png 16w, https:\/\/fundacioncarcafe.co\/wp-content\/uploads\/2022\/07\/3a3efdd40447937244503a7fdf3d2285-150x112.png 150w, https:\/\/fundacioncarcafe.co\/wp-content\/uploads\/2022\/07\/3a3efdd40447937244503a7fdf3d2285.png 535w\" sizes=\"auto, (max-width: 300px) 100vw, 300px\" \/><\/p>\n\n\t\t<\/div>\n\t<\/div>\n<\/div><\/div><\/div><\/div><\/div><\/div><style data-type=\"vc_shortcodes-custom-css\"><\/style> \n\t\t\t\t\t\t\t<\/rs-layer><!--\n\n\t\t\t\t\t\t\t--><rs-layer\n\t\t\t\t\t\t\t\tid=\"slider-47-slide-138-layer-19\" \n\t\t\t\t\t\t\t\tdata-type=\"text\"\n\t\t\t\t\t\t\t\tdata-color=\"#000000\"\n\t\t\t\t\t\t\t\tdata-rsp_ch=\"on\"\n\t\t\t\t\t\t\t\tdata-xy=\"x:107px;y:290px;\"\n\t\t\t\t\t\t\t\tdata-text=\"w:normal;\"\n\t\t\t\t\t\t\t\tdata-frame_999=\"o:0;st:w;\"\n\t\t\t\t\t\t\t\tstyle=\"z-index:25;font-family:'Roboto';\"\n\t\t\t\t\t\t\t><div class=\"vc_row wpb_row vc_row-fluid\"><div class=\"wpb_column vc_column_container vc_col-sm-12\"><div class=\"vc_column-inner\"><div class=\"wpb_wrapper\"><div id=\"wd-61707b6cc5f62\" class=\"wd-button-wrapper text-center\"><a href=\"#desarrollo-rural-2005\" title=\"\" class=\"btn btn-color-default btn-style-link btn-shape-rectangle btn-size-default wd-open-popup \">M\u00e1s Informaci\u00f3n<\/a><\/div><div id=\"desarrollo-rural-2005\" class=\"mfp-with-anim wd-popup mfp-hide\" style=\"max-width:800px;\"><div class=\"wd-popup-inner\">\n\t<div  class=\"wpb_single_image wpb_content_element vc_align_left\">\n\t\t\n\t\t<figure class=\"wpb_wrapper vc_figure\">\n\t\t\t<div class=\"vc_single_image-wrapper   vc_box_border_grey\"><img loading=\"lazy\" decoding=\"async\" width=\"300\" height=\"87\" src=\"https:\/\/fundacioncarcafe.co\/wp-content\/uploads\/2021\/10\/1-2005-300x87.png\" class=\"vc_single_image-img attachment-medium\" alt=\"\" title=\"2005\" srcset=\"https:\/\/fundacioncarcafe.co\/wp-content\/uploads\/2021\/10\/1-2005-300x87.png 300w, https:\/\/fundacioncarcafe.co\/wp-content\/uploads\/2021\/10\/1-2005-16x5.png 16w, https:\/\/fundacioncarcafe.co\/wp-content\/uploads\/2021\/10\/1-2005-150x44.png 150w, https:\/\/fundacioncarcafe.co\/wp-content\/uploads\/2021\/10\/1-2005.png 302w\" sizes=\"auto, (max-width: 300px) 100vw, 300px\" \/><\/div>\n\t\t<\/figure>\n\t<\/div>\n\t\t\n\t\t<div id=\"wd-6290d0aac08f1\" class=\"title-wrapper wd-wpb set-mb-s reset-last-child  wd-title-color-default wd-title-style-default wd-width-100 text-center \">\n\t\t\t\n\t\t\t<div class=\"liner-continer\">\n\t\t\t\t<h4 class=\"woodmart-title-container title  wd-font-weight-600 wd-fontsize-xl\" >Colegio Concentraci\u00f3n de Desarrollo Rural \u2013 Consaca, Nari\u00f1o<\/h4>\n\t\t\t\t\t\t\t<\/div>\n\t\t\t\n\t\t\t\n\t\t\t\t\t<\/div>\n\t\t\n\t\t\n\t<div class=\"wpb_text_column wpb_content_element\" >\n\t\t<div class=\"wpb_wrapper\">\n\t\t\t<p style=\"text-align: justify !important;\">Alianza entre La Minita Coffee Roasters y Empresas de Nari\u00f1o Ltda. Remodelaci\u00f3n de dos aulas de clase existentes, cambios de pisos, resane y pintura de paredes. Colegio en Consaca, Nari\u00f1o con 475 estudiantes.<\/p>\n<p><img loading=\"lazy\" decoding=\"async\" class=\"size-medium wp-image-8303 aligncenter\" src=\"https:\/\/fundacioncarcafe.aicode-test.art\/wp-content\/uploads\/2022\/07\/3c2975673fad819b9614406a76131f56-189x300.png\" alt=\"\" width=\"189\" height=\"300\" srcset=\"https:\/\/fundacioncarcafe.co\/wp-content\/uploads\/2022\/07\/3c2975673fad819b9614406a76131f56-189x300.png 189w, https:\/\/fundacioncarcafe.co\/wp-content\/uploads\/2022\/07\/3c2975673fad819b9614406a76131f56-8x12.png 8w, https:\/\/fundacioncarcafe.co\/wp-content\/uploads\/2022\/07\/3c2975673fad819b9614406a76131f56-150x238.png 150w, https:\/\/fundacioncarcafe.co\/wp-content\/uploads\/2022\/07\/3c2975673fad819b9614406a76131f56.png 525w\" sizes=\"auto, (max-width: 189px) 100vw, 189px\" \/><\/p>\n\n\t\t<\/div>\n\t<\/div>\n<\/div><\/div><\/div><\/div><\/div><\/div><style data-type=\"vc_shortcodes-custom-css\"><\/style> \n\t\t\t\t\t\t\t<\/rs-layer><!--\n\n\t\t\t\t\t\t\t--><rs-layer\n\t\t\t\t\t\t\t\tid=\"slider-47-slide-138-layer-61\" \n\t\t\t\t\t\t\t\tdata-type=\"text\"\n\t\t\t\t\t\t\t\tdata-color=\"#339059\"\n\t\t\t\t\t\t\t\tdata-rsp_ch=\"on\"\n\t\t\t\t\t\t\t\tdata-xy=\"x:38px;y:27px;\"\n\t\t\t\t\t\t\t\tdata-text=\"w:normal;s:50;l:44;fw:700;a:center;\"\n\t\t\t\t\t\t\t\tdata-dim=\"w:326px;h:47px;\"\n\t\t\t\t\t\t\t\tdata-frame_999=\"o:0;st:w;\"\n\t\t\t\t\t\t\t\tstyle=\"z-index:29;font-family:'Montserrat';\"\n\t\t\t\t\t\t\t>2005 - 2005 \n\t\t\t\t\t\t\t<\/rs-layer><!--\n\n\t\t\t\t\t\t\t--><rs-layer\n\t\t\t\t\t\t\t\tid=\"slider-47-slide-138-layer-62\" \n\t\t\t\t\t\t\t\tdata-type=\"text\"\n\t\t\t\t\t\t\t\tdata-color=\"#339059\"\n\t\t\t\t\t\t\t\tdata-rsp_ch=\"on\"\n\t\t\t\t\t\t\t\tdata-xy=\"x:447px;y:28px;\"\n\t\t\t\t\t\t\t\tdata-text=\"w:normal;s:50;l:44;fw:700;a:center;\"\n\t\t\t\t\t\t\t\tdata-dim=\"w:326px;h:47px;\"\n\t\t\t\t\t\t\t\tdata-frame_999=\"o:0;st:w;\"\n\t\t\t\t\t\t\t\tstyle=\"z-index:29;font-family:'Montserrat';\"\n\t\t\t\t\t\t\t>2006 - 2006 \n\t\t\t\t\t\t\t<\/rs-layer><!--\n\n\t\t\t\t\t\t\t--><rs-layer\n\t\t\t\t\t\t\t\tid=\"slider-47-slide-138-layer-63\" \n\t\t\t\t\t\t\t\tdata-type=\"text\"\n\t\t\t\t\t\t\t\tdata-color=\"#339059\"\n\t\t\t\t\t\t\t\tdata-rsp_ch=\"on\"\n\t\t\t\t\t\t\t\tdata-xy=\"x:869px;y:27px;\"\n\t\t\t\t\t\t\t\tdata-text=\"w:normal;s:50;l:44;fw:700;a:center;\"\n\t\t\t\t\t\t\t\tdata-dim=\"w:326px;h:47px;\"\n\t\t\t\t\t\t\t\tdata-frame_999=\"o:0;st:w;\"\n\t\t\t\t\t\t\t\tstyle=\"z-index:29;font-family:'Montserrat';\"\n\t\t\t\t\t\t\t>2006 - 2006 \n\t\t\t\t\t\t\t<\/rs-layer><!--\n-->\t\t\t\t\t\t<\/rs-slide>\n\t\t\t\t\t\t<rs-slide style=\"position: absolute;\" data-key=\"rs-139\" data-title=\"Slide\" data-anim=\"adpr:false;\" data-in=\"o:0;\" data-out=\"a:false;\">\n\t\t\t\t\t\t\t<img decoding=\"async\" src=\"\/\/fundacioncarcafe.co\/wp-content\/plugins\/revslider\/public\/assets\/assets\/dummy.png\" alt=\"Slide\" title=\"Nuestra trayectoria\" class=\"rev-slidebg tp-rs-img rs-lazyload\" data-lazyload=\"\/\/fundacioncarcafe.co\/wp-content\/plugins\/revslider\/public\/assets\/assets\/transparent.png\" data-no-retina>\n<!--\n\t\t\t\t\t\t\t--><rs-layer\n\t\t\t\t\t\t\t\tid=\"slider-47-slide-139-layer-0\" \n\t\t\t\t\t\t\t\tdata-type=\"shape\"\n\t\t\t\t\t\t\t\tdata-rsp_ch=\"on\"\n\t\t\t\t\t\t\t\tdata-xy=\"x:-2px;y:-4px;\"\n\t\t\t\t\t\t\t\tdata-text=\"w:normal;\"\n\t\t\t\t\t\t\t\tdata-dim=\"w:1241px;h:351px;\"\n\t\t\t\t\t\t\t\tdata-frame_999=\"o:0;st:w;\"\n\t\t\t\t\t\t\t\tstyle=\"z-index:8;background-color:#EDEDED;\"\n\t\t\t\t\t\t\t> \n\t\t\t\t\t\t\t<\/rs-layer><!--\n\n\t\t\t\t\t\t\t--><rs-layer\n\t\t\t\t\t\t\t\tid=\"slider-47-slide-139-layer-2\" \n\t\t\t\t\t\t\t\tdata-type=\"text\"\n\t\t\t\t\t\t\t\tdata-color=\"#000000\"\n\t\t\t\t\t\t\t\tdata-rsp_ch=\"on\"\n\t\t\t\t\t\t\t\tdata-xy=\"x:844px;y:88px;\"\n\t\t\t\t\t\t\t\tdata-text=\"w:normal;s:22;fw:700;a:center;\"\n\t\t\t\t\t\t\t\tdata-dim=\"w:346px;\"\n\t\t\t\t\t\t\t\tdata-frame_999=\"o:0;st:w;\"\n\t\t\t\t\t\t\t\tstyle=\"z-index:14;font-family:'Montserrat';\"\n\t\t\t\t\t\t\t>Colegio Centro Educativo Ricaurte - El Tambo, Nari\u00f1o \n\t\t\t\t\t\t\t<\/rs-layer><!--\n\n\t\t\t\t\t\t\t--><rs-layer\n\t\t\t\t\t\t\t\tid=\"slider-47-slide-139-layer-3\" \n\t\t\t\t\t\t\t\tdata-type=\"text\"\n\t\t\t\t\t\t\t\tdata-color=\"#6c6c6c\"\n\t\t\t\t\t\t\t\tdata-rsp_ch=\"on\"\n\t\t\t\t\t\t\t\tdata-xy=\"x:843px;y:143px;\"\n\t\t\t\t\t\t\t\tdata-text=\"w:normal;s:15;l:20;\"\n\t\t\t\t\t\t\t\tdata-dim=\"w:357px;\"\n\t\t\t\t\t\t\t\tdata-frame_999=\"o:0;st:w;\"\n\t\t\t\t\t\t\t\tstyle=\"z-index:17;font-family:'Roboto';\"\n\t\t\t\t\t\t\t>Proyecto de Educacion.  Construccion de nuevos ba\u00f1os para ni\u00f1as y ni\u00f1os en El Tambo, Nari\u00f1o.  67 estudiantes. Alianza entre tostador de cafe La Minita y Empresas de Nari\u00f1o Ltda. \n\t\t\t\t\t\t\t<\/rs-layer><!--\n\n\t\t\t\t\t\t\t--><rs-layer\n\t\t\t\t\t\t\t\tid=\"slider-47-slide-139-layer-4\" \n\t\t\t\t\t\t\t\tdata-type=\"shape\"\n\t\t\t\t\t\t\t\tdata-rsp_ch=\"on\"\n\t\t\t\t\t\t\t\tdata-xy=\"x:400px;y:41px;\"\n\t\t\t\t\t\t\t\tdata-text=\"w:normal;\"\n\t\t\t\t\t\t\t\tdata-dim=\"w:1px;h:200px;\"\n\t\t\t\t\t\t\t\tdata-vbility=\"t,t,t,f\"\n\t\t\t\t\t\t\t\tdata-frame_999=\"o:0;st:w;\"\n\t\t\t\t\t\t\t\tstyle=\"z-index:19;background-color:#707070;\"\n\t\t\t\t\t\t\t> \n\t\t\t\t\t\t\t<\/rs-layer><!--\n\n\t\t\t\t\t\t\t--><rs-layer\n\t\t\t\t\t\t\t\tid=\"slider-47-slide-139-layer-6\" \n\t\t\t\t\t\t\t\tdata-type=\"text\"\n\t\t\t\t\t\t\t\tdata-color=\"#000000\"\n\t\t\t\t\t\t\t\tdata-rsp_ch=\"on\"\n\t\t\t\t\t\t\t\tdata-xy=\"x:19px;y:91px;\"\n\t\t\t\t\t\t\t\tdata-text=\"w:normal;s:20;fw:700;a:center;\"\n\t\t\t\t\t\t\t\tdata-dim=\"w:350px;\"\n\t\t\t\t\t\t\t\tdata-frame_999=\"o:0;st:w;\"\n\t\t\t\t\t\t\t\tstyle=\"z-index:13;font-family:'Montserrat';\"\n\t\t\t\t\t\t\t>Becas Estudiantiles Fundacion Sol y Luna \u2013 Chachag\u00fc\u00ed, Nari\u00f1o \n\t\t\t\t\t\t\t<\/rs-layer><!--\n\n\t\t\t\t\t\t\t--><rs-layer\n\t\t\t\t\t\t\t\tid=\"slider-47-slide-139-layer-7\" \n\t\t\t\t\t\t\t\tdata-type=\"text\"\n\t\t\t\t\t\t\t\tdata-color=\"#6c6c6c\"\n\t\t\t\t\t\t\t\tdata-rsp_ch=\"on\"\n\t\t\t\t\t\t\t\tdata-xy=\"x:21px;y:147px;\"\n\t\t\t\t\t\t\t\tdata-text=\"w:normal;s:15;l:20;\"\n\t\t\t\t\t\t\t\tdata-dim=\"w:359px;\"\n\t\t\t\t\t\t\t\tdata-frame_999=\"o:0;st:w;\"\n\t\t\t\t\t\t\t\tstyle=\"z-index:16;font-family:'Roboto';\"\n\t\t\t\t\t\t\t>Becas de estudio para 160 estudiantes incluyendo matricula y mensualidad, comidas en el colegio y auxilio de alimentaci\u00f3n para las familias de los estudiantes.  Colegio manejado por la Fundaci\u00f3n Sol y Luna.  Alianza entre Strabucks y Empresas de Nari\u00f1o Ltda. \n\t\t\t\t\t\t\t<\/rs-layer><!--\n\n\t\t\t\t\t\t\t--><rs-layer\n\t\t\t\t\t\t\t\tid=\"slider-47-slide-139-layer-8\" \n\t\t\t\t\t\t\t\tdata-type=\"shape\"\n\t\t\t\t\t\t\t\tdata-rsp_ch=\"on\"\n\t\t\t\t\t\t\t\tdata-xy=\"x:824px;y:40px;\"\n\t\t\t\t\t\t\t\tdata-text=\"w:normal;\"\n\t\t\t\t\t\t\t\tdata-dim=\"w:1px;h:200px;\"\n\t\t\t\t\t\t\t\tdata-vbility=\"t,t,t,f\"\n\t\t\t\t\t\t\t\tdata-frame_999=\"o:0;st:w;\"\n\t\t\t\t\t\t\t\tstyle=\"z-index:18;background-color:#707070;\"\n\t\t\t\t\t\t\t> \n\t\t\t\t\t\t\t<\/rs-layer><!--\n\n\t\t\t\t\t\t\t--><rs-layer\n\t\t\t\t\t\t\t\tid=\"slider-47-slide-139-layer-9\" \n\t\t\t\t\t\t\t\tdata-type=\"text\"\n\t\t\t\t\t\t\t\tdata-color=\"#6c6c6c\"\n\t\t\t\t\t\t\t\tdata-rsp_ch=\"on\"\n\t\t\t\t\t\t\t\tdata-xy=\"x:420px;y:149px;\"\n\t\t\t\t\t\t\t\tdata-text=\"w:normal;s:15;l:20;\"\n\t\t\t\t\t\t\t\tdata-dim=\"w:391px;\"\n\t\t\t\t\t\t\t\tdata-frame_999=\"o:0;st:w;\"\n\t\t\t\t\t\t\t\tstyle=\"z-index:15;font-family:'Roboto';\"\n\t\t\t\t\t\t\t>Proyecto de Educaci\u00f3n.  Remodelaci\u00f3n de biblioteca del colegio de Taminango, Nari\u00f1o.  460 estudiantes. Alianza entre tostador de caf\u00e9 La Minita y Empresas de Nari\u00f1o Ltda. \n\t\t\t\t\t\t\t<\/rs-layer><!--\n\n\t\t\t\t\t\t\t--><rs-layer\n\t\t\t\t\t\t\t\tid=\"slider-47-slide-139-layer-10\" \n\t\t\t\t\t\t\t\tdata-type=\"text\"\n\t\t\t\t\t\t\t\tdata-color=\"#000000\"\n\t\t\t\t\t\t\t\tdata-rsp_ch=\"on\"\n\t\t\t\t\t\t\t\tdata-xy=\"x:442px;y:88px;\"\n\t\t\t\t\t\t\t\tdata-text=\"w:normal;s:22;fw:700;a:center;\"\n\t\t\t\t\t\t\t\tdata-dim=\"w:337px;\"\n\t\t\t\t\t\t\t\tdata-frame_999=\"o:0;st:w;\"\n\t\t\t\t\t\t\t\tstyle=\"z-index:12;font-family:'Montserrat';\"\n\t\t\t\t\t\t\t>Colegio Nacionalizado Pablo Sexto \u2013 Taminango, Nari\u00f1o \n\t\t\t\t\t\t\t<\/rs-layer><!--\n\n\t\t\t\t\t\t\t--><rs-layer\n\t\t\t\t\t\t\t\tid=\"slider-47-slide-139-layer-12\" \n\t\t\t\t\t\t\t\tdata-type=\"text\"\n\t\t\t\t\t\t\t\tdata-color=\"#000000\"\n\t\t\t\t\t\t\t\tdata-rsp_ch=\"on\"\n\t\t\t\t\t\t\t\tdata-xy=\"x:963px;y:281px;\"\n\t\t\t\t\t\t\t\tdata-text=\"w:normal;\"\n\t\t\t\t\t\t\t\tdata-frame_999=\"o:0;st:w;\"\n\t\t\t\t\t\t\t\tstyle=\"z-index:20;font-family:'Roboto';\"\n\t\t\t\t\t\t\t><div class=\"vc_row wpb_row vc_row-fluid\"><div class=\"wpb_column vc_column_container vc_col-sm-12\"><div class=\"vc_column-inner\"><div class=\"wpb_wrapper\"><div id=\"wd-6172c834d473d\" class=\"wd-button-wrapper text-center\"><a href=\"#educativo-ricaurte-2007\" title=\"\" class=\"btn btn-color-default btn-style-link btn-shape-rectangle btn-size-default wd-open-popup \">M\u00e1s Informaci\u00f3n<\/a><\/div><div id=\"educativo-ricaurte-2007\" class=\"mfp-with-anim wd-popup mfp-hide\" style=\"max-width:800px;\"><div class=\"wd-popup-inner\">\n\t<div  class=\"wpb_single_image wpb_content_element vc_align_left\">\n\t\t\n\t\t<figure class=\"wpb_wrapper vc_figure\">\n\t\t\t<div class=\"vc_single_image-wrapper   vc_box_border_grey\"><img loading=\"lazy\" decoding=\"async\" width=\"300\" height=\"87\" src=\"https:\/\/fundacioncarcafe.co\/wp-content\/uploads\/2021\/10\/1-2007-300x87.png\" class=\"vc_single_image-img attachment-medium\" alt=\"\" title=\"2007\" srcset=\"https:\/\/fundacioncarcafe.co\/wp-content\/uploads\/2021\/10\/1-2007-300x87.png 300w, https:\/\/fundacioncarcafe.co\/wp-content\/uploads\/2021\/10\/1-2007-16x5.png 16w, https:\/\/fundacioncarcafe.co\/wp-content\/uploads\/2021\/10\/1-2007-150x43.png 150w, https:\/\/fundacioncarcafe.co\/wp-content\/uploads\/2021\/10\/1-2007.png 304w\" sizes=\"auto, (max-width: 300px) 100vw, 300px\" \/><\/div>\n\t\t<\/figure>\n\t<\/div>\n\t\t\n\t\t<div id=\"wd-6290d29959830\" class=\"title-wrapper wd-wpb set-mb-s reset-last-child  wd-title-color-default wd-title-style-default wd-width-100 text-center \">\n\t\t\t\n\t\t\t<div class=\"liner-continer\">\n\t\t\t\t<h4 class=\"woodmart-title-container title  wd-font-weight-600 wd-fontsize-xl\" >Colegio Centro Educativo Ricaurte \u2013 El Tambo, Nari\u00f1o<\/h4>\n\t\t\t\t\t\t\t<\/div>\n\t\t\t\n\t\t\t\n\t\t\t\t\t<\/div>\n\t\t\n\t\t\n\t<div class=\"wpb_text_column wpb_content_element\" >\n\t\t<div class=\"wpb_wrapper\">\n\t\t\t<p style=\"text-align: justify !important;\">Alianza entre La Minita Coffee Roasters y Empresas de Nari\u00f1o Ltda. Construcci\u00f3n de nuevos ba\u00f1os separados para ni\u00f1os y ni\u00f1as. Construcci\u00f3n de zona de juegos para ni\u00f1os peque\u00f1os. Colegio para 67 estudiantes del municipio de El Tambo, Nari\u00f1o.<\/p>\n<p><img loading=\"lazy\" decoding=\"async\" class=\"size-medium wp-image-8308 aligncenter\" src=\"https:\/\/fundacioncarcafe.aicode-test.art\/wp-content\/uploads\/2022\/07\/0acd1b6b3fed2412ebc129b57ce22581-225x300.png\" alt=\"\" width=\"225\" height=\"300\" srcset=\"https:\/\/fundacioncarcafe.co\/wp-content\/uploads\/2022\/07\/0acd1b6b3fed2412ebc129b57ce22581-225x300.png 225w, https:\/\/fundacioncarcafe.co\/wp-content\/uploads\/2022\/07\/0acd1b6b3fed2412ebc129b57ce22581-9x12.png 9w, https:\/\/fundacioncarcafe.co\/wp-content\/uploads\/2022\/07\/0acd1b6b3fed2412ebc129b57ce22581-150x200.png 150w, https:\/\/fundacioncarcafe.co\/wp-content\/uploads\/2022\/07\/0acd1b6b3fed2412ebc129b57ce22581.png 624w\" sizes=\"auto, (max-width: 225px) 100vw, 225px\" \/><\/p>\n\n\t\t<\/div>\n\t<\/div>\n<\/div><\/div><\/div><\/div><\/div><\/div><style data-type=\"vc_shortcodes-custom-css\"><\/style> \n\t\t\t\t\t\t\t<\/rs-layer><!--\n\n\t\t\t\t\t\t\t--><rs-layer\n\t\t\t\t\t\t\t\tid=\"slider-47-slide-139-layer-17\" \n\t\t\t\t\t\t\t\tdata-type=\"text\"\n\t\t\t\t\t\t\t\tdata-color=\"#000000\"\n\t\t\t\t\t\t\t\tdata-rsp_ch=\"on\"\n\t\t\t\t\t\t\t\tdata-xy=\"x:557px;y:277px;\"\n\t\t\t\t\t\t\t\tdata-text=\"w:normal;\"\n\t\t\t\t\t\t\t\tdata-frame_999=\"o:0;st:w;\"\n\t\t\t\t\t\t\t\tstyle=\"z-index:23;font-family:'Roboto';\"\n\t\t\t\t\t\t\t><div class=\"vc_row wpb_row vc_row-fluid\"><div class=\"wpb_column vc_column_container vc_col-sm-12\"><div class=\"vc_column-inner\"><div class=\"wpb_wrapper\"><div id=\"wd-61708207ab079\" class=\"wd-button-wrapper text-center\"><a href=\"#colegio-pablo-sexto-2006\" title=\"\" class=\"btn btn-color-default btn-style-link btn-shape-rectangle btn-size-default wd-open-popup \">M\u00e1s Informaci\u00f3n<\/a><\/div><div id=\"colegio-pablo-sexto-2006\" class=\"mfp-with-anim wd-popup mfp-hide\" style=\"max-width:800px;\"><div class=\"wd-popup-inner\">\n\t<div  class=\"wpb_single_image wpb_content_element vc_align_left\">\n\t\t\n\t\t<figure class=\"wpb_wrapper vc_figure\">\n\t\t\t<div class=\"vc_single_image-wrapper   vc_box_border_grey\"><img loading=\"lazy\" decoding=\"async\" width=\"300\" height=\"86\" src=\"https:\/\/fundacioncarcafe.co\/wp-content\/uploads\/2021\/10\/1-2006-300x86.png\" class=\"vc_single_image-img attachment-medium\" alt=\"\" title=\"2006\" srcset=\"https:\/\/fundacioncarcafe.co\/wp-content\/uploads\/2021\/10\/1-2006-300x86.png 300w, https:\/\/fundacioncarcafe.co\/wp-content\/uploads\/2021\/10\/1-2006-16x5.png 16w, https:\/\/fundacioncarcafe.co\/wp-content\/uploads\/2021\/10\/1-2006-150x43.png 150w, https:\/\/fundacioncarcafe.co\/wp-content\/uploads\/2021\/10\/1-2006.png 308w\" sizes=\"auto, (max-width: 300px) 100vw, 300px\" \/><\/div>\n\t\t<\/figure>\n\t<\/div>\n\t\t\n\t\t<div id=\"wd-6170820e00cbf\" class=\"title-wrapper wd-wpb set-mb-s reset-last-child  wd-title-color-default wd-title-style-default wd-width-100 text-center \">\n\t\t\t\n\t\t\t<div class=\"liner-continer\">\n\t\t\t\t<h4 class=\"woodmart-title-container title  wd-font-weight-600 wd-fontsize-xl\" >Colegio nacionalizado Pablo Sexto<\/h4>\n\t\t\t\t\t\t\t<\/div>\n\t\t\t\n\t\t\t\n\t\t\t\t\t<\/div>\n\t\t\n\t\t\n\t<div class=\"wpb_text_column wpb_content_element\" >\n\t\t<div class=\"wpb_wrapper\">\n\t\t\t<p style=\"text-align: justify !important;\">Alianza entre La Minita Coffee Roasters y Empresas de Nari\u00f1o Ltda. Remodelaci\u00f3n de la biblioteca del colegio: adecuaci\u00f3n de pisos y paredes. Colegio Pablo Sexto con 460 estudiantes.<\/p>\n<p><img loading=\"lazy\" decoding=\"async\" class=\"size-medium wp-image-8307 aligncenter\" src=\"https:\/\/fundacioncarcafe.aicode-test.art\/wp-content\/uploads\/2022\/07\/840b92088fa26f2fb35483ebaad79244-224x300.png\" alt=\"\" width=\"224\" height=\"300\" srcset=\"https:\/\/fundacioncarcafe.co\/wp-content\/uploads\/2022\/07\/840b92088fa26f2fb35483ebaad79244-224x300.png 224w, https:\/\/fundacioncarcafe.co\/wp-content\/uploads\/2022\/07\/840b92088fa26f2fb35483ebaad79244-9x12.png 9w, https:\/\/fundacioncarcafe.co\/wp-content\/uploads\/2022\/07\/840b92088fa26f2fb35483ebaad79244-150x200.png 150w, https:\/\/fundacioncarcafe.co\/wp-content\/uploads\/2022\/07\/840b92088fa26f2fb35483ebaad79244.png 434w\" sizes=\"auto, (max-width: 224px) 100vw, 224px\" \/><\/p>\n\n\t\t<\/div>\n\t<\/div>\n<\/div><\/div><\/div><\/div><\/div><\/div><style data-type=\"vc_shortcodes-custom-css\"><\/style> \n\t\t\t\t\t\t\t<\/rs-layer><!--\n\n\t\t\t\t\t\t\t--><rs-layer\n\t\t\t\t\t\t\t\tid=\"slider-47-slide-139-layer-19\" \n\t\t\t\t\t\t\t\tdata-type=\"text\"\n\t\t\t\t\t\t\t\tdata-color=\"#000000\"\n\t\t\t\t\t\t\t\tdata-rsp_ch=\"on\"\n\t\t\t\t\t\t\t\tdata-xy=\"x:139px;y:277px;\"\n\t\t\t\t\t\t\t\tdata-text=\"w:normal;\"\n\t\t\t\t\t\t\t\tdata-frame_999=\"o:0;st:w;\"\n\t\t\t\t\t\t\t\tstyle=\"z-index:25;font-family:'Roboto';\"\n\t\t\t\t\t\t\t><div class=\"vc_row wpb_row vc_row-fluid\"><div class=\"wpb_column vc_column_container vc_col-sm-12\"><div class=\"vc_column-inner\"><div class=\"wpb_wrapper\"><div id=\"wd-6172bb345c477\" class=\"wd-button-wrapper text-center\"><a href=\"#chachagui-school-2006\" title=\"\" class=\"btn btn-color-default btn-style-link btn-shape-rectangle btn-size-default wd-open-popup \">M\u00e1s Informaci\u00f3n<\/a><\/div><div id=\"chachagui-school-2006\" class=\"mfp-with-anim wd-popup mfp-hide\" style=\"max-width:800px;\"><div class=\"wd-popup-inner\">\n\t<div  class=\"wpb_single_image wpb_content_element vc_align_left\">\n\t\t\n\t\t<figure class=\"wpb_wrapper vc_figure\">\n\t\t\t<div class=\"vc_single_image-wrapper   vc_box_border_grey\"><img loading=\"lazy\" decoding=\"async\" width=\"300\" height=\"86\" src=\"https:\/\/fundacioncarcafe.co\/wp-content\/uploads\/2021\/10\/1-2006-300x86.png\" class=\"vc_single_image-img attachment-medium\" alt=\"\" title=\"2006\" srcset=\"https:\/\/fundacioncarcafe.co\/wp-content\/uploads\/2021\/10\/1-2006-300x86.png 300w, https:\/\/fundacioncarcafe.co\/wp-content\/uploads\/2021\/10\/1-2006-16x5.png 16w, https:\/\/fundacioncarcafe.co\/wp-content\/uploads\/2021\/10\/1-2006-150x43.png 150w, https:\/\/fundacioncarcafe.co\/wp-content\/uploads\/2021\/10\/1-2006.png 308w\" sizes=\"auto, (max-width: 300px) 100vw, 300px\" \/><\/div>\n\t\t<\/figure>\n\t<\/div>\n\t\t\n\t\t<div id=\"wd-6290d26213827\" class=\"title-wrapper wd-wpb set-mb-s reset-last-child  wd-title-color-default wd-title-style-default wd-width-100 text-center \">\n\t\t\t\n\t\t\t<div class=\"liner-continer\">\n\t\t\t\t<h4 class=\"woodmart-title-container title  wd-font-weight-600 wd-fontsize-xl\" >Becas Estudiantiles Fundacion Sol y Luna \u2013 Chachag\u00fc\u00ed, Nari\u00f1o<\/h4>\n\t\t\t\t\t\t\t<\/div>\n\t\t\t\n\t\t\t\n\t\t\t\t\t<\/div>\n\t\t\n\t\t\n\t<div class=\"wpb_text_column wpb_content_element\" >\n\t\t<div class=\"wpb_wrapper\">\n\t\t\t<p>Alianza entre Starbucks y Empresas de Nari\u00f1o Ltda. Proyecto enfocado en 160 familias vulnerables, que no poseen su propia finca cafetera sino que trabajan como mano de obra en la cosecha de cafe. La principal intenci\u00f3n fue proveer a cada uno de los 160 ni\u00f1os y ni\u00f1as beneficiarios con \u00fatiles escolares necesarios, uniforme b\u00e1sico del plantel educativo (sudadera, pantal\u00f3n, camiseta, medias, zapatos escolares y de deporte, ropa interior). Proveer a la madre o padre del ni\u00f1o o ni\u00f1a beneficiario con un dinero mensual que cubra el almuerzo escolar diario durante los diez meses del a\u00f1o. Dar un regalo de Navidad y de Cumplea\u00f1os a cada uno de los ni\u00f1os y ni\u00f1as. Proveer de capacitaci\u00f3n a las familias acerca de temas de inter\u00e9s general como higiene b\u00e1sica, planificaci\u00f3n familiar, promoci\u00f3n del buen trato en familia, temas que beneficien a las personas integrantes de la misma.<\/p>\n<p><img loading=\"lazy\" decoding=\"async\" class=\"size-medium wp-image-8306 aligncenter\" src=\"https:\/\/fundacioncarcafe.aicode-test.art\/wp-content\/uploads\/2022\/07\/0c5d98c59da369c1809de4d8034c6336-300x198.png\" alt=\"\" width=\"300\" height=\"198\" srcset=\"https:\/\/fundacioncarcafe.co\/wp-content\/uploads\/2022\/07\/0c5d98c59da369c1809de4d8034c6336-300x198.png 300w, https:\/\/fundacioncarcafe.co\/wp-content\/uploads\/2022\/07\/0c5d98c59da369c1809de4d8034c6336-16x12.png 16w, https:\/\/fundacioncarcafe.co\/wp-content\/uploads\/2022\/07\/0c5d98c59da369c1809de4d8034c6336-150x99.png 150w, https:\/\/fundacioncarcafe.co\/wp-content\/uploads\/2022\/07\/0c5d98c59da369c1809de4d8034c6336.png 639w\" sizes=\"auto, (max-width: 300px) 100vw, 300px\" \/><\/p>\n\n\t\t<\/div>\n\t<\/div>\n<\/div><\/div><\/div><\/div><\/div><\/div><style data-type=\"vc_shortcodes-custom-css\"><\/style> \n\t\t\t\t\t\t\t<\/rs-layer><!--\n\n\t\t\t\t\t\t\t--><rs-layer\n\t\t\t\t\t\t\t\tid=\"slider-47-slide-139-layer-30\" \n\t\t\t\t\t\t\t\tdata-type=\"text\"\n\t\t\t\t\t\t\t\tdata-color=\"#339059\"\n\t\t\t\t\t\t\t\tdata-rsp_ch=\"on\"\n\t\t\t\t\t\t\t\tdata-xy=\"x:850px;y:22px;\"\n\t\t\t\t\t\t\t\tdata-text=\"w:normal;s:50;l:44;fw:700;a:center;\"\n\t\t\t\t\t\t\t\tdata-dim=\"w:326px;h:47px;\"\n\t\t\t\t\t\t\t\tdata-frame_999=\"o:0;st:w;\"\n\t\t\t\t\t\t\t\tstyle=\"z-index:29;font-family:'Montserrat';\"\n\t\t\t\t\t\t\t>2007 \n\t\t\t\t\t\t\t<\/rs-layer><!--\n\n\t\t\t\t\t\t\t--><rs-layer\n\t\t\t\t\t\t\t\tid=\"slider-47-slide-139-layer-64\" \n\t\t\t\t\t\t\t\tdata-type=\"text\"\n\t\t\t\t\t\t\t\tdata-color=\"#339059\"\n\t\t\t\t\t\t\t\tdata-rsp_ch=\"on\"\n\t\t\t\t\t\t\t\tdata-xy=\"x:38px;y:27px;\"\n\t\t\t\t\t\t\t\tdata-text=\"w:normal;s:50;l:44;fw:700;a:center;\"\n\t\t\t\t\t\t\t\tdata-dim=\"w:326px;h:47px;\"\n\t\t\t\t\t\t\t\tdata-frame_999=\"o:0;st:w;\"\n\t\t\t\t\t\t\t\tstyle=\"z-index:29;font-family:'Montserrat';\"\n\t\t\t\t\t\t\t>2006 - 2006 \n\t\t\t\t\t\t\t<\/rs-layer><!--\n\n\t\t\t\t\t\t\t--><rs-layer\n\t\t\t\t\t\t\t\tid=\"slider-47-slide-139-layer-65\" \n\t\t\t\t\t\t\t\tdata-type=\"text\"\n\t\t\t\t\t\t\t\tdata-color=\"#339059\"\n\t\t\t\t\t\t\t\tdata-rsp_ch=\"on\"\n\t\t\t\t\t\t\t\tdata-xy=\"x:445px;y:26px;\"\n\t\t\t\t\t\t\t\tdata-text=\"w:normal;s:50;l:44;fw:700;a:center;\"\n\t\t\t\t\t\t\t\tdata-dim=\"w:326px;h:47px;\"\n\t\t\t\t\t\t\t\tdata-frame_999=\"o:0;st:w;\"\n\t\t\t\t\t\t\t\tstyle=\"z-index:29;font-family:'Montserrat';\"\n\t\t\t\t\t\t\t>2006 - 2006 \n\t\t\t\t\t\t\t<\/rs-layer><!--\n-->\t\t\t\t\t\t<\/rs-slide>\n\t\t\t\t\t\t<rs-slide style=\"position: absolute;\" data-key=\"rs-140\" data-title=\"Slide\" data-anim=\"adpr:false;\" data-in=\"o:0;\" data-out=\"a:false;\">\n\t\t\t\t\t\t\t<img decoding=\"async\" src=\"\/\/fundacioncarcafe.co\/wp-content\/plugins\/revslider\/public\/assets\/assets\/dummy.png\" alt=\"Slide\" title=\"Nuestra trayectoria\" class=\"rev-slidebg tp-rs-img rs-lazyload\" data-lazyload=\"\/\/fundacioncarcafe.co\/wp-content\/plugins\/revslider\/public\/assets\/assets\/transparent.png\" data-no-retina>\n<!--\n\t\t\t\t\t\t\t--><rs-layer\n\t\t\t\t\t\t\t\tid=\"slider-47-slide-140-layer-0\" \n\t\t\t\t\t\t\t\tdata-type=\"shape\"\n\t\t\t\t\t\t\t\tdata-rsp_ch=\"on\"\n\t\t\t\t\t\t\t\tdata-xy=\"x:-2px;y:-4px;\"\n\t\t\t\t\t\t\t\tdata-text=\"w:normal;\"\n\t\t\t\t\t\t\t\tdata-dim=\"w:1241px;h:351px;\"\n\t\t\t\t\t\t\t\tdata-frame_999=\"o:0;st:w;\"\n\t\t\t\t\t\t\t\tstyle=\"z-index:8;background-color:#EDEDED;\"\n\t\t\t\t\t\t\t> \n\t\t\t\t\t\t\t<\/rs-layer><!--\n\n\t\t\t\t\t\t\t--><rs-layer\n\t\t\t\t\t\t\t\tid=\"slider-47-slide-140-layer-2\" \n\t\t\t\t\t\t\t\tdata-type=\"text\"\n\t\t\t\t\t\t\t\tdata-color=\"#000000\"\n\t\t\t\t\t\t\t\tdata-rsp_ch=\"on\"\n\t\t\t\t\t\t\t\tdata-xy=\"x:847px;y:84px;\"\n\t\t\t\t\t\t\t\tdata-text=\"w:normal;s:22;fw:700;a:center;\"\n\t\t\t\t\t\t\t\tdata-dim=\"w:346px;\"\n\t\t\t\t\t\t\t\tdata-frame_999=\"o:0;st:w;\"\n\t\t\t\t\t\t\t\tstyle=\"z-index:11;font-family:'Montserrat';\"\n\t\t\t\t\t\t\t>Proyecto Desarrollo Sostenible para Caficultores \u2013 Occidente de Nari\u00f1o \n\t\t\t\t\t\t\t<\/rs-layer><!--\n\n\t\t\t\t\t\t\t--><rs-layer\n\t\t\t\t\t\t\t\tid=\"slider-47-slide-140-layer-3\" \n\t\t\t\t\t\t\t\tdata-type=\"text\"\n\t\t\t\t\t\t\t\tdata-color=\"#6c6c6c\"\n\t\t\t\t\t\t\t\tdata-rsp_ch=\"on\"\n\t\t\t\t\t\t\t\tdata-xy=\"x:843px;y:167px;\"\n\t\t\t\t\t\t\t\tdata-text=\"w:normal;s:13;l:20;\"\n\t\t\t\t\t\t\t\tdata-dim=\"w:357px;\"\n\t\t\t\t\t\t\t\tdata-frame_999=\"o:0;st:w;\"\n\t\t\t\t\t\t\t\tstyle=\"z-index:14;font-family:'Roboto';\"\n\t\t\t\t\t\t\t>Proyecto de gran alcance para 900 familias caficultoras de 8 municipios del Occidente del departamento de Nari\u00f1o.  Construcci\u00f3n de patios de secado de caf\u00e9, marquesinas para secado del caf\u00e9.  Capacitaciones en temas sociales, financieros y ambientales.  Alianza entre USAID, Starbucks y Empresas de Nari\u00f1o Ltda. \n\t\t\t\t\t\t\t<\/rs-layer><!--\n\n\t\t\t\t\t\t\t--><rs-layer\n\t\t\t\t\t\t\t\tid=\"slider-47-slide-140-layer-4\" \n\t\t\t\t\t\t\t\tdata-type=\"shape\"\n\t\t\t\t\t\t\t\tdata-rsp_ch=\"on\"\n\t\t\t\t\t\t\t\tdata-xy=\"x:400px;y:41px;\"\n\t\t\t\t\t\t\t\tdata-text=\"w:normal;\"\n\t\t\t\t\t\t\t\tdata-dim=\"w:1px;h:200px;\"\n\t\t\t\t\t\t\t\tdata-vbility=\"t,t,t,f\"\n\t\t\t\t\t\t\t\tdata-frame_999=\"o:0;st:w;\"\n\t\t\t\t\t\t\t\tstyle=\"z-index:16;background-color:#707070;\"\n\t\t\t\t\t\t\t> \n\t\t\t\t\t\t\t<\/rs-layer><!--\n\n\t\t\t\t\t\t\t--><rs-layer\n\t\t\t\t\t\t\t\tid=\"slider-47-slide-140-layer-6\" \n\t\t\t\t\t\t\t\tdata-type=\"text\"\n\t\t\t\t\t\t\t\tdata-color=\"#000000\"\n\t\t\t\t\t\t\t\tdata-rsp_ch=\"on\"\n\t\t\t\t\t\t\t\tdata-xy=\"x:25px;y:85px;\"\n\t\t\t\t\t\t\t\tdata-text=\"w:normal;s:20;fw:700;a:center;\"\n\t\t\t\t\t\t\t\tdata-dim=\"w:327px;\"\n\t\t\t\t\t\t\t\tdata-frame_999=\"o:0;st:w;\"\n\t\t\t\t\t\t\t\tstyle=\"z-index:10;font-family:'Montserrat';\"\n\t\t\t\t\t\t\t>Becas Estudiantiles Sol y Luna \u2013 Chachag\u00fc\u00ed, Nari\u00f1o \n\t\t\t\t\t\t\t<\/rs-layer><!--\n\n\t\t\t\t\t\t\t--><rs-layer\n\t\t\t\t\t\t\t\tid=\"slider-47-slide-140-layer-7\" \n\t\t\t\t\t\t\t\tdata-type=\"text\"\n\t\t\t\t\t\t\t\tdata-color=\"#6c6c6c\"\n\t\t\t\t\t\t\t\tdata-rsp_ch=\"on\"\n\t\t\t\t\t\t\t\tdata-xy=\"x:20px;y:142px;\"\n\t\t\t\t\t\t\t\tdata-text=\"w:normal;s:15;l:20;\"\n\t\t\t\t\t\t\t\tdata-dim=\"w:359px;\"\n\t\t\t\t\t\t\t\tdata-frame_999=\"o:0;st:w;\"\n\t\t\t\t\t\t\t\tstyle=\"z-index:13;font-family:'Roboto';\"\n\t\t\t\t\t\t\t>Becas de estudio para 175 estudiantes incluyendo matricula y mensualidad, comidas en el colegio y auxilio de alimentacion para las familias de los estudiantes.  Colegio manejado por la Fundacion Sol y Luna.  Alianza entre Strabucks y Empresas de Nari\u00f1o Ltda. \n\t\t\t\t\t\t\t<\/rs-layer><!--\n\n\t\t\t\t\t\t\t--><rs-layer\n\t\t\t\t\t\t\t\tid=\"slider-47-slide-140-layer-8\" \n\t\t\t\t\t\t\t\tdata-type=\"shape\"\n\t\t\t\t\t\t\t\tdata-rsp_ch=\"on\"\n\t\t\t\t\t\t\t\tdata-xy=\"x:824px;y:40px;\"\n\t\t\t\t\t\t\t\tdata-text=\"w:normal;\"\n\t\t\t\t\t\t\t\tdata-dim=\"w:1px;h:200px;\"\n\t\t\t\t\t\t\t\tdata-vbility=\"t,t,t,f\"\n\t\t\t\t\t\t\t\tdata-frame_999=\"o:0;st:w;\"\n\t\t\t\t\t\t\t\tstyle=\"z-index:15;background-color:#707070;\"\n\t\t\t\t\t\t\t> \n\t\t\t\t\t\t\t<\/rs-layer><!--\n\n\t\t\t\t\t\t\t--><rs-layer\n\t\t\t\t\t\t\t\tid=\"slider-47-slide-140-layer-9\" \n\t\t\t\t\t\t\t\tdata-type=\"text\"\n\t\t\t\t\t\t\t\tdata-color=\"#6c6c6c\"\n\t\t\t\t\t\t\t\tdata-rsp_ch=\"on\"\n\t\t\t\t\t\t\t\tdata-xy=\"x:420px;y:160px;\"\n\t\t\t\t\t\t\t\tdata-text=\"w:normal;s:15;l:20;\"\n\t\t\t\t\t\t\t\tdata-dim=\"w:391px;\"\n\t\t\t\t\t\t\t\tdata-frame_999=\"o:0;st:w;\"\n\t\t\t\t\t\t\t\tstyle=\"z-index:12;font-family:'Roboto';\"\n\t\t\t\t\t\t\t>Proyecto para 600 familias caficultoras y sus asociaciones en el Norte del departamento de Nari\u00f1o.  Construcci\u00f3n de infraestructura de procesamiento de caf\u00e9, implementaci\u00f3n de certificaciones de sostenibilidad, capacitaciones en temas sociales, financieros y ambientales.  Alianza entre Starbucks y Empresas de Nari\u00f1o Ltda. \n\t\t\t\t\t\t\t<\/rs-layer><!--\n\n\t\t\t\t\t\t\t--><rs-layer\n\t\t\t\t\t\t\t\tid=\"slider-47-slide-140-layer-10\" \n\t\t\t\t\t\t\t\tdata-type=\"text\"\n\t\t\t\t\t\t\t\tdata-color=\"#000000\"\n\t\t\t\t\t\t\t\tdata-rsp_ch=\"on\"\n\t\t\t\t\t\t\t\tdata-xy=\"x:427px;y:80px;\"\n\t\t\t\t\t\t\t\tdata-text=\"w:normal;s:22;fw:700;a:center;\"\n\t\t\t\t\t\t\t\tdata-dim=\"w:376px;\"\n\t\t\t\t\t\t\t\tdata-frame_999=\"o:0;st:w;\"\n\t\t\t\t\t\t\t\tstyle=\"z-index:9;font-family:'Montserrat';\"\n\t\t\t\t\t\t\t>Proyecto Asistencia T\u00e9cnica a fincas \u2013 Norte de Nari\u00f1o \n\t\t\t\t\t\t\t<\/rs-layer><!--\n\n\t\t\t\t\t\t\t--><rs-layer\n\t\t\t\t\t\t\t\tid=\"slider-47-slide-140-layer-12\" \n\t\t\t\t\t\t\t\tdata-type=\"text\"\n\t\t\t\t\t\t\t\tdata-color=\"#000000\"\n\t\t\t\t\t\t\t\tdata-rsp_ch=\"on\"\n\t\t\t\t\t\t\t\tdata-xy=\"x:952px;y:306px;\"\n\t\t\t\t\t\t\t\tdata-text=\"w:normal;\"\n\t\t\t\t\t\t\t\tdata-frame_999=\"o:0;st:w;\"\n\t\t\t\t\t\t\t\tstyle=\"z-index:17;font-family:'Roboto';\"\n\t\t\t\t\t\t\t><div class=\"vc_row wpb_row vc_row-fluid\"><div class=\"wpb_column vc_column_container vc_col-sm-12\"><div class=\"vc_column-inner\"><div class=\"wpb_wrapper\"><div id=\"wd-6172cca90dc66\" class=\"wd-button-wrapper text-center\"><a href=\"#narino-coffee-growers-2009-2011\" title=\"\" class=\"btn btn-color-default btn-style-link btn-shape-rectangle btn-size-default wd-open-popup \">M\u00e1s Informaci\u00f3n<\/a><\/div><div id=\"narino-coffee-growers-2009-2011\" class=\"mfp-with-anim wd-popup mfp-hide\" style=\"max-width:800px;\"><div class=\"wd-popup-inner\">\n\t<div  class=\"wpb_single_image wpb_content_element vc_align_left\">\n\t\t\n\t\t<figure class=\"wpb_wrapper vc_figure\">\n\t\t\t<div class=\"vc_single_image-wrapper   vc_box_border_grey\"><img loading=\"lazy\" decoding=\"async\" width=\"300\" height=\"40\" src=\"https:\/\/fundacioncarcafe.co\/wp-content\/uploads\/2021\/10\/1-2009 - 2011-300x40.png\" class=\"vc_single_image-img attachment-medium\" alt=\"\" title=\"2009 - 2011\" srcset=\"https:\/\/fundacioncarcafe.co\/wp-content\/uploads\/2021\/10\/1-2009%20-%202011-300x40.png 300w, https:\/\/fundacioncarcafe.co\/wp-content\/uploads\/2021\/10\/1-2009%20-%202011-16x2.png 16w, https:\/\/fundacioncarcafe.co\/wp-content\/uploads\/2021\/10\/1-2009%20-%202011-150x20.png 150w, https:\/\/fundacioncarcafe.co\/wp-content\/uploads\/2021\/10\/1-2009%20-%202011.png 660w\" sizes=\"auto, (max-width: 300px) 100vw, 300px\" \/><\/div>\n\t\t<\/figure>\n\t<\/div>\n\t\t\n\t\t<div id=\"wd-6290d3241485a\" class=\"title-wrapper wd-wpb set-mb-s reset-last-child  wd-title-color-default wd-title-style-default wd-width-100 text-center \">\n\t\t\t\n\t\t\t<div class=\"liner-continer\">\n\t\t\t\t<h4 class=\"woodmart-title-container title  wd-font-weight-600 wd-fontsize-xl\" >Proyecto Desarrollo Sostenible para caficultores \u2013 Occidente de Nari\u00f1o<\/h4>\n\t\t\t\t\t\t\t<\/div>\n\t\t\t\n\t\t\t\n\t\t\t\t\t<\/div>\n\t\t\n\t\t\n\t<div class=\"wpb_text_column wpb_content_element\" >\n\t\t<div class=\"wpb_wrapper\">\n\t\t\t<p>Alianza entre USAID, Starbucks y Empresas de Nari\u00f1o Ltda. Proyecto de alto impacto con alta inversi\u00f3n por finca. Proyecto en el cual trabajamos con 800 familias peque\u00f1os caficultores del occidente de Nari\u00f1o, equivalentes a aproximadamente 4,000 personas. Municipios de Consaca, Sandon\u00e1, Samaniego, Sotomayor, La Florida, El Tambo. Se contribuyo en la conformaci\u00f3n y fortalecimiento de 10 asociaciones de caficultores para ser una parte mas significativa de la cadena de valor. Se hizo inversi\u00f3n por finca en infraestructura de procesamiento del caf\u00e9 como patios de secado, marquesinas de secado, tanques de fermentaci\u00f3n y asistencia t\u00e9cnica para su buen manejo para mejorar la calidad de caf\u00e9. Estas fincas han estado vendiendo su caf\u00e9 con calidad de exportaci\u00f3n y con sobreprecio anualmente. Se apoyo la construcci\u00f3n de centros de acopio para asociaciones de caficultores para fortalecimiento de su labor grupal y su dotaci\u00f3n con equipos de recibo del caf\u00e9 y material de oficina.<\/p>\n<p><img loading=\"lazy\" decoding=\"async\" class=\"size-medium wp-image-8311 aligncenter\" src=\"https:\/\/fundacioncarcafe.aicode-test.art\/wp-content\/uploads\/2022\/07\/c9fcf4ce72f24c1d5fe3f3a913fd4d2b-300x164.png\" alt=\"\" width=\"300\" height=\"164\" srcset=\"https:\/\/fundacioncarcafe.co\/wp-content\/uploads\/2022\/07\/c9fcf4ce72f24c1d5fe3f3a913fd4d2b-300x164.png 300w, https:\/\/fundacioncarcafe.co\/wp-content\/uploads\/2022\/07\/c9fcf4ce72f24c1d5fe3f3a913fd4d2b-16x9.png 16w, https:\/\/fundacioncarcafe.co\/wp-content\/uploads\/2022\/07\/c9fcf4ce72f24c1d5fe3f3a913fd4d2b-150x82.png 150w, https:\/\/fundacioncarcafe.co\/wp-content\/uploads\/2022\/07\/c9fcf4ce72f24c1d5fe3f3a913fd4d2b.png 584w\" sizes=\"auto, (max-width: 300px) 100vw, 300px\" \/><\/p>\n\n\t\t<\/div>\n\t<\/div>\n<\/div><\/div><\/div><\/div><\/div><\/div><style data-type=\"vc_shortcodes-custom-css\"><\/style> \n\t\t\t\t\t\t\t<\/rs-layer><!--\n\n\t\t\t\t\t\t\t--><rs-layer\n\t\t\t\t\t\t\t\tid=\"slider-47-slide-140-layer-17\" \n\t\t\t\t\t\t\t\tdata-type=\"text\"\n\t\t\t\t\t\t\t\tdata-color=\"#000000\"\n\t\t\t\t\t\t\t\tdata-rsp_ch=\"on\"\n\t\t\t\t\t\t\t\tdata-xy=\"x:558px;y:295px;\"\n\t\t\t\t\t\t\t\tdata-text=\"w:normal;\"\n\t\t\t\t\t\t\t\tdata-frame_999=\"o:0;st:w;\"\n\t\t\t\t\t\t\t\tstyle=\"z-index:18;font-family:'Roboto';\"\n\t\t\t\t\t\t\t><div class=\"vc_row wpb_row vc_row-fluid\"><div class=\"wpb_column vc_column_container vc_col-sm-12\"><div class=\"vc_column-inner\"><div class=\"wpb_wrapper\"><div id=\"wd-6172caf61e042\" class=\"wd-button-wrapper text-center\"><a href=\"#technical-support-2008-2010\" title=\"\" class=\"btn btn-color-default btn-style-link btn-shape-rectangle btn-size-default wd-open-popup \">M\u00e1s Informaci\u00f3n<\/a><\/div><div id=\"technical-support-2008-2010\" class=\"mfp-with-anim wd-popup mfp-hide\" style=\"max-width:800px;\"><div class=\"wd-popup-inner\">\n\t<div  class=\"wpb_single_image wpb_content_element vc_align_left\">\n\t\t\n\t\t<figure class=\"wpb_wrapper vc_figure\">\n\t\t\t<div class=\"vc_single_image-wrapper   vc_box_border_grey\"><img loading=\"lazy\" decoding=\"async\" width=\"300\" height=\"38\" src=\"https:\/\/fundacioncarcafe.co\/wp-content\/uploads\/2021\/10\/1-2008 - 2010-300x38.png\" class=\"vc_single_image-img attachment-medium\" alt=\"\" title=\"2008 - 2010\" srcset=\"https:\/\/fundacioncarcafe.co\/wp-content\/uploads\/2021\/10\/1-2008%20-%202010-300x38.png 300w, https:\/\/fundacioncarcafe.co\/wp-content\/uploads\/2021\/10\/1-2008%20-%202010-16x2.png 16w, https:\/\/fundacioncarcafe.co\/wp-content\/uploads\/2021\/10\/1-2008%20-%202010-150x19.png 150w, https:\/\/fundacioncarcafe.co\/wp-content\/uploads\/2021\/10\/1-2008%20-%202010.png 702w\" sizes=\"auto, (max-width: 300px) 100vw, 300px\" \/><\/div>\n\t\t<\/figure>\n\t<\/div>\n\t\t\n\t\t<div id=\"wd-6290d2eac14d4\" class=\"title-wrapper wd-wpb set-mb-s reset-last-child  wd-title-color-default wd-title-style-default wd-width-100 text-center \">\n\t\t\t\n\t\t\t<div class=\"liner-continer\">\n\t\t\t\t<h4 class=\"woodmart-title-container title  wd-font-weight-600 wd-fontsize-xl\" >Proyecto Asistencia T\u00e9cnica a fincas\u2013 Norte de Nari\u00f1o<\/h4>\n\t\t\t\t\t\t\t<\/div>\n\t\t\t\n\t\t\t\n\t\t\t\t\t<\/div>\n\t\t\n\t\t\n\t<div class=\"wpb_text_column wpb_content_element\" >\n\t\t<div class=\"wpb_wrapper\">\n\t\t\t<p style=\"text-align: justify !important;\">Durante este proyecto resultado de alianza entre Starbucks y Empresas de Nari\u00f1o, se apoyaron mas de 600 familias caficultoras con asistencia t\u00e9cnica, implementaci\u00f3n de 14,000 arboles de sombr\u00edo y miles de esquejes de barreras vivas en sus fincas cafeteras para evitar la erosi\u00f3n y apoyar la implementaci\u00f3n de arreglos agroforestales combinados con el cultivo de caf\u00e9. Tambi\u00e9n se hicieron inversiones en infraestructura de procesamiento de caf\u00e9 durante postcosecha en las fincas para mejorar la calidad del producto a exportar.<\/p>\n<p><img loading=\"lazy\" decoding=\"async\" class=\"size-medium wp-image-8310 aligncenter\" src=\"https:\/\/fundacioncarcafe.aicode-test.art\/wp-content\/uploads\/2022\/07\/84df631dc1dfc71e6a980019caf3be5c-300x226.png\" alt=\"\" width=\"300\" height=\"226\" srcset=\"https:\/\/fundacioncarcafe.co\/wp-content\/uploads\/2022\/07\/84df631dc1dfc71e6a980019caf3be5c-300x226.png 300w, https:\/\/fundacioncarcafe.co\/wp-content\/uploads\/2022\/07\/84df631dc1dfc71e6a980019caf3be5c-16x12.png 16w, https:\/\/fundacioncarcafe.co\/wp-content\/uploads\/2022\/07\/84df631dc1dfc71e6a980019caf3be5c-150x113.png 150w, https:\/\/fundacioncarcafe.co\/wp-content\/uploads\/2022\/07\/84df631dc1dfc71e6a980019caf3be5c.png 554w\" sizes=\"auto, (max-width: 300px) 100vw, 300px\" \/><\/p>\n\n\t\t<\/div>\n\t<\/div>\n<\/div><\/div><\/div><\/div><\/div><\/div><style data-type=\"vc_shortcodes-custom-css\"><\/style> \n\t\t\t\t\t\t\t<\/rs-layer><!--\n\n\t\t\t\t\t\t\t--><rs-layer\n\t\t\t\t\t\t\t\tid=\"slider-47-slide-140-layer-19\" \n\t\t\t\t\t\t\t\tdata-type=\"text\"\n\t\t\t\t\t\t\t\tdata-color=\"#000000\"\n\t\t\t\t\t\t\t\tdata-rsp_ch=\"on\"\n\t\t\t\t\t\t\t\tdata-xy=\"x:139px;y:296px;\"\n\t\t\t\t\t\t\t\tdata-text=\"w:normal;\"\n\t\t\t\t\t\t\t\tdata-frame_999=\"o:0;st:w;\"\n\t\t\t\t\t\t\t\tstyle=\"z-index:19;font-family:'Roboto';\"\n\t\t\t\t\t\t\t><div class=\"vc_row wpb_row vc_row-fluid\"><div class=\"wpb_column vc_column_container vc_col-sm-12\"><div class=\"vc_column-inner\"><div class=\"wpb_wrapper\"><div id=\"wd-6172c8f7cb244\" class=\"wd-button-wrapper text-center\"><a href=\"#chachagui-school-2007-2008\" title=\"\" class=\"btn btn-color-default btn-style-link btn-shape-rectangle btn-size-default wd-open-popup \">M\u00e1s Informaci\u00f3n<\/a><\/div><div id=\"chachagui-school-2007-2008\" class=\"mfp-with-anim wd-popup mfp-hide\" style=\"max-width:800px;\"><div class=\"wd-popup-inner\">\n\t<div  class=\"wpb_single_image wpb_content_element vc_align_left\">\n\t\t\n\t\t<figure class=\"wpb_wrapper vc_figure\">\n\t\t\t<div class=\"vc_single_image-wrapper   vc_box_border_grey\"><img loading=\"lazy\" decoding=\"async\" width=\"300\" height=\"36\" src=\"https:\/\/fundacioncarcafe.co\/wp-content\/uploads\/2021\/10\/1-2007 - 2008-300x36.png\" class=\"vc_single_image-img attachment-medium\" alt=\"\" title=\"2007 - 2008\" srcset=\"https:\/\/fundacioncarcafe.co\/wp-content\/uploads\/2021\/10\/1-2007%20-%202008-300x36.png 300w, https:\/\/fundacioncarcafe.co\/wp-content\/uploads\/2021\/10\/1-2007%20-%202008-16x2.png 16w, https:\/\/fundacioncarcafe.co\/wp-content\/uploads\/2021\/10\/1-2007%20-%202008-150x18.png 150w, https:\/\/fundacioncarcafe.co\/wp-content\/uploads\/2021\/10\/1-2007%20-%202008.png 731w\" sizes=\"auto, (max-width: 300px) 100vw, 300px\" \/><\/div>\n\t\t<\/figure>\n\t<\/div>\n\t\t\n\t\t<div id=\"wd-6290d2bd2bde0\" class=\"title-wrapper wd-wpb set-mb-s reset-last-child  wd-title-color-default wd-title-style-default wd-width-100 text-center \">\n\t\t\t\n\t\t\t<div class=\"liner-continer\">\n\t\t\t\t<h4 class=\"woodmart-title-container title  wd-font-weight-600 wd-fontsize-xl\" >Becas Estudiantiles Sol y Luna \u2013 Chachag\u00fc\u00ed, Nari\u00f1o<\/h4>\n\t\t\t\t\t\t\t<\/div>\n\t\t\t\n\t\t\t\n\t\t\t\t\t<\/div>\n\t\t\n\t\t\n\t<div class=\"wpb_text_column wpb_content_element\" >\n\t\t<div class=\"wpb_wrapper\">\n\t\t\t<p>Alianza entre Starbucks y Empresas de Nari\u00f1o Ltda. Proyecto enfocado en 175 familias mas vulnerables, que no poseen su propia finca cafetera sino que trabajan como mano de obra en la cosecha de cafe. La principal intenci\u00f3n fue proveer a cada uno de los 175 ni\u00f1os y ni\u00f1as beneficiarios con \u00fatiles escolares necesarios, uniforme b\u00e1sico del plantel educativo (sudadera, pantal\u00f3n, camiseta, medias, zapatos escolares y de deporte, ropa interior). Proveer a la madre o padre del ni\u00f1o o ni\u00f1a beneficiario con un dinero mensual que cubra el almuerzo escolar diario durante los diez meses del a\u00f1o. Dar un regalo de Navidad y de Cumplea\u00f1os a cada uno de los ni\u00f1os y ni\u00f1as. Proveer de capacitaci\u00f3n a las familias acerca de temas de inter\u00e9s general como higiene b\u00e1sica, planificaci\u00f3n familiar, promoci\u00f3n del buen trato en familia, temas que beneficien a las personas integrantes de la misma.<\/p>\n<p><img loading=\"lazy\" decoding=\"async\" class=\"size-medium wp-image-8309 aligncenter\" src=\"https:\/\/fundacioncarcafe.aicode-test.art\/wp-content\/uploads\/2022\/07\/eada85079f619a352c950fe25157dc4d-300x193.png\" alt=\"\" width=\"300\" height=\"193\" srcset=\"https:\/\/fundacioncarcafe.co\/wp-content\/uploads\/2022\/07\/eada85079f619a352c950fe25157dc4d-300x193.png 300w, https:\/\/fundacioncarcafe.co\/wp-content\/uploads\/2022\/07\/eada85079f619a352c950fe25157dc4d-16x10.png 16w, https:\/\/fundacioncarcafe.co\/wp-content\/uploads\/2022\/07\/eada85079f619a352c950fe25157dc4d-150x97.png 150w, https:\/\/fundacioncarcafe.co\/wp-content\/uploads\/2022\/07\/eada85079f619a352c950fe25157dc4d.png 584w\" sizes=\"auto, (max-width: 300px) 100vw, 300px\" \/><\/p>\n\n\t\t<\/div>\n\t<\/div>\n<\/div><\/div><\/div><\/div><\/div><\/div><style data-type=\"vc_shortcodes-custom-css\"><\/style> \n\t\t\t\t\t\t\t<\/rs-layer><!--\n\n\t\t\t\t\t\t\t--><rs-layer\n\t\t\t\t\t\t\t\tid=\"slider-47-slide-140-layer-42\" \n\t\t\t\t\t\t\t\tdata-type=\"text\"\n\t\t\t\t\t\t\t\tdata-color=\"#339059\"\n\t\t\t\t\t\t\t\tdata-rsp_ch=\"on\"\n\t\t\t\t\t\t\t\tdata-xy=\"x:49px;y:22px;\"\n\t\t\t\t\t\t\t\tdata-text=\"w:normal;s:50;l:44;fw:700;a:center;\"\n\t\t\t\t\t\t\t\tdata-dim=\"w:326px;h:47px;\"\n\t\t\t\t\t\t\t\tdata-frame_999=\"o:0;st:w;\"\n\t\t\t\t\t\t\t\tstyle=\"z-index:29;font-family:'Montserrat';\"\n\t\t\t\t\t\t\t>2007 - 2008 \n\t\t\t\t\t\t\t<\/rs-layer><!--\n\n\t\t\t\t\t\t\t--><rs-layer\n\t\t\t\t\t\t\t\tid=\"slider-47-slide-140-layer-44\" \n\t\t\t\t\t\t\t\tdata-type=\"text\"\n\t\t\t\t\t\t\t\tdata-color=\"#339059\"\n\t\t\t\t\t\t\t\tdata-rsp_ch=\"on\"\n\t\t\t\t\t\t\t\tdata-xy=\"x:449px;y:23px;\"\n\t\t\t\t\t\t\t\tdata-text=\"w:normal;s:50;l:44;fw:700;a:center;\"\n\t\t\t\t\t\t\t\tdata-dim=\"w:326px;h:47px;\"\n\t\t\t\t\t\t\t\tdata-frame_999=\"o:0;st:w;\"\n\t\t\t\t\t\t\t\tstyle=\"z-index:29;font-family:'Montserrat';\"\n\t\t\t\t\t\t\t>2008 - 2010 \n\t\t\t\t\t\t\t<\/rs-layer><!--\n\n\t\t\t\t\t\t\t--><rs-layer\n\t\t\t\t\t\t\t\tid=\"slider-47-slide-140-layer-66\" \n\t\t\t\t\t\t\t\tdata-type=\"text\"\n\t\t\t\t\t\t\t\tdata-color=\"#339059\"\n\t\t\t\t\t\t\t\tdata-rsp_ch=\"on\"\n\t\t\t\t\t\t\t\tdata-xy=\"x:857px;y:29px;\"\n\t\t\t\t\t\t\t\tdata-text=\"w:normal;s:50;l:44;fw:700;a:center;\"\n\t\t\t\t\t\t\t\tdata-dim=\"w:326px;h:47px;\"\n\t\t\t\t\t\t\t\tdata-frame_999=\"o:0;st:w;\"\n\t\t\t\t\t\t\t\tstyle=\"z-index:29;font-family:'Montserrat';\"\n\t\t\t\t\t\t\t>2009 - 2011 \n\t\t\t\t\t\t\t<\/rs-layer><!--\n-->\t\t\t\t\t\t<\/rs-slide>\n\t\t\t\t\t\t<rs-slide style=\"position: absolute;\" data-key=\"rs-141\" data-title=\"Slide\" data-anim=\"adpr:false;\" data-in=\"o:0;\" data-out=\"a:false;\">\n\t\t\t\t\t\t\t<img decoding=\"async\" src=\"\/\/fundacioncarcafe.co\/wp-content\/plugins\/revslider\/public\/assets\/assets\/dummy.png\" alt=\"Slide\" title=\"Nuestra trayectoria\" class=\"rev-slidebg tp-rs-img rs-lazyload\" data-lazyload=\"\/\/fundacioncarcafe.co\/wp-content\/plugins\/revslider\/public\/assets\/assets\/transparent.png\" data-no-retina>\n<!--\n\t\t\t\t\t\t\t--><rs-layer\n\t\t\t\t\t\t\t\tid=\"slider-47-slide-141-layer-0\" \n\t\t\t\t\t\t\t\tdata-type=\"shape\"\n\t\t\t\t\t\t\t\tdata-rsp_ch=\"on\"\n\t\t\t\t\t\t\t\tdata-xy=\"x:-2px;y:-4px;\"\n\t\t\t\t\t\t\t\tdata-text=\"w:normal;\"\n\t\t\t\t\t\t\t\tdata-dim=\"w:1241px;h:351px;\"\n\t\t\t\t\t\t\t\tdata-frame_999=\"o:0;st:w;\"\n\t\t\t\t\t\t\t\tstyle=\"z-index:8;background-color:#EDEDED;\"\n\t\t\t\t\t\t\t> \n\t\t\t\t\t\t\t<\/rs-layer><!--\n\n\t\t\t\t\t\t\t--><rs-layer\n\t\t\t\t\t\t\t\tid=\"slider-47-slide-141-layer-2\" \n\t\t\t\t\t\t\t\tdata-type=\"text\"\n\t\t\t\t\t\t\t\tdata-color=\"#000000\"\n\t\t\t\t\t\t\t\tdata-rsp_ch=\"on\"\n\t\t\t\t\t\t\t\tdata-xy=\"x:842px;y:85px;\"\n\t\t\t\t\t\t\t\tdata-text=\"w:normal;s:22;fw:700;a:center;\"\n\t\t\t\t\t\t\t\tdata-dim=\"w:346px;\"\n\t\t\t\t\t\t\t\tdata-frame_999=\"o:0;st:w;\"\n\t\t\t\t\t\t\t\tstyle=\"z-index:11;font-family:'Montserrat';\"\n\t\t\t\t\t\t\t>Proyecto Piloto Fair Trade USA Fase II \u2013 Samaniego, Nari\u00f1o \n\t\t\t\t\t\t\t<\/rs-layer><!--\n\n\t\t\t\t\t\t\t--><rs-layer\n\t\t\t\t\t\t\t\tid=\"slider-47-slide-141-layer-3\" \n\t\t\t\t\t\t\t\tdata-type=\"text\"\n\t\t\t\t\t\t\t\tdata-color=\"#6c6c6c\"\n\t\t\t\t\t\t\t\tdata-rsp_ch=\"on\"\n\t\t\t\t\t\t\t\tdata-xy=\"x:847px;y:168px;\"\n\t\t\t\t\t\t\t\tdata-text=\"w:normal;s:15;l:20;\"\n\t\t\t\t\t\t\t\tdata-dim=\"w:357px;\"\n\t\t\t\t\t\t\t\tdata-frame_999=\"o:0;st:w;\"\n\t\t\t\t\t\t\t\tstyle=\"z-index:14;font-family:'Roboto';\"\n\t\t\t\t\t\t\t>Proyecto para 300 familias caficultoras en Samaniego, Nari\u00f1o. Implementaci\u00f3n de certificaci\u00f3n social, capacitaciones en temas sociales, financieros y asociativos.  Alianza con OIM, Catholic Relief Services y Empresas de Nari\u00f1o Ltda. \n\t\t\t\t\t\t\t<\/rs-layer><!--\n\n\t\t\t\t\t\t\t--><rs-layer\n\t\t\t\t\t\t\t\tid=\"slider-47-slide-141-layer-4\" \n\t\t\t\t\t\t\t\tdata-type=\"shape\"\n\t\t\t\t\t\t\t\tdata-rsp_ch=\"on\"\n\t\t\t\t\t\t\t\tdata-xy=\"x:400px;y:41px;\"\n\t\t\t\t\t\t\t\tdata-text=\"w:normal;\"\n\t\t\t\t\t\t\t\tdata-dim=\"w:1px;h:200px;\"\n\t\t\t\t\t\t\t\tdata-vbility=\"t,t,t,f\"\n\t\t\t\t\t\t\t\tdata-frame_999=\"o:0;st:w;\"\n\t\t\t\t\t\t\t\tstyle=\"z-index:16;background-color:#707070;\"\n\t\t\t\t\t\t\t> \n\t\t\t\t\t\t\t<\/rs-layer><!--\n\n\t\t\t\t\t\t\t--><rs-layer\n\t\t\t\t\t\t\t\tid=\"slider-47-slide-141-layer-5\" \n\t\t\t\t\t\t\t\tdata-type=\"text\"\n\t\t\t\t\t\t\t\tdata-color=\"#339059\"\n\t\t\t\t\t\t\t\tdata-rsp_ch=\"on\"\n\t\t\t\t\t\t\t\tdata-xy=\"x:38px;y:25px;\"\n\t\t\t\t\t\t\t\tdata-text=\"w:normal;s:50;l:44;fw:700;a:center;\"\n\t\t\t\t\t\t\t\tdata-dim=\"w:326px;h:47px;\"\n\t\t\t\t\t\t\t\tdata-frame_999=\"o:0;st:w;\"\n\t\t\t\t\t\t\t\tstyle=\"z-index:29;font-family:'Montserrat';\"\n\t\t\t\t\t\t\t>2011 - 2012 \n\t\t\t\t\t\t\t<\/rs-layer><!--\n\n\t\t\t\t\t\t\t--><rs-layer\n\t\t\t\t\t\t\t\tid=\"slider-47-slide-141-layer-6\" \n\t\t\t\t\t\t\t\tdata-type=\"text\"\n\t\t\t\t\t\t\t\tdata-color=\"#000000\"\n\t\t\t\t\t\t\t\tdata-rsp_ch=\"on\"\n\t\t\t\t\t\t\t\tdata-xy=\"x:60px;y:78px;\"\n\t\t\t\t\t\t\t\tdata-text=\"w:normal;s:20;fw:700;a:center;\"\n\t\t\t\t\t\t\t\tdata-dim=\"w:266px;\"\n\t\t\t\t\t\t\t\tdata-frame_999=\"o:0;st:w;\"\n\t\t\t\t\t\t\t\tstyle=\"z-index:10;font-family:'Montserrat';\"\n\t\t\t\t\t\t\t>Proyecto Piloto Fair Trade USA Fase I \u2013 Col\u00f3n  G\u00e9nova, Nari\u00f1o \n\t\t\t\t\t\t\t<\/rs-layer><!--\n\n\t\t\t\t\t\t\t--><rs-layer\n\t\t\t\t\t\t\t\tid=\"slider-47-slide-141-layer-7\" \n\t\t\t\t\t\t\t\tdata-type=\"text\"\n\t\t\t\t\t\t\t\tdata-color=\"#6c6c6c\"\n\t\t\t\t\t\t\t\tdata-rsp_ch=\"on\"\n\t\t\t\t\t\t\t\tdata-xy=\"x:16px;y:170px;\"\n\t\t\t\t\t\t\t\tdata-text=\"w:normal;s:15;l:20;\"\n\t\t\t\t\t\t\t\tdata-dim=\"w:376px;\"\n\t\t\t\t\t\t\t\tdata-frame_999=\"o:0;st:w;\"\n\t\t\t\t\t\t\t\tstyle=\"z-index:13;font-family:'Roboto';\"\n\t\t\t\t\t\t\t>Proyecto para 250 familias caficultoras en Colon Genova, Nari\u00f1o. Implementacion de certificacion social, capacitaciones en temas sociales, financieros y asociativos.  Alianza con Fundacion Avina, FUNDES y Empresas de Nari\u00f1o Ltda. \n\t\t\t\t\t\t\t<\/rs-layer><!--\n\n\t\t\t\t\t\t\t--><rs-layer\n\t\t\t\t\t\t\t\tid=\"slider-47-slide-141-layer-8\" \n\t\t\t\t\t\t\t\tdata-type=\"shape\"\n\t\t\t\t\t\t\t\tdata-rsp_ch=\"on\"\n\t\t\t\t\t\t\t\tdata-xy=\"x:824px;y:40px;\"\n\t\t\t\t\t\t\t\tdata-text=\"w:normal;\"\n\t\t\t\t\t\t\t\tdata-dim=\"w:1px;h:200px;\"\n\t\t\t\t\t\t\t\tdata-vbility=\"t,t,t,f\"\n\t\t\t\t\t\t\t\tdata-frame_999=\"o:0;st:w;\"\n\t\t\t\t\t\t\t\tstyle=\"z-index:15;background-color:#707070;\"\n\t\t\t\t\t\t\t> \n\t\t\t\t\t\t\t<\/rs-layer><!--\n\n\t\t\t\t\t\t\t--><rs-layer\n\t\t\t\t\t\t\t\tid=\"slider-47-slide-141-layer-9\" \n\t\t\t\t\t\t\t\tdata-type=\"text\"\n\t\t\t\t\t\t\t\tdata-color=\"#6c6c6c\"\n\t\t\t\t\t\t\t\tdata-rsp_ch=\"on\"\n\t\t\t\t\t\t\t\tdata-xy=\"x:420px;y:145px;\"\n\t\t\t\t\t\t\t\tdata-text=\"w:normal;s:15;l:20;\"\n\t\t\t\t\t\t\t\tdata-dim=\"w:391px;\"\n\t\t\t\t\t\t\t\tdata-frame_999=\"o:0;st:w;\"\n\t\t\t\t\t\t\t\tstyle=\"z-index:12;font-family:'Roboto';\"\n\t\t\t\t\t\t\t>Proyecto de gran alcance para 600 familias caficultoras de 3 municipios de departamento de Nari\u00f1o.  Implementaci\u00f3n de est\u00e1ndares de certificaci\u00f3n sostenible. Construcci\u00f3n de tratamientos de aguas residuales en las fincas. Contribuci\u00f3n a reforestaci\u00f3n de 4 microcuencas de r\u00edos de Nari\u00f1o. Capacitaciones en temas sociales, financieros y ambientales.  Alianza entre Tchibo y Carcafe. \n\t\t\t\t\t\t\t<\/rs-layer><!--\n\n\t\t\t\t\t\t\t--><rs-layer\n\t\t\t\t\t\t\t\tid=\"slider-47-slide-141-layer-10\" \n\t\t\t\t\t\t\t\tdata-type=\"text\"\n\t\t\t\t\t\t\t\tdata-color=\"#000000\"\n\t\t\t\t\t\t\t\tdata-rsp_ch=\"on\"\n\t\t\t\t\t\t\t\tdata-xy=\"x:427px;y:83px;\"\n\t\t\t\t\t\t\t\tdata-text=\"w:normal;s:22;fw:700;a:center;\"\n\t\t\t\t\t\t\t\tdata-dim=\"w:368px;\"\n\t\t\t\t\t\t\t\tdata-frame_999=\"o:0;st:w;\"\n\t\t\t\t\t\t\t\tstyle=\"z-index:9;font-family:'Montserrat';\"\n\t\t\t\t\t\t\t>Proyecto Tchibo Join Forces Fase I \u2013 Norte de Nari\u00f1o \n\t\t\t\t\t\t\t<\/rs-layer><!--\n\n\t\t\t\t\t\t\t--><rs-layer\n\t\t\t\t\t\t\t\tid=\"slider-47-slide-141-layer-12\" \n\t\t\t\t\t\t\t\tdata-type=\"text\"\n\t\t\t\t\t\t\t\tdata-color=\"#000000\"\n\t\t\t\t\t\t\t\tdata-rsp_ch=\"on\"\n\t\t\t\t\t\t\t\tdata-xy=\"x:963px;y:285px;\"\n\t\t\t\t\t\t\t\tdata-text=\"w:normal;\"\n\t\t\t\t\t\t\t\tdata-frame_999=\"o:0;st:w;\"\n\t\t\t\t\t\t\t\tstyle=\"z-index:17;font-family:'Roboto';\"\n\t\t\t\t\t\t\t><div class=\"vc_row wpb_row vc_row-fluid\"><div class=\"wpb_column vc_column_container vc_col-sm-12\"><div class=\"vc_column-inner\"><div class=\"wpb_wrapper\"><div id=\"wd-6172d489943d9\" class=\"wd-button-wrapper text-center\"><a href=\"#ftusa-project-2012\" title=\"\" class=\"btn btn-color-default btn-style-link btn-shape-rectangle btn-size-default wd-open-popup \">M\u00e1s Informaci\u00f3n<\/a><\/div><div id=\"ftusa-project-2012\" class=\"mfp-with-anim wd-popup mfp-hide\" style=\"max-width:800px;\"><div class=\"wd-popup-inner\">\n\t<div  class=\"wpb_single_image wpb_content_element vc_align_left\">\n\t\t\n\t\t<figure class=\"wpb_wrapper vc_figure\">\n\t\t\t<div class=\"vc_single_image-wrapper   vc_box_border_grey\"><img loading=\"lazy\" decoding=\"async\" width=\"266\" height=\"88\" src=\"https:\/\/fundacioncarcafe.co\/wp-content\/uploads\/2021\/10\/1-2012.png\" class=\"vc_single_image-img attachment-medium\" alt=\"\" title=\"2012\" srcset=\"https:\/\/fundacioncarcafe.co\/wp-content\/uploads\/2021\/10\/1-2012.png 266w, https:\/\/fundacioncarcafe.co\/wp-content\/uploads\/2021\/10\/1-2012-16x5.png 16w, https:\/\/fundacioncarcafe.co\/wp-content\/uploads\/2021\/10\/1-2012-150x50.png 150w\" sizes=\"auto, (max-width: 266px) 100vw, 266px\" \/><\/div>\n\t\t<\/figure>\n\t<\/div>\n\t\t\n\t\t<div id=\"wd-6290d42a3c291\" class=\"title-wrapper wd-wpb set-mb-s reset-last-child  wd-title-color-default wd-title-style-default wd-width-100 text-center \">\n\t\t\t\n\t\t\t<div class=\"liner-continer\">\n\t\t\t\t<h4 class=\"woodmart-title-container title  wd-font-weight-600 wd-fontsize-xl\" >Proyecto Piloto Fair Trade USA Fase II \u2013 Samaniego, Nari\u00f1o<\/h4>\n\t\t\t\t\t\t\t<\/div>\n\t\t\t\n\t\t\t\n\t\t\t\t\t<\/div>\n\t\t\n\t\t\n\t<div class=\"wpb_text_column wpb_content_element\" >\n\t\t<div class=\"wpb_wrapper\">\n\t\t\t<p style=\"text-align: justify !important;\">Proyecto en alianza entre Empresas de Nari\u00f1o Ltda, OIM Y CRS, Catholic Relief Services. Con sitio en la implementaci\u00f3n de Standares FLO y certificaci\u00f3n de 300 familias caficultoras en el municipio de Samaniego, Nari\u00f1o, equivalentes a aproximadamente 1,500 personas. Este grupo asociativo de familias lograron vender su caf\u00e9 como certificado a tostadores de Estados Unidos.<\/p>\n<p><img loading=\"lazy\" decoding=\"async\" class=\"size-medium wp-image-8314 aligncenter\" src=\"https:\/\/fundacioncarcafe.aicode-test.art\/wp-content\/uploads\/2022\/07\/PILOT-PROJECT-No.-2-FTUSA-300x225.jpg\" alt=\"\" width=\"300\" height=\"225\" srcset=\"https:\/\/fundacioncarcafe.co\/wp-content\/uploads\/2022\/07\/PILOT-PROJECT-No.-2-FTUSA-300x225.jpg 300w, https:\/\/fundacioncarcafe.co\/wp-content\/uploads\/2022\/07\/PILOT-PROJECT-No.-2-FTUSA-1024x768.jpg 1024w, https:\/\/fundacioncarcafe.co\/wp-content\/uploads\/2022\/07\/PILOT-PROJECT-No.-2-FTUSA-768x576.jpg 768w, https:\/\/fundacioncarcafe.co\/wp-content\/uploads\/2022\/07\/PILOT-PROJECT-No.-2-FTUSA-1536x1152.jpg 1536w, https:\/\/fundacioncarcafe.co\/wp-content\/uploads\/2022\/07\/PILOT-PROJECT-No.-2-FTUSA-2048x1536.jpg 2048w, https:\/\/fundacioncarcafe.co\/wp-content\/uploads\/2022\/07\/PILOT-PROJECT-No.-2-FTUSA-16x12.jpg 16w, https:\/\/fundacioncarcafe.co\/wp-content\/uploads\/2022\/07\/PILOT-PROJECT-No.-2-FTUSA-1200x900.jpg 1200w, https:\/\/fundacioncarcafe.co\/wp-content\/uploads\/2022\/07\/PILOT-PROJECT-No.-2-FTUSA-150x113.jpg 150w\" sizes=\"auto, (max-width: 300px) 100vw, 300px\" \/><\/p>\n\n\t\t<\/div>\n\t<\/div>\n<\/div><\/div><\/div><\/div><\/div><\/div><style data-type=\"vc_shortcodes-custom-css\"><\/style> \n\t\t\t\t\t\t\t<\/rs-layer><!--\n\n\t\t\t\t\t\t\t--><rs-layer\n\t\t\t\t\t\t\t\tid=\"slider-47-slide-141-layer-16\" \n\t\t\t\t\t\t\t\tdata-type=\"text\"\n\t\t\t\t\t\t\t\tdata-color=\"#339059\"\n\t\t\t\t\t\t\t\tdata-rsp_ch=\"on\"\n\t\t\t\t\t\t\t\tdata-xy=\"x:445px;y:27px;\"\n\t\t\t\t\t\t\t\tdata-text=\"w:normal;s:50;l:44;fw:700;a:center;\"\n\t\t\t\t\t\t\t\tdata-dim=\"w:326px;h:47px;\"\n\t\t\t\t\t\t\t\tdata-frame_999=\"o:0;st:w;\"\n\t\t\t\t\t\t\t\tstyle=\"z-index:29;font-family:'Montserrat';\"\n\t\t\t\t\t\t\t>2012 - 2014 \n\t\t\t\t\t\t\t<\/rs-layer><!--\n\n\t\t\t\t\t\t\t--><rs-layer\n\t\t\t\t\t\t\t\tid=\"slider-47-slide-141-layer-17\" \n\t\t\t\t\t\t\t\tdata-type=\"text\"\n\t\t\t\t\t\t\t\tdata-color=\"#000000\"\n\t\t\t\t\t\t\t\tdata-rsp_ch=\"on\"\n\t\t\t\t\t\t\t\tdata-xy=\"x:558px;y:299px;\"\n\t\t\t\t\t\t\t\tdata-text=\"w:normal;\"\n\t\t\t\t\t\t\t\tdata-frame_999=\"o:0;st:w;\"\n\t\t\t\t\t\t\t\tstyle=\"z-index:18;font-family:'Roboto';\"\n\t\t\t\t\t\t\t><div class=\"vc_row wpb_row vc_row-fluid\"><div class=\"wpb_column vc_column_container vc_col-sm-12\"><div class=\"vc_column-inner\"><div class=\"wpb_wrapper\"><div id=\"wd-6172d011380d4\" class=\"wd-button-wrapper text-center\"><a href=\"#borderlands-project-2012-2016\" title=\"\" class=\"btn btn-color-default btn-style-link btn-shape-rectangle btn-size-default wd-open-popup \">M\u00e1s Informaci\u00f3n<\/a><\/div><div id=\"borderlands-project-2012-2016\" class=\"mfp-with-anim wd-popup mfp-hide\" style=\"max-width:800px;\"><div class=\"wd-popup-inner\">\n\t<div  class=\"wpb_single_image wpb_content_element vc_align_left\">\n\t\t\n\t\t<figure class=\"wpb_wrapper vc_figure\">\n\t\t\t<div class=\"vc_single_image-wrapper   vc_box_border_grey\"><img loading=\"lazy\" decoding=\"async\" width=\"300\" height=\"40\" src=\"https:\/\/fundacioncarcafe.co\/wp-content\/uploads\/2021\/10\/1-2012 - 2014-300x40.png\" class=\"vc_single_image-img attachment-medium\" alt=\"\" title=\"2012 - 2014\" srcset=\"https:\/\/fundacioncarcafe.co\/wp-content\/uploads\/2021\/10\/1-2012%20-%202014-300x40.png 300w, https:\/\/fundacioncarcafe.co\/wp-content\/uploads\/2021\/10\/1-2012%20-%202014-16x2.png 16w, https:\/\/fundacioncarcafe.co\/wp-content\/uploads\/2021\/10\/1-2012%20-%202014-150x20.png 150w, https:\/\/fundacioncarcafe.co\/wp-content\/uploads\/2021\/10\/1-2012%20-%202014.png 664w\" sizes=\"auto, (max-width: 300px) 100vw, 300px\" \/><\/div>\n\t\t<\/figure>\n\t<\/div>\n\t\t\n\t\t<div id=\"wd-6290d3de3d3cc\" class=\"title-wrapper wd-wpb set-mb-s reset-last-child  wd-title-color-default wd-title-style-default wd-width-100 text-center \">\n\t\t\t\n\t\t\t<div class=\"liner-continer\">\n\t\t\t\t<h4 class=\"woodmart-title-container title  wd-font-weight-600 wd-fontsize-xl\" >Proyecto Tchibo Join Forces Fase I \u2013 Norte de Nari\u00f1o<\/h4>\n\t\t\t\t\t\t\t<\/div>\n\t\t\t\n\t\t\t\n\t\t\t\t\t<\/div>\n\t\t\n\t\t\n\t<div class=\"wpb_text_column wpb_content_element\" >\n\t\t<div class=\"wpb_wrapper\">\n\t\t\t<p>Proyecto en alianza con Firma tostadora Alemana Tchibo Gmbh y cooperaci\u00f3n del gobierno de Holanda IDH representado en Colombia por Fundaci\u00f3n Holandesa Solidaridad. La primera Fase, duro 3 a\u00f1os que se amplio con una segunda fase por otros 3 a\u00f1os. Beneficio inicialmente a 300 familias caficultoras equivalentes a 1,500 personas y luego se amplio a 1,700 familias aproximadamente 8,500 personas de 16 municipios de Nari\u00f1o. Se logro fortalecer la cadena productiva de caf\u00e9 a nivel de productor. Se implemento y se certificaron como Rainforest Alliance 1400 fincas, las cuales han estado vendiendo su caf\u00e9 como certificado para exportaci\u00f3n a Alemania desde 2012 hasta el d\u00eda de hoy 2021. (Mas de 5MM de Kg de CPS en los 3 primeros a\u00f1os) Se sembraron 14,000 arboles en 1,000 fincas conformando arreglos agroforestales con caf\u00e9, para mejorar biodiversidad en microcuencas de los r\u00edos Pat\u00eda, Pasto, Juanamb\u00fa y Mayo. Durante 7 a\u00f1os estos arboles han ayudado a producir 3,3MM de Kg de O2 y han ayudado a capturar 210,000 Kg de CO2. Se instalaron sistemas de tratamiento de aguas residuales para 800 fincas, para contribuir a la conservaci\u00f3n de las cuencas de los r\u00edos Pat\u00eda, Mayo, Pasto y Juanamb\u00fa. Estos tratamientos han ayudado a limpiar 500.000 metros c\u00fabicos de aguas. 262 familias construyeron estufas amigables para evitar la contaminaci\u00f3n de las familias caficultoras y disminuir la incidencia del EPOC en el campo. 1,000 familias fueron capacitadas en Manejo finanzas de la finca cafetera, llegando a conocer el P&G de su finca al final del a\u00f1o y a hacer planificaci\u00f3n del presupuesto del a\u00f1o siguiente. EPP para 500 caficultores protegi\u00e9ndolos de los efectos secundarios de los agroqu\u00edmicos. 421 fincas con an\u00e1lisis de suelo y recomendaciones. Se hicieron perfilaciones al caf\u00e9 de mas de 1,000 fincas. 700 caficultores trabajando como socios activos de 26 asociaciones de caficultores.<\/p>\n<p><img loading=\"lazy\" decoding=\"async\" class=\"size-medium wp-image-8313 aligncenter\" src=\"https:\/\/fundacioncarcafe.aicode-test.art\/wp-content\/uploads\/2022\/07\/tjfp1-300x200.jpg\" alt=\"\" width=\"300\" height=\"200\" srcset=\"https:\/\/fundacioncarcafe.co\/wp-content\/uploads\/2022\/07\/tjfp1-300x200.jpg 300w, https:\/\/fundacioncarcafe.co\/wp-content\/uploads\/2022\/07\/tjfp1-1024x683.jpg 1024w, https:\/\/fundacioncarcafe.co\/wp-content\/uploads\/2022\/07\/tjfp1-768x512.jpg 768w, https:\/\/fundacioncarcafe.co\/wp-content\/uploads\/2022\/07\/tjfp1-16x12.jpg 16w, https:\/\/fundacioncarcafe.co\/wp-content\/uploads\/2022\/07\/tjfp1-1200x800.jpg 1200w, https:\/\/fundacioncarcafe.co\/wp-content\/uploads\/2022\/07\/tjfp1-150x100.jpg 150w, https:\/\/fundacioncarcafe.co\/wp-content\/uploads\/2022\/07\/tjfp1.jpg 1500w\" sizes=\"auto, (max-width: 300px) 100vw, 300px\" \/><\/p>\n\n\t\t<\/div>\n\t<\/div>\n<\/div><\/div><\/div><\/div><\/div><\/div><style data-type=\"vc_shortcodes-custom-css\"><\/style> \n\t\t\t\t\t\t\t<\/rs-layer><!--\n\n\t\t\t\t\t\t\t--><rs-layer\n\t\t\t\t\t\t\t\tid=\"slider-47-slide-141-layer-19\" \n\t\t\t\t\t\t\t\tdata-type=\"text\"\n\t\t\t\t\t\t\t\tdata-color=\"#000000\"\n\t\t\t\t\t\t\t\tdata-rsp_ch=\"on\"\n\t\t\t\t\t\t\t\tdata-xy=\"x:139px;y:306px;\"\n\t\t\t\t\t\t\t\tdata-text=\"w:normal;\"\n\t\t\t\t\t\t\t\tdata-frame_999=\"o:0;st:w;\"\n\t\t\t\t\t\t\t\tstyle=\"z-index:19;font-family:'Roboto';\"\n\t\t\t\t\t\t\t><div class=\"vc_row wpb_row vc_row-fluid\"><div class=\"wpb_column vc_column_container vc_col-sm-12\"><div class=\"vc_column-inner\"><div class=\"wpb_wrapper\"><div id=\"wd-6172ce3ae5687\" class=\"wd-button-wrapper text-center\"><a href=\"#pilot-ftusa-2011-2012\" title=\"\" class=\"btn btn-color-default btn-style-link btn-shape-rectangle btn-size-default wd-open-popup \">M\u00e1s Informaci\u00f3n<\/a><\/div><div id=\"pilot-ftusa-2011-2012\" class=\"mfp-with-anim wd-popup mfp-hide\" style=\"max-width:800px;\"><div class=\"wd-popup-inner\">\n\t<div  class=\"wpb_single_image wpb_content_element vc_align_left\">\n\t\t\n\t\t<figure class=\"wpb_wrapper vc_figure\">\n\t\t\t<div class=\"vc_single_image-wrapper   vc_box_border_grey\"><img loading=\"lazy\" decoding=\"async\" width=\"300\" height=\"42\" src=\"https:\/\/fundacioncarcafe.co\/wp-content\/uploads\/2021\/10\/1-2011 - 2012-300x42.png\" class=\"vc_single_image-img attachment-medium\" alt=\"\" title=\"2011 - 2012\" srcset=\"https:\/\/fundacioncarcafe.co\/wp-content\/uploads\/2021\/10\/1-2011%20-%202012-300x42.png 300w, https:\/\/fundacioncarcafe.co\/wp-content\/uploads\/2021\/10\/1-2011%20-%202012-16x2.png 16w, https:\/\/fundacioncarcafe.co\/wp-content\/uploads\/2021\/10\/1-2011%20-%202012-150x21.png 150w, https:\/\/fundacioncarcafe.co\/wp-content\/uploads\/2021\/10\/1-2011%20-%202012.png 626w\" sizes=\"auto, (max-width: 300px) 100vw, 300px\" \/><\/div>\n\t\t<\/figure>\n\t<\/div>\n\t\t\n\t\t<div id=\"wd-6290d35296374\" class=\"title-wrapper wd-wpb set-mb-s reset-last-child  wd-title-color-default wd-title-style-default wd-width-100 text-center \">\n\t\t\t\n\t\t\t<div class=\"liner-continer\">\n\t\t\t\t<h4 class=\"woodmart-title-container title  wd-font-weight-600 wd-fontsize-xl\" >Proyecto Piloto Fair Trade USA Fase I \u2013 Colon G\u00e9nova, Nari\u00f1o<\/h4>\n\t\t\t\t\t\t\t<\/div>\n\t\t\t\n\t\t\t\n\t\t\t\t\t<\/div>\n\t\t\n\t\t\n\t<div class=\"wpb_text_column wpb_content_element\" >\n\t\t<div class=\"wpb_wrapper\">\n\t\t\t<p style=\"text-align: justify !important;\">Proyecto en alianza entre Empresas de Nari\u00f1o Ltda, Fundaci\u00f3n Avina y FUNDES. Implementaci\u00f3n de Standares FLO y certificaci\u00f3n de 250 familias caficultoras del municipio de Colon G\u00e9nova en el norte de Nari\u00f1o, equivalentes a aproximadamente 1,000 personas. Esta gran asociaci\u00f3n de familias lograron vender varios contenedores de caf\u00e9 certificado a clientes de Estados Unidos.<\/p>\n<p><img loading=\"lazy\" decoding=\"async\" class=\"size-medium wp-image-8312 aligncenter\" src=\"https:\/\/fundacioncarcafe.aicode-test.art\/wp-content\/uploads\/2022\/07\/ppftusa-300x224.jpg\" alt=\"\" width=\"300\" height=\"224\" srcset=\"https:\/\/fundacioncarcafe.co\/wp-content\/uploads\/2022\/07\/ppftusa-300x224.jpg 300w, https:\/\/fundacioncarcafe.co\/wp-content\/uploads\/2022\/07\/ppftusa-1024x765.jpg 1024w, https:\/\/fundacioncarcafe.co\/wp-content\/uploads\/2022\/07\/ppftusa-768x574.jpg 768w, https:\/\/fundacioncarcafe.co\/wp-content\/uploads\/2022\/07\/ppftusa-1536x1147.jpg 1536w, https:\/\/fundacioncarcafe.co\/wp-content\/uploads\/2022\/07\/ppftusa-2048x1530.jpg 2048w, https:\/\/fundacioncarcafe.co\/wp-content\/uploads\/2022\/07\/ppftusa-16x12.jpg 16w, https:\/\/fundacioncarcafe.co\/wp-content\/uploads\/2022\/07\/ppftusa-1200x896.jpg 1200w, https:\/\/fundacioncarcafe.co\/wp-content\/uploads\/2022\/07\/ppftusa-150x112.jpg 150w\" sizes=\"auto, (max-width: 300px) 100vw, 300px\" \/><\/p>\n\n\t\t<\/div>\n\t<\/div>\n<\/div><\/div><\/div><\/div><\/div><\/div><style data-type=\"vc_shortcodes-custom-css\"><\/style> \n\t\t\t\t\t\t\t<\/rs-layer><!--\n\n\t\t\t\t\t\t\t--><rs-layer\n\t\t\t\t\t\t\t\tid=\"slider-47-slide-141-layer-32\" \n\t\t\t\t\t\t\t\tdata-type=\"text\"\n\t\t\t\t\t\t\t\tdata-color=\"#339059\"\n\t\t\t\t\t\t\t\tdata-rsp_ch=\"on\"\n\t\t\t\t\t\t\t\tdata-xy=\"x:855px;y:26px;\"\n\t\t\t\t\t\t\t\tdata-text=\"w:normal;s:50;l:44;fw:700;a:center;\"\n\t\t\t\t\t\t\t\tdata-dim=\"w:326px;h:47px;\"\n\t\t\t\t\t\t\t\tdata-frame_999=\"o:0;st:w;\"\n\t\t\t\t\t\t\t\tstyle=\"z-index:29;font-family:'Montserrat';\"\n\t\t\t\t\t\t\t>2012 - 2012 \n\t\t\t\t\t\t\t<\/rs-layer><!--\n-->\t\t\t\t\t\t<\/rs-slide>\n\t\t\t\t\t\t<rs-slide style=\"position: absolute;\" data-key=\"rs-142\" data-title=\"Slide\" data-anim=\"adpr:false;\" data-in=\"o:0;\" data-out=\"a:false;\">\n\t\t\t\t\t\t\t<img decoding=\"async\" src=\"\/\/fundacioncarcafe.co\/wp-content\/plugins\/revslider\/public\/assets\/assets\/dummy.png\" alt=\"Slide\" title=\"Nuestra trayectoria\" class=\"rev-slidebg tp-rs-img rs-lazyload\" data-lazyload=\"\/\/fundacioncarcafe.co\/wp-content\/plugins\/revslider\/public\/assets\/assets\/transparent.png\" data-no-retina>\n<!--\n\t\t\t\t\t\t\t--><rs-layer\n\t\t\t\t\t\t\t\tid=\"slider-47-slide-142-layer-0\" \n\t\t\t\t\t\t\t\tdata-type=\"shape\"\n\t\t\t\t\t\t\t\tdata-rsp_ch=\"on\"\n\t\t\t\t\t\t\t\tdata-xy=\"x:-2px;y:-4px;\"\n\t\t\t\t\t\t\t\tdata-text=\"w:normal;\"\n\t\t\t\t\t\t\t\tdata-dim=\"w:1241px;h:351px;\"\n\t\t\t\t\t\t\t\tdata-frame_999=\"o:0;st:w;\"\n\t\t\t\t\t\t\t\tstyle=\"z-index:8;background-color:#EDEDED;\"\n\t\t\t\t\t\t\t> \n\t\t\t\t\t\t\t<\/rs-layer><!--\n\n\t\t\t\t\t\t\t--><rs-layer\n\t\t\t\t\t\t\t\tid=\"slider-47-slide-142-layer-1\" \n\t\t\t\t\t\t\t\tdata-type=\"text\"\n\t\t\t\t\t\t\t\tdata-color=\"#339059\"\n\t\t\t\t\t\t\t\tdata-rsp_ch=\"on\"\n\t\t\t\t\t\t\t\tdata-xy=\"x:38px;y:25px;\"\n\t\t\t\t\t\t\t\tdata-text=\"w:normal;s:50;l:44;fw:700;a:center;\"\n\t\t\t\t\t\t\t\tdata-dim=\"w:326px;h:47px;\"\n\t\t\t\t\t\t\t\tdata-frame_999=\"o:0;st:w;\"\n\t\t\t\t\t\t\t\tstyle=\"z-index:29;font-family:'Montserrat';\"\n\t\t\t\t\t\t\t>2012 - 2016 \n\t\t\t\t\t\t\t<\/rs-layer><!--\n\n\t\t\t\t\t\t\t--><rs-layer\n\t\t\t\t\t\t\t\tid=\"slider-47-slide-142-layer-2\" \n\t\t\t\t\t\t\t\tdata-type=\"text\"\n\t\t\t\t\t\t\t\tdata-color=\"#000000\"\n\t\t\t\t\t\t\t\tdata-rsp_ch=\"on\"\n\t\t\t\t\t\t\t\tdata-xy=\"x:847px;y:78px;\"\n\t\t\t\t\t\t\t\tdata-text=\"w:normal;s:22;fw:700;a:center;\"\n\t\t\t\t\t\t\t\tdata-dim=\"w:346px;\"\n\t\t\t\t\t\t\t\tdata-frame_999=\"o:0;st:w;\"\n\t\t\t\t\t\t\t\tstyle=\"z-index:11;font-family:'Montserrat';\"\n\t\t\t\t\t\t\t>Colegio Sagrado Coraz\u00f3n de Jes\u00fas \u2013 San Lorenzo, Nari\u00f1o \n\t\t\t\t\t\t\t<\/rs-layer><!--\n\n\t\t\t\t\t\t\t--><rs-layer\n\t\t\t\t\t\t\t\tid=\"slider-47-slide-142-layer-3\" \n\t\t\t\t\t\t\t\tdata-type=\"text\"\n\t\t\t\t\t\t\t\tdata-color=\"#6c6c6c\"\n\t\t\t\t\t\t\t\tdata-rsp_ch=\"on\"\n\t\t\t\t\t\t\t\tdata-xy=\"x:848px;y:137px;\"\n\t\t\t\t\t\t\t\tdata-text=\"w:normal;s:13;l:20;\"\n\t\t\t\t\t\t\t\tdata-dim=\"w:357px;\"\n\t\t\t\t\t\t\t\tdata-frame_999=\"o:0;st:w;\"\n\t\t\t\t\t\t\t\tstyle=\"z-index:14;font-family:'Roboto';\"\n\t\t\t\t\t\t\t>Proyecto Educativo.  Construcci\u00f3n de nuevo bloque educativo para Instituci\u00f3n Educativa Sagrado Coraz\u00f3n de Jes\u00fas en San Lorenzo, Nari\u00f1o. Incluye 8 nuevas aulas de clase, cocina, despensa, comedor para estudiantes, patios con zonas verdes, ba\u00f1os separados para ni\u00f1os y ni\u00f1as.  Colegio de 782 estudiantes.  Alianza entre Costa Foundation, gobierno del departamento de Nari\u00f1o, Carcafe Ltda y Fundaci\u00f3n Carcafe. \n\t\t\t\t\t\t\t<\/rs-layer><!--\n\n\t\t\t\t\t\t\t--><rs-layer\n\t\t\t\t\t\t\t\tid=\"slider-47-slide-142-layer-4\" \n\t\t\t\t\t\t\t\tdata-type=\"shape\"\n\t\t\t\t\t\t\t\tdata-rsp_ch=\"on\"\n\t\t\t\t\t\t\t\tdata-xy=\"x:400px;y:41px;\"\n\t\t\t\t\t\t\t\tdata-text=\"w:normal;\"\n\t\t\t\t\t\t\t\tdata-dim=\"w:1px;h:200px;\"\n\t\t\t\t\t\t\t\tdata-vbility=\"t,t,t,f\"\n\t\t\t\t\t\t\t\tdata-frame_999=\"o:0;st:w;\"\n\t\t\t\t\t\t\t\tstyle=\"z-index:16;background-color:#707070;\"\n\t\t\t\t\t\t\t> \n\t\t\t\t\t\t\t<\/rs-layer><!--\n\n\t\t\t\t\t\t\t--><rs-layer\n\t\t\t\t\t\t\t\tid=\"slider-47-slide-142-layer-6\" \n\t\t\t\t\t\t\t\tdata-type=\"text\"\n\t\t\t\t\t\t\t\tdata-color=\"#000000\"\n\t\t\t\t\t\t\t\tdata-rsp_ch=\"on\"\n\t\t\t\t\t\t\t\tdata-xy=\"x:57px;y:80px;\"\n\t\t\t\t\t\t\t\tdata-text=\"w:normal;s:20;fw:700;a:center;\"\n\t\t\t\t\t\t\t\tdata-dim=\"w:289px;\"\n\t\t\t\t\t\t\t\tdata-frame_999=\"o:0;st:w;\"\n\t\t\t\t\t\t\t\tstyle=\"z-index:10;font-family:'Montserrat';\"\n\t\t\t\t\t\t\t>Proyecto Borderlands - Norte de Nari\u00f1o \n\t\t\t\t\t\t\t<\/rs-layer><!--\n\n\t\t\t\t\t\t\t--><rs-layer\n\t\t\t\t\t\t\t\tid=\"slider-47-slide-142-layer-7\" \n\t\t\t\t\t\t\t\tdata-type=\"text\"\n\t\t\t\t\t\t\t\tdata-color=\"#6c6c6c\"\n\t\t\t\t\t\t\t\tdata-rsp_ch=\"on\"\n\t\t\t\t\t\t\t\tdata-xy=\"x:28px;y:138px;\"\n\t\t\t\t\t\t\t\tdata-text=\"w:normal;s:15;l:20;\"\n\t\t\t\t\t\t\t\tdata-dim=\"w:376px;\"\n\t\t\t\t\t\t\t\tdata-frame_999=\"o:0;st:w;\"\n\t\t\t\t\t\t\t\tstyle=\"z-index:13;font-family:'Roboto';\"\n\t\t\t\t\t\t\t>Proyecto para 500 familias caficultoras y sus asociaciones en loa municipios de La Uni\u00f3n y Taminango, Nari\u00f1o.  Construcci\u00f3n de bodegas y puntos de compra para asociaciones de caficultores, implementaci\u00f3n de certificaciones de sostenibilidad, capacitaciones en temas sociales, financieros y ambientales.  Alianza entre Catholic Relief Services, Howard Buffet Foundation y Empresas de Nari\u00f1o Ltda. \n\t\t\t\t\t\t\t<\/rs-layer><!--\n\n\t\t\t\t\t\t\t--><rs-layer\n\t\t\t\t\t\t\t\tid=\"slider-47-slide-142-layer-8\" \n\t\t\t\t\t\t\t\tdata-type=\"shape\"\n\t\t\t\t\t\t\t\tdata-rsp_ch=\"on\"\n\t\t\t\t\t\t\t\tdata-xy=\"x:824px;y:40px;\"\n\t\t\t\t\t\t\t\tdata-text=\"w:normal;\"\n\t\t\t\t\t\t\t\tdata-dim=\"w:1px;h:200px;\"\n\t\t\t\t\t\t\t\tdata-vbility=\"t,t,t,f\"\n\t\t\t\t\t\t\t\tdata-frame_999=\"o:0;st:w;\"\n\t\t\t\t\t\t\t\tstyle=\"z-index:15;background-color:#707070;\"\n\t\t\t\t\t\t\t> \n\t\t\t\t\t\t\t<\/rs-layer><!--\n\n\t\t\t\t\t\t\t--><rs-layer\n\t\t\t\t\t\t\t\tid=\"slider-47-slide-142-layer-9\" \n\t\t\t\t\t\t\t\tdata-type=\"text\"\n\t\t\t\t\t\t\t\tdata-color=\"#6c6c6c\"\n\t\t\t\t\t\t\t\tdata-rsp_ch=\"on\"\n\t\t\t\t\t\t\t\tdata-xy=\"x:428px;y:127px;\"\n\t\t\t\t\t\t\t\tdata-text=\"w:normal;s:15;l:20;\"\n\t\t\t\t\t\t\t\tdata-dim=\"w:391px;\"\n\t\t\t\t\t\t\t\tdata-frame_999=\"o:0;st:w;\"\n\t\t\t\t\t\t\t\tstyle=\"z-index:12;font-family:'Roboto';\"\n\t\t\t\t\t\t\t>Creaci\u00f3n e implementaci\u00f3n de fondo rotatorio para peque\u00f1os caficultores con objeto de contribuir a la nutrici\u00f3n de sus plantaciones de caf\u00e9.  Fondo rotatorio enfocado en asociaciones de caficultores que en los pasados 9 a\u00f1os ha impactado mas de 1,000 familias caficultoras.  Alianza entre Catholic Relief Services, Howard Buffet Foundation y Fundaci\u00f3n Carcafe. \n\t\t\t\t\t\t\t<\/rs-layer><!--\n\n\t\t\t\t\t\t\t--><rs-layer\n\t\t\t\t\t\t\t\tid=\"slider-47-slide-142-layer-10\" \n\t\t\t\t\t\t\t\tdata-type=\"text\"\n\t\t\t\t\t\t\t\tdata-color=\"#000000\"\n\t\t\t\t\t\t\t\tdata-rsp_ch=\"on\"\n\t\t\t\t\t\t\t\tdata-xy=\"x:427px;y:73px;\"\n\t\t\t\t\t\t\t\tdata-text=\"w:normal;s:22;fw:700;a:center;\"\n\t\t\t\t\t\t\t\tdata-dim=\"w:366px;\"\n\t\t\t\t\t\t\t\tdata-frame_999=\"o:0;st:w;\"\n\t\t\t\t\t\t\t\tstyle=\"z-index:9;font-family:'Montserrat';\"\n\t\t\t\t\t\t\t>Rotating Fund \n\t\t\t\t\t\t\t<\/rs-layer><!--\n\n\t\t\t\t\t\t\t--><rs-layer\n\t\t\t\t\t\t\t\tid=\"slider-47-slide-142-layer-11\" \n\t\t\t\t\t\t\t\tdata-type=\"text\"\n\t\t\t\t\t\t\t\tdata-color=\"#339059\"\n\t\t\t\t\t\t\t\tdata-rsp_ch=\"on\"\n\t\t\t\t\t\t\t\tdata-xy=\"x:444px;y:21px;\"\n\t\t\t\t\t\t\t\tdata-text=\"w:normal;s:50;l:44;fw:700;a:center;\"\n\t\t\t\t\t\t\t\tdata-dim=\"w:326px;h:47px;\"\n\t\t\t\t\t\t\t\tdata-frame_999=\"o:0;st:w;\"\n\t\t\t\t\t\t\t\tstyle=\"z-index:29;font-family:'Montserrat';\"\n\t\t\t\t\t\t\t>2013 - 2021 \n\t\t\t\t\t\t\t<\/rs-layer><!--\n\n\t\t\t\t\t\t\t--><rs-layer\n\t\t\t\t\t\t\t\tid=\"slider-47-slide-142-layer-12\" \n\t\t\t\t\t\t\t\tdata-type=\"text\"\n\t\t\t\t\t\t\t\tdata-color=\"#000000\"\n\t\t\t\t\t\t\t\tdata-rsp_ch=\"on\"\n\t\t\t\t\t\t\t\tdata-xy=\"x:942px;y:296px;\"\n\t\t\t\t\t\t\t\tdata-text=\"w:normal;\"\n\t\t\t\t\t\t\t\tdata-frame_999=\"o:0;st:w;\"\n\t\t\t\t\t\t\t\tstyle=\"z-index:17;font-family:'Roboto';\"\n\t\t\t\t\t\t\t><div class=\"vc_row wpb_row vc_row-fluid\"><div class=\"wpb_column vc_column_container vc_col-sm-12\"><div class=\"vc_column-inner\"><div class=\"wpb_wrapper\"><div id=\"wd-6182f563a9be1\" class=\"wd-button-wrapper text-center\"><a href=\"#sacred-heatch-2014\" title=\"\" class=\"btn btn-color-default btn-style-link btn-shape-rectangle btn-size-default wd-open-popup \">M\u00e1s Informaci\u00f3n<\/a><\/div><div id=\"sacred-heatch-2014\" class=\"mfp-with-anim wd-popup mfp-hide\" style=\"max-width:800px;\"><div class=\"wd-popup-inner\">\n\t<div  class=\"wpb_single_image wpb_content_element vc_align_left\">\n\t\t\n\t\t<figure class=\"wpb_wrapper vc_figure\">\n\t\t\t<div class=\"vc_single_image-wrapper   vc_box_border_grey\"><img loading=\"lazy\" decoding=\"async\" width=\"300\" height=\"40\" src=\"https:\/\/fundacioncarcafe.co\/wp-content\/uploads\/2021\/11\/1-2014 - 2016-300x40.png\" class=\"vc_single_image-img attachment-medium\" alt=\"\" title=\"2014 - 2016\" srcset=\"https:\/\/fundacioncarcafe.co\/wp-content\/uploads\/2021\/11\/1-2014%20-%202016-300x40.png 300w, https:\/\/fundacioncarcafe.co\/wp-content\/uploads\/2021\/11\/1-2014%20-%202016-16x2.png 16w, https:\/\/fundacioncarcafe.co\/wp-content\/uploads\/2021\/11\/1-2014%20-%202016-150x20.png 150w, https:\/\/fundacioncarcafe.co\/wp-content\/uploads\/2021\/11\/1-2014%20-%202016.png 668w\" sizes=\"auto, (max-width: 300px) 100vw, 300px\" \/><\/div>\n\t\t<\/figure>\n\t<\/div>\n\t\t\n\t\t<div id=\"wd-6290d4f1a638c\" class=\"title-wrapper wd-wpb set-mb-s reset-last-child  wd-title-color-default wd-title-style-default wd-width-100 text-center \">\n\t\t\t\n\t\t\t<div class=\"liner-continer\">\n\t\t\t\t<h4 class=\"woodmart-title-container title  wd-font-weight-600 wd-fontsize-xl\" >Colegio Sagrado Coraz\u00f3n de Jes\u00fas \u2013 San Lorenzo, Nari\u00f1o<\/h4>\n\t\t\t\t\t\t\t<\/div>\n\t\t\t\n\t\t\t\n\t\t\t\t\t<\/div>\n\t\t\n\t\t\n\t<div class=\"wpb_text_column wpb_content_element\" >\n\t\t<div class=\"wpb_wrapper\">\n\t\t\t<p>Proyecto en alianza con Costa Foundation para construcci\u00f3n de nuevo bloque educativo de la Instituci\u00f3n Educativa Sagrado Coraz\u00f3n de Jes\u00fas localizado en el municipio de San Lorenzo, Nari\u00f1o, el tercer mayor productor de caf\u00e9 del departamento. El colegio contaba con 782 estudiantes y se construyeron 8 nuevas aulas para 300 estudiantes de bachillerato, comedor, cocina, despensa, ba\u00f1os separados para ni\u00f1os y ni\u00f1as y zona de descanso. La gesti\u00f3n del proyecto inicio en 2014 y se lograron alianzas con la gobernaci\u00f3n de Nari\u00f1o y la alcald\u00eda de San Lorenzo. La obra se construyo en 10 meses y se inaugur\u00f3 en mayo 2016. El total de personas beneficiadas por este proyecto es de aproximadamente 4,00<\/p>\n<p><img loading=\"lazy\" decoding=\"async\" class=\"size-medium wp-image-8319 aligncenter\" src=\"https:\/\/fundacioncarcafe.aicode-test.art\/wp-content\/uploads\/2022\/07\/SACRED-HEARTH-SCHOOL-SAN-LORENZO-300x169.jpg\" alt=\"\" width=\"300\" height=\"169\" srcset=\"https:\/\/fundacioncarcafe.co\/wp-content\/uploads\/2022\/07\/SACRED-HEARTH-SCHOOL-SAN-LORENZO-300x169.jpg 300w, https:\/\/fundacioncarcafe.co\/wp-content\/uploads\/2022\/07\/SACRED-HEARTH-SCHOOL-SAN-LORENZO-1024x576.jpg 1024w, https:\/\/fundacioncarcafe.co\/wp-content\/uploads\/2022\/07\/SACRED-HEARTH-SCHOOL-SAN-LORENZO-768x432.jpg 768w, https:\/\/fundacioncarcafe.co\/wp-content\/uploads\/2022\/07\/SACRED-HEARTH-SCHOOL-SAN-LORENZO-16x9.jpg 16w, https:\/\/fundacioncarcafe.co\/wp-content\/uploads\/2022\/07\/SACRED-HEARTH-SCHOOL-SAN-LORENZO-150x84.jpg 150w, https:\/\/fundacioncarcafe.co\/wp-content\/uploads\/2022\/07\/SACRED-HEARTH-SCHOOL-SAN-LORENZO.jpg 1032w\" sizes=\"auto, (max-width: 300px) 100vw, 300px\" \/><\/p>\n<p>&nbsp;<\/p>\n<div style=\"width: 1280px;\" class=\"wp-video\"><video class=\"wp-video-shortcode\" id=\"video-7854-1\" width=\"1280\" height=\"720\" preload=\"metadata\" controls=\"controls\"><source type=\"video\/mp4\" src=\"https:\/\/fundacioncarcafe.aicode-test.art\/wp-content\/uploads\/2022\/07\/SAN-LORENZO-SCHOOL-VIDEO.mp4?_=1\" \/><a href=\"https:\/\/fundacioncarcafe.aicode-test.art\/wp-content\/uploads\/2022\/07\/SAN-LORENZO-SCHOOL-VIDEO.mp4\">https:\/\/fundacioncarcafe.aicode-test.art\/wp-content\/uploads\/2022\/07\/SAN-LORENZO-SCHOOL-VIDEO.mp4<\/a><\/video><\/div>\n\n\t\t<\/div>\n\t<\/div>\n<\/div><\/div><\/div><\/div><\/div><\/div><style data-type=\"vc_shortcodes-custom-css\"><\/style> \n\t\t\t\t\t\t\t<\/rs-layer><!--\n\n\t\t\t\t\t\t\t--><rs-layer\n\t\t\t\t\t\t\t\tid=\"slider-47-slide-142-layer-15\" \n\t\t\t\t\t\t\t\tdata-type=\"text\"\n\t\t\t\t\t\t\t\tdata-color=\"#339059\"\n\t\t\t\t\t\t\t\tdata-rsp_ch=\"on\"\n\t\t\t\t\t\t\t\tdata-xy=\"x:858px;y:20px;\"\n\t\t\t\t\t\t\t\tdata-text=\"w:normal;s:50;l:44;fw:700;a:center;\"\n\t\t\t\t\t\t\t\tdata-dim=\"w:326px;h:47px;\"\n\t\t\t\t\t\t\t\tdata-frame_999=\"o:0;st:w;\"\n\t\t\t\t\t\t\t\tstyle=\"z-index:29;font-family:'Montserrat';\"\n\t\t\t\t\t\t\t>2014 - 2016 \n\t\t\t\t\t\t\t<\/rs-layer><!--\n\n\t\t\t\t\t\t\t--><rs-layer\n\t\t\t\t\t\t\t\tid=\"slider-47-slide-142-layer-17\" \n\t\t\t\t\t\t\t\tdata-type=\"text\"\n\t\t\t\t\t\t\t\tdata-color=\"#000000\"\n\t\t\t\t\t\t\t\tdata-rsp_ch=\"on\"\n\t\t\t\t\t\t\t\tdata-xy=\"x:558px;y:298px;\"\n\t\t\t\t\t\t\t\tdata-text=\"w:normal;\"\n\t\t\t\t\t\t\t\tdata-frame_999=\"o:0;st:w;\"\n\t\t\t\t\t\t\t\tstyle=\"z-index:18;font-family:'Roboto';\"\n\t\t\t\t\t\t\t><div class=\"vc_row wpb_row vc_row-fluid\"><div class=\"wpb_column vc_column_container vc_col-sm-12\"><div class=\"vc_column-inner\"><div class=\"wpb_wrapper\"><div id=\"wd-6182f3bf90726\" class=\"wd-button-wrapper text-center\"><a href=\"#rotating-fund-2013\" title=\"\" class=\"btn btn-color-default btn-style-link btn-shape-rectangle btn-size-default wd-open-popup \">M\u00e1s Informaci\u00f3n<\/a><\/div><div id=\"rotating-fund-2013\" class=\"mfp-with-anim wd-popup mfp-hide\" style=\"max-width:800px;\"><div class=\"wd-popup-inner\">\n\t<div  class=\"wpb_single_image wpb_content_element vc_align_left\">\n\t\t\n\t\t<figure class=\"wpb_wrapper vc_figure\">\n\t\t\t<div class=\"vc_single_image-wrapper   vc_box_border_grey\"><img loading=\"lazy\" decoding=\"async\" width=\"300\" height=\"41\" src=\"https:\/\/fundacioncarcafe.co\/wp-content\/uploads\/2021\/11\/1-2013 - 2021-300x41.png\" class=\"vc_single_image-img attachment-medium\" alt=\"\" title=\"2013 - 2021\" srcset=\"https:\/\/fundacioncarcafe.co\/wp-content\/uploads\/2021\/11\/1-2013%20-%202021-300x41.png 300w, https:\/\/fundacioncarcafe.co\/wp-content\/uploads\/2021\/11\/1-2013%20-%202021-16x2.png 16w, https:\/\/fundacioncarcafe.co\/wp-content\/uploads\/2021\/11\/1-2013%20-%202021-150x21.png 150w, https:\/\/fundacioncarcafe.co\/wp-content\/uploads\/2021\/11\/1-2013%20-%202021.png 643w\" sizes=\"auto, (max-width: 300px) 100vw, 300px\" \/><\/div>\n\t\t<\/figure>\n\t<\/div>\n\t\t\n\t\t<div id=\"wd-6182f3595a50b\" class=\"title-wrapper wd-wpb set-mb-s reset-last-child  wd-title-color-default wd-title-style-default wd-width-100 text-center \">\n\t\t\t\n\t\t\t<div class=\"liner-continer\">\n\t\t\t\t<h4 class=\"woodmart-title-container title  wd-font-weight-600 wd-fontsize-xl\" >Rotating Fund<\/h4>\n\t\t\t\t\t\t\t<\/div>\n\t\t\t\n\t\t\t\n\t\t\t\t\t<\/div>\n\t\t\n\t\t\n\t<div class=\"wpb_text_column wpb_content_element\" >\n\t\t<div class=\"wpb_wrapper\">\n\t\t\t<p style=\"text-align: justify !important;\">Proyecto en alianza con CRS Coffee Relief Services, consisti\u00f3 en la creaci\u00f3n de un fondo rotatorio para facilitar la entrega de fertilizante a grupos de asociaciones de caficultores cada a\u00f1o. Hasta el d\u00eda de hoy mas de 1,000 fincas caficultoras han podido fertilizar su plantaci\u00f3n de caf\u00e9 e incrementar su productividad, aproximadamente 5,000 personas beneficiadas. El fondo rotatorio sigue activo y con 100% \u00e9xito en los pagos durante los 7 a\u00f1os de funcionamiento.<\/p>\n<p><img loading=\"lazy\" decoding=\"async\" class=\"size-medium wp-image-8318 aligncenter\" src=\"https:\/\/fundacioncarcafe.aicode-test.art\/wp-content\/uploads\/2022\/07\/FONDO-ROTATORIO-200x300.jpg\" alt=\"\" width=\"200\" height=\"300\" srcset=\"https:\/\/fundacioncarcafe.co\/wp-content\/uploads\/2022\/07\/FONDO-ROTATORIO-200x300.jpg 200w, https:\/\/fundacioncarcafe.co\/wp-content\/uploads\/2022\/07\/FONDO-ROTATORIO-683x1024.jpg 683w, https:\/\/fundacioncarcafe.co\/wp-content\/uploads\/2022\/07\/FONDO-ROTATORIO-768x1152.jpg 768w, https:\/\/fundacioncarcafe.co\/wp-content\/uploads\/2022\/07\/FONDO-ROTATORIO-8x12.jpg 8w, https:\/\/fundacioncarcafe.co\/wp-content\/uploads\/2022\/07\/FONDO-ROTATORIO-150x225.jpg 150w, https:\/\/fundacioncarcafe.co\/wp-content\/uploads\/2022\/07\/FONDO-ROTATORIO.jpg 1000w\" sizes=\"auto, (max-width: 200px) 100vw, 200px\" \/><\/p>\n\n\t\t<\/div>\n\t<\/div>\n<\/div><\/div><\/div><\/div><\/div><\/div><style data-type=\"vc_shortcodes-custom-css\"><\/style> \n\t\t\t\t\t\t\t<\/rs-layer><!--\n\n\t\t\t\t\t\t\t--><rs-layer\n\t\t\t\t\t\t\t\tid=\"slider-47-slide-142-layer-19\" \n\t\t\t\t\t\t\t\tdata-type=\"text\"\n\t\t\t\t\t\t\t\tdata-color=\"#000000\"\n\t\t\t\t\t\t\t\tdata-rsp_ch=\"on\"\n\t\t\t\t\t\t\t\tdata-xy=\"x:139px;y:306px;\"\n\t\t\t\t\t\t\t\tdata-text=\"w:normal;\"\n\t\t\t\t\t\t\t\tdata-frame_999=\"o:0;st:w;\"\n\t\t\t\t\t\t\t\tstyle=\"z-index:19;font-family:'Roboto';\"\n\t\t\t\t\t\t\t><div class=\"vc_row wpb_row vc_row-fluid\"><div class=\"wpb_column vc_column_container vc_col-sm-12\"><div class=\"vc_column-inner\"><div class=\"wpb_wrapper\"><div id=\"wd-628fb0f3b60a7\" class=\"wd-button-wrapper text-center\"><a href=\"#borderlands-project-2012-2016-2\" title=\"\" class=\"btn btn-color-default btn-style-link btn-shape-rectangle btn-size-default wd-open-popup \">M\u00e1s Informaci\u00f3n<\/a><\/div><div id=\"borderlands-project-2012-2016-2\" class=\"mfp-with-anim wd-popup mfp-hide\" style=\"max-width:800px;\"><div class=\"wd-popup-inner\">\n\t<div  class=\"wpb_single_image wpb_content_element vc_align_left\">\n\t\t\n\t\t<figure class=\"wpb_wrapper vc_figure\">\n\t\t\t<div class=\"vc_single_image-wrapper   vc_box_border_grey\"><img loading=\"lazy\" decoding=\"async\" width=\"300\" height=\"40\" src=\"https:\/\/fundacioncarcafe.co\/wp-content\/uploads\/2021\/10\/1-2012 - 2016-300x40.png\" class=\"vc_single_image-img attachment-medium\" alt=\"\" title=\"2012 - 2016\" srcset=\"https:\/\/fundacioncarcafe.co\/wp-content\/uploads\/2021\/10\/1-2012%20-%202016-300x40.png 300w, https:\/\/fundacioncarcafe.co\/wp-content\/uploads\/2021\/10\/1-2012%20-%202016-16x2.png 16w, https:\/\/fundacioncarcafe.co\/wp-content\/uploads\/2021\/10\/1-2012%20-%202016-150x20.png 150w, https:\/\/fundacioncarcafe.co\/wp-content\/uploads\/2021\/10\/1-2012%20-%202016.png 656w\" sizes=\"auto, (max-width: 300px) 100vw, 300px\" \/><\/div>\n\t\t<\/figure>\n\t<\/div>\n\t\t\n\t\t<div id=\"wd-6290d3acac57b\" class=\"title-wrapper wd-wpb set-mb-s reset-last-child  wd-title-color-default wd-title-style-default wd-width-100 text-center \">\n\t\t\t\n\t\t\t<div class=\"liner-continer\">\n\t\t\t\t<h4 class=\"woodmart-title-container title  wd-font-weight-600 wd-fontsize-xl\" >Proyecto Borderlands \u2013 Norte de Nari\u00f1o<\/h4>\n\t\t\t\t\t\t\t<\/div>\n\t\t\t\n\t\t\t\n\t\t\t\t\t<\/div>\n\t\t\n\t\t\n\t<div class=\"wpb_text_column wpb_content_element\" >\n\t\t<div class=\"wpb_wrapper\">\n\t\t\t<p>Proyecto en alianza con CRS, Catholic Relief Services. Enfoque muy innovativo en el cual trabajamos con 500 familias caficultoras del norte de Nari\u00f1o, equivalentes a aproximadamente 2,500 personas. Municipios de La Uni\u00f3n, Taminango y San Lorenzo. Se crearon 9 asociaciones de caficultores y se fortalecieron para ser una parte mas significativa de la cadena de valor. Se implemento y certificaron 500 fincas como Rainforest Alliance. Estas fincas han estado vendiendo su caf\u00e9 con calidad de exportaci\u00f3n y con sobreprecio anualmente. Se construyo un laboratorio m\u00f3vil de calidades que trabaja desde las veredas dando capacitaci\u00f3n a los caficultores y haciendo perfilaci\u00f3n de su caf\u00e9 para apoyar la mejora de el pergamino para vender. Se construyeron dos centros de acopio para asociaciones de caficultores para fortalecimiento de su labor grupal, se dotaron con infraestructura de procesamiento de caf\u00e9 como secadoras mec\u00e1nicas para que las familias asociadas vendan el producto con valor agregado. Se conformaron asociaciones para trabajar en viveros comunitarios que luego continuaron con el negocio adicional para la mejor\u00eda de las finanzas de las fincas.<\/p>\n<p><img loading=\"lazy\" decoding=\"async\" class=\"size-medium wp-image-8316 aligncenter\" src=\"https:\/\/fundacioncarcafe.aicode-test.art\/wp-content\/uploads\/2022\/07\/BORDERLANDS-300x169.jpg\" alt=\"\" width=\"300\" height=\"169\" srcset=\"https:\/\/fundacioncarcafe.co\/wp-content\/uploads\/2022\/07\/BORDERLANDS-300x169.jpg 300w, https:\/\/fundacioncarcafe.co\/wp-content\/uploads\/2022\/07\/BORDERLANDS-1024x576.jpg 1024w, https:\/\/fundacioncarcafe.co\/wp-content\/uploads\/2022\/07\/BORDERLANDS-768x432.jpg 768w, https:\/\/fundacioncarcafe.co\/wp-content\/uploads\/2022\/07\/BORDERLANDS-1536x864.jpg 1536w, https:\/\/fundacioncarcafe.co\/wp-content\/uploads\/2022\/07\/BORDERLANDS-2048x1152.jpg 2048w, https:\/\/fundacioncarcafe.co\/wp-content\/uploads\/2022\/07\/BORDERLANDS-16x9.jpg 16w, https:\/\/fundacioncarcafe.co\/wp-content\/uploads\/2022\/07\/BORDERLANDS-1200x675.jpg 1200w, https:\/\/fundacioncarcafe.co\/wp-content\/uploads\/2022\/07\/BORDERLANDS-150x84.jpg 150w\" sizes=\"auto, (max-width: 300px) 100vw, 300px\" \/><\/p>\n<p>&nbsp;<\/p>\n<p><img loading=\"lazy\" decoding=\"async\" class=\"size-medium wp-image-8317 aligncenter\" src=\"https:\/\/fundacioncarcafe.aicode-test.art\/wp-content\/uploads\/2022\/07\/Mobile-Quality-Lab-200x300.jpg\" alt=\"\" width=\"200\" height=\"300\" srcset=\"https:\/\/fundacioncarcafe.co\/wp-content\/uploads\/2022\/07\/Mobile-Quality-Lab-200x300.jpg 200w, https:\/\/fundacioncarcafe.co\/wp-content\/uploads\/2022\/07\/Mobile-Quality-Lab-683x1024.jpg 683w, https:\/\/fundacioncarcafe.co\/wp-content\/uploads\/2022\/07\/Mobile-Quality-Lab-768x1152.jpg 768w, https:\/\/fundacioncarcafe.co\/wp-content\/uploads\/2022\/07\/Mobile-Quality-Lab-8x12.jpg 8w, https:\/\/fundacioncarcafe.co\/wp-content\/uploads\/2022\/07\/Mobile-Quality-Lab-150x225.jpg 150w, https:\/\/fundacioncarcafe.co\/wp-content\/uploads\/2022\/07\/Mobile-Quality-Lab.jpg 1000w\" sizes=\"auto, (max-width: 200px) 100vw, 200px\" \/><\/p>\n\n\t\t<\/div>\n\t<\/div>\n<\/div><\/div><\/div><\/div><\/div><\/div><style data-type=\"vc_shortcodes-custom-css\"><\/style> \n\t\t\t\t\t\t\t<\/rs-layer><!--\n-->\t\t\t\t\t\t<\/rs-slide>\n\t\t\t\t\t\t<rs-slide style=\"position: absolute;\" data-key=\"rs-143\" data-title=\"Slide\" data-anim=\"adpr:false;\" data-in=\"o:0;\" data-out=\"a:false;\">\n\t\t\t\t\t\t\t<img decoding=\"async\" src=\"\/\/fundacioncarcafe.co\/wp-content\/plugins\/revslider\/public\/assets\/assets\/dummy.png\" alt=\"Slide\" title=\"Nuestra trayectoria\" class=\"rev-slidebg tp-rs-img rs-lazyload\" data-lazyload=\"\/\/fundacioncarcafe.co\/wp-content\/plugins\/revslider\/public\/assets\/assets\/transparent.png\" data-no-retina>\n<!--\n\t\t\t\t\t\t\t--><rs-layer\n\t\t\t\t\t\t\t\tid=\"slider-47-slide-143-layer-0\" \n\t\t\t\t\t\t\t\tdata-type=\"shape\"\n\t\t\t\t\t\t\t\tdata-rsp_ch=\"on\"\n\t\t\t\t\t\t\t\tdata-xy=\"x:-2px;y:-4px;\"\n\t\t\t\t\t\t\t\tdata-text=\"w:normal;\"\n\t\t\t\t\t\t\t\tdata-dim=\"w:1241px;h:351px;\"\n\t\t\t\t\t\t\t\tdata-frame_999=\"o:0;st:w;\"\n\t\t\t\t\t\t\t\tstyle=\"z-index:8;background-color:#EDEDED;\"\n\t\t\t\t\t\t\t> \n\t\t\t\t\t\t\t<\/rs-layer><!--\n\n\t\t\t\t\t\t\t--><rs-layer\n\t\t\t\t\t\t\t\tid=\"slider-47-slide-143-layer-2\" \n\t\t\t\t\t\t\t\tdata-type=\"text\"\n\t\t\t\t\t\t\t\tdata-color=\"#000000\"\n\t\t\t\t\t\t\t\tdata-rsp_ch=\"on\"\n\t\t\t\t\t\t\t\tdata-xy=\"x:847px;y:71px;\"\n\t\t\t\t\t\t\t\tdata-text=\"w:normal;s:22;fw:700;a:center;\"\n\t\t\t\t\t\t\t\tdata-dim=\"w:377px;\"\n\t\t\t\t\t\t\t\tdata-frame_999=\"o:0;st:w;\"\n\t\t\t\t\t\t\t\tstyle=\"z-index:11;font-family:'Montserrat';\"\n\t\t\t\t\t\t\t>Proyecto Transformaci\u00f3n Tecnol\u00f3gica \u2013 Sur del Meta \n\t\t\t\t\t\t\t<\/rs-layer><!--\n\n\t\t\t\t\t\t\t--><rs-layer\n\t\t\t\t\t\t\t\tid=\"slider-47-slide-143-layer-3\" \n\t\t\t\t\t\t\t\tdata-type=\"text\"\n\t\t\t\t\t\t\t\tdata-color=\"#6c6c6c\"\n\t\t\t\t\t\t\t\tdata-rsp_ch=\"on\"\n\t\t\t\t\t\t\t\tdata-xy=\"x:849px;y:133px;\"\n\t\t\t\t\t\t\t\tdata-text=\"w:normal;s:15;l:20;\"\n\t\t\t\t\t\t\t\tdata-dim=\"w:357px;\"\n\t\t\t\t\t\t\t\tdata-frame_999=\"o:0;st:w;\"\n\t\t\t\t\t\t\t\tstyle=\"z-index:14;font-family:'Roboto';\"\n\t\t\t\t\t\t\t>Proyecto para capacitaci\u00f3n digital de 100 familias caficultoras de 3 municipios del Meta, 100 j\u00f3venes estudiantes y profesores.  Innovador proyecto brindando conectividad con internet v\u00eda espacios en blanco del espectro. Alianza entre ALO Partners, Makaia, Agencia Nacional del Espectro y Fundaci\u00f3n Lavazza. \n\t\t\t\t\t\t\t<\/rs-layer><!--\n\n\t\t\t\t\t\t\t--><rs-layer\n\t\t\t\t\t\t\t\tid=\"slider-47-slide-143-layer-4\" \n\t\t\t\t\t\t\t\tdata-type=\"shape\"\n\t\t\t\t\t\t\t\tdata-rsp_ch=\"on\"\n\t\t\t\t\t\t\t\tdata-xy=\"x:400px;y:41px;\"\n\t\t\t\t\t\t\t\tdata-text=\"w:normal;\"\n\t\t\t\t\t\t\t\tdata-dim=\"w:1px;h:200px;\"\n\t\t\t\t\t\t\t\tdata-vbility=\"t,t,t,f\"\n\t\t\t\t\t\t\t\tdata-frame_999=\"o:0;st:w;\"\n\t\t\t\t\t\t\t\tstyle=\"z-index:16;background-color:#707070;\"\n\t\t\t\t\t\t\t> \n\t\t\t\t\t\t\t<\/rs-layer><!--\n\n\t\t\t\t\t\t\t--><rs-layer\n\t\t\t\t\t\t\t\tid=\"slider-47-slide-143-layer-6\" \n\t\t\t\t\t\t\t\tdata-type=\"text\"\n\t\t\t\t\t\t\t\tdata-color=\"#000000\"\n\t\t\t\t\t\t\t\tdata-rsp_ch=\"on\"\n\t\t\t\t\t\t\t\tdata-xy=\"x:41px;y:85px;\"\n\t\t\t\t\t\t\t\tdata-text=\"w:normal;s:18;fw:700;a:center;\"\n\t\t\t\t\t\t\t\tdata-dim=\"w:342px;\"\n\t\t\t\t\t\t\t\tdata-frame_999=\"o:0;st:w;\"\n\t\t\t\t\t\t\t\tstyle=\"z-index:10;font-family:'Montserrat';\"\n\t\t\t\t\t\t\t>Proyecto Tchibo Join Forces Fase II \u2013 Norte de Nari\u00f1o \n\t\t\t\t\t\t\t<\/rs-layer><!--\n\n\t\t\t\t\t\t\t--><rs-layer\n\t\t\t\t\t\t\t\tid=\"slider-47-slide-143-layer-7\" \n\t\t\t\t\t\t\t\tdata-type=\"text\"\n\t\t\t\t\t\t\t\tdata-color=\"#6c6c6c\"\n\t\t\t\t\t\t\t\tdata-rsp_ch=\"on\"\n\t\t\t\t\t\t\t\tdata-xy=\"x:25px;y:135px;\"\n\t\t\t\t\t\t\t\tdata-text=\"w:normal;s:13;l:20;\"\n\t\t\t\t\t\t\t\tdata-dim=\"w:376px;\"\n\t\t\t\t\t\t\t\tdata-frame_999=\"o:0;st:w;\"\n\t\t\t\t\t\t\t\tstyle=\"z-index:13;font-family:'Roboto';\"\n\t\t\t\t\t\t\t>Proyecto de gran alcanze para 1700 familias caficultoras de 2 municipios de departamento de Nari\u00f1o.  Construccion de estufas ahorradoras de madera, implementacion de estandares de certificacion sostenible.  Construccion de tratamientos de aguas residuales en las fincasContribucion a reforestacion de 4 microcuencas de rios de Nari\u00f1o. Capacitaciones en temas sociales, financieros y ambientales.  Siembra de 15,000 arboles frutales y de sombrio para la biodiversidad y seguridad alimentaria. Alianza entre Tchibo, IDH y Carcafe. \n\t\t\t\t\t\t\t<\/rs-layer><!--\n\n\t\t\t\t\t\t\t--><rs-layer\n\t\t\t\t\t\t\t\tid=\"slider-47-slide-143-layer-8\" \n\t\t\t\t\t\t\t\tdata-type=\"shape\"\n\t\t\t\t\t\t\t\tdata-rsp_ch=\"on\"\n\t\t\t\t\t\t\t\tdata-xy=\"x:824px;y:40px;\"\n\t\t\t\t\t\t\t\tdata-text=\"w:normal;\"\n\t\t\t\t\t\t\t\tdata-dim=\"w:1px;h:200px;\"\n\t\t\t\t\t\t\t\tdata-vbility=\"t,t,t,f\"\n\t\t\t\t\t\t\t\tdata-frame_999=\"o:0;st:w;\"\n\t\t\t\t\t\t\t\tstyle=\"z-index:15;background-color:#707070;\"\n\t\t\t\t\t\t\t> \n\t\t\t\t\t\t\t<\/rs-layer><!--\n\n\t\t\t\t\t\t\t--><rs-layer\n\t\t\t\t\t\t\t\tid=\"slider-47-slide-143-layer-9\" \n\t\t\t\t\t\t\t\tdata-type=\"text\"\n\t\t\t\t\t\t\t\tdata-color=\"#6c6c6c\"\n\t\t\t\t\t\t\t\tdata-rsp_ch=\"on\"\n\t\t\t\t\t\t\t\tdata-xy=\"x:421px;y:133px;\"\n\t\t\t\t\t\t\t\tdata-text=\"w:normal;s:13;l:20;\"\n\t\t\t\t\t\t\t\tdata-dim=\"w:391px;\"\n\t\t\t\t\t\t\t\tdata-frame_999=\"o:0;st:w;\"\n\t\t\t\t\t\t\t\tstyle=\"z-index:12;font-family:'Roboto';\"\n\t\t\t\t\t\t\t>Proyecto de profunda intervenci\u00f3n para 100 familias caficultoras de 3 municipios de departamento de Meta.  Proyecto enfocado en familias victimas del conflicto armado en Colombia, victimas del desplazamiento forzado hasta en dos ocasiones. Reconversi\u00f3n al caf\u00e9 de antiguas zonas cocaleras. Implementaci\u00f3n de est\u00e1ndares de certificaci\u00f3n sostenible.  Construcci\u00f3n de tratamientos de aguas residuales en las fincas. Capacitaciones en temas sociales, financieros y ambientales.   \n\t\t\t\t\t\t\t<\/rs-layer><!--\n\n\t\t\t\t\t\t\t--><rs-layer\n\t\t\t\t\t\t\t\tid=\"slider-47-slide-143-layer-10\" \n\t\t\t\t\t\t\t\tdata-type=\"text\"\n\t\t\t\t\t\t\t\tdata-color=\"#000000\"\n\t\t\t\t\t\t\t\tdata-rsp_ch=\"on\"\n\t\t\t\t\t\t\t\tdata-xy=\"x:429px;y:79px;\"\n\t\t\t\t\t\t\t\tdata-text=\"w:normal;s:18;fw:700;a:center;\"\n\t\t\t\t\t\t\t\tdata-dim=\"w:366px;\"\n\t\t\t\t\t\t\t\tdata-frame_999=\"o:0;st:w;\"\n\t\t\t\t\t\t\t\tstyle=\"z-index:9;font-family:'Montserrat';\"\n\t\t\t\t\t\t\t>Proyecto Desarrollo Sostenible para Caficultores Fase I \u2013 Sur del Meta \n\t\t\t\t\t\t\t<\/rs-layer><!--\n\n\t\t\t\t\t\t\t--><rs-layer\n\t\t\t\t\t\t\t\tid=\"slider-47-slide-143-layer-12\" \n\t\t\t\t\t\t\t\tdata-type=\"text\"\n\t\t\t\t\t\t\t\tdata-color=\"#000000\"\n\t\t\t\t\t\t\t\tdata-rsp_ch=\"on\"\n\t\t\t\t\t\t\t\tdata-xy=\"x:932px;y:295px;\"\n\t\t\t\t\t\t\t\tdata-text=\"w:normal;\"\n\t\t\t\t\t\t\t\tdata-frame_999=\"o:0;st:w;\"\n\t\t\t\t\t\t\t\tstyle=\"z-index:17;font-family:'Roboto';\"\n\t\t\t\t\t\t\t><div class=\"vc_row wpb_row vc_row-fluid\"><div class=\"wpb_column vc_column_container vc_col-sm-12\"><div class=\"vc_column-inner\"><div class=\"wpb_wrapper\"><div id=\"wd-6182fbc168455\" class=\"wd-button-wrapper text-center\"><a href=\"#technology-transformation-2016\" title=\"\" class=\"btn btn-color-default btn-style-link btn-shape-rectangle btn-size-default wd-open-popup \">M\u00e1s Informaci\u00f3n<\/a><\/div><div id=\"technology-transformation-2016\" class=\"mfp-with-anim wd-popup mfp-hide\" style=\"max-width:800px;\"><div class=\"wd-popup-inner\">\n\t<div  class=\"wpb_single_image wpb_content_element vc_align_left\">\n\t\t\n\t\t<figure class=\"wpb_wrapper vc_figure\">\n\t\t\t<div class=\"vc_single_image-wrapper   vc_box_border_grey\"><img loading=\"lazy\" decoding=\"async\" width=\"300\" height=\"38\" src=\"https:\/\/fundacioncarcafe.co\/wp-content\/uploads\/2021\/11\/1-2016 - 2020-300x38.png\" class=\"vc_single_image-img attachment-medium\" alt=\"\" title=\"2016 - 2020\" srcset=\"https:\/\/fundacioncarcafe.co\/wp-content\/uploads\/2021\/11\/1-2016%20-%202020-300x38.png 300w, https:\/\/fundacioncarcafe.co\/wp-content\/uploads\/2021\/11\/1-2016%20-%202020-16x2.png 16w, https:\/\/fundacioncarcafe.co\/wp-content\/uploads\/2021\/11\/1-2016%20-%202020-150x19.png 150w, https:\/\/fundacioncarcafe.co\/wp-content\/uploads\/2021\/11\/1-2016%20-%202020.png 688w\" sizes=\"auto, (max-width: 300px) 100vw, 300px\" \/><\/div>\n\t\t<\/figure>\n\t<\/div>\n\t\t\n\t\t<div id=\"wd-6290d5537c7e0\" class=\"title-wrapper wd-wpb set-mb-s reset-last-child  wd-title-color-default wd-title-style-default wd-width-100 text-center \">\n\t\t\t\n\t\t\t<div class=\"liner-continer\">\n\t\t\t\t<h4 class=\"woodmart-title-container title  wd-font-weight-600 wd-fontsize-xl\" >Proyecto Transformaci\u00f3n Tecnol\u00f3gica \u2013 Sur del Meta<\/h4>\n\t\t\t\t\t\t\t<\/div>\n\t\t\t\n\t\t\t\n\t\t\t\t\t<\/div>\n\t\t\n\t\t\n\t<div class=\"wpb_text_column wpb_content_element\" >\n\t\t<div class=\"wpb_wrapper\">\n\t\t\t<p>Proyecto de Transformaci\u00f3n tecnol\u00f3gica de los agricultores: Conectividad a internet en espacios blancos y IoT en la granja.<br \/>\nUna iniciativa liderada por ALO Partners con apoyo de Fondazione Giuseppe e Pericle Lavazza, en alianza con Microsoft Corporation, la Agencia Nacional del Espectro y el Ministerio de Telecomunicaciones y MAKAIA. El proyecto permiti\u00f3 el dise\u00f1o e implementaci\u00f3n de una innovadora iniciativa que brind\u00f3 conectividad a internet v\u00eda espacios blancos de televisi\u00f3n al 5% de nuestra poblaci\u00f3n. Dicha innovaci\u00f3n fue reconocida por el presidente colombiano Juan Manuel Santos, quien visit\u00f3 el proyecto en compa\u00f1\u00eda del Sr. Luigi Lavazza y los ministros de Telecomunicaciones y Agricultura. El proyecto fue seleccionado como proyecto piloto para la futura comunicaci\u00f3n colombiana en las zonas rurales.<br \/>\nSe imparti\u00f3 formaci\u00f3n digital a 100 familias campesinas, 60 mujeres, 60 j\u00f3venes y 30 maestros de escuela de la zona. Con una alianza con XFARMS, expertos italianos en tecnolog\u00eda para la agricultura, implementamos sensores de Internet de las Cosas a nivel de finca para monitorear variables como la temperatura del suelo, el viento, la pluviosidad, la humedad del aire, el calor, entre otras que afectan el rendimiento de los cultivos. Estos sensores alimentan los datos en una aplicaci\u00f3n desarrollada para Lavazza para desencadenar respuestas a nivel de la granja. La comunicaci\u00f3n entre los agricultores y los ingenieros se ha acelerado gracias a esta aplicaci\u00f3n hecha a medida, al igual que nuestra velocidad de reacci\u00f3n.<\/p>\n\n\t\t<\/div>\n\t<\/div>\n<\/div><\/div><\/div><\/div><\/div><\/div><style data-type=\"vc_shortcodes-custom-css\"><\/style> \n\t\t\t\t\t\t\t<\/rs-layer><!--\n\n\t\t\t\t\t\t\t--><rs-layer\n\t\t\t\t\t\t\t\tid=\"slider-47-slide-143-layer-17\" \n\t\t\t\t\t\t\t\tdata-type=\"text\"\n\t\t\t\t\t\t\t\tdata-color=\"#000000\"\n\t\t\t\t\t\t\t\tdata-rsp_ch=\"on\"\n\t\t\t\t\t\t\t\tdata-xy=\"x:526px;y:292px;\"\n\t\t\t\t\t\t\t\tdata-text=\"w:normal;\"\n\t\t\t\t\t\t\t\tdata-frame_999=\"o:0;st:w;\"\n\t\t\t\t\t\t\t\tstyle=\"z-index:18;font-family:'Roboto';\"\n\t\t\t\t\t\t\t><div class=\"vc_row wpb_row vc_row-fluid\"><div class=\"wpb_column vc_column_container vc_col-sm-12\"><div class=\"vc_column-inner\"><div class=\"wpb_wrapper\"><div id=\"wd-6182f8941d0cd\" class=\"wd-button-wrapper text-center\"><a href=\"#sustainable-dev-I-2015\" title=\"\" class=\"btn btn-color-default btn-style-link btn-shape-rectangle btn-size-default wd-open-popup \">M\u00e1s Informaci\u00f3n<\/a><\/div><div id=\"sustainable-dev-I-2015\" class=\"mfp-with-anim wd-popup mfp-hide\" style=\"max-width:800px;\"><div class=\"wd-popup-inner\">\n\t<div  class=\"wpb_single_image wpb_content_element vc_align_left\">\n\t\t\n\t\t<figure class=\"wpb_wrapper vc_figure\">\n\t\t\t<div class=\"vc_single_image-wrapper   vc_box_border_grey\"><img loading=\"lazy\" decoding=\"async\" width=\"300\" height=\"40\" src=\"https:\/\/fundacioncarcafe.co\/wp-content\/uploads\/2021\/11\/1-2015 - 2017-300x40.png\" class=\"vc_single_image-img attachment-medium\" alt=\"\" title=\"2015 - 2017\" srcset=\"https:\/\/fundacioncarcafe.co\/wp-content\/uploads\/2021\/11\/1-2015%20-%202017-300x40.png 300w, https:\/\/fundacioncarcafe.co\/wp-content\/uploads\/2021\/11\/1-2015%20-%202017-16x2.png 16w, https:\/\/fundacioncarcafe.co\/wp-content\/uploads\/2021\/11\/1-2015%20-%202017-150x20.png 150w, https:\/\/fundacioncarcafe.co\/wp-content\/uploads\/2021\/11\/1-2015%20-%202017.png 653w\" sizes=\"auto, (max-width: 300px) 100vw, 300px\" \/><\/div>\n\t\t<\/figure>\n\t<\/div>\n\t\t\n\t\t<div id=\"wd-6290d52d466ad\" class=\"title-wrapper wd-wpb set-mb-s reset-last-child  wd-title-color-default wd-title-style-default wd-width-100 text-center \">\n\t\t\t\n\t\t\t<div class=\"liner-continer\">\n\t\t\t\t<h4 class=\"woodmart-title-container title  wd-font-weight-600 wd-fontsize-xl\" >Proyecto Desarrollo Sostenible para Caficultores Fase I \u2013 Sur del Meta<\/h4>\n\t\t\t\t\t\t\t<\/div>\n\t\t\t\n\t\t\t\n\t\t\t\t\t<\/div>\n\t\t\n\t\t\n\t<div class=\"wpb_text_column wpb_content_element\" >\n\t\t<div class=\"wpb_wrapper\">\n\t\t\t<p>Proyecto en alianza con Fundaci\u00f3n Giuseppe e Pericle Lavazza. Durante la primera fase nos enfocamos en reunir un grupo de 100 cafeteros (500 personas) del piedemonte llanero dispuestos a implementar productividad sostenible respetando el medio ambiente. Desde entonces y por los pasados 6 a\u00f1os sus fincas y su estabilidad financiera se ha transformado hacia lo positivo. Hemos obtenido estado de certificaci\u00f3n de la Rainforest Allianza, la certificaci\u00f3n medioambiental mas estricta, y los cafeteros obtuvieron precios mas altos que el caf\u00e9 convencional. 100 fincas no contaminan fuentes de agua gracias a la implementaci\u00f3n de hasta 5 tratamientos de agua residual distintos instalados por el proyecto en cada granja. No talan bosque primario y cuidan la vida salvaje. En el momento tenemos 450 hect\u00e1reas en conservaci\u00f3n entre las 1700 hect\u00e1reas de tierra de las fincas. Subproductos de la finca son usados dentro de la finca y residuos pl\u00e1sticos o qu\u00edmicos son recogidos en contenedores separados para llevar a recogedores p\u00fablicos organizados. Cafeteros aprenden la importancia del an\u00e1lisis de potabilidad del agua, permisos legales para usar recursos naturales, practicas b\u00e1sicas de primer auxilio, hervir agua para consumo humano, y atienden citas medicas para diagnosis doctorales sobre la seguridad laboral, an\u00e1lisis de sangre para chequear da\u00f1o qu\u00edmico por aplicaciones agroqu\u00edmicas, y PPE y entrenamientos regulares sobre el uso seguro de productos agroqu\u00edmicos y concienciaci\u00f3n sobre el da\u00f1o de ellos a la salud humana y el medio ambiente.<\/p>\n<p><img loading=\"lazy\" decoding=\"async\" class=\"size-medium wp-image-8322 aligncenter\" src=\"https:\/\/fundacioncarcafe.aicode-test.art\/wp-content\/uploads\/2022\/07\/3467e901ddd82c3f4c75e3191e95ba16-300x167.png\" alt=\"\" width=\"300\" height=\"167\" srcset=\"https:\/\/fundacioncarcafe.co\/wp-content\/uploads\/2022\/07\/3467e901ddd82c3f4c75e3191e95ba16-300x167.png 300w, https:\/\/fundacioncarcafe.co\/wp-content\/uploads\/2022\/07\/3467e901ddd82c3f4c75e3191e95ba16-16x9.png 16w, https:\/\/fundacioncarcafe.co\/wp-content\/uploads\/2022\/07\/3467e901ddd82c3f4c75e3191e95ba16-150x83.png 150w, https:\/\/fundacioncarcafe.co\/wp-content\/uploads\/2022\/07\/3467e901ddd82c3f4c75e3191e95ba16.png 583w\" sizes=\"auto, (max-width: 300px) 100vw, 300px\" \/><\/p>\n<p>&nbsp;<\/p>\n<p><iframe loading=\"lazy\" title=\"Primer Juventus Camp Social en Lejanias - Meta\" width=\"500\" height=\"281\" src=\"https:\/\/www.youtube.com\/embed\/bk85KVJfqDs?feature=oembed\" frameborder=\"0\" allow=\"accelerometer; autoplay; clipboard-write; encrypted-media; gyroscope; picture-in-picture; web-share\" referrerpolicy=\"strict-origin-when-cross-origin\" allowfullscreen><\/iframe><\/p>\n\n\t\t<\/div>\n\t<\/div>\n<\/div><\/div><\/div><\/div><\/div><\/div><style data-type=\"vc_shortcodes-custom-css\"><\/style> \n\t\t\t\t\t\t\t<\/rs-layer><!--\n\n\t\t\t\t\t\t\t--><rs-layer\n\t\t\t\t\t\t\t\tid=\"slider-47-slide-143-layer-19\" \n\t\t\t\t\t\t\t\tdata-type=\"text\"\n\t\t\t\t\t\t\t\tdata-color=\"#000000\"\n\t\t\t\t\t\t\t\tdata-rsp_ch=\"on\"\n\t\t\t\t\t\t\t\tdata-xy=\"x:112px;y:319px;\"\n\t\t\t\t\t\t\t\tdata-text=\"w:normal;\"\n\t\t\t\t\t\t\t\tdata-frame_999=\"o:0;st:w;\"\n\t\t\t\t\t\t\t\tstyle=\"z-index:19;font-family:'Roboto';\"\n\t\t\t\t\t\t\t><div class=\"vc_row wpb_row vc_row-fluid\"><div class=\"wpb_column vc_column_container vc_col-sm-12\"><div class=\"vc_column-inner\"><div class=\"wpb_wrapper\"><div id=\"wd-6182f6cf3d232\" class=\"wd-button-wrapper text-center\"><a href=\"#tchibo-join-2015\" title=\"\" class=\"btn btn-color-default btn-style-link btn-shape-rectangle btn-size-default wd-open-popup \">M\u00e1s Informaci\u00f3n<\/a><\/div><div id=\"tchibo-join-2015\" class=\"mfp-with-anim wd-popup mfp-hide\" style=\"max-width:800px;\"><div class=\"wd-popup-inner\">\n\t<div  class=\"wpb_single_image wpb_content_element vc_align_left\">\n\t\t\n\t\t<figure class=\"wpb_wrapper vc_figure\">\n\t\t\t<div class=\"vc_single_image-wrapper   vc_box_border_grey\"><img loading=\"lazy\" decoding=\"async\" width=\"300\" height=\"40\" src=\"https:\/\/fundacioncarcafe.co\/wp-content\/uploads\/2021\/11\/1-2015 - 2017-300x40.png\" class=\"vc_single_image-img attachment-medium\" alt=\"\" title=\"2015 - 2017\" srcset=\"https:\/\/fundacioncarcafe.co\/wp-content\/uploads\/2021\/11\/1-2015%20-%202017-300x40.png 300w, https:\/\/fundacioncarcafe.co\/wp-content\/uploads\/2021\/11\/1-2015%20-%202017-16x2.png 16w, https:\/\/fundacioncarcafe.co\/wp-content\/uploads\/2021\/11\/1-2015%20-%202017-150x20.png 150w, https:\/\/fundacioncarcafe.co\/wp-content\/uploads\/2021\/11\/1-2015%20-%202017.png 653w\" sizes=\"auto, (max-width: 300px) 100vw, 300px\" \/><\/div>\n\t\t<\/figure>\n\t<\/div>\n\t\t\n\t\t<div id=\"wd-6290d4af0d676\" class=\"title-wrapper wd-wpb set-mb-s reset-last-child  wd-title-color-default wd-title-style-default wd-width-100 text-center \">\n\t\t\t\n\t\t\t<div class=\"liner-continer\">\n\t\t\t\t<h4 class=\"woodmart-title-container title  wd-font-weight-600 wd-fontsize-xl\" >Proyecto Tchibo Join Forces Fase II \u2013 Norte de Nari\u00f1o<\/h4>\n\t\t\t\t\t\t\t<\/div>\n\t\t\t\n\t\t\t\n\t\t\t\t\t<\/div>\n\t\t\n\t\t\n\t<div class=\"wpb_text_column wpb_content_element\" >\n\t\t<div class=\"wpb_wrapper\">\n\t\t\t<p>Proyecto en alianza con Firma tostadora Alemana Tchibo Gmbh y cooperacion del gobierno de Holanda IDH representado en Colombia por Fundaci\u00f3n Holandesa Solidaridad. Beneficio a 1700 familias caficultoras equivalentes a 8,500 personas aproximadamente en 16 municipios de Nari\u00f1o. Se logro fortalecer la cadena productiva de caf\u00e9 a nivel de productor. Se implemento y se certificaron como Rainforest Alliance 1400 fincas, las cuales han estado vendiendo su caf\u00e9 como certificado para exportaci\u00f3n a Alemania desde 2012 hasta el d\u00eda de hoy 2021. (Mas de 5MM de Kg de CPS en los 3 primeros a\u00f1os) Se sembraron 14,000 arboles en 1,000 fincas conformando arreglos agroforestales con caf\u00e9, para mejorar biodiversidad en microcuencas de los r\u00edos Pat\u00eda, Pasto, Juanamb\u00fa y Mayo. Durante 7 a\u00f1os estos arboles han ayudado a producir 3,3MM de Kg de O2 y han ayudado a capturar 210,000 Kg de CO2. Se instalaron sistemas de tratamiento de aguas residuales para 800 fincas, para contribuir a la conservaci\u00f3n de las cuencas de los r\u00edos Pat\u00eda, Mayo, Pasto y Juanamb\u00fa. Estos tratamientos han ayudado a limpiar 500.000 metros c\u00fabicos de aguas. 262 familias construyeron estufas amigables para evitar la contaminaci\u00f3n de las familias caficultoras y disminuir la incidencia del EPOC en el campo. 1,000 familias fueron capacitadas en Manejo finanzas de la finca cafetera, llegando a conocer el P&G de su finca al final del a\u00f1o y a hacer planificaci\u00f3n del presupuesto del a\u00f1o siguiente. EPP para 500 caficultores protegi\u00e9ndolos de los efectos secundarios de los agroqu\u00edmicos. 421 fincas con an\u00e1lisis de suelo y recomendaciones. Se hicieron perfilaciones al caf\u00e9 de mas de 1,000 fincas. 700 caficultores trabajando como socios activos de 26 asociaciones de caficultores.<\/p>\n<p><img loading=\"lazy\" decoding=\"async\" class=\"size-medium wp-image-8321 aligncenter\" src=\"https:\/\/fundacioncarcafe.aicode-test.art\/wp-content\/uploads\/2022\/07\/TCHIBO-PHASE-2-300x169.jpg\" alt=\"\" width=\"300\" height=\"169\" srcset=\"https:\/\/fundacioncarcafe.co\/wp-content\/uploads\/2022\/07\/TCHIBO-PHASE-2-300x169.jpg 300w, https:\/\/fundacioncarcafe.co\/wp-content\/uploads\/2022\/07\/TCHIBO-PHASE-2-1024x576.jpg 1024w, https:\/\/fundacioncarcafe.co\/wp-content\/uploads\/2022\/07\/TCHIBO-PHASE-2-768x432.jpg 768w, https:\/\/fundacioncarcafe.co\/wp-content\/uploads\/2022\/07\/TCHIBO-PHASE-2-1536x864.jpg 1536w, https:\/\/fundacioncarcafe.co\/wp-content\/uploads\/2022\/07\/TCHIBO-PHASE-2-2048x1152.jpg 2048w, https:\/\/fundacioncarcafe.co\/wp-content\/uploads\/2022\/07\/TCHIBO-PHASE-2-16x9.jpg 16w, https:\/\/fundacioncarcafe.co\/wp-content\/uploads\/2022\/07\/TCHIBO-PHASE-2-1200x675.jpg 1200w, https:\/\/fundacioncarcafe.co\/wp-content\/uploads\/2022\/07\/TCHIBO-PHASE-2-150x84.jpg 150w\" sizes=\"auto, (max-width: 300px) 100vw, 300px\" \/><\/p>\n\n\t\t<\/div>\n\t<\/div>\n<\/div><\/div><\/div><\/div><\/div><\/div><style data-type=\"vc_shortcodes-custom-css\"><\/style> \n\t\t\t\t\t\t\t<\/rs-layer><!--\n\n\t\t\t\t\t\t\t--><rs-layer\n\t\t\t\t\t\t\t\tid=\"slider-47-slide-143-layer-20\" \n\t\t\t\t\t\t\t\tdata-type=\"text\"\n\t\t\t\t\t\t\t\tdata-color=\"#339059\"\n\t\t\t\t\t\t\t\tdata-rsp_ch=\"on\"\n\t\t\t\t\t\t\t\tdata-xy=\"x:59px;y:28px;\"\n\t\t\t\t\t\t\t\tdata-text=\"w:normal;s:50;l:44;fw:700;a:center;\"\n\t\t\t\t\t\t\t\tdata-dim=\"w:326px;h:47px;\"\n\t\t\t\t\t\t\t\tdata-frame_999=\"o:0;st:w;\"\n\t\t\t\t\t\t\t\tstyle=\"z-index:29;font-family:'Montserrat';\"\n\t\t\t\t\t\t\t>2015 - 2017 \n\t\t\t\t\t\t\t<\/rs-layer><!--\n\n\t\t\t\t\t\t\t--><rs-layer\n\t\t\t\t\t\t\t\tid=\"slider-47-slide-143-layer-34\" \n\t\t\t\t\t\t\t\tdata-type=\"text\"\n\t\t\t\t\t\t\t\tdata-color=\"#339059\"\n\t\t\t\t\t\t\t\tdata-rsp_ch=\"on\"\n\t\t\t\t\t\t\t\tdata-xy=\"x:455px;y:26px;\"\n\t\t\t\t\t\t\t\tdata-text=\"w:normal;s:50;l:44;fw:700;a:center;\"\n\t\t\t\t\t\t\t\tdata-dim=\"w:326px;h:47px;\"\n\t\t\t\t\t\t\t\tdata-frame_999=\"o:0;st:w;\"\n\t\t\t\t\t\t\t\tstyle=\"z-index:29;font-family:'Montserrat';\"\n\t\t\t\t\t\t\t>2015 - 2017 \n\t\t\t\t\t\t\t<\/rs-layer><!--\n\n\t\t\t\t\t\t\t--><rs-layer\n\t\t\t\t\t\t\t\tid=\"slider-47-slide-143-layer-35\" \n\t\t\t\t\t\t\t\tdata-type=\"text\"\n\t\t\t\t\t\t\t\tdata-color=\"#339059\"\n\t\t\t\t\t\t\t\tdata-rsp_ch=\"on\"\n\t\t\t\t\t\t\t\tdata-xy=\"x:864px;y:18px;\"\n\t\t\t\t\t\t\t\tdata-text=\"w:normal;s:50;l:44;fw:700;a:center;\"\n\t\t\t\t\t\t\t\tdata-dim=\"w:326px;h:47px;\"\n\t\t\t\t\t\t\t\tdata-frame_999=\"o:0;st:w;\"\n\t\t\t\t\t\t\t\tstyle=\"z-index:29;font-family:'Montserrat';\"\n\t\t\t\t\t\t\t>2016 - 2020 \n\t\t\t\t\t\t\t<\/rs-layer><!--\n-->\t\t\t\t\t\t<\/rs-slide>\n\t\t\t\t\t\t<rs-slide style=\"position: absolute;\" data-key=\"rs-144\" data-title=\"Slide\" data-anim=\"adpr:false;\" data-in=\"o:0;\" data-out=\"a:false;\">\n\t\t\t\t\t\t\t<img decoding=\"async\" src=\"\/\/fundacioncarcafe.co\/wp-content\/plugins\/revslider\/public\/assets\/assets\/dummy.png\" alt=\"Slide\" title=\"Nuestra trayectoria\" class=\"rev-slidebg tp-rs-img rs-lazyload\" data-lazyload=\"\/\/fundacioncarcafe.co\/wp-content\/plugins\/revslider\/public\/assets\/assets\/transparent.png\" data-no-retina>\n<!--\n\t\t\t\t\t\t\t--><rs-layer\n\t\t\t\t\t\t\t\tid=\"slider-47-slide-144-layer-0\" \n\t\t\t\t\t\t\t\tdata-type=\"shape\"\n\t\t\t\t\t\t\t\tdata-rsp_ch=\"on\"\n\t\t\t\t\t\t\t\tdata-xy=\"x:-2px;y:-4px;\"\n\t\t\t\t\t\t\t\tdata-text=\"w:normal;\"\n\t\t\t\t\t\t\t\tdata-dim=\"w:1241px;h:351px;\"\n\t\t\t\t\t\t\t\tdata-frame_999=\"o:0;st:w;\"\n\t\t\t\t\t\t\t\tstyle=\"z-index:8;background-color:#EDEDED;\"\n\t\t\t\t\t\t\t> \n\t\t\t\t\t\t\t<\/rs-layer><!--\n\n\t\t\t\t\t\t\t--><rs-layer\n\t\t\t\t\t\t\t\tid=\"slider-47-slide-144-layer-2\" \n\t\t\t\t\t\t\t\tdata-type=\"text\"\n\t\t\t\t\t\t\t\tdata-color=\"#000000\"\n\t\t\t\t\t\t\t\tdata-rsp_ch=\"on\"\n\t\t\t\t\t\t\t\tdata-xy=\"x:847px;y:79px;\"\n\t\t\t\t\t\t\t\tdata-text=\"w:normal;s:18;fw:700;a:center;\"\n\t\t\t\t\t\t\t\tdata-dim=\"w:345px;\"\n\t\t\t\t\t\t\t\tdata-frame_999=\"o:0;st:w;\"\n\t\t\t\t\t\t\t\tstyle=\"z-index:11;font-family:'Montserrat';\"\n\t\t\t\t\t\t\t>Nutrici\u00f3n para la familia del caf\u00e9 - Abejorral, Antioquia \n\t\t\t\t\t\t\t<\/rs-layer><!--\n\n\t\t\t\t\t\t\t--><rs-layer\n\t\t\t\t\t\t\t\tid=\"slider-47-slide-144-layer-3\" \n\t\t\t\t\t\t\t\tdata-type=\"text\"\n\t\t\t\t\t\t\t\tdata-color=\"#6c6c6c\"\n\t\t\t\t\t\t\t\tdata-rsp_ch=\"on\"\n\t\t\t\t\t\t\t\tdata-xy=\"x:855px;y:125px;\"\n\t\t\t\t\t\t\t\tdata-text=\"w:normal;s:13;l:20;\"\n\t\t\t\t\t\t\t\tdata-dim=\"w:357px;\"\n\t\t\t\t\t\t\t\tdata-frame_999=\"o:0;st:w;\"\n\t\t\t\t\t\t\t\tstyle=\"z-index:14;font-family:'Roboto';\"\n\t\t\t\t\t\t\t>Proyecto de gran alcanze para 200 familias caficultoras del municipio de Abejorral departamento de Antioquia.  Enfoque en familias jovenes caficultoras, enfasis en seguridad alimentaria, implementacion de estandares de certificacion sostenible, sistemas agroforestales y capacitaciones en alimentacion saludable para la familia caficultora. Capacitaciones en temas sociales, financieros y ambientales.  Siembra de 15,000 arboles frutales y de sombrio para la biodiversidad y seguridad alimentaria.  \n\t\t\t\t\t\t\t<\/rs-layer><!--\n\n\t\t\t\t\t\t\t--><rs-layer\n\t\t\t\t\t\t\t\tid=\"slider-47-slide-144-layer-4\" \n\t\t\t\t\t\t\t\tdata-type=\"shape\"\n\t\t\t\t\t\t\t\tdata-rsp_ch=\"on\"\n\t\t\t\t\t\t\t\tdata-xy=\"x:400px;y:41px;\"\n\t\t\t\t\t\t\t\tdata-text=\"w:normal;\"\n\t\t\t\t\t\t\t\tdata-dim=\"w:1px;h:200px;\"\n\t\t\t\t\t\t\t\tdata-vbility=\"t,t,t,f\"\n\t\t\t\t\t\t\t\tdata-frame_999=\"o:0;st:w;\"\n\t\t\t\t\t\t\t\tstyle=\"z-index:16;background-color:#707070;\"\n\t\t\t\t\t\t\t> \n\t\t\t\t\t\t\t<\/rs-layer><!--\n\n\t\t\t\t\t\t\t--><rs-layer\n\t\t\t\t\t\t\t\tid=\"slider-47-slide-144-layer-6\" \n\t\t\t\t\t\t\t\tdata-type=\"text\"\n\t\t\t\t\t\t\t\tdata-color=\"#000000\"\n\t\t\t\t\t\t\t\tdata-rsp_ch=\"on\"\n\t\t\t\t\t\t\t\tdata-xy=\"x:41px;y:75px;\"\n\t\t\t\t\t\t\t\tdata-text=\"w:normal;s:20;fw:700;a:center;\"\n\t\t\t\t\t\t\t\tdata-dim=\"w:342px;\"\n\t\t\t\t\t\t\t\tdata-frame_999=\"o:0;st:w;\"\n\t\t\t\t\t\t\t\tstyle=\"z-index:10;font-family:'Montserrat';\"\n\t\t\t\t\t\t\t>Colegio I.E.Agro. Concentraci\u00f3n Desarrollo Rural - La Uni\u00f3n, Nari\u00f1o \n\t\t\t\t\t\t\t<\/rs-layer><!--\n\n\t\t\t\t\t\t\t--><rs-layer\n\t\t\t\t\t\t\t\tid=\"slider-47-slide-144-layer-7\" \n\t\t\t\t\t\t\t\tdata-type=\"text\"\n\t\t\t\t\t\t\t\tdata-color=\"#6c6c6c\"\n\t\t\t\t\t\t\t\tdata-rsp_ch=\"on\"\n\t\t\t\t\t\t\t\tdata-xy=\"x:24px;y:158px;\"\n\t\t\t\t\t\t\t\tdata-text=\"w:normal;s:15;l:20;\"\n\t\t\t\t\t\t\t\tdata-dim=\"w:376px;\"\n\t\t\t\t\t\t\t\tdata-frame_999=\"o:0;st:w;\"\n\t\t\t\t\t\t\t\tstyle=\"z-index:13;font-family:'Roboto';\"\n\t\t\t\t\t\t\t>Proyecto Educativo.  Construcci\u00f3n de nuevo bloque educativo para Instituci\u00f3n Educativa Agropecuaria de Desarrollo Rural vereda El Sauce en La Uni\u00f3n, Nari\u00f1o. Incluye 6 nuevas aulas de clase, ba\u00f1os separados para ni\u00f1os y ni\u00f1as.  Colegio de 649 estudiantes.  Alianza entre Costa Foundation, comunidad educativa y Fundaci\u00f3n Carcafe. \n\t\t\t\t\t\t\t<\/rs-layer><!--\n\n\t\t\t\t\t\t\t--><rs-layer\n\t\t\t\t\t\t\t\tid=\"slider-47-slide-144-layer-8\" \n\t\t\t\t\t\t\t\tdata-type=\"shape\"\n\t\t\t\t\t\t\t\tdata-rsp_ch=\"on\"\n\t\t\t\t\t\t\t\tdata-xy=\"x:824px;y:40px;\"\n\t\t\t\t\t\t\t\tdata-text=\"w:normal;\"\n\t\t\t\t\t\t\t\tdata-dim=\"w:1px;h:200px;\"\n\t\t\t\t\t\t\t\tdata-vbility=\"t,t,t,f\"\n\t\t\t\t\t\t\t\tdata-frame_999=\"o:0;st:w;\"\n\t\t\t\t\t\t\t\tstyle=\"z-index:15;background-color:#707070;\"\n\t\t\t\t\t\t\t> \n\t\t\t\t\t\t\t<\/rs-layer><!--\n\n\t\t\t\t\t\t\t--><rs-layer\n\t\t\t\t\t\t\t\tid=\"slider-47-slide-144-layer-9\" \n\t\t\t\t\t\t\t\tdata-type=\"text\"\n\t\t\t\t\t\t\t\tdata-color=\"#6c6c6c\"\n\t\t\t\t\t\t\t\tdata-rsp_ch=\"on\"\n\t\t\t\t\t\t\t\tdata-xy=\"x:425px;y:141px;\"\n\t\t\t\t\t\t\t\tdata-text=\"w:normal;s:13;l:20;\"\n\t\t\t\t\t\t\t\tdata-dim=\"w:391px;\"\n\t\t\t\t\t\t\t\tdata-frame_999=\"o:0;st:w;\"\n\t\t\t\t\t\t\t\tstyle=\"z-index:12;font-family:'Roboto';\"\n\t\t\t\t\t\t\t>Proyecto de profunda intervencion para 100 familias caficultoras de 3 municipios de departamento de Meta.  Proyecto enfocado en familias victimas del conflicto armado en Colombia, victimas del desplazamiento forzado hasta en dos ocasiones. Implementacion de sistemas agroforestales con cafe en 177 hectareas. Capacitaciones en temas sociales, financieros y embientales.  Siembra de 15,000 arboles frutales y de sombrio para la biodiversidad y seguridad alimentaria.  \n\t\t\t\t\t\t\t<\/rs-layer><!--\n\n\t\t\t\t\t\t\t--><rs-layer\n\t\t\t\t\t\t\t\tid=\"slider-47-slide-144-layer-10\" \n\t\t\t\t\t\t\t\tdata-type=\"text\"\n\t\t\t\t\t\t\t\tdata-color=\"#000000\"\n\t\t\t\t\t\t\t\tdata-rsp_ch=\"on\"\n\t\t\t\t\t\t\t\tdata-xy=\"x:429px;y:79px;\"\n\t\t\t\t\t\t\t\tdata-text=\"w:normal;s:19;fw:700;a:center;\"\n\t\t\t\t\t\t\t\tdata-dim=\"w:366px;\"\n\t\t\t\t\t\t\t\tdata-frame_999=\"o:0;st:w;\"\n\t\t\t\t\t\t\t\tstyle=\"z-index:9;font-family:'Montserrat';\"\n\t\t\t\t\t\t\t>Proyecto Desarrollo Sostenible para Caficultores Fase II \u2013 Sur del Meta \n\t\t\t\t\t\t\t<\/rs-layer><!--\n\n\t\t\t\t\t\t\t--><rs-layer\n\t\t\t\t\t\t\t\tid=\"slider-47-slide-144-layer-12\" \n\t\t\t\t\t\t\t\tdata-type=\"text\"\n\t\t\t\t\t\t\t\tdata-color=\"#000000\"\n\t\t\t\t\t\t\t\tdata-rsp_ch=\"on\"\n\t\t\t\t\t\t\t\tdata-xy=\"x:945px;y:309px;\"\n\t\t\t\t\t\t\t\tdata-text=\"w:normal;\"\n\t\t\t\t\t\t\t\tdata-frame_999=\"o:0;st:w;\"\n\t\t\t\t\t\t\t\tstyle=\"z-index:17;font-family:'Roboto';\"\n\t\t\t\t\t\t\t><div class=\"vc_row wpb_row vc_row-fluid\"><div class=\"wpb_column vc_column_container vc_col-sm-12\"><div class=\"vc_column-inner\"><div class=\"wpb_wrapper\"><div id=\"wd-62c8573118368\" class=\"wd-button-wrapper text-center\"><a href=\"#nutritionforcoffeefamily-2019-2020\" title=\"\" class=\"btn btn-color-default btn-style-link btn-shape-rectangle btn-size-default wd-open-popup \">M\u00e1s Informaci\u00f3n<\/a><\/div><div id=\"nutritionforcoffeefamily-2019-2020\" class=\"mfp-with-anim wd-popup mfp-hide\" style=\"max-width:800px;\"><div class=\"wd-popup-inner\"><h2 style=\"font-size: 50px;color: #339059;text-align: left;font-family:Montserrat;font-weight:700;font-style:normal\" class=\"vc_custom_heading\" >2019 - 2020<\/h2>\t\t\n\t\t<div id=\"wd-62bf0f0283462\" class=\"title-wrapper wd-wpb set-mb-s reset-last-child  wd-title-color-default wd-title-style-default wd-width-100 text-center \">\n\t\t\t\n\t\t\t<div class=\"liner-continer\">\n\t\t\t\t<h4 class=\"woodmart-title-container title  wd-font-weight-600 wd-fontsize-xl\" >Nutrici\u00f3n para la familia del caf\u00e9 - Abejorral, Antioquia<\/h4>\n\t\t\t\t\t\t\t<\/div>\n\t\t\t\n\t\t\t\n\t\t\t\t\t<\/div>\n\t\t\n\t\t\n\t<div class=\"wpb_text_column wpb_content_element\" >\n\t\t<div class=\"wpb_wrapper\">\n\t\t\t<p>Proyecto en alianza con Dutch Bros Foundation hemos implementado 3 componentes principales con 200 familias \/ 1,000 personas de fincas cafeteras de Abejorral, Antioquia:<br \/>\n1. Productividad Sostenible del Caf\u00e9,<br \/>\n2. Seguridad alimentaria de las fincas cafeteras a trav\u00e9s de sistemas agroforestales y huertos,<br \/>\n3. H\u00e1bitos alimenticios saludables para las familias cafeteras.<br \/>\nPara la Productividad Sostenible del Caf\u00e9, incluiremos 4 aspectos: Ambiental, Social, Financiero y calidad del caf\u00e9. En cada uno de ellos implementaremos 2 sesiones de entrenamiento como sigue: Aspecto Ambiental incluyendo una sesi\u00f3n de entrenamiento sobre manejo de suelos y manejo de agua, y otra sesi\u00f3n sobre manejo seguro de productos agroqu\u00edmicos en la finca cafetera. Aspecto social que incluye una sesi\u00f3n doble que incluye los principios de primeros auxilios y los fundamentos de la seguridad cuando se trabaja en la finca. Aspectos financieros: dos sesiones de grupo sobre la planificaci\u00f3n de las actividades de la finca para el 100% de los agricultores, y un seguimiento individual de los costes y gastos del 10% de los agricultores para identificar su flujo de caja.<br \/>\nSeguridad alimentaria con dos \u00e1reas principales de enfoque: Huertos y Sistemas Agroforestales con Caf\u00e9. Ambas \u00e1reas incluyen visitas y diagn\u00f3sticos individuales a las fincas, entrenamientos sobre los beneficios de la implementaci\u00f3n y manejo de materiales, semillas y \u00e1rboles para plantar en la finca.<br \/>\nLos H\u00e1bitos Alimentarios Saludables ser\u00e1n impartidos en sesiones grupales por una chef profesional, en las que combinar\u00e1 temas relacionados con la nutrici\u00f3n, la salud y recetas de cocina con verduras y productos propios de la finca.<\/p>\n<p><img loading=\"lazy\" decoding=\"async\" class=\"size-medium wp-image-8331 aligncenter\" src=\"https:\/\/fundacioncarcafe.aicode-test.art\/wp-content\/uploads\/2022\/07\/NUTRITION-FOR-THE-COFFEE-FAMILY-PHASE-1-300x225.jpg\" alt=\"\" width=\"300\" height=\"225\" srcset=\"https:\/\/fundacioncarcafe.co\/wp-content\/uploads\/2022\/07\/NUTRITION-FOR-THE-COFFEE-FAMILY-PHASE-1-300x225.jpg 300w, https:\/\/fundacioncarcafe.co\/wp-content\/uploads\/2022\/07\/NUTRITION-FOR-THE-COFFEE-FAMILY-PHASE-1-1024x768.jpg 1024w, https:\/\/fundacioncarcafe.co\/wp-content\/uploads\/2022\/07\/NUTRITION-FOR-THE-COFFEE-FAMILY-PHASE-1-768x576.jpg 768w, https:\/\/fundacioncarcafe.co\/wp-content\/uploads\/2022\/07\/NUTRITION-FOR-THE-COFFEE-FAMILY-PHASE-1-1536x1152.jpg 1536w, https:\/\/fundacioncarcafe.co\/wp-content\/uploads\/2022\/07\/NUTRITION-FOR-THE-COFFEE-FAMILY-PHASE-1-2048x1536.jpg 2048w, https:\/\/fundacioncarcafe.co\/wp-content\/uploads\/2022\/07\/NUTRITION-FOR-THE-COFFEE-FAMILY-PHASE-1-16x12.jpg 16w, https:\/\/fundacioncarcafe.co\/wp-content\/uploads\/2022\/07\/NUTRITION-FOR-THE-COFFEE-FAMILY-PHASE-1-1200x900.jpg 1200w, https:\/\/fundacioncarcafe.co\/wp-content\/uploads\/2022\/07\/NUTRITION-FOR-THE-COFFEE-FAMILY-PHASE-1-150x113.jpg 150w\" sizes=\"auto, (max-width: 300px) 100vw, 300px\" \/><\/p>\n<p>&nbsp;<\/p>\n<p><img loading=\"lazy\" decoding=\"async\" class=\"size-medium wp-image-8332 aligncenter\" src=\"https:\/\/fundacioncarcafe.aicode-test.art\/wp-content\/uploads\/2022\/07\/NUTRITION-FOR-THE-COFFEE-FAMILY-PHASE-1A-300x146.jpg\" alt=\"\" width=\"300\" height=\"146\" srcset=\"https:\/\/fundacioncarcafe.co\/wp-content\/uploads\/2022\/07\/NUTRITION-FOR-THE-COFFEE-FAMILY-PHASE-1A-300x146.jpg 300w, https:\/\/fundacioncarcafe.co\/wp-content\/uploads\/2022\/07\/NUTRITION-FOR-THE-COFFEE-FAMILY-PHASE-1A-1024x498.jpg 1024w, https:\/\/fundacioncarcafe.co\/wp-content\/uploads\/2022\/07\/NUTRITION-FOR-THE-COFFEE-FAMILY-PHASE-1A-768x373.jpg 768w, https:\/\/fundacioncarcafe.co\/wp-content\/uploads\/2022\/07\/NUTRITION-FOR-THE-COFFEE-FAMILY-PHASE-1A-1536x747.jpg 1536w, https:\/\/fundacioncarcafe.co\/wp-content\/uploads\/2022\/07\/NUTRITION-FOR-THE-COFFEE-FAMILY-PHASE-1A-2048x996.jpg 2048w, https:\/\/fundacioncarcafe.co\/wp-content\/uploads\/2022\/07\/NUTRITION-FOR-THE-COFFEE-FAMILY-PHASE-1A-16x8.jpg 16w, https:\/\/fundacioncarcafe.co\/wp-content\/uploads\/2022\/07\/NUTRITION-FOR-THE-COFFEE-FAMILY-PHASE-1A-1200x583.jpg 1200w, https:\/\/fundacioncarcafe.co\/wp-content\/uploads\/2022\/07\/NUTRITION-FOR-THE-COFFEE-FAMILY-PHASE-1A-150x73.jpg 150w\" sizes=\"auto, (max-width: 300px) 100vw, 300px\" \/><\/p>\n\n\t\t<\/div>\n\t<\/div>\n<\/div><\/div><\/div><\/div><\/div><\/div><style data-type=\"vc_shortcodes-custom-css\"><\/style> \n\t\t\t\t\t\t\t<\/rs-layer><!--\n\n\t\t\t\t\t\t\t--><rs-layer\n\t\t\t\t\t\t\t\tid=\"slider-47-slide-144-layer-17\" \n\t\t\t\t\t\t\t\tdata-type=\"text\"\n\t\t\t\t\t\t\t\tdata-color=\"#000000\"\n\t\t\t\t\t\t\t\tdata-rsp_ch=\"on\"\n\t\t\t\t\t\t\t\tdata-xy=\"x:531px;y:297px;\"\n\t\t\t\t\t\t\t\tdata-text=\"w:normal;\"\n\t\t\t\t\t\t\t\tdata-frame_999=\"o:0;st:w;\"\n\t\t\t\t\t\t\t\tstyle=\"z-index:18;font-family:'Roboto';\"\n\t\t\t\t\t\t\t><div class=\"vc_row wpb_row vc_row-fluid\"><div class=\"wpb_column vc_column_container vc_col-sm-12\"><div class=\"vc_column-inner\"><div class=\"wpb_wrapper\"><div id=\"wd-6182f8941d0cd\" class=\"wd-button-wrapper text-center\"><a href=\"#sustainable-dev-I-2015\" title=\"\" class=\"btn btn-color-default btn-style-link btn-shape-rectangle btn-size-default wd-open-popup \">M\u00e1s Informaci\u00f3n<\/a><\/div><div id=\"sustainable-dev-I-2015\" class=\"mfp-with-anim wd-popup mfp-hide\" style=\"max-width:800px;\"><div class=\"wd-popup-inner\">\n\t<div  class=\"wpb_single_image wpb_content_element vc_align_left\">\n\t\t\n\t\t<figure class=\"wpb_wrapper vc_figure\">\n\t\t\t<div class=\"vc_single_image-wrapper   vc_box_border_grey\"><img loading=\"lazy\" decoding=\"async\" width=\"300\" height=\"40\" src=\"https:\/\/fundacioncarcafe.co\/wp-content\/uploads\/2021\/11\/1-2018 - 2019-300x40.png\" class=\"vc_single_image-img attachment-medium\" alt=\"\" title=\"2018 - 2019\" srcset=\"https:\/\/fundacioncarcafe.co\/wp-content\/uploads\/2021\/11\/1-2018%20-%202019-300x40.png 300w, https:\/\/fundacioncarcafe.co\/wp-content\/uploads\/2021\/11\/1-2018%20-%202019-16x2.png 16w, https:\/\/fundacioncarcafe.co\/wp-content\/uploads\/2021\/11\/1-2018%20-%202019-150x20.png 150w, https:\/\/fundacioncarcafe.co\/wp-content\/uploads\/2021\/11\/1-2018%20-%202019.png 662w\" sizes=\"auto, (max-width: 300px) 100vw, 300px\" \/><\/div>\n\t\t<\/figure>\n\t<\/div>\n\t\t\n\t\t<div id=\"wd-62bf0b0940c06\" class=\"title-wrapper wd-wpb set-mb-s reset-last-child  wd-title-color-default wd-title-style-default wd-width-100 text-center \">\n\t\t\t\n\t\t\t<div class=\"liner-continer\">\n\t\t\t\t<h4 class=\"woodmart-title-container title  wd-font-weight-600 wd-fontsize-xl\" >Sustainable Development for Meta Coffee Growers Phase II<\/h4>\n\t\t\t\t\t\t\t<\/div>\n\t\t\t\n\t\t\t\n\t\t\t\t\t<\/div>\n\t\t\n\t\t\n\t<div class=\"wpb_text_column wpb_content_element\" >\n\t\t<div class=\"wpb_wrapper\">\n\t\t\t<p>Proyecto desarrollado en alianza con Fundacion Lavazza. Durante la segunda fase del proyecto nos centramos en el componente del caf\u00e9: La consistencia de la calidad del caf\u00e9 ha mejorado gracias a la elaboraci\u00f3n de perfiles de taza anuales por finca, en el laboratorio de calidades de Carcafe. Los 100 agricultores (aproximadamente 500 personas) eliminaron los defectos derivados del exceso de humedad y de la recogida de cerezas inmaduras. Lo hemos logrado centr\u00e1ndonos en la mejora de las pr\u00e1cticas de post-cosecha mediante la instalaci\u00f3n de marquesinas de secado al sol y tanques de fermentaci\u00f3n. Llevamos a especialistas en calidad para entrenar a los agricultores sobre los tiempos de secado y fermentaci\u00f3n con dispositivos mec\u00e1nicos especiales (fermaestro y balanzas de pergamino) en cada finca. Nuestro s\u00f3lido grupo de agr\u00f3nomos experimentados entrenaron a los agricultores para mejorar las plantaciones establecidas; como resultado, el 30% de los agricultores aplicaron pr\u00e1cticas de poda para vigorizar y estimular el rendimiento de la productividad en los arboles de caf\u00e9 viejos. Con nuestros an\u00e1lisis individuales de suelos, los agricultores identificaron las necesidades reales de su suelo y aprendieron las ventajas de los m\u00faltiples tiempos de fertilizaci\u00f3n en los 5500 mm de lluvia anuales de Meta. La gesti\u00f3n de las plagas es crucial a bajas altitudes, los agricultores adoptaron pr\u00e1cticas para el uso seguro de plaguicidas, el control biol\u00f3gico y m\u00e9todos regulares de seguimiento de las plagas; redujeron los niveles de infestaci\u00f3n de la broca del cerezo del 12% al 2% de medio. Enfoques en la nueva zona cafetera: Las plantaciones de caf\u00e9 establecidas ten\u00edan problemas cruciales de ra\u00edz, debido a las malas pr\u00e1cticas de vivero. Nuestros agr\u00f3nomos ense\u00f1aron a los agricultores a cultivar nuevas plantaciones de caf\u00e9 desde cero, y hoy hemos aumentado la superficie de caf\u00e9 en un 75% aproximadamente. .<\/p>\n<p><img loading=\"lazy\" decoding=\"async\" class=\"size-medium wp-image-8330 aligncenter\" src=\"https:\/\/fundacioncarcafe.aicode-test.art\/wp-content\/uploads\/2022\/07\/SUSTAINABLE-DEVELOPMENT-FOR-META-GROWERS-PHASE-2-300x146.jpg\" alt=\"\" width=\"300\" height=\"146\" srcset=\"https:\/\/fundacioncarcafe.co\/wp-content\/uploads\/2022\/07\/SUSTAINABLE-DEVELOPMENT-FOR-META-GROWERS-PHASE-2-300x146.jpg 300w, https:\/\/fundacioncarcafe.co\/wp-content\/uploads\/2022\/07\/SUSTAINABLE-DEVELOPMENT-FOR-META-GROWERS-PHASE-2-1024x498.jpg 1024w, https:\/\/fundacioncarcafe.co\/wp-content\/uploads\/2022\/07\/SUSTAINABLE-DEVELOPMENT-FOR-META-GROWERS-PHASE-2-768x373.jpg 768w, https:\/\/fundacioncarcafe.co\/wp-content\/uploads\/2022\/07\/SUSTAINABLE-DEVELOPMENT-FOR-META-GROWERS-PHASE-2-1536x747.jpg 1536w, https:\/\/fundacioncarcafe.co\/wp-content\/uploads\/2022\/07\/SUSTAINABLE-DEVELOPMENT-FOR-META-GROWERS-PHASE-2-2048x996.jpg 2048w, https:\/\/fundacioncarcafe.co\/wp-content\/uploads\/2022\/07\/SUSTAINABLE-DEVELOPMENT-FOR-META-GROWERS-PHASE-2-16x8.jpg 16w, https:\/\/fundacioncarcafe.co\/wp-content\/uploads\/2022\/07\/SUSTAINABLE-DEVELOPMENT-FOR-META-GROWERS-PHASE-2-1200x583.jpg 1200w, https:\/\/fundacioncarcafe.co\/wp-content\/uploads\/2022\/07\/SUSTAINABLE-DEVELOPMENT-FOR-META-GROWERS-PHASE-2-150x73.jpg 150w\" sizes=\"auto, (max-width: 300px) 100vw, 300px\" \/><\/p>\n\n\t\t<\/div>\n\t<\/div>\n<\/div><\/div><\/div><\/div><\/div><\/div><style data-type=\"vc_shortcodes-custom-css\"><\/style> \n\t\t\t\t\t\t\t<\/rs-layer><!--\n\n\t\t\t\t\t\t\t--><rs-layer\n\t\t\t\t\t\t\t\tid=\"slider-47-slide-144-layer-19\" \n\t\t\t\t\t\t\t\tdata-type=\"text\"\n\t\t\t\t\t\t\t\tdata-color=\"#000000\"\n\t\t\t\t\t\t\t\tdata-rsp_ch=\"on\"\n\t\t\t\t\t\t\t\tdata-xy=\"x:135px;y:302px;\"\n\t\t\t\t\t\t\t\tdata-text=\"w:normal;\"\n\t\t\t\t\t\t\t\tdata-frame_999=\"o:0;st:w;\"\n\t\t\t\t\t\t\t\tstyle=\"z-index:19;font-family:'Roboto';\"\n\t\t\t\t\t\t\t><div class=\"vc_row wpb_row vc_row-fluid\"><div class=\"wpb_column vc_column_container vc_col-sm-12\"><div class=\"vc_column-inner\"><div class=\"wpb_wrapper\"><div id=\"wd-6182fd218545d\" class=\"wd-button-wrapper text-center\"><a href=\"#agropecuaria-desarrollo-social-2017\" title=\"\" class=\"btn btn-color-default btn-style-link btn-shape-rectangle btn-size-default wd-open-popup \">M\u00e1s Informaci\u00f3n<\/a><\/div><div id=\"agropecuaria-desarrollo-social-2017\" class=\"mfp-with-anim wd-popup mfp-hide\" style=\"max-width:800px;\"><div class=\"wd-popup-inner\">\n\t<div  class=\"wpb_single_image wpb_content_element vc_align_left\">\n\t\t\n\t\t<figure class=\"wpb_wrapper vc_figure\">\n\t\t\t<div class=\"vc_single_image-wrapper   vc_box_border_grey\"><img loading=\"lazy\" decoding=\"async\" width=\"300\" height=\"40\" src=\"https:\/\/fundacioncarcafe.co\/wp-content\/uploads\/2021\/11\/1-2017 - 2019-300x40.png\" class=\"vc_single_image-img attachment-medium\" alt=\"\" title=\"2017 - 2019\" srcset=\"https:\/\/fundacioncarcafe.co\/wp-content\/uploads\/2021\/11\/1-2017%20-%202019-300x40.png 300w, https:\/\/fundacioncarcafe.co\/wp-content\/uploads\/2021\/11\/1-2017%20-%202019-16x2.png 16w, https:\/\/fundacioncarcafe.co\/wp-content\/uploads\/2021\/11\/1-2017%20-%202019-150x20.png 150w, https:\/\/fundacioncarcafe.co\/wp-content\/uploads\/2021\/11\/1-2017%20-%202019.png 657w\" sizes=\"auto, (max-width: 300px) 100vw, 300px\" \/><\/div>\n\t\t<\/figure>\n\t<\/div>\n\t\t\n\t\t<div id=\"wd-6290d5a1b9bc2\" class=\"title-wrapper wd-wpb set-mb-s reset-last-child  wd-title-color-default wd-title-style-default wd-width-100 text-center \">\n\t\t\t\n\t\t\t<div class=\"liner-continer\">\n\t\t\t\t<h4 class=\"woodmart-title-container title  wd-font-weight-600 wd-fontsize-xl\" >Colegio I.E. Agro. Concentraci\u00f3n Desarrollo Rural \u2013 La Union, Nari\u00f1o<\/h4>\n\t\t\t\t\t\t\t<\/div>\n\t\t\t\n\t\t\t\n\t\t\t\t\t<\/div>\n\t\t\n\t\t\n\t<div class=\"wpb_text_column wpb_content_element\" >\n\t\t<div class=\"wpb_wrapper\">\n\t\t\t<p>Proyecto en alianza con Costa Foundation para construcci\u00f3n de nuevo bloque educativo de la Instituci\u00f3n Educativa Agropecuaria de desarrollo rural localizado en la vereda de El Sauce, en municipio con mayor producci\u00f3n cafetera del departamento de Nari\u00f1o: La Uni\u00f3n. El colegio contaba con 649 estudiantes y se construyeron 6 nuevas aulas con dise\u00f1o de arquitectura bioclim\u00e1tica para 300 estudiantes de bachillerato, ba\u00f1os separados para ni\u00f1os y ni\u00f1as, rampa de acceso y jardines para el \u00e1rea de descanso. La gesti\u00f3n del proyecto inicio en 2017 y se lograron alianzas con la alcald\u00eda de La Uni\u00f3n y la comunidad del colegio. La obra se construyo en 8 meses y se inaugur\u00f3 en mayo 2019. El total de personas beneficiadas por esta obra es aproximadamente 3,400.<\/p>\n<p><img loading=\"lazy\" decoding=\"async\" class=\"size-medium wp-image-8327 aligncenter\" src=\"https:\/\/fundacioncarcafe.aicode-test.art\/wp-content\/uploads\/2022\/07\/00936426b592f48d48f540e50f04d433-300x151.png\" alt=\"\" width=\"300\" height=\"151\" srcset=\"https:\/\/fundacioncarcafe.co\/wp-content\/uploads\/2022\/07\/00936426b592f48d48f540e50f04d433-300x151.png 300w, https:\/\/fundacioncarcafe.co\/wp-content\/uploads\/2022\/07\/00936426b592f48d48f540e50f04d433-16x8.png 16w, https:\/\/fundacioncarcafe.co\/wp-content\/uploads\/2022\/07\/00936426b592f48d48f540e50f04d433-150x75.png 150w, https:\/\/fundacioncarcafe.co\/wp-content\/uploads\/2022\/07\/00936426b592f48d48f540e50f04d433.png 680w\" sizes=\"auto, (max-width: 300px) 100vw, 300px\" \/><\/p>\n<p>&nbsp;<\/p>\n<p><img loading=\"lazy\" decoding=\"async\" class=\"size-medium wp-image-8328 aligncenter\" src=\"https:\/\/fundacioncarcafe.aicode-test.art\/wp-content\/uploads\/2022\/07\/LA-UNION-2-300x146.jpg\" alt=\"\" width=\"300\" height=\"146\" srcset=\"https:\/\/fundacioncarcafe.co\/wp-content\/uploads\/2022\/07\/LA-UNION-2-300x146.jpg 300w, https:\/\/fundacioncarcafe.co\/wp-content\/uploads\/2022\/07\/LA-UNION-2-1024x498.jpg 1024w, https:\/\/fundacioncarcafe.co\/wp-content\/uploads\/2022\/07\/LA-UNION-2-768x373.jpg 768w, https:\/\/fundacioncarcafe.co\/wp-content\/uploads\/2022\/07\/LA-UNION-2-1536x747.jpg 1536w, https:\/\/fundacioncarcafe.co\/wp-content\/uploads\/2022\/07\/LA-UNION-2-2048x996.jpg 2048w, https:\/\/fundacioncarcafe.co\/wp-content\/uploads\/2022\/07\/LA-UNION-2-16x8.jpg 16w, https:\/\/fundacioncarcafe.co\/wp-content\/uploads\/2022\/07\/LA-UNION-2-1200x583.jpg 1200w, https:\/\/fundacioncarcafe.co\/wp-content\/uploads\/2022\/07\/LA-UNION-2-150x73.jpg 150w\" sizes=\"auto, (max-width: 300px) 100vw, 300px\" \/><\/p>\n<p>&nbsp;<\/p>\n<div style=\"width: 1920px;\" class=\"wp-video\"><video class=\"wp-video-shortcode\" id=\"video-7854-2\" width=\"1920\" height=\"1080\" preload=\"metadata\" controls=\"controls\"><source type=\"video\/mp4\" src=\"https:\/\/fundacioncarcafe.aicode-test.art\/wp-content\/uploads\/2022\/07\/La-Union-School-Short-video.mp4?_=2\" \/><a href=\"https:\/\/fundacioncarcafe.aicode-test.art\/wp-content\/uploads\/2022\/07\/La-Union-School-Short-video.mp4\">https:\/\/fundacioncarcafe.aicode-test.art\/wp-content\/uploads\/2022\/07\/La-Union-School-Short-video.mp4<\/a><\/video><\/div>\n\n\t\t<\/div>\n\t<\/div>\n<\/div><\/div><\/div><\/div><\/div><\/div><style data-type=\"vc_shortcodes-custom-css\"><\/style> \n\t\t\t\t\t\t\t<\/rs-layer><!--\n\n\t\t\t\t\t\t\t--><rs-layer\n\t\t\t\t\t\t\t\tid=\"slider-47-slide-144-layer-46\" \n\t\t\t\t\t\t\t\tdata-type=\"text\"\n\t\t\t\t\t\t\t\tdata-color=\"#339059\"\n\t\t\t\t\t\t\t\tdata-rsp_ch=\"on\"\n\t\t\t\t\t\t\t\tdata-xy=\"x:53px;y:23px;\"\n\t\t\t\t\t\t\t\tdata-text=\"w:normal;s:50;l:44;fw:700;a:center;\"\n\t\t\t\t\t\t\t\tdata-dim=\"w:326px;h:47px;\"\n\t\t\t\t\t\t\t\tdata-frame_999=\"o:0;st:w;\"\n\t\t\t\t\t\t\t\tstyle=\"z-index:29;font-family:'Montserrat';\"\n\t\t\t\t\t\t\t>2017 - 2019 \n\t\t\t\t\t\t\t<\/rs-layer><!--\n\n\t\t\t\t\t\t\t--><rs-layer\n\t\t\t\t\t\t\t\tid=\"slider-47-slide-144-layer-67\" \n\t\t\t\t\t\t\t\tdata-type=\"text\"\n\t\t\t\t\t\t\t\tdata-color=\"#339059\"\n\t\t\t\t\t\t\t\tdata-rsp_ch=\"on\"\n\t\t\t\t\t\t\t\tdata-xy=\"x:443px;y:28px;\"\n\t\t\t\t\t\t\t\tdata-text=\"w:normal;s:50;l:44;fw:700;a:center;\"\n\t\t\t\t\t\t\t\tdata-dim=\"w:326px;h:47px;\"\n\t\t\t\t\t\t\t\tdata-frame_999=\"o:0;st:w;\"\n\t\t\t\t\t\t\t\tstyle=\"z-index:29;font-family:'Montserrat';\"\n\t\t\t\t\t\t\t>2018 - 2019 \n\t\t\t\t\t\t\t<\/rs-layer><!--\n\n\t\t\t\t\t\t\t--><rs-layer\n\t\t\t\t\t\t\t\tid=\"slider-47-slide-144-layer-68\" \n\t\t\t\t\t\t\t\tdata-type=\"text\"\n\t\t\t\t\t\t\t\tdata-color=\"#339059\"\n\t\t\t\t\t\t\t\tdata-rsp_ch=\"on\"\n\t\t\t\t\t\t\t\tdata-xy=\"x:856px;y:22px;\"\n\t\t\t\t\t\t\t\tdata-text=\"w:normal;s:50;l:44;fw:700;a:center;\"\n\t\t\t\t\t\t\t\tdata-dim=\"w:326px;h:47px;\"\n\t\t\t\t\t\t\t\tdata-frame_999=\"o:0;st:w;\"\n\t\t\t\t\t\t\t\tstyle=\"z-index:29;font-family:'Montserrat';\"\n\t\t\t\t\t\t\t>2019 - 2020 \n\t\t\t\t\t\t\t<\/rs-layer><!--\n-->\t\t\t\t\t\t<\/rs-slide>\n\t\t\t\t\t\t<rs-slide style=\"position: absolute;\" data-key=\"rs-135\" data-title=\"Slide\" data-anim=\"adpr:false;\" data-in=\"o:0;\" data-out=\"a:false;\">\n\t\t\t\t\t\t\t<img decoding=\"async\" src=\"\/\/fundacioncarcafe.co\/wp-content\/plugins\/revslider\/public\/assets\/assets\/dummy.png\" alt=\"Slide\" title=\"Nuestra trayectoria\" class=\"rev-slidebg tp-rs-img rs-lazyload\" data-lazyload=\"\/\/fundacioncarcafe.co\/wp-content\/plugins\/revslider\/public\/assets\/assets\/transparent.png\" data-no-retina>\n<!--\n\t\t\t\t\t\t\t--><rs-layer\n\t\t\t\t\t\t\t\tid=\"slider-47-slide-135-layer-0\" \n\t\t\t\t\t\t\t\tdata-type=\"shape\"\n\t\t\t\t\t\t\t\tdata-rsp_ch=\"on\"\n\t\t\t\t\t\t\t\tdata-xy=\"x:-2px;y:-4px;\"\n\t\t\t\t\t\t\t\tdata-text=\"w:normal;\"\n\t\t\t\t\t\t\t\tdata-dim=\"w:1241px;h:351px;\"\n\t\t\t\t\t\t\t\tdata-frame_999=\"o:0;st:w;\"\n\t\t\t\t\t\t\t\tstyle=\"z-index:8;background-color:#EDEDED;\"\n\t\t\t\t\t\t\t> \n\t\t\t\t\t\t\t<\/rs-layer><!--\n\n\t\t\t\t\t\t\t--><rs-layer\n\t\t\t\t\t\t\t\tid=\"slider-47-slide-135-layer-2\" \n\t\t\t\t\t\t\t\tdata-type=\"text\"\n\t\t\t\t\t\t\t\tdata-color=\"#000000\"\n\t\t\t\t\t\t\t\tdata-rsp_ch=\"on\"\n\t\t\t\t\t\t\t\tdata-xy=\"x:852px;y:93px;\"\n\t\t\t\t\t\t\t\tdata-text=\"w:normal;s:20;fw:700;a:center;\"\n\t\t\t\t\t\t\t\tdata-dim=\"w:341px;\"\n\t\t\t\t\t\t\t\tdata-frame_999=\"o:0;st:w;\"\n\t\t\t\t\t\t\t\tstyle=\"z-index:14;font-family:'Montserrat';\"\n\t\t\t\t\t\t\t>Construcci\u00f3n de Infraestructuras - Meta \n\t\t\t\t\t\t\t<\/rs-layer><!--\n\n\t\t\t\t\t\t\t--><rs-layer\n\t\t\t\t\t\t\t\tid=\"slider-47-slide-135-layer-3\" \n\t\t\t\t\t\t\t\tdata-type=\"text\"\n\t\t\t\t\t\t\t\tdata-color=\"#6c6c6c\"\n\t\t\t\t\t\t\t\tdata-rsp_ch=\"on\"\n\t\t\t\t\t\t\t\tdata-xy=\"x:845px;y:148px;\"\n\t\t\t\t\t\t\t\tdata-text=\"w:normal;s:15;l:20;\"\n\t\t\t\t\t\t\t\tdata-dim=\"w:357px;\"\n\t\t\t\t\t\t\t\tdata-frame_999=\"o:0;st:w;\"\n\t\t\t\t\t\t\t\tstyle=\"z-index:17;font-family:'Roboto';\"\n\t\t\t\t\t\t\t>Intervenci\u00f3n incluye 100 familias caficultoras y sus asociaciones en 3 municipios de Meta. Construcci\u00f3n de infraestructura procesadora de caf\u00e9, infraestructura de agua de casa, implementaci\u00f3n de certificaci\u00f3n de est\u00e1ndares, entrenamiento en t\u00f3picos sociales, fin\u00e1nciales, y medioambientales. Alianza entre Fundaci\u00f3n Carcafe y Fundaci\u00f3n Lavazza. \n\t\t\t\t\t\t\t<\/rs-layer><!--\n\n\t\t\t\t\t\t\t--><rs-layer\n\t\t\t\t\t\t\t\tid=\"slider-47-slide-135-layer-4\" \n\t\t\t\t\t\t\t\tdata-type=\"shape\"\n\t\t\t\t\t\t\t\tdata-rsp_ch=\"on\"\n\t\t\t\t\t\t\t\tdata-xy=\"x:400px;y:41px;\"\n\t\t\t\t\t\t\t\tdata-text=\"w:normal;\"\n\t\t\t\t\t\t\t\tdata-dim=\"w:1px;h:200px;\"\n\t\t\t\t\t\t\t\tdata-vbility=\"t,t,t,f\"\n\t\t\t\t\t\t\t\tdata-frame_999=\"o:0;st:w;\"\n\t\t\t\t\t\t\t\tstyle=\"z-index:19;background-color:#707070;\"\n\t\t\t\t\t\t\t> \n\t\t\t\t\t\t\t<\/rs-layer><!--\n\n\t\t\t\t\t\t\t--><rs-layer\n\t\t\t\t\t\t\t\tid=\"slider-47-slide-135-layer-6\" \n\t\t\t\t\t\t\t\tdata-type=\"text\"\n\t\t\t\t\t\t\t\tdata-color=\"#000000\"\n\t\t\t\t\t\t\t\tdata-rsp_ch=\"on\"\n\t\t\t\t\t\t\t\tdata-xy=\"x:16px;y:93px;\"\n\t\t\t\t\t\t\t\tdata-text=\"w:normal;s:18;fw:700;a:center;\"\n\t\t\t\t\t\t\t\tdata-dim=\"w:377px;\"\n\t\t\t\t\t\t\t\tdata-frame_999=\"o:0;st:w;\"\n\t\t\t\t\t\t\t\tstyle=\"z-index:13;font-family:'Montserrat';\"\n\t\t\t\t\t\t\t>Proyecto Desarrollo Sostenible para Caficultores Fase III \u2013 Sur del Meta \n\t\t\t\t\t\t\t<\/rs-layer><!--\n\n\t\t\t\t\t\t\t--><rs-layer\n\t\t\t\t\t\t\t\tid=\"slider-47-slide-135-layer-7\" \n\t\t\t\t\t\t\t\tdata-type=\"text\"\n\t\t\t\t\t\t\t\tdata-color=\"#6c6c6c\"\n\t\t\t\t\t\t\t\tdata-rsp_ch=\"on\"\n\t\t\t\t\t\t\t\tdata-xy=\"x:29px;y:147px;\"\n\t\t\t\t\t\t\t\tdata-text=\"w:normal;s:13;l:20;\"\n\t\t\t\t\t\t\t\tdata-dim=\"w:359px;\"\n\t\t\t\t\t\t\t\tdata-frame_999=\"o:0;st:w;\"\n\t\t\t\t\t\t\t\tstyle=\"z-index:16;font-family:'Roboto';\"\n\t\t\t\t\t\t\t>Proyecto de profunda intervencion para 200 familias caficultoras de 3 municipios de departamento de Meta.  Proyecto enfocado en familias victimas del conflicto armado en Colombia, victimas del desplazamiento forzado hasta en dos ocasiones. Implementacion de sistemas agroforestales con cafe en 177 hectareas. Siembra de 111 nuevas hectareas de cafe con sistema agroforestal. \n\t\t\t\t\t\t\t<\/rs-layer><!--\n\n\t\t\t\t\t\t\t--><rs-layer\n\t\t\t\t\t\t\t\tid=\"slider-47-slide-135-layer-8\" \n\t\t\t\t\t\t\t\tdata-type=\"shape\"\n\t\t\t\t\t\t\t\tdata-rsp_ch=\"on\"\n\t\t\t\t\t\t\t\tdata-xy=\"x:824px;y:40px;\"\n\t\t\t\t\t\t\t\tdata-text=\"w:normal;\"\n\t\t\t\t\t\t\t\tdata-dim=\"w:1px;h:200px;\"\n\t\t\t\t\t\t\t\tdata-vbility=\"t,t,t,f\"\n\t\t\t\t\t\t\t\tdata-frame_999=\"o:0;st:w;\"\n\t\t\t\t\t\t\t\tstyle=\"z-index:18;background-color:#707070;\"\n\t\t\t\t\t\t\t> \n\t\t\t\t\t\t\t<\/rs-layer><!--\n\n\t\t\t\t\t\t\t--><rs-layer\n\t\t\t\t\t\t\t\tid=\"slider-47-slide-135-layer-9\" \n\t\t\t\t\t\t\t\tdata-type=\"text\"\n\t\t\t\t\t\t\t\tdata-color=\"#6c6c6c\"\n\t\t\t\t\t\t\t\tdata-rsp_ch=\"on\"\n\t\t\t\t\t\t\t\tdata-xy=\"x:418px;y:148px;\"\n\t\t\t\t\t\t\t\tdata-text=\"w:normal;s:15;l:20;\"\n\t\t\t\t\t\t\t\tdata-dim=\"w:391px;\"\n\t\t\t\t\t\t\t\tdata-frame_999=\"o:0;st:w;\"\n\t\t\t\t\t\t\t\tstyle=\"z-index:15;font-family:'Roboto';\"\n\t\t\t\t\t\t\t>Intervenci\u00f3n para 300 familias cafeteras con mujeres cabezas de familia en 2 municipios del Meta. Implementaci\u00f3n de principios de seguridad alimentaria con huertas, entrenamientos en temas sociales, financieros y medioambientales. Alianza entre la Fundaci\u00f3n Carcafe y la Fundaci\u00f3n Lavazza. \n\t\t\t\t\t\t\t<\/rs-layer><!--\n\n\t\t\t\t\t\t\t--><rs-layer\n\t\t\t\t\t\t\t\tid=\"slider-47-slide-135-layer-10\" \n\t\t\t\t\t\t\t\tdata-type=\"text\"\n\t\t\t\t\t\t\t\tdata-color=\"#000000\"\n\t\t\t\t\t\t\t\tdata-rsp_ch=\"on\"\n\t\t\t\t\t\t\t\tdata-xy=\"x:403px;y:93px;\"\n\t\t\t\t\t\t\t\tdata-text=\"w:normal;s:22;fw:700;a:center;\"\n\t\t\t\t\t\t\t\tdata-dim=\"w:376px;\"\n\t\t\t\t\t\t\t\tdata-frame_999=\"o:0;st:w;\"\n\t\t\t\t\t\t\t\tstyle=\"z-index:12;font-family:'Montserrat';\"\n\t\t\t\t\t\t\t>Seguridad Alimentaria para Agricultores del Meta \n\t\t\t\t\t\t\t<\/rs-layer><!--\n\n\t\t\t\t\t\t\t--><rs-layer\n\t\t\t\t\t\t\t\tid=\"slider-47-slide-135-layer-12\" \n\t\t\t\t\t\t\t\tdata-type=\"text\"\n\t\t\t\t\t\t\t\tdata-color=\"#000000\"\n\t\t\t\t\t\t\t\tdata-rsp_ch=\"on\"\n\t\t\t\t\t\t\t\tdata-xy=\"x:939px;y:312px;\"\n\t\t\t\t\t\t\t\tdata-text=\"w:normal;\"\n\t\t\t\t\t\t\t\tdata-frame_999=\"o:0;st:w;\"\n\t\t\t\t\t\t\t\tstyle=\"z-index:20;font-family:'Roboto';\"\n\t\t\t\t\t\t\t><div class=\"vc_row wpb_row vc_row-fluid\"><div class=\"wpb_column vc_column_container vc_col-sm-12\"><div class=\"vc_column-inner\"><div class=\"wpb_wrapper\"><div id=\"wd-62c8561977ba8\" class=\"wd-button-wrapper text-center\"><a href=\"#Infraestructuras-Meta-2020\" title=\"\" class=\"btn btn-color-default btn-style-link btn-shape-rectangle btn-size-default wd-open-popup \">M\u00e1s Informaci\u00f3n<\/a><\/div><div id=\"Infraestructuras-Meta-2020\" class=\"mfp-with-anim wd-popup mfp-hide\" style=\"max-width:800px;\"><div class=\"wd-popup-inner\"><h2 style=\"font-size: 50px;color: #339059;text-align: left;font-family:Montserrat;font-weight:700;font-style:normal\" class=\"vc_custom_heading\" >2020<\/h2>\t\t\n\t\t<div id=\"wd-62bf153c6222d\" class=\"title-wrapper wd-wpb set-mb-s reset-last-child  wd-title-color-default wd-title-style-default wd-width-100 text-center \">\n\t\t\t\n\t\t\t<div class=\"liner-continer\">\n\t\t\t\t<h4 class=\"woodmart-title-container title  wd-font-weight-600 wd-fontsize-xl\" >Construcci\u00f3n de Infraestructuras - Meta<\/h4>\n\t\t\t\t\t\t\t<\/div>\n\t\t\t\n\t\t\t\n\t\t\t\t\t<\/div>\n\t\t\n\t\t\n\t<div class=\"wpb_text_column wpb_content_element\" >\n\t\t<div class=\"wpb_wrapper\">\n\t\t\t<p>Proyecto en alianza con Fondaziones Giuseppe e Pericle Lavazza. Consistio en la construcci\u00f3n de vivienda nueva unifamiliar como piloto de vivienda prefabricada en zonas remotas de la Orinoqu\u00eda a las cuales solo se puede llegar en veh\u00edculo durante los 3 meses de verano del a\u00f1o. La vivienda tiene 64 metros cuadrados de \u00e1rea y cuanta con 3 habitaciones, 1 ba\u00f1o, sal\u00f3n comedor, cocina y zona de ropas. La vivienda prefabricada en paneles de concreto tiene techos de teja met\u00e1lica arquitect\u00f3nica y cuenta con iluminaci\u00f3n natural por los 4 lados. Para que la familia con 6 ni\u00f1os peque\u00f1os pueda vivir de una manera saludable se instalaron pozos s\u00e9pticos y trampas de grasa para tratamiento de aguas residuales, tambi\u00e9n cuenta con paneles de energ\u00eda solar que permiten tener iluminaci\u00f3n y poder ver TV y cocinar con energ\u00edas limpias.<\/p>\n<p><img loading=\"lazy\" decoding=\"async\" class=\"size-medium wp-image-8337 aligncenter\" src=\"https:\/\/fundacioncarcafe.aicode-test.art\/wp-content\/uploads\/2022\/07\/CASA-JOHANA-ROMERO-300x225.jpg\" alt=\"\" width=\"300\" height=\"225\" srcset=\"https:\/\/fundacioncarcafe.co\/wp-content\/uploads\/2022\/07\/CASA-JOHANA-ROMERO-300x225.jpg 300w, https:\/\/fundacioncarcafe.co\/wp-content\/uploads\/2022\/07\/CASA-JOHANA-ROMERO-1024x768.jpg 1024w, https:\/\/fundacioncarcafe.co\/wp-content\/uploads\/2022\/07\/CASA-JOHANA-ROMERO-768x576.jpg 768w, https:\/\/fundacioncarcafe.co\/wp-content\/uploads\/2022\/07\/CASA-JOHANA-ROMERO-1536x1152.jpg 1536w, https:\/\/fundacioncarcafe.co\/wp-content\/uploads\/2022\/07\/CASA-JOHANA-ROMERO-2048x1536.jpg 2048w, https:\/\/fundacioncarcafe.co\/wp-content\/uploads\/2022\/07\/CASA-JOHANA-ROMERO-16x12.jpg 16w, https:\/\/fundacioncarcafe.co\/wp-content\/uploads\/2022\/07\/CASA-JOHANA-ROMERO-1200x900.jpg 1200w, https:\/\/fundacioncarcafe.co\/wp-content\/uploads\/2022\/07\/CASA-JOHANA-ROMERO-150x113.jpg 150w\" sizes=\"auto, (max-width: 300px) 100vw, 300px\" \/><\/p>\n\n\t\t<\/div>\n\t<\/div>\n<\/div><\/div><\/div><\/div><\/div><\/div><style data-type=\"vc_shortcodes-custom-css\"><\/style> \n\t\t\t\t\t\t\t<\/rs-layer><!--\n\n\t\t\t\t\t\t\t--><rs-layer\n\t\t\t\t\t\t\t\tid=\"slider-47-slide-135-layer-17\" \n\t\t\t\t\t\t\t\tdata-type=\"text\"\n\t\t\t\t\t\t\t\tdata-color=\"#000000\"\n\t\t\t\t\t\t\t\tdata-rsp_ch=\"on\"\n\t\t\t\t\t\t\t\tdata-xy=\"x:525px;y:283px;\"\n\t\t\t\t\t\t\t\tdata-text=\"w:normal;\"\n\t\t\t\t\t\t\t\tdata-frame_999=\"o:0;st:w;\"\n\t\t\t\t\t\t\t\tstyle=\"z-index:23;font-family:'Roboto';\"\n\t\t\t\t\t\t\t><div class=\"vc_row wpb_row vc_row-fluid\"><div class=\"wpb_column vc_column_container vc_col-sm-12\"><div class=\"vc_column-inner\"><div class=\"wpb_wrapper\"><div id=\"wd-62c856824e559\" class=\"wd-button-wrapper text-center\"><a href=\"#Seguridad-Alimentaria-para-Agricultores-del-Meta-2020\" title=\"\" class=\"btn btn-color-default btn-style-link btn-shape-rectangle btn-size-default wd-open-popup \">M\u00e1s Informaci\u00f3n<\/a><\/div><div id=\"Seguridad-Alimentaria-para-Agricultores-del-Meta-2020\" class=\"mfp-with-anim wd-popup mfp-hide\" style=\"max-width:800px;\"><div class=\"wd-popup-inner\"><h2 style=\"font-size: 50px;color: #339059;text-align: left;font-family:Montserrat;font-weight:700;font-style:normal\" class=\"vc_custom_heading\" >2020<\/h2>\t\t\n\t\t<div id=\"wd-62bf13da43960\" class=\"title-wrapper wd-wpb set-mb-s reset-last-child  wd-title-color-default wd-title-style-default wd-width-100 text-center \">\n\t\t\t\n\t\t\t<div class=\"liner-continer\">\n\t\t\t\t<h4 class=\"woodmart-title-container title  wd-font-weight-600 wd-fontsize-xl\" >Seguridad Alimentaria para Agricultores del Meta<\/h4>\n\t\t\t\t\t\t\t<\/div>\n\t\t\t\n\t\t\t\n\t\t\t\t\t<\/div>\n\t\t\n\t\t\n\t<div class=\"wpb_text_column wpb_content_element\" >\n\t\t<div class=\"wpb_wrapper\">\n\t\t\t<p>Proyecto en alianza con Fondaziones Giuseppe e Pericle Lavazza, enfocado en 300 mujeres cabezas de familia, agricultoras que sufrieron violencia o desempleo durante la cuarentena de COVID-19. Este programa beneficio aproximadamente a 500 personas. La actividad principal consisti\u00f3 en construir huertos en las fincas de caf\u00e9, para que las familias puedan reducir la cantidad de alimentos que compran en los mercados locales y aumentar su consumo diario de verduras frescas. Los huertos son de aproximadamente 80mts e incluir\u00e1n entre 10 y 18 hortalizas como espinacas, pimientos dulces, jud\u00edas verdes, cebolla, puerros, pepino, lechuga, br\u00f3coli, remolacha, zanahorias y hierbas como perejil y cilantro. La Fundaci\u00f3n Carcafe puede incluir hierbas para el t\u00e9 como menta, romero y albahaca, entre otras. Con esto, los agricultores pueden tener una dieta m\u00e1s equilibrada con menos carbohidratos y alimentos procesados. La construcci\u00f3n de las huertas se hizo bajo la responsabilidad constante de un ingeniero de campo de la Fundaci\u00f3n Carcafe. Incluyo tres temas con sesiones de formaci\u00f3n en grupo para unos 15 - 20 agricultores, seguidas de asistencia t\u00e9cnica individual de finca en finca. Los temas son: Qu\u00e9 es un huerto, planificaci\u00f3n y beneficios; c\u00f3mo plantar hortalizas, recomendaciones generales; elaboraci\u00f3n de compost y preparaci\u00f3n de pesticidas org\u00e1nicos.<\/p>\n<p><img loading=\"lazy\" decoding=\"async\" class=\"size-medium wp-image-8335 aligncenter\" src=\"https:\/\/fundacioncarcafe.aicode-test.art\/wp-content\/uploads\/2022\/07\/HUERTAS-META-300x225.jpg\" alt=\"\" width=\"300\" height=\"225\" srcset=\"https:\/\/fundacioncarcafe.co\/wp-content\/uploads\/2022\/07\/HUERTAS-META-300x225.jpg 300w, https:\/\/fundacioncarcafe.co\/wp-content\/uploads\/2022\/07\/HUERTAS-META-1024x768.jpg 1024w, https:\/\/fundacioncarcafe.co\/wp-content\/uploads\/2022\/07\/HUERTAS-META-768x576.jpg 768w, https:\/\/fundacioncarcafe.co\/wp-content\/uploads\/2022\/07\/HUERTAS-META-1536x1152.jpg 1536w, https:\/\/fundacioncarcafe.co\/wp-content\/uploads\/2022\/07\/HUERTAS-META-2048x1536.jpg 2048w, https:\/\/fundacioncarcafe.co\/wp-content\/uploads\/2022\/07\/HUERTAS-META-16x12.jpg 16w, https:\/\/fundacioncarcafe.co\/wp-content\/uploads\/2022\/07\/HUERTAS-META-1200x900.jpg 1200w, https:\/\/fundacioncarcafe.co\/wp-content\/uploads\/2022\/07\/HUERTAS-META-150x113.jpg 150w\" sizes=\"auto, (max-width: 300px) 100vw, 300px\" \/><\/p>\n<p>&nbsp;<\/p>\n<p><img loading=\"lazy\" decoding=\"async\" class=\"size-medium wp-image-8336 aligncenter\" src=\"https:\/\/fundacioncarcafe.aicode-test.art\/wp-content\/uploads\/2022\/07\/HUERTAS-META-2-300x225.gif\" alt=\"\" width=\"300\" height=\"225\" srcset=\"https:\/\/fundacioncarcafe.co\/wp-content\/uploads\/2022\/07\/HUERTAS-META-2-300x225.gif 300w, https:\/\/fundacioncarcafe.co\/wp-content\/uploads\/2022\/07\/HUERTAS-META-2-16x12.gif 16w, https:\/\/fundacioncarcafe.co\/wp-content\/uploads\/2022\/07\/HUERTAS-META-2-150x113.gif 150w\" sizes=\"auto, (max-width: 300px) 100vw, 300px\" \/><\/p>\n\n\t\t<\/div>\n\t<\/div>\n<\/div><\/div><\/div><\/div><\/div><\/div><style data-type=\"vc_shortcodes-custom-css\"><\/style> \n\t\t\t\t\t\t\t<\/rs-layer><!--\n\n\t\t\t\t\t\t\t--><rs-layer\n\t\t\t\t\t\t\t\tid=\"slider-47-slide-135-layer-19\" \n\t\t\t\t\t\t\t\tdata-type=\"text\"\n\t\t\t\t\t\t\t\tdata-color=\"#000000\"\n\t\t\t\t\t\t\t\tdata-rsp_ch=\"on\"\n\t\t\t\t\t\t\t\tdata-xy=\"x:111px;y:301px;\"\n\t\t\t\t\t\t\t\tdata-text=\"w:normal;\"\n\t\t\t\t\t\t\t\tdata-frame_999=\"o:0;st:w;\"\n\t\t\t\t\t\t\t\tstyle=\"z-index:25;font-family:'Roboto';\"\n\t\t\t\t\t\t\t><div class=\"vc_row wpb_row vc_row-fluid\"><div class=\"wpb_column vc_column_container vc_col-sm-12\"><div class=\"vc_column-inner\"><div class=\"wpb_wrapper\"><div id=\"wd-62c8571634e33\" class=\"wd-button-wrapper text-center\"><a href=\"#Proyecto-Desarrollo-Sostenible-para-Caficultores-Fase-III-2020-2021\" title=\"\" class=\"btn btn-color-default btn-style-link btn-shape-rectangle btn-size-default wd-open-popup \">M\u00e1s Informaci\u00f3n<\/a><\/div><div id=\"Proyecto-Desarrollo-Sostenible-para-Caficultores-Fase-III-2020-2021\" class=\"mfp-with-anim wd-popup mfp-hide\" style=\"max-width:800px;\"><div class=\"wd-popup-inner\"><h2 style=\"font-size: 50px;color: #339059;text-align: left;font-family:Montserrat;font-weight:700;font-style:normal\" class=\"vc_custom_heading\" >2019 - 2020<\/h2>\t\t\n\t\t<div id=\"wd-62bf1211a0854\" class=\"title-wrapper wd-wpb set-mb-s reset-last-child  wd-title-color-default wd-title-style-default wd-width-100 text-center \">\n\t\t\t\n\t\t\t<div class=\"liner-continer\">\n\t\t\t\t<h4 class=\"woodmart-title-container title  wd-font-weight-600 wd-fontsize-xl\" >Proyecto Desarrollo Sostenible para Caficultores Fase III \u2013 Sur del Meta<\/h4>\n\t\t\t\t\t\t\t<\/div>\n\t\t\t\n\t\t\t\n\t\t\t\t\t<\/div>\n\t\t\n\t\t\n\t<div class=\"wpb_text_column wpb_content_element\" >\n\t\t<div class=\"wpb_wrapper\">\n\t\t\t<p>Proyecto desarrollado en alianza con Fondazione Giuseppe e Pericle Lavazza. Durante la tercera fase nos centramos en: La innovaci\u00f3n para las asociaciones de caficultores y la sostenibilidad futura:<br \/>\n*Defensores del caf\u00e9: fortalecimiento de la cadena de valor del caf\u00e9: a trav\u00e9s de la mejora de los modelos de producci\u00f3n de las asociaciones de caficultores que producen de forma sostenible. Queremos fortalecer el trabajo asociativo a trav\u00e9s de la capacitaci\u00f3n, la construcci\u00f3n de secaderos comunales y el monitoreo de la calidad del caf\u00e9 para 4 asociaciones \/ 200 caficultores \/ 1,000 personas. *Agroforester\u00eda y diversificaci\u00f3n: Con asesor\u00eda de cient\u00edficos de la Universidad Nacional de Colombia, estamos implementando sistemas agroforestales en fincas cafeteras. Sistema de silvo pasto, silvo agricultura systemas y sistemas de regeneraci\u00f3n natural para 100 fincas \/ 500 personas. * Finanzas de la finca cafetera: Contabilidad, presupuesto y flujo de caja: Desarrollamos un m\u00e9todo de contabilidad amigable para agricultores analfabetos. La evaluaci\u00f3n comparativa de la productividad, la eficiencia y otros indicadores clave de rendimiento de los agricultores permite encontrar las pr\u00e1cticas cr\u00edticas que pueden mantenerlos atrasados y permite su rectificaci\u00f3n. El an\u00e1lisis individual del presupuesto frente a la ejecuci\u00f3n ayud\u00f3 a los agricultores a comprender su flujo de caja mensual por actividad. Con el informe consolidado de los \u00faltimos a\u00f1os, los agricultores aprendieron que el caf\u00e9 representa el 50% de sus ingresos y que el rendimiento de la productividad por hect\u00e1rea requiere una fuerte mejora.<\/p>\n<p><img loading=\"lazy\" decoding=\"async\" class=\"size-medium wp-image-8334 aligncenter\" src=\"https:\/\/fundacioncarcafe.aicode-test.art\/wp-content\/uploads\/2022\/07\/SUSTAINABLE-DEVELOPMENT-FOR-META-GROWERS-PHASE-3-300x200.jpg\" alt=\"\" width=\"300\" height=\"200\" srcset=\"https:\/\/fundacioncarcafe.co\/wp-content\/uploads\/2022\/07\/SUSTAINABLE-DEVELOPMENT-FOR-META-GROWERS-PHASE-3-300x200.jpg 300w, https:\/\/fundacioncarcafe.co\/wp-content\/uploads\/2022\/07\/SUSTAINABLE-DEVELOPMENT-FOR-META-GROWERS-PHASE-3-1024x683.jpg 1024w, https:\/\/fundacioncarcafe.co\/wp-content\/uploads\/2022\/07\/SUSTAINABLE-DEVELOPMENT-FOR-META-GROWERS-PHASE-3-768x512.jpg 768w, https:\/\/fundacioncarcafe.co\/wp-content\/uploads\/2022\/07\/SUSTAINABLE-DEVELOPMENT-FOR-META-GROWERS-PHASE-3-1536x1025.jpg 1536w, https:\/\/fundacioncarcafe.co\/wp-content\/uploads\/2022\/07\/SUSTAINABLE-DEVELOPMENT-FOR-META-GROWERS-PHASE-3-16x12.jpg 16w, https:\/\/fundacioncarcafe.co\/wp-content\/uploads\/2022\/07\/SUSTAINABLE-DEVELOPMENT-FOR-META-GROWERS-PHASE-3-1200x800.jpg 1200w, https:\/\/fundacioncarcafe.co\/wp-content\/uploads\/2022\/07\/SUSTAINABLE-DEVELOPMENT-FOR-META-GROWERS-PHASE-3-150x100.jpg 150w\" sizes=\"auto, (max-width: 300px) 100vw, 300px\" \/><\/p>\n\n\t\t<\/div>\n\t<\/div>\n<\/div><\/div><\/div><\/div><\/div><\/div><style data-type=\"vc_shortcodes-custom-css\"><\/style> \n\t\t\t\t\t\t\t<\/rs-layer><!--\n\n\t\t\t\t\t\t\t--><rs-layer\n\t\t\t\t\t\t\t\tid=\"slider-47-slide-135-layer-43\" \n\t\t\t\t\t\t\t\tdata-type=\"text\"\n\t\t\t\t\t\t\t\tdata-color=\"#339059\"\n\t\t\t\t\t\t\t\tdata-rsp_ch=\"on\"\n\t\t\t\t\t\t\t\tdata-xy=\"x:437px;y:27px;\"\n\t\t\t\t\t\t\t\tdata-text=\"w:normal;s:50;l:44;fw:700;a:center;\"\n\t\t\t\t\t\t\t\tdata-dim=\"w:326px;h:47px;\"\n\t\t\t\t\t\t\t\tdata-frame_999=\"o:0;st:w;\"\n\t\t\t\t\t\t\t\tstyle=\"z-index:29;font-family:'Montserrat';\"\n\t\t\t\t\t\t\t>2020 - 2020 \n\t\t\t\t\t\t\t<\/rs-layer><!--\n\n\t\t\t\t\t\t\t--><rs-layer\n\t\t\t\t\t\t\t\tid=\"slider-47-slide-135-layer-45\" \n\t\t\t\t\t\t\t\tdata-type=\"text\"\n\t\t\t\t\t\t\t\tdata-color=\"#339059\"\n\t\t\t\t\t\t\t\tdata-rsp_ch=\"on\"\n\t\t\t\t\t\t\t\tdata-xy=\"x:853px;y:30px;\"\n\t\t\t\t\t\t\t\tdata-text=\"w:normal;s:50;l:44;fw:700;a:center;\"\n\t\t\t\t\t\t\t\tdata-dim=\"w:326px;h:47px;\"\n\t\t\t\t\t\t\t\tdata-frame_999=\"o:0;st:w;\"\n\t\t\t\t\t\t\t\tstyle=\"z-index:29;font-family:'Montserrat';\"\n\t\t\t\t\t\t\t>2020 - 2020 \n\t\t\t\t\t\t\t<\/rs-layer><!--\n\n\t\t\t\t\t\t\t--><rs-layer\n\t\t\t\t\t\t\t\tid=\"slider-47-slide-135-layer-69\" \n\t\t\t\t\t\t\t\tdata-type=\"text\"\n\t\t\t\t\t\t\t\tdata-color=\"#339059\"\n\t\t\t\t\t\t\t\tdata-rsp_ch=\"on\"\n\t\t\t\t\t\t\t\tdata-xy=\"x:50px;y:31px;\"\n\t\t\t\t\t\t\t\tdata-text=\"w:normal;s:50;l:44;fw:700;a:center;\"\n\t\t\t\t\t\t\t\tdata-dim=\"w:326px;h:47px;\"\n\t\t\t\t\t\t\t\tdata-frame_999=\"o:0;st:w;\"\n\t\t\t\t\t\t\t\tstyle=\"z-index:29;font-family:'Montserrat';\"\n\t\t\t\t\t\t\t>2020 - 2021 \n\t\t\t\t\t\t\t<\/rs-layer><!--\n-->\t\t\t\t\t\t<\/rs-slide>\n\t\t\t\t\t\t<rs-slide style=\"position: absolute;\" data-key=\"rs-156\" data-title=\"Slide\" data-anim=\"adpr:false;\" data-in=\"o:0;\" data-out=\"a:false;\">\n\t\t\t\t\t\t\t<img decoding=\"async\" src=\"\/\/fundacioncarcafe.co\/wp-content\/plugins\/revslider\/public\/assets\/assets\/dummy.png\" alt=\"Slide\" title=\"Nuestra trayectoria\" class=\"rev-slidebg tp-rs-img rs-lazyload\" data-lazyload=\"\/\/fundacioncarcafe.co\/wp-content\/plugins\/revslider\/public\/assets\/assets\/transparent.png\" data-no-retina>\n<!--\n\t\t\t\t\t\t\t--><rs-layer\n\t\t\t\t\t\t\t\tid=\"slider-47-slide-156-layer-0\" \n\t\t\t\t\t\t\t\tdata-type=\"shape\"\n\t\t\t\t\t\t\t\tdata-rsp_ch=\"on\"\n\t\t\t\t\t\t\t\tdata-xy=\"x:-2px;y:-4px;\"\n\t\t\t\t\t\t\t\tdata-text=\"w:normal;\"\n\t\t\t\t\t\t\t\tdata-dim=\"w:1241px;h:351px;\"\n\t\t\t\t\t\t\t\tdata-frame_999=\"o:0;st:w;\"\n\t\t\t\t\t\t\t\tstyle=\"z-index:8;background-color:#EDEDED;\"\n\t\t\t\t\t\t\t> \n\t\t\t\t\t\t\t<\/rs-layer><!--\n\n\t\t\t\t\t\t\t--><rs-layer\n\t\t\t\t\t\t\t\tid=\"slider-47-slide-156-layer-6\" \n\t\t\t\t\t\t\t\tdata-type=\"text\"\n\t\t\t\t\t\t\t\tdata-color=\"#000000\"\n\t\t\t\t\t\t\t\tdata-rsp_ch=\"on\"\n\t\t\t\t\t\t\t\tdata-xy=\"x:16px;y:93px;\"\n\t\t\t\t\t\t\t\tdata-text=\"w:normal;s:18;fw:700;a:center;\"\n\t\t\t\t\t\t\t\tdata-dim=\"w:377px;\"\n\t\t\t\t\t\t\t\tdata-frame_999=\"o:0;st:w;\"\n\t\t\t\t\t\t\t\tstyle=\"z-index:13;font-family:'Montserrat';\"\n\t\t\t\t\t\t\t> I.E. Agropecuaria El Remolino, Nari\u00f1o \n\t\t\t\t\t\t\t<\/rs-layer><!--\n\n\t\t\t\t\t\t\t--><rs-layer\n\t\t\t\t\t\t\t\tid=\"slider-47-slide-156-layer-7\" \n\t\t\t\t\t\t\t\tdata-type=\"text\"\n\t\t\t\t\t\t\t\tdata-color=\"#6c6c6c\"\n\t\t\t\t\t\t\t\tdata-rsp_ch=\"on\"\n\t\t\t\t\t\t\t\tdata-xy=\"x:25px;y:133px;\"\n\t\t\t\t\t\t\t\tdata-text=\"w:normal;s:13;l:20;\"\n\t\t\t\t\t\t\t\tdata-dim=\"w:359px;\"\n\t\t\t\t\t\t\t\tdata-frame_999=\"o:0;st:w;\"\n\t\t\t\t\t\t\t\tstyle=\"z-index:16;font-family:'Roboto';\"\n\t\t\t\t\t\t\t>Proyecto Educativo.  Construcci\u00f3n de nuevo bloque educativo para Instituci\u00f3n Educativa ecotur\u00edstica Puerto Remolino en Taminango, Nari\u00f1o. Incluye 8 nuevas aulas de clase.  Colegio de 460 estudiantes.  Alianza entre Costa Foundation, comunidad educativa y Fundaci\u00f3n Carcafe. \n\t\t\t\t\t\t\t<\/rs-layer><!--\n\n\t\t\t\t\t\t\t--><rs-layer\n\t\t\t\t\t\t\t\tid=\"slider-47-slide-156-layer-19\" \n\t\t\t\t\t\t\t\tdata-type=\"text\"\n\t\t\t\t\t\t\t\tdata-color=\"#000000\"\n\t\t\t\t\t\t\t\tdata-rsp_ch=\"on\"\n\t\t\t\t\t\t\t\tdata-xy=\"x:105px;y:259px;\"\n\t\t\t\t\t\t\t\tdata-text=\"w:normal;\"\n\t\t\t\t\t\t\t\tdata-frame_999=\"o:0;st:w;\"\n\t\t\t\t\t\t\t\tstyle=\"z-index:25;font-family:'Roboto';\"\n\t\t\t\t\t\t\t><div class=\"vc_row wpb_row vc_row-fluid\"><div class=\"wpb_column vc_column_container vc_col-sm-12\"><div class=\"vc_column-inner\"><div class=\"wpb_wrapper\"><div id=\"wd-62c8537cc9d30\" class=\"wd-button-wrapper text-center\"><a href=\"#El-Remolino-nari\u00f1o-2020-2021\" title=\"\" class=\"btn btn-color-default btn-style-link btn-shape-rectangle btn-size-default wd-open-popup \">M\u00e1s Informaci\u00f3n<\/a><\/div><div id=\"El-Remolino-nari\u00f1o-2020-2021\" class=\"mfp-with-anim wd-popup mfp-hide\" style=\"max-width:800px;\"><div class=\"wd-popup-inner\"><h2 style=\"font-size: 50px;color: #339059;text-align: left;font-family:Montserrat;font-weight:700;font-style:normal\" class=\"vc_custom_heading\" >2020 - 2021<\/h2>\t\t\n\t\t<div id=\"wd-62bf16d68567d\" class=\"title-wrapper wd-wpb set-mb-s reset-last-child  wd-title-color-default wd-title-style-default wd-width-100 text-center \">\n\t\t\t\n\t\t\t<div class=\"liner-continer\">\n\t\t\t\t<h4 class=\"woodmart-title-container title  wd-font-weight-600 wd-fontsize-xl\" >I.E. Agropecuaria El Remolino - Nari\u00f1o<\/h4>\n\t\t\t\t\t\t\t<\/div>\n\t\t\t\n\t\t\t\n\t\t\t\t\t<\/div>\n\t\t\n\t\t\n\t<div class=\"wpb_text_column wpb_content_element\" >\n\t\t<div class=\"wpb_wrapper\">\n\t\t\t<p>Proyecto en alianza con Costa Foundation para construcci\u00f3n de nuevo bloque educativo de la Instituci\u00f3n Educativa Ecotur\u00edstica Puerto Remolino localizado en la vereda de El Remolino, en el municipio cafetero de Taminango, Nari\u00f1o. El colegio cuenta con 460 estudiantes y se construyeron 8 nuevas aulas con dise\u00f1o de arquitectura bioclim\u00e1tica para aproximadamente 300 estudiantes de bachillerato, zonas de jardines y de descanso. La gesti\u00f3n del proyecto inicio en 2019 y se lograron alianzas con la alcald\u00eda de Taminango y la comunidad del colegio. La obra se construyo en 8 meses y se inaugur\u00f3 en mayo 2021. El numero de personas beneficiadas por este proyecto es de aproximadamente 2,500.<\/p>\n<p><img loading=\"lazy\" decoding=\"async\" class=\"size-medium wp-image-8338 aligncenter\" src=\"https:\/\/fundacioncarcafe.aicode-test.art\/wp-content\/uploads\/2022\/07\/IE-El-Remolino-en-Taminango-Nari\u00a6o-300x225.jpg\" alt=\"\" width=\"300\" height=\"225\" srcset=\"https:\/\/fundacioncarcafe.co\/wp-content\/uploads\/2022\/07\/IE-El-Remolino-en-Taminango-Nari\u00a6o-300x225.jpg 300w, https:\/\/fundacioncarcafe.co\/wp-content\/uploads\/2022\/07\/IE-El-Remolino-en-Taminango-Nari\u00a6o-768x576.jpg 768w, https:\/\/fundacioncarcafe.co\/wp-content\/uploads\/2022\/07\/IE-El-Remolino-en-Taminango-Nari\u00a6o-16x12.jpg 16w, https:\/\/fundacioncarcafe.co\/wp-content\/uploads\/2022\/07\/IE-El-Remolino-en-Taminango-Nari\u00a6o-150x113.jpg 150w, https:\/\/fundacioncarcafe.co\/wp-content\/uploads\/2022\/07\/IE-El-Remolino-en-Taminango-Nari\u00a6o.jpg 960w\" sizes=\"auto, (max-width: 300px) 100vw, 300px\" \/><\/p>\n\n\t\t<\/div>\n\t<\/div>\n<\/div><\/div><\/div><\/div><\/div><\/div><style data-type=\"vc_shortcodes-custom-css\"><\/style> \n\t\t\t\t\t\t\t<\/rs-layer><!--\n\n\t\t\t\t\t\t\t--><rs-layer\n\t\t\t\t\t\t\t\tid=\"slider-47-slide-156-layer-51\" \n\t\t\t\t\t\t\t\tdata-type=\"shape\"\n\t\t\t\t\t\t\t\tdata-rsp_ch=\"on\"\n\t\t\t\t\t\t\t\tdata-xy=\"x:400px;y:41px;\"\n\t\t\t\t\t\t\t\tdata-text=\"w:normal;\"\n\t\t\t\t\t\t\t\tdata-dim=\"w:1px;h:200px;\"\n\t\t\t\t\t\t\t\tdata-vbility=\"t,t,t,f\"\n\t\t\t\t\t\t\t\tdata-frame_999=\"o:0;st:w;\"\n\t\t\t\t\t\t\t\tstyle=\"z-index:19;background-color:#707070;\"\n\t\t\t\t\t\t\t> \n\t\t\t\t\t\t\t<\/rs-layer><!--\n\n\t\t\t\t\t\t\t--><rs-layer\n\t\t\t\t\t\t\t\tid=\"slider-47-slide-156-layer-52\" \n\t\t\t\t\t\t\t\tdata-type=\"text\"\n\t\t\t\t\t\t\t\tdata-color=\"#339059\"\n\t\t\t\t\t\t\t\tdata-rsp_ch=\"on\"\n\t\t\t\t\t\t\t\tdata-xy=\"x:437px;y:27px;\"\n\t\t\t\t\t\t\t\tdata-text=\"w:normal;s:50;l:44;fw:700;a:center;\"\n\t\t\t\t\t\t\t\tdata-dim=\"w:326px;h:47px;\"\n\t\t\t\t\t\t\t\tdata-frame_999=\"o:0;st:w;\"\n\t\t\t\t\t\t\t\tstyle=\"z-index:29;font-family:'Montserrat';\"\n\t\t\t\t\t\t\t>2020 - 2021 \n\t\t\t\t\t\t\t<\/rs-layer><!--\n\n\t\t\t\t\t\t\t--><rs-layer\n\t\t\t\t\t\t\t\tid=\"slider-47-slide-156-layer-59\" \n\t\t\t\t\t\t\t\tdata-type=\"text\"\n\t\t\t\t\t\t\t\tdata-color=\"#000000\"\n\t\t\t\t\t\t\t\tdata-rsp_ch=\"on\"\n\t\t\t\t\t\t\t\tdata-xy=\"x:417px;y:93px;\"\n\t\t\t\t\t\t\t\tdata-text=\"w:normal;s:22;fw:700;a:center;\"\n\t\t\t\t\t\t\t\tdata-dim=\"w:376px;\"\n\t\t\t\t\t\t\t\tdata-frame_999=\"o:0;st:w;\"\n\t\t\t\t\t\t\t\tstyle=\"z-index:12;font-family:'Montserrat';\"\n\t\t\t\t\t\t\t>Construcci\u00f3n de nueva Vivienda para familia caficultora, Mesetas, Meta \n\t\t\t\t\t\t\t<\/rs-layer><!--\n\n\t\t\t\t\t\t\t--><rs-layer\n\t\t\t\t\t\t\t\tid=\"slider-47-slide-156-layer-60\" \n\t\t\t\t\t\t\t\tdata-type=\"text\"\n\t\t\t\t\t\t\t\tdata-color=\"#6c6c6c\"\n\t\t\t\t\t\t\t\tdata-rsp_ch=\"on\"\n\t\t\t\t\t\t\t\tdata-xy=\"x:417px;y:180px;\"\n\t\t\t\t\t\t\t\tdata-text=\"w:normal;s:15;l:20;\"\n\t\t\t\t\t\t\t\tdata-dim=\"w:391px;\"\n\t\t\t\t\t\t\t\tdata-frame_999=\"o:0;st:w;\"\n\t\t\t\t\t\t\t\tstyle=\"z-index:15;font-family:'Roboto';\"\n\t\t\t\t\t\t\t>Construcci\u00f3n de nueva vivienda para familia caficultora de 7 personas en zona remota del municipio de Mesetas, Meta. \n\t\t\t\t\t\t\t<\/rs-layer><!--\n\n\t\t\t\t\t\t\t--><rs-layer\n\t\t\t\t\t\t\t\tid=\"slider-47-slide-156-layer-69\" \n\t\t\t\t\t\t\t\tdata-type=\"text\"\n\t\t\t\t\t\t\t\tdata-color=\"#339059\"\n\t\t\t\t\t\t\t\tdata-rsp_ch=\"on\"\n\t\t\t\t\t\t\t\tdata-xy=\"x:50px;y:31px;\"\n\t\t\t\t\t\t\t\tdata-text=\"w:normal;s:50;l:44;fw:700;a:center;\"\n\t\t\t\t\t\t\t\tdata-dim=\"w:326px;h:47px;\"\n\t\t\t\t\t\t\t\tdata-frame_999=\"o:0;st:w;\"\n\t\t\t\t\t\t\t\tstyle=\"z-index:29;font-family:'Montserrat';\"\n\t\t\t\t\t\t\t>2020 - 2021 \n\t\t\t\t\t\t\t<\/rs-layer><!--\n\n\t\t\t\t\t\t\t--><rs-layer\n\t\t\t\t\t\t\t\tid=\"slider-47-slide-156-layer-71\" \n\t\t\t\t\t\t\t\tdata-type=\"shape\"\n\t\t\t\t\t\t\t\tdata-rsp_ch=\"on\"\n\t\t\t\t\t\t\t\tdata-xy=\"x:824px;y:40px;\"\n\t\t\t\t\t\t\t\tdata-text=\"w:normal;\"\n\t\t\t\t\t\t\t\tdata-dim=\"w:1px;h:200px;\"\n\t\t\t\t\t\t\t\tdata-vbility=\"t,t,t,f\"\n\t\t\t\t\t\t\t\tdata-frame_999=\"o:0;st:w;\"\n\t\t\t\t\t\t\t\tstyle=\"z-index:18;background-color:#707070;\"\n\t\t\t\t\t\t\t> \n\t\t\t\t\t\t\t<\/rs-layer><!--\n\n\t\t\t\t\t\t\t--><rs-layer\n\t\t\t\t\t\t\t\tid=\"slider-47-slide-156-layer-72\" \n\t\t\t\t\t\t\t\tdata-type=\"text\"\n\t\t\t\t\t\t\t\tdata-color=\"#339059\"\n\t\t\t\t\t\t\t\tdata-rsp_ch=\"on\"\n\t\t\t\t\t\t\t\tdata-xy=\"x:853px;y:7px;\"\n\t\t\t\t\t\t\t\tdata-text=\"w:normal;s:50;l:44;fw:700;a:center;\"\n\t\t\t\t\t\t\t\tdata-dim=\"w:326px;h:47px;\"\n\t\t\t\t\t\t\t\tdata-frame_999=\"o:0;st:w;\"\n\t\t\t\t\t\t\t\tstyle=\"z-index:29;font-family:'Montserrat';\"\n\t\t\t\t\t\t\t>2020 - 2021 \n\t\t\t\t\t\t\t<\/rs-layer><!--\n\n\t\t\t\t\t\t\t--><rs-layer\n\t\t\t\t\t\t\t\tid=\"slider-47-slide-156-layer-73\" \n\t\t\t\t\t\t\t\tdata-type=\"text\"\n\t\t\t\t\t\t\t\tdata-color=\"#000000\"\n\t\t\t\t\t\t\t\tdata-rsp_ch=\"on\"\n\t\t\t\t\t\t\t\tdata-xy=\"x:827px;y:54px;\"\n\t\t\t\t\t\t\t\tdata-text=\"w:normal;s:20;fw:700;a:center;\"\n\t\t\t\t\t\t\t\tdata-dim=\"w:413px;\"\n\t\t\t\t\t\t\t\tdata-frame_999=\"o:0;st:w;\"\n\t\t\t\t\t\t\t\tstyle=\"z-index:14;font-family:'Montserrat';\"\n\t\t\t\t\t\t\t>Proyecto \u201cSeguridad Alimentaria para 200 familias caficultoras Fase 2 \u201d en Abejorral, Antioquia \n\t\t\t\t\t\t\t<\/rs-layer><!--\n\n\t\t\t\t\t\t\t--><rs-layer\n\t\t\t\t\t\t\t\tid=\"slider-47-slide-156-layer-74\" \n\t\t\t\t\t\t\t\tdata-type=\"text\"\n\t\t\t\t\t\t\t\tdata-color=\"#6c6c6c\"\n\t\t\t\t\t\t\t\tdata-rsp_ch=\"on\"\n\t\t\t\t\t\t\t\tdata-xy=\"x:830px;y:133px;\"\n\t\t\t\t\t\t\t\tdata-text=\"w:normal;s:15;l:20;\"\n\t\t\t\t\t\t\t\tdata-dim=\"w:412px;\"\n\t\t\t\t\t\t\t\tdata-frame_999=\"o:0;st:w;\"\n\t\t\t\t\t\t\t\tstyle=\"z-index:17;font-family:'Roboto';\"\n\t\t\t\t\t\t\t>Proyecto de Seguridad Alimentaria para 200 familias adicionales del municipio de Abejorral, Antioquia para completar 400 familias beneficiadas. El enfoque es en familias j\u00f3venes caficultoras con \u00e9nfasis en seguridad alimentaria, implementaci\u00f3n de est\u00e1ndares de sostenibilidad, sistemas agroforestales y capacitaciones en alimentaci\u00f3n saludable para la familia cafetera. Siembra de 15,000 \u00e1rboles frutales y nativos para promover la biodiversidad y la seguridad alimentaria. \n\t\t\t\t\t\t\t<\/rs-layer><!--\n\n\t\t\t\t\t\t\t--><rs-layer\n\t\t\t\t\t\t\t\tid=\"slider-47-slide-156-layer-75\" \n\t\t\t\t\t\t\t\tdata-type=\"text\"\n\t\t\t\t\t\t\t\tdata-color=\"#000000\"\n\t\t\t\t\t\t\t\tdata-rsp_ch=\"on\"\n\t\t\t\t\t\t\t\tdata-xy=\"x:939px;y:316px;\"\n\t\t\t\t\t\t\t\tdata-text=\"w:normal;\"\n\t\t\t\t\t\t\t\tdata-frame_999=\"o:0;st:w;\"\n\t\t\t\t\t\t\t\tstyle=\"z-index:20;font-family:'Roboto';\"\n\t\t\t\t\t\t\t><div class=\"vc_row wpb_row vc_row-fluid\"><div class=\"wpb_column vc_column_container vc_col-sm-12\"><div class=\"vc_column-inner\"><div class=\"wpb_wrapper\"><div id=\"wd-6362bfc514777\" class=\"wd-button-wrapper text-center\"><a href=\"#Seguridad-Alimentaria-Fase-2\" title=\"\" class=\"btn btn-color-default btn-style-link btn-shape-rectangle btn-size-default wd-open-popup \">M\u00e1s Informaci\u00f3n<\/a><\/div><div id=\"Seguridad-Alimentaria-Fase-2\" class=\"mfp-with-anim wd-popup mfp-hide\" style=\"max-width:800px;\"><div class=\"wd-popup-inner\"><h2 style=\"font-size: 50px;color: #339059;text-align: left;font-family:Montserrat;font-weight:700;font-style:normal\" class=\"vc_custom_heading\" >2020 - 2021<\/h2>\t\t\n\t\t<div id=\"wd-6362ac9f33267\" class=\"title-wrapper wd-wpb set-mb-s reset-last-child  wd-title-color-default wd-title-style-default wd-width-100 text-center \">\n\t\t\t\n\t\t\t<div class=\"liner-continer\">\n\t\t\t\t<h4 class=\"woodmart-title-container title  wd-font-weight-600 wd-fontsize-xl\" >Proyecto \u201cSeguridad Alimentaria para 200 familias caficultoras Fase 2 \u201d en Abejorral, Antioquia<\/h4>\n\t\t\t\t\t\t\t<\/div>\n\t\t\t\n\t\t\t\n\t\t\t\t\t<\/div>\n\t\t\n\t\t\n\t<div class=\"wpb_text_column wpb_content_element\" >\n\t\t<div class=\"wpb_wrapper\">\n\t\t\t<p>Proyecto en alianza con Dutch Bros Foundation. Hemos implementado 3 componentes principales para 200 familias adicionales de Abejorral, para completar 400 familias caficultoras beneficiadas\/ 2,000 personas aproximadamente. Los componentes son los mismos de la Fase 1: Productividad Sostenible del Caf\u00e9, Seguridad Alimentaria para fincas cafeteras a trav\u00e9s de sistemas agroforestales y huertas caseras y, la promoci\u00f3n de h\u00e1bitos alimenticios saludables para las familias caficultoras.<\/p>\n<p><img decoding=\"async\" src=\"https:\/\/fundacioncarcafe.aicode-test.art\/wp-content\/uploads\/2022\/11\/proyecto-2.png\" \/><\/p>\n\n\t\t<\/div>\n\t<\/div>\n<\/div><\/div><\/div><\/div><\/div><\/div><style data-type=\"vc_shortcodes-custom-css\"><\/style> \n\t\t\t\t\t\t\t<\/rs-layer><!--\n\n\t\t\t\t\t\t\t--><rs-layer\n\t\t\t\t\t\t\t\tid=\"slider-47-slide-156-layer-76\" \n\t\t\t\t\t\t\t\tdata-type=\"text\"\n\t\t\t\t\t\t\t\tdata-color=\"#000000\"\n\t\t\t\t\t\t\t\tdata-rsp_ch=\"on\"\n\t\t\t\t\t\t\t\tdata-xy=\"x:525px;y:258px;\"\n\t\t\t\t\t\t\t\tdata-text=\"w:normal;\"\n\t\t\t\t\t\t\t\tdata-frame_999=\"o:0;st:w;\"\n\t\t\t\t\t\t\t\tstyle=\"z-index:30;font-family:'Roboto';\"\n\t\t\t\t\t\t\t><div class=\"vc_row wpb_row vc_row-fluid\"><div class=\"wpb_column vc_column_container vc_col-sm-12\"><div class=\"vc_column-inner\"><div class=\"wpb_wrapper\"><div id=\"wd-6362bee53f421\" class=\"wd-button-wrapper text-center\"><a href=\"#Construccion-nueva-Vivienda-Mesetas-Meta\" title=\"\" class=\"btn btn-color-default btn-style-link btn-shape-rectangle btn-size-default wd-open-popup \">M\u00e1s Informaci\u00f3n<\/a><\/div><div id=\"Construccion-nueva-Vivienda-Mesetas-Meta\" class=\"mfp-with-anim wd-popup mfp-hide\" style=\"max-width:800px;\"><div class=\"wd-popup-inner\"><h2 style=\"font-size: 50px;color: #339059;text-align: left;font-family:Montserrat;font-weight:700;font-style:normal\" class=\"vc_custom_heading\" >2020 - 2021<\/h2>\t\t\n\t\t<div id=\"wd-6362abc245ffd\" class=\"title-wrapper wd-wpb set-mb-s reset-last-child  wd-title-color-default wd-title-style-default wd-width-100 text-center \">\n\t\t\t\n\t\t\t<div class=\"liner-continer\">\n\t\t\t\t<h4 class=\"woodmart-title-container title  wd-font-weight-600 wd-fontsize-xl\" >Construcci\u00f3n de nueva Vivienda para familia caficultora, Mesetas, Meta<\/h4>\n\t\t\t\t\t\t\t<\/div>\n\t\t\t\n\t\t\t\n\t\t\t\t\t<\/div>\n\t\t\n\t\t\n\t<div class=\"wpb_text_column wpb_content_element\" >\n\t\t<div class=\"wpb_wrapper\">\n\t\t\t<p>Construcci\u00f3n de nueva vivienda para familia caficultora con 6 hijos y madre cabeza de familia en el municipio de Mesetas, Meta. Construida en zona muy remota del municipio, con poca accesibilidad por v\u00edas terciarias transitables solamente durante 3 meses de verano al a\u00f1o, la vivienda de 70 metros cuadrados tiene 3 habitaciones, 1 ba\u00f1o, cocina, comedor y sala. Adem\u00e1s cuenta con sistema de tratamientos de aguas residuales y energ\u00eda solar.<\/p>\n<p><img decoding=\"async\" src=\"https:\/\/fundacioncarcafe.aicode-test.art\/wp-content\/uploads\/2022\/11\/proyecto-1-1024x485.png\" \/><\/p>\n\n\t\t<\/div>\n\t<\/div>\n<\/div><\/div><\/div><\/div><\/div><\/div><style data-type=\"vc_shortcodes-custom-css\"><\/style> \n\t\t\t\t\t\t\t<\/rs-layer><!--\n-->\t\t\t\t\t\t<\/rs-slide>\n\t\t\t\t\t\t<rs-slide style=\"position: absolute;\" data-key=\"rs-158\" data-title=\"Slide\" data-anim=\"adpr:false;\" data-in=\"o:0;\" data-out=\"a:false;\">\n\t\t\t\t\t\t\t<img decoding=\"async\" src=\"\/\/fundacioncarcafe.co\/wp-content\/plugins\/revslider\/public\/assets\/assets\/dummy.png\" alt=\"Slide\" title=\"Nuestra trayectoria\" class=\"rev-slidebg tp-rs-img rs-lazyload\" data-lazyload=\"\/\/fundacioncarcafe.co\/wp-content\/plugins\/revslider\/public\/assets\/assets\/transparent.png\" data-no-retina>\n<!--\n\t\t\t\t\t\t\t--><rs-layer\n\t\t\t\t\t\t\t\tid=\"slider-47-slide-158-layer-0\" \n\t\t\t\t\t\t\t\tdata-type=\"shape\"\n\t\t\t\t\t\t\t\tdata-rsp_ch=\"on\"\n\t\t\t\t\t\t\t\tdata-xy=\"x:-2px;y:-4px;\"\n\t\t\t\t\t\t\t\tdata-text=\"w:normal;\"\n\t\t\t\t\t\t\t\tdata-dim=\"w:1241px;h:351px;\"\n\t\t\t\t\t\t\t\tdata-frame_999=\"o:0;st:w;\"\n\t\t\t\t\t\t\t\tstyle=\"z-index:8;background-color:#EDEDED;\"\n\t\t\t\t\t\t\t> \n\t\t\t\t\t\t\t<\/rs-layer><!--\n\n\t\t\t\t\t\t\t--><rs-layer\n\t\t\t\t\t\t\t\tid=\"slider-47-slide-158-layer-6\" \n\t\t\t\t\t\t\t\tdata-type=\"text\"\n\t\t\t\t\t\t\t\tdata-color=\"#000000\"\n\t\t\t\t\t\t\t\tdata-rsp_ch=\"on\"\n\t\t\t\t\t\t\t\tdata-xy=\"x:16px;y:93px;\"\n\t\t\t\t\t\t\t\tdata-text=\"w:normal;s:18;fw:700;a:center;\"\n\t\t\t\t\t\t\t\tdata-dim=\"w:377px;\"\n\t\t\t\t\t\t\t\tdata-frame_999=\"o:0;st:w;\"\n\t\t\t\t\t\t\t\tstyle=\"z-index:13;font-family:'Montserrat';\"\n\t\t\t\t\t\t\t>Proyecto \u201cAgroforester\u00eda y captura de carbono para 400 familias caficultoras\u201d en Abejorral, Antioquia \n\t\t\t\t\t\t\t<\/rs-layer><!--\n\n\t\t\t\t\t\t\t--><rs-layer\n\t\t\t\t\t\t\t\tid=\"slider-47-slide-158-layer-7\" \n\t\t\t\t\t\t\t\tdata-type=\"text\"\n\t\t\t\t\t\t\t\tdata-color=\"#6c6c6c\"\n\t\t\t\t\t\t\t\tdata-rsp_ch=\"on\"\n\t\t\t\t\t\t\t\tdata-xy=\"x:25px;y:171px;\"\n\t\t\t\t\t\t\t\tdata-text=\"w:normal;s:13;l:20;\"\n\t\t\t\t\t\t\t\tdata-dim=\"w:359px;\"\n\t\t\t\t\t\t\t\tdata-frame_999=\"o:0;st:w;\"\n\t\t\t\t\t\t\t\tstyle=\"z-index:16;font-family:'Roboto';\"\n\t\t\t\t\t\t\t>En este proyecto hemos incluido 400 familias caficultoras con las que venimos trabajando en Abejorral, Antioquia. Esta intervenci\u00f3n tiene como objetivo Principal: El cultivo de caf\u00e9 bajo una visi\u00f3n de reducci\u00f3n de la huella de carbono de 400 familias caficultoras. \n\t\t\t\t\t\t\t<\/rs-layer><!--\n\n\t\t\t\t\t\t\t--><rs-layer\n\t\t\t\t\t\t\t\tid=\"slider-47-slide-158-layer-19\" \n\t\t\t\t\t\t\t\tdata-type=\"text\"\n\t\t\t\t\t\t\t\tdata-color=\"#000000\"\n\t\t\t\t\t\t\t\tdata-rsp_ch=\"on\"\n\t\t\t\t\t\t\t\tdata-xy=\"x:105px;y:285px;\"\n\t\t\t\t\t\t\t\tdata-text=\"w:normal;\"\n\t\t\t\t\t\t\t\tdata-frame_999=\"o:0;st:w;\"\n\t\t\t\t\t\t\t\tstyle=\"z-index:25;font-family:'Roboto';\"\n\t\t\t\t\t\t\t><div class=\"vc_row wpb_row vc_row-fluid\"><div class=\"wpb_column vc_column_container vc_col-sm-12\"><div class=\"vc_column-inner\"><div class=\"wpb_wrapper\"><div id=\"wd-6362c0bde3bbf\" class=\"wd-button-wrapper text-center\"><a href=\"#captura-de-carbono-abejorral-antioquia\" title=\"\" class=\"btn btn-color-default btn-style-link btn-shape-rectangle btn-size-default wd-open-popup \">M\u00e1s Informaci\u00f3n<\/a><\/div><div id=\"captura-de-carbono-abejorral-antioquia\" class=\"mfp-with-anim wd-popup mfp-hide\" style=\"max-width:800px;\"><div class=\"wd-popup-inner\"><h2 style=\"font-size: 50px;color: #339059;text-align: left;font-family:Montserrat;font-weight:700;font-style:normal\" class=\"vc_custom_heading\" >2020 - 2023<\/h2>\t\t\n\t\t<div id=\"wd-6362ad4c10133\" class=\"title-wrapper wd-wpb set-mb-s reset-last-child  wd-title-color-default wd-title-style-default wd-width-100 text-center \">\n\t\t\t\n\t\t\t<div class=\"liner-continer\">\n\t\t\t\t<h4 class=\"woodmart-title-container title  wd-font-weight-600 wd-fontsize-xl\" >Proyecto \u201cAgroforester\u00eda y captura de carbono para 400 familias caficultoras\u201d en Abejorral, Antioquia<\/h4>\n\t\t\t\t\t\t\t<\/div>\n\t\t\t\n\t\t\t\n\t\t\t\t\t<\/div>\n\t\t\n\t\t\n\t<div class=\"wpb_text_column wpb_content_element\" >\n\t\t<div class=\"wpb_wrapper\">\n\t\t\t<p>Proyecto en alianza con Dutch Bros Foundation y Fundacion Volcafe. Hemos implementado estrategias para la disminuci\u00f3n de la huella de carbono de 400 fincas cafeteras en los componentes de fertilizaci\u00f3n, manejo de aguas residuales de la finca, arreglos agroforestales con caf\u00e9 y manejo de subproductos solidos de la finca. La medici\u00f3n de las emisiones de manera anual y el seguimiento de las finanzas de las fincas nos permiten materializar la validez de las intervenciones.<\/p>\n<p><img loading=\"lazy\" decoding=\"async\" class=\"alignnone\" src=\"https:\/\/fundacioncarcafe.aicode-test.art\/wp-content\/uploads\/2022\/11\/proyecto-3-1024x498.png\" alt=\"\" width=\"1024\" height=\"498\" \/><\/p>\n\n\t\t<\/div>\n\t<\/div>\n<\/div><\/div><\/div><\/div><\/div><\/div><style data-type=\"vc_shortcodes-custom-css\"><\/style> \n\t\t\t\t\t\t\t<\/rs-layer><!--\n\n\t\t\t\t\t\t\t--><rs-layer\n\t\t\t\t\t\t\t\tid=\"slider-47-slide-158-layer-51\" \n\t\t\t\t\t\t\t\tdata-type=\"shape\"\n\t\t\t\t\t\t\t\tdata-rsp_ch=\"on\"\n\t\t\t\t\t\t\t\tdata-xy=\"x:400px;y:41px;\"\n\t\t\t\t\t\t\t\tdata-text=\"w:normal;\"\n\t\t\t\t\t\t\t\tdata-dim=\"w:1px;h:200px;\"\n\t\t\t\t\t\t\t\tdata-vbility=\"t,t,t,f\"\n\t\t\t\t\t\t\t\tdata-frame_999=\"o:0;st:w;\"\n\t\t\t\t\t\t\t\tstyle=\"z-index:19;background-color:#707070;\"\n\t\t\t\t\t\t\t> \n\t\t\t\t\t\t\t<\/rs-layer><!--\n\n\t\t\t\t\t\t\t--><rs-layer\n\t\t\t\t\t\t\t\tid=\"slider-47-slide-158-layer-52\" \n\t\t\t\t\t\t\t\tdata-type=\"text\"\n\t\t\t\t\t\t\t\tdata-color=\"#339059\"\n\t\t\t\t\t\t\t\tdata-rsp_ch=\"on\"\n\t\t\t\t\t\t\t\tdata-xy=\"x:437px;y:3px;\"\n\t\t\t\t\t\t\t\tdata-text=\"w:normal;s:50;l:44;fw:700;a:center;\"\n\t\t\t\t\t\t\t\tdata-dim=\"w:326px;h:47px;\"\n\t\t\t\t\t\t\t\tdata-frame_999=\"o:0;st:w;\"\n\t\t\t\t\t\t\t\tstyle=\"z-index:29;font-family:'Montserrat';\"\n\t\t\t\t\t\t\t>2021 - 2024 \n\t\t\t\t\t\t\t<\/rs-layer><!--\n\n\t\t\t\t\t\t\t--><rs-layer\n\t\t\t\t\t\t\t\tid=\"slider-47-slide-158-layer-59\" \n\t\t\t\t\t\t\t\tdata-type=\"text\"\n\t\t\t\t\t\t\t\tdata-color=\"#000000\"\n\t\t\t\t\t\t\t\tdata-rsp_ch=\"on\"\n\t\t\t\t\t\t\t\tdata-xy=\"x:404px;y:48px;\"\n\t\t\t\t\t\t\t\tdata-text=\"w:normal;s:22;fw:700;a:center;\"\n\t\t\t\t\t\t\t\tdata-dim=\"w:416px;\"\n\t\t\t\t\t\t\t\tdata-frame_999=\"o:0;st:w;\"\n\t\t\t\t\t\t\t\tstyle=\"z-index:12;font-family:'Montserrat';\"\n\t\t\t\t\t\t\t>Proyecto \u201cINCAS Global+\u201d & \u201cTierra Colombia Fase 4\u201d para 900 familias caficultoras en el sur del Meta \n\t\t\t\t\t\t\t<\/rs-layer><!--\n\n\t\t\t\t\t\t\t--><rs-layer\n\t\t\t\t\t\t\t\tid=\"slider-47-slide-158-layer-60\" \n\t\t\t\t\t\t\t\tdata-type=\"text\"\n\t\t\t\t\t\t\t\tdata-color=\"#6c6c6c\"\n\t\t\t\t\t\t\t\tdata-rsp_ch=\"on\"\n\t\t\t\t\t\t\t\tdata-xy=\"x:406px;y:124px;\"\n\t\t\t\t\t\t\t\tdata-text=\"w:normal;s:15;l:20;\"\n\t\t\t\t\t\t\t\tdata-dim=\"w:412px;\"\n\t\t\t\t\t\t\t\tdata-frame_999=\"o:0;st:w;\"\n\t\t\t\t\t\t\t\tstyle=\"z-index:15;font-family:'Roboto';\"\n\t\t\t\t\t\t\t>En este proyecto tenemos como meta incluir 900 familias caficultoras equivalente a aproximadamente 3,000 personas de los municipios del Piedemonte Llanero en el departamento del Meta. El objetivo principal es la sostenibilidad de la cadena productiva del caf\u00e9 en este departamento. Es una alianza entre Lavazza Foundation, GIZ, agencia de cooperaci\u00f3n alemana, Carcafe Ltda y Fundacion Carcafe. \n\t\t\t\t\t\t\t<\/rs-layer><!--\n\n\t\t\t\t\t\t\t--><rs-layer\n\t\t\t\t\t\t\t\tid=\"slider-47-slide-158-layer-69\" \n\t\t\t\t\t\t\t\tdata-type=\"text\"\n\t\t\t\t\t\t\t\tdata-color=\"#339059\"\n\t\t\t\t\t\t\t\tdata-rsp_ch=\"on\"\n\t\t\t\t\t\t\t\tdata-xy=\"x:50px;y:31px;\"\n\t\t\t\t\t\t\t\tdata-text=\"w:normal;s:50;l:44;fw:700;a:center;\"\n\t\t\t\t\t\t\t\tdata-dim=\"w:326px;h:47px;\"\n\t\t\t\t\t\t\t\tdata-frame_999=\"o:0;st:w;\"\n\t\t\t\t\t\t\t\tstyle=\"z-index:29;font-family:'Montserrat';\"\n\t\t\t\t\t\t\t>2021 - 2023 \n\t\t\t\t\t\t\t<\/rs-layer><!--\n\n\t\t\t\t\t\t\t--><rs-layer\n\t\t\t\t\t\t\t\tid=\"slider-47-slide-158-layer-70\" \n\t\t\t\t\t\t\t\tdata-type=\"text\"\n\t\t\t\t\t\t\t\tdata-color=\"#000000\"\n\t\t\t\t\t\t\t\tdata-rsp_ch=\"on\"\n\t\t\t\t\t\t\t\tdata-xy=\"x:515px;y:268px;\"\n\t\t\t\t\t\t\t\tdata-text=\"w:normal;\"\n\t\t\t\t\t\t\t\tdata-frame_999=\"o:0;st:w;\"\n\t\t\t\t\t\t\t\tstyle=\"z-index:23;font-family:'Roboto';\"\n\t\t\t\t\t\t\t><div class=\"vc_row wpb_row vc_row-fluid\"><div class=\"wpb_column vc_column_container vc_col-sm-12\"><div class=\"vc_column-inner\"><div class=\"wpb_wrapper\"><div id=\"wd-6362c01829284\" class=\"wd-button-wrapper text-center\"><a href=\"#INCAS-Global-Tierra-Colombia-Fase-4\" title=\"\" class=\"btn btn-color-default btn-style-link btn-shape-rectangle btn-size-default wd-open-popup \">M\u00e1s Informaci\u00f3n<\/a><\/div><div id=\"INCAS-Global-Tierra-Colombia-Fase-4\" class=\"mfp-with-anim wd-popup mfp-hide\" style=\"max-width:800px;\"><div class=\"wd-popup-inner\"><h2 style=\"font-size: 50px;color: #339059;text-align: left;font-family:Montserrat;font-weight:700;font-style:normal\" class=\"vc_custom_heading\" >2021 - 2024<\/h2>\t\t\n\t\t<div id=\"wd-6362aed039b0f\" class=\"title-wrapper wd-wpb set-mb-s reset-last-child  wd-title-color-default wd-title-style-default wd-width-100 text-center \">\n\t\t\t\n\t\t\t<div class=\"liner-continer\">\n\t\t\t\t<h4 class=\"woodmart-title-container title  wd-font-weight-600 wd-fontsize-xl\" >Proyecto \u201cINCAS Global+\u201d & \u201cTierra Colombia Fase 4\u201d para 900 familias caficultoras en el sur del Meta<\/h4>\n\t\t\t\t\t\t\t<\/div>\n\t\t\t\n\t\t\t\n\t\t\t\t\t<\/div>\n\t\t\n\t\t\n\t<div class=\"wpb_text_column wpb_content_element\" >\n\t\t<div class=\"wpb_wrapper\">\n\t\t\t<p>Proyecto en alianza con Lavazza Foundation, GIZ, agencia de cooperaci\u00f3n alemana, Carcafe Ltda y Fundacion Carcafe. Tenemos dos componentes principales en el proyecto que son la productividad sostenible del cultivo de caf\u00e9 y la implementaci\u00f3n de sistemas agroforestales en las fincas cafeteras. Nuestro \u00e9nfasis incluye la renovaci\u00f3n por siembra o por sistemas de manejo de tejidos de 1,5MM de \u00e1rboles de caf\u00e9 bajo practicas eficientes que se adaptan al cambio clim\u00e1tico y que permiten viabilidad financiera para los caficultores. Establecimiento de sistemas agroforestales innovadores que permiten fomentar la biodiversidad, revertir la deforestaci\u00f3n y crear reservas de carbono para los agricultores del Meta.<\/p>\n<p><img decoding=\"async\" src=\"https:\/\/fundacioncarcafe.aicode-test.art\/wp-content\/uploads\/2022\/11\/proyecto-4.jpg\" \/><\/p>\n\n\t\t<\/div>\n\t<\/div>\n<\/div><\/div><\/div><\/div><\/div><\/div><style data-type=\"vc_shortcodes-custom-css\"><\/style> \n\t\t\t\t\t\t\t<\/rs-layer><!--\n\n\t\t\t\t\t\t\t--><rs-layer\n\t\t\t\t\t\t\t\tid=\"slider-47-slide-158-layer-71\" \n\t\t\t\t\t\t\t\tdata-type=\"shape\"\n\t\t\t\t\t\t\t\tdata-rsp_ch=\"on\"\n\t\t\t\t\t\t\t\tdata-xy=\"x:824px;y:40px;\"\n\t\t\t\t\t\t\t\tdata-text=\"w:normal;\"\n\t\t\t\t\t\t\t\tdata-dim=\"w:1px;h:200px;\"\n\t\t\t\t\t\t\t\tdata-vbility=\"t,t,t,f\"\n\t\t\t\t\t\t\t\tdata-frame_999=\"o:0;st:w;\"\n\t\t\t\t\t\t\t\tstyle=\"z-index:18;background-color:#707070;\"\n\t\t\t\t\t\t\t> \n\t\t\t\t\t\t\t<\/rs-layer><!--\n\n\t\t\t\t\t\t\t--><rs-layer\n\t\t\t\t\t\t\t\tid=\"slider-47-slide-158-layer-72\" \n\t\t\t\t\t\t\t\tdata-type=\"text\"\n\t\t\t\t\t\t\t\tdata-color=\"#339059\"\n\t\t\t\t\t\t\t\tdata-rsp_ch=\"on\"\n\t\t\t\t\t\t\t\tdata-xy=\"x:853px;y:11px;\"\n\t\t\t\t\t\t\t\tdata-text=\"w:normal;s:50;l:44;fw:700;a:center;\"\n\t\t\t\t\t\t\t\tdata-dim=\"w:326px;h:47px;\"\n\t\t\t\t\t\t\t\tdata-frame_999=\"o:0;st:w;\"\n\t\t\t\t\t\t\t\tstyle=\"z-index:29;font-family:'Montserrat';\"\n\t\t\t\t\t\t\t>2022 - 2023 \n\t\t\t\t\t\t\t<\/rs-layer><!--\n\n\t\t\t\t\t\t\t--><rs-layer\n\t\t\t\t\t\t\t\tid=\"slider-47-slide-158-layer-73\" \n\t\t\t\t\t\t\t\tdata-type=\"text\"\n\t\t\t\t\t\t\t\tdata-color=\"#000000\"\n\t\t\t\t\t\t\t\tdata-rsp_ch=\"on\"\n\t\t\t\t\t\t\t\tdata-xy=\"x:827px;y:60px;\"\n\t\t\t\t\t\t\t\tdata-text=\"w:normal;s:20;fw:700;a:center;\"\n\t\t\t\t\t\t\t\tdata-dim=\"w:413px;\"\n\t\t\t\t\t\t\t\tdata-frame_999=\"o:0;st:w;\"\n\t\t\t\t\t\t\t\tstyle=\"z-index:14;font-family:'Montserrat';\"\n\t\t\t\t\t\t\t>Construcci\u00f3n de nuevo colegio \u201cIE Agropecuaria San Carlos\u201d en Colon-G\u00e9nova, Nari\u00f1o \n\t\t\t\t\t\t\t<\/rs-layer><!--\n\n\t\t\t\t\t\t\t--><rs-layer\n\t\t\t\t\t\t\t\tid=\"slider-47-slide-158-layer-74\" \n\t\t\t\t\t\t\t\tdata-type=\"text\"\n\t\t\t\t\t\t\t\tdata-color=\"#6c6c6c\"\n\t\t\t\t\t\t\t\tdata-rsp_ch=\"on\"\n\t\t\t\t\t\t\t\tdata-xy=\"x:835px;y:141px;\"\n\t\t\t\t\t\t\t\tdata-text=\"w:normal;s:15;l:20;\"\n\t\t\t\t\t\t\t\tdata-dim=\"w:391px;\"\n\t\t\t\t\t\t\t\tdata-frame_999=\"o:0;st:w;\"\n\t\t\t\t\t\t\t\tstyle=\"z-index:17;font-family:'Roboto';\"\n\t\t\t\t\t\t\t>Este Proyecto incluye 8 nuevas aulas de clase. Va a impactar 200 estudiantes. Es el resultado de una alianza entre Costa Foundation, la comunidad del colegio, la secretaria de educaci\u00f3n del departamento de Nari\u00f1o y Fundacion Carcafe. \n\t\t\t\t\t\t\t<\/rs-layer><!--\n\n\t\t\t\t\t\t\t--><rs-layer\n\t\t\t\t\t\t\t\tid=\"slider-47-slide-158-layer-75\" \n\t\t\t\t\t\t\t\tdata-type=\"text\"\n\t\t\t\t\t\t\t\tdata-color=\"#000000\"\n\t\t\t\t\t\t\t\tdata-rsp_ch=\"on\"\n\t\t\t\t\t\t\t\tdata-xy=\"x:928px;y:261px;\"\n\t\t\t\t\t\t\t\tdata-text=\"w:normal;\"\n\t\t\t\t\t\t\t\tdata-frame_999=\"o:0;st:w;\"\n\t\t\t\t\t\t\t\tstyle=\"z-index:20;font-family:'Roboto';\"\n\t\t\t\t\t\t\t><div class=\"vc_row wpb_row vc_row-fluid\"><div class=\"wpb_column vc_column_container vc_col-sm-12\"><div class=\"vc_column-inner\"><div class=\"wpb_wrapper\"><div id=\"wd-6362c046d6c67\" class=\"wd-button-wrapper text-center\"><a href=\"#Construccion-de-nuevo-colegio-IE-Agropecuaria-San-Carlos\" title=\"\" class=\"btn btn-color-default btn-style-link btn-shape-rectangle btn-size-default wd-open-popup \">M\u00e1s Informaci\u00f3n<\/a><\/div><div id=\"Construccion-de-nuevo-colegio-IE-Agropecuaria-San-Carlos\" class=\"mfp-with-anim wd-popup mfp-hide\" style=\"max-width:800px;\"><div class=\"wd-popup-inner\"><h2 style=\"font-size: 50px;color: #339059;text-align: left;font-family:Montserrat;font-weight:700;font-style:normal\" class=\"vc_custom_heading\" >2022 - 2023<\/h2>\t\t\n\t\t<div id=\"wd-6362c53308973\" class=\"title-wrapper wd-wpb set-mb-s reset-last-child  wd-title-color-default wd-title-style-default wd-width-100 text-center \">\n\t\t\t\n\t\t\t<div class=\"liner-continer\">\n\t\t\t\t<h4 class=\"woodmart-title-container title  wd-font-weight-600 wd-fontsize-xl\" >Construcci\u00f3n de nuevo colegio \u201cIE Agropecuaria San Carlos\u201d en Colon-G\u00e9nova, Nari\u00f1o<\/h4>\n\t\t\t\t\t\t\t<\/div>\n\t\t\t\n\t\t\t\n\t\t\t\t\t<\/div>\n\t\t\n\t\t\n\t<div class=\"wpb_text_column wpb_content_element\" >\n\t\t<div class=\"wpb_wrapper\">\n\t\t\t<p>Este Proyecto es el resultado de una alianza con Costa Foundation para la construcci\u00f3n de un nuevo bloque educativo para la Institucion Educativa Agropecuaria San Carlos localizada en el corregimiento de San Carlos, en el municipio cafetero de Colon-G\u00e9nova, en el norte de Nari\u00f1o. Este colegio tiene 200 estudiantes. Estamos 8 nuevas aulas de clase y la secretaria de Educaci\u00f3n del Departamento de Nari\u00f1o va a donar los ba\u00f1os correspondientes. Tambi\u00e9n hemos mejorado las condiciones de la v\u00eda de acceso al colegio. El n\u00famero de personas que ser\u00e1n beneficiadas directa o indirectamente por este proyecto es de 1,000 aproximadamente.<\/p>\n\n\t\t<\/div>\n\t<\/div>\n<\/div><\/div><\/div><\/div><\/div><\/div><style data-type=\"vc_shortcodes-custom-css\"><\/style> \n\t\t\t\t\t\t\t<\/rs-layer><!--\n-->\t\t\t\t\t\t<\/rs-slide>\n\t\t\t\t\t<\/rs-slides>\n\t\t\t\t<\/rs-module>\n\t\t\t\t<script>\n\t\t\t\t\tsetREVStartSize({c: 'rev_slider_47_1',rl:[1240,1024,778,480],el:[350],gw:[1240],gh:[350],type:'standard',justify:'',layout:'fullwidth',mh:\"0\"});if (window.RS_MODULES!==undefined && window.RS_MODULES.modules!==undefined && window.RS_MODULES.modules[\"revslider471\"]!==undefined) {window.RS_MODULES.modules[\"revslider471\"].once = false;window.revapi47 = undefined;if (window.RS_MODULES.checkMinimal!==undefined) window.RS_MODULES.checkMinimal()}\n\t\t\t\t<\/script>\n\t\t\t<\/rs-module-wrap>\n\t\t\t<!-- END REVOLUTION SLIDER -->\n<\/div><\/div><\/div><\/div><div class=\"vc_row-full-width vc_clearfix\"><\/div>\n<\/section>","protected":false},"excerpt":{"rendered":"TRAYECTORIA DE FUNDACI\u00d3N CARCAFE \u00a1Ha sido una trayectoria que nos ha brindado grandes momentos por Colombia! Conoce el camino que","protected":false},"author":1,"featured_media":0,"parent":0,"menu_order":0,"comment_status":"closed","ping_status":"closed","template":"","meta":{"wp_popup_display_lightbox":0,"wp_popup_suppress":"","wp_popup_trigger":"","wp_popup_trigger_amount":0,"wp_popup_disable_on_mobile":false,"footnotes":""},"class_list":["post-7854","page","type-page","status-publish","hentry"],"_links":{"self":[{"href":"https:\/\/fundacioncarcafe.co\/en\/wp-json\/wp\/v2\/pages\/7854","targetHints":{"allow":["GET"]}}],"collection":[{"href":"https:\/\/fundacioncarcafe.co\/en\/wp-json\/wp\/v2\/pages"}],"about":[{"href":"https:\/\/fundacioncarcafe.co\/en\/wp-json\/wp\/v2\/types\/page"}],"author":[{"embeddable":true,"href":"https:\/\/fundacioncarcafe.co\/en\/wp-json\/wp\/v2\/users\/1"}],"replies":[{"embeddable":true,"href":"https:\/\/fundacioncarcafe.co\/en\/wp-json\/wp\/v2\/comments?post=7854"}],"version-history":[{"count":9,"href":"https:\/\/fundacioncarcafe.co\/en\/wp-json\/wp\/v2\/pages\/7854\/revisions"}],"predecessor-version":[{"id":8341,"href":"https:\/\/fundacioncarcafe.co\/en\/wp-json\/wp\/v2\/pages\/7854\/revisions\/8341"}],"wp:attachment":[{"href":"https:\/\/fundacioncarcafe.co\/en\/wp-json\/wp\/v2\/media?parent=7854"}],"curies":[{"name":"wp","href":"https:\/\/api.w.org\/{rel}","templated":true}]}}