{"id":7620,"date":"2021-06-24T12:08:40","date_gmt":"2021-06-24T17:08:40","guid":{"rendered":"https:\/\/carcafe.aicode-test.art\/?page_id=7620"},"modified":"2023-09-26T13:15:31","modified_gmt":"2023-09-26T18:15:31","slug":"politicas","status":"publish","type":"page","link":"https:\/\/fundacioncarcafe.co\/en\/politicas\/","title":{"rendered":"POLICIES &amp; RTE (R\u00e9gimen Tributario Especial)"},"content":{"rendered":"<section class=\"wpb-content-wrapper\"><div data-vc-full-width=\"true\" data-vc-full-width-init=\"false\" data-vc-stretch-content=\"true\" class=\"vc_row wpb_row vc_row-fluid vc_custom_1624554602194 vc_row-no-padding\"><div class=\"wpb_column vc_column_container vc_col-sm-12\"><div class=\"vc_column-inner\"><div class=\"wpb_wrapper\">\n\t\t\t<!-- START Banner Politicas REVOLUTION SLIDER 6.6.16 --><p class=\"rs-p-wp-fix\"><\/p>\n\t\t\t<rs-module-wrap id=\"rev_slider_52_1_wrapper\" data-source=\"gallery\" style=\"visibility:hidden;background:transparent;padding:0;margin:0px auto;margin-top:0;margin-bottom:0;\">\n\t\t\t\t<rs-module id=\"rev_slider_52_1\" style=\"\" data-version=\"6.6.16\">\n\t\t\t\t\t<rs-slides style=\"overflow: hidden; position: absolute;\">\n\t\t\t\t\t\t<rs-slide style=\"position: absolute;\" data-key=\"rs-125\" data-title=\"Slide\" data-anim=\"adpr:false;\" data-in=\"o:0;\" data-out=\"a:false;\">\n\t\t\t\t\t\t\t<img decoding=\"async\" src=\"\/\/fundacioncarcafe.co\/wp-content\/plugins\/revslider\/public\/assets\/assets\/dummy.png\" alt=\"Slide\" title=\"POLITICAS y RTE (R\u00e9gimen Tributario Especial)\" class=\"rev-slidebg tp-rs-img rs-lazyload\" data-lazyload=\"\/\/fundacioncarcafe.co\/wp-content\/plugins\/revslider\/public\/assets\/assets\/transparent.png\" data-bg=\"c:#339059;\" data-no-retina>\n<!--\n\t\t\t\t\t\t\t--><rs-layer\n\t\t\t\t\t\t\t\tid=\"slider-52-slide-125-layer-0\" \n\t\t\t\t\t\t\t\tdata-type=\"image\"\n\t\t\t\t\t\t\t\tdata-rsp_ch=\"on\"\n\t\t\t\t\t\t\t\tdata-xy=\"x:c;xo:0,0,-88px,-121px;y:m;yo:-24px,-17px,1px,-11px;\"\n\t\t\t\t\t\t\t\tdata-text=\"w:normal;s:20,14,10,6;l:0,18,13,8;\"\n\t\t\t\t\t\t\t\tdata-dim=\"w:1484px,1085px,960px,713px;h:735px,537px,353px,262px;\"\n\t\t\t\t\t\t\t\tdata-frame_999=\"o:0;st:w;\"\n\t\t\t\t\t\t\t\tstyle=\"z-index:6;\"\n\t\t\t\t\t\t\t><img decoding=\"async\" src=\"\/\/fundacioncarcafe.co\/wp-content\/plugins\/revslider\/public\/assets\/assets\/dummy.png\" alt=\"\" class=\"tp-rs-img rs-lazyload\" width=\"1440\" height=\"713\" data-lazyload=\"\" data-no-retina> \n\t\t\t\t\t\t\t<\/rs-layer><!--\n\n\t\t\t\t\t\t\t--><rs-layer\n\t\t\t\t\t\t\t\tid=\"slider-52-slide-125-layer-1\" \n\t\t\t\t\t\t\t\tdata-type=\"text\"\n\t\t\t\t\t\t\t\tdata-rsp_ch=\"on\"\n\t\t\t\t\t\t\t\tdata-xy=\"x:c;xo:-8px,-5px,-17px,-16px;y:m;yo:6px,4px,134px,109px;\"\n\t\t\t\t\t\t\t\tdata-text=\"w:normal;s:45,32,25,15;l:25,18,13,8;fw:700;\"\n\t\t\t\t\t\t\t\tdata-frame_999=\"o:0;st:w;\"\n\t\t\t\t\t\t\t\tstyle=\"z-index:7;font-family:'Montserrat';\"\n\t\t\t\t\t\t\t>POLITICAS y RTE (R\u00e9gimen Tributario Especial) \n\t\t\t\t\t\t\t<\/rs-layer><!--\n\n\t\t\t\t\t\t\t--><rs-layer\n\t\t\t\t\t\t\t\tid=\"slider-52-slide-125-layer-2\" \n\t\t\t\t\t\t\t\tdata-type=\"text\"\n\t\t\t\t\t\t\t\tdata-rsp_ch=\"on\"\n\t\t\t\t\t\t\t\tdata-xy=\"xo:120px,89px,27px,19px;yo:253px,191px,189px,133px;\"\n\t\t\t\t\t\t\t\tdata-text=\"w:normal;s:19,18,18,15;l:25,20,20,17;a:center;\"\n\t\t\t\t\t\t\t\tdata-dim=\"w:1136px,830px,718px,442px;h:61px,44px,auto,auto;\"\n\t\t\t\t\t\t\t\tdata-vbility=\"f,f,f,f\"\n\t\t\t\t\t\t\t\tdata-frame_999=\"o:0;st:w;\"\n\t\t\t\t\t\t\t\tstyle=\"z-index:8;font-family:'Roboto';\"\n\t\t\t\t\t\t\t>Lorem Ipsum is simply dummy text of the printing and typesetting industry. Lorem Ipsum has been the industry's standard dummy text ever since the 1500s, when an unknown printer took a galley of type and scrambled it to make a type specimen book. \n\t\t\t\t\t\t\t<\/rs-layer><!--\n-->\t\t\t\t\t\t<\/rs-slide>\n\t\t\t\t\t<\/rs-slides>\n\t\t\t\t<\/rs-module>\n\t\t\t\t<script>\n\t\t\t\t\tsetREVStartSize({c: 'rev_slider_52_1',rl:[1240,1024,778,480],el:[500,384,350,250],gw:[1400,1024,778,480],gh:[500,384,350,250],type:'standard',justify:'',layout:'fullwidth',mh:\"0\"});if (window.RS_MODULES!==undefined && window.RS_MODULES.modules!==undefined && window.RS_MODULES.modules[\"revslider521\"]!==undefined) {window.RS_MODULES.modules[\"revslider521\"].once = false;window.revapi52 = undefined;if (window.RS_MODULES.checkMinimal!==undefined) window.RS_MODULES.checkMinimal()}\n\t\t\t\t<\/script>\n\t\t\t<\/rs-module-wrap>\n\t\t\t<!-- END REVOLUTION SLIDER -->\n<\/div><\/div><\/div><\/div><div class=\"vc_row-full-width vc_clearfix\"><\/div><div class=\"vc_row wpb_row vc_row-fluid vc_custom_1624565722419\"><div class=\"wpb_column vc_column_container vc_col-sm-12\"><div class=\"vc_column-inner\"><div class=\"wpb_wrapper\">\t\t\n\t\t<div id=\"wd-630f9d1e6155b\" class=\"title-wrapper wd-wpb set-mb-s reset-last-child  wd-title-color-default wd-title-style-simple wd-width-100 text-center \">\n\t\t\t\n\t\t\t<div class=\"liner-continer\">\n\t\t\t\t<h4 class=\"woodmart-title-container title  wd-font-weight-900 wd-fontsize-xl\" >Regimen Tributario Especial (RTE) Documentos Relacionados.<\/h4>\n\t\t\t\t\t\t\t<\/div>\n\t\t\t\n\t\t\t\n\t\t\t\t\t<\/div>\n\t\t\n\t\t\n\t<div class=\"wpb_text_column wpb_content_element\" >\n\t\t<div class=\"wpb_wrapper\">\n\t\t\t<div class=\"row\">\n<div class=\"col-md-1\"><a href=\"https:\/\/fundacioncarcafe.co\/wp-content\/uploads\/2023\/09\/01-Fundacion-Carcafe-Annual-Report-2022.pdf\" download=\"\"><img decoding=\"async\" src=\"\/wp-content\/uploads\/2021\/06\/pdf.png\" alt=\"img pdf\" width=\"40\" height=\"auto\" \/><br \/>\nDescargar<br \/>\n<\/a><\/div>\n<div class=\"col-md-10\">\n<h1 style=\"margin: 0.8rem;\">1. Fundacion Carcafe &#8211; Annual Report 2022<\/h1>\n<h1><\/h1>\n<\/div>\n<\/div>\n<p>&nbsp;<\/p>\n\n\t\t<\/div>\n\t<\/div>\n\n\t<div class=\"wpb_text_column wpb_content_element\" >\n\t\t<div class=\"wpb_wrapper\">\n\t\t\t<div class=\"row\">\n<div class=\"col-md-1\"><a href=\"https:\/\/fundacioncarcafe.co\/wp-content\/uploads\/2023\/09\/01-Informe-de-gestion-2022.pdf\" download=\"\"><img decoding=\"async\" src=\"\/wp-content\/uploads\/2021\/06\/pdf.png\" alt=\"img pdf\" width=\"40\" height=\"auto\" \/><br \/>\nDescargar<br \/>\n<\/a><\/div>\n<div class=\"col-md-10\">\n<h1 style=\"margin: 0.8rem;\">2. Informe de gestion 2022<\/h1>\n<h1><\/h1>\n<\/div>\n<\/div>\n<p>&nbsp;<\/p>\n\n\t\t<\/div>\n\t<\/div>\n\n\t<div class=\"wpb_text_column wpb_content_element\" >\n\t\t<div class=\"wpb_wrapper\">\n\t\t\t<div class=\"row\">\n<div class=\"col-md-1\"><a href=\"https:\/\/fundacioncarcafe.co\/wp-content\/uploads\/2023\/09\/02-Estados-Financieros-2022.pdf\" download=\"\"><img decoding=\"async\" src=\"\/wp-content\/uploads\/2021\/06\/pdf.png\" alt=\"img pdf\" width=\"40\" height=\"auto\" \/><br \/>\nDescargar<br \/>\n<\/a><\/div>\n<div class=\"col-md-10\">\n<h1 style=\"margin: 0.8rem;\">3. Estados Financieros 2022<\/h1>\n<h1><\/h1>\n<\/div>\n<\/div>\n<p>&nbsp;<\/p>\n\n\t\t<\/div>\n\t<\/div>\n\n\t<div class=\"wpb_text_column wpb_content_element\" >\n\t\t<div class=\"wpb_wrapper\">\n\t\t\t<div class=\"row\">\n<div class=\"col-md-1\"><a href=\"https:\/\/fundacioncarcafe.co\/wp-content\/uploads\/2023\/09\/02-Fundacion-Carcafe-Financial-Statements-2022.pdf\" download=\"\"><img decoding=\"async\" src=\"\/wp-content\/uploads\/2021\/06\/pdf.png\" alt=\"img pdf\" width=\"40\" height=\"auto\" \/><br \/>\nDescargar<br \/>\n<\/a><\/div>\n<div class=\"col-md-10\">\n<h1 style=\"margin: 0.8rem;\">4. Fundacion Carcafe &#8211; Financial Statements 2022<\/h1>\n<h1><\/h1>\n<\/div>\n<\/div>\n<p>&nbsp;<\/p>\n\n\t\t<\/div>\n\t<\/div>\n\n\t<div class=\"wpb_text_column wpb_content_element\" >\n\t\t<div class=\"wpb_wrapper\">\n\t\t\t<div class=\"row\">\n<div class=\"col-md-1\"><a href=\"https:\/\/fundacioncarcafe.co\/wp-content\/uploads\/2023\/09\/03-Certificacion-cumplimiento-de-requisitos.pdf\" download=\"\"><img decoding=\"async\" src=\"\/wp-content\/uploads\/2021\/06\/pdf.png\" alt=\"img pdf\" width=\"40\" height=\"auto\" \/><br \/>\nDescargar<br \/>\n<\/a><\/div>\n<div class=\"col-md-10\">\n<h1 style=\"margin: 0.8rem;\">5. Certificacion cumplimiento de requisitos<\/h1>\n<h1><\/h1>\n<\/div>\n<\/div>\n<p>&nbsp;<\/p>\n\n\t\t<\/div>\n\t<\/div>\n\n\t<div class=\"wpb_text_column wpb_content_element\" >\n\t\t<div class=\"wpb_wrapper\">\n\t\t\t<div class=\"row\">\n<div class=\"col-md-1\"><a href=\"https:\/\/fundacioncarcafe.co\/wp-content\/uploads\/2023\/09\/04-ACTA-CONSTITUCCCION-FUNDACION-CARCAFE.pdf\" download=\"\"><img decoding=\"async\" src=\"\/wp-content\/uploads\/2021\/06\/pdf.png\" alt=\"img pdf\" width=\"40\" height=\"auto\" \/><br \/>\nDescargar<br \/>\n<\/a><\/div>\n<div class=\"col-md-10\">\n<h1 style=\"margin: 0.8rem;\">6. Acta Constitucion Fundacion Carcafe<\/h1>\n<h1><\/h1>\n<\/div>\n<\/div>\n<p>&nbsp;<\/p>\n\n\t\t<\/div>\n\t<\/div>\n\n\t<div class=\"wpb_text_column wpb_content_element\" >\n\t\t<div class=\"wpb_wrapper\">\n\t\t\t<div class=\"row\">\n<div class=\"col-md-1\"><a href=\"https:\/\/fundacioncarcafe.co\/wp-content\/uploads\/2023\/09\/05-certficado-existencia-fundacion-carcafe.pdf\" download=\"\"><img decoding=\"async\" src=\"\/wp-content\/uploads\/2021\/06\/pdf.png\" alt=\"img pdf\" width=\"40\" height=\"auto\" \/><br \/>\nDescargar<br \/>\n<\/a><\/div>\n<div class=\"col-md-10\">\n<h1 style=\"margin: 0.8rem;\">7. Certficado Existencia Fundacion Carcafe<\/h1>\n<h1><\/h1>\n<\/div>\n<\/div>\n<p>&nbsp;<\/p>\n\n\t\t<\/div>\n\t<\/div>\n\n\t<div class=\"wpb_text_column wpb_content_element\" >\n\t\t<div class=\"wpb_wrapper\">\n\t\t\t<div class=\"row\">\n<div class=\"col-md-1\"><a href=\"https:\/\/fundacioncarcafe.co\/wp-content\/uploads\/2023\/09\/06-Acta-junta-directiva.pdf\" download=\"\"><img decoding=\"async\" src=\"\/wp-content\/uploads\/2021\/06\/pdf.png\" alt=\"img pdf\" width=\"40\" height=\"auto\" \/><br \/>\nDescargar<br \/>\n<\/a><\/div>\n<div class=\"col-md-10\">\n<h1 style=\"margin: 0.8rem;\">8. Acta Junta Directiva<\/h1>\n<h1><\/h1>\n<\/div>\n<\/div>\n<p>&nbsp;<\/p>\n\n\t\t<\/div>\n\t<\/div>\n\n\t<div class=\"wpb_text_column wpb_content_element\" >\n\t\t<div class=\"wpb_wrapper\">\n\t\t\t<div class=\"row\">\n<div class=\"col-md-1\"><a href=\"https:\/\/fundacioncarcafe.co\/wp-content\/uploads\/2023\/09\/07-ESTATUTOS-FUNDACION-CARCAFE.pdf\" download=\"\"><img decoding=\"async\" src=\"\/wp-content\/uploads\/2021\/06\/pdf.png\" alt=\"img pdf\" width=\"40\" height=\"auto\" \/><br \/>\nDescargar<br \/>\n<\/a><\/div>\n<div class=\"col-md-10\">\n<h1 style=\"margin: 0.8rem;\">9. Estatus Fundacion Carcafe<\/h1>\n<h1><\/h1>\n<\/div>\n<\/div>\n<p>&nbsp;<\/p>\n\n\t\t<\/div>\n\t<\/div>\n\n\t<div class=\"wpb_text_column wpb_content_element\" >\n\t\t<div class=\"wpb_wrapper\">\n\t\t\t<div class=\"row\">\n<div class=\"col-md-1\"><a href=\"https:\/\/fundacioncarcafe.co\/wp-content\/uploads\/2023\/09\/08-Declaracion-de-Renta.pdf\" download=\"\"><img decoding=\"async\" src=\"\/wp-content\/uploads\/2021\/06\/pdf.png\" alt=\"img pdf\" width=\"40\" height=\"auto\" \/><br \/>\nDescargar<br \/>\n<\/a><\/div>\n<div class=\"col-md-10\">\n<h1 style=\"margin: 0.8rem;\">10. Declaracion de Renta<\/h1>\n<h1><\/h1>\n<\/div>\n<\/div>\n<p>&nbsp;<\/p>\n\n\t\t<\/div>\n\t<\/div>\n\n\t<div class=\"wpb_text_column wpb_content_element\" >\n\t\t<div class=\"wpb_wrapper\">\n\t\t\t<div class=\"row\">\n<div class=\"col-md-1\"><a href=\"https:\/\/fundacioncarcafe.co\/wp-content\/uploads\/2023\/09\/10-Certificacion-antecedentes-judiciales.pdf\" download=\"\"><img decoding=\"async\" src=\"\/wp-content\/uploads\/2021\/06\/pdf.png\" alt=\"img pdf\" width=\"40\" height=\"auto\" \/><br \/>\nDescargar<br \/>\n<\/a><\/div>\n<div class=\"col-md-10\">\n<h1 style=\"margin: 0.8rem;\">11. Certificacion antecedentes judiciales<\/h1>\n<h1><\/h1>\n<\/div>\n<\/div>\n<p>&nbsp;<\/p>\n\n\t\t<\/div>\n\t<\/div>\n\n\t<div class=\"wpb_text_column wpb_content_element\" >\n\t\t<div class=\"wpb_wrapper\">\n\t\t\t<div class=\"row\">\n<div class=\"col-md-1\"><a href=\"https:\/\/fundacioncarcafe.co\/wp-content\/uploads\/2023\/09\/11-Certificacion-cargos-gerenciales.pdf\" download=\"\"><img decoding=\"async\" src=\"\/wp-content\/uploads\/2021\/06\/pdf.png\" alt=\"img pdf\" width=\"40\" height=\"auto\" \/><br \/>\nDescargar<br \/>\n<\/a><\/div>\n<div class=\"col-md-10\">\n<h1 style=\"margin: 0.8rem;\">12. Certificacion Cargos Gerenciales<\/h1>\n<h1><\/h1>\n<\/div>\n<\/div>\n<p>&nbsp;<\/p>\n\n\t\t<\/div>\n\t<\/div>\n<\/div><\/div><\/div><\/div><div class=\"vc_row wpb_row vc_row-fluid vc_custom_1624555364295\"><div class=\"wpb_column vc_column_container vc_col-sm-12\"><div class=\"vc_column-inner\"><div class=\"wpb_wrapper\"><div class=\"vc_row wpb_row vc_inner vc_row-fluid\"><div class=\"wpb_column vc_column_container vc_col-sm-6\"><div class=\"vc_column-inner\"><div class=\"wpb_wrapper\">\n\t<div  class=\"wpb_single_image wpb_content_element vc_align_left\">\n\t\t\n\t\t<figure class=\"wpb_wrapper vc_figure\">\n\t\t\t<div class=\"vc_single_image-wrapper   vc_box_border_grey\"><img loading=\"lazy\" decoding=\"async\" width=\"1988\" height=\"1326\" src=\"https:\/\/fundacioncarcafe.co\/wp-content\/uploads\/2022\/03\/img-politicas-personales-min.jpg\" class=\"vc_single_image-img attachment-full\" alt=\"\" title=\"img-politicas-personales-min\" srcset=\"https:\/\/fundacioncarcafe.co\/wp-content\/uploads\/2022\/03\/img-politicas-personales-min.jpg 1988w, https:\/\/fundacioncarcafe.co\/wp-content\/uploads\/2022\/03\/img-politicas-personales-min-300x200.jpg 300w, https:\/\/fundacioncarcafe.co\/wp-content\/uploads\/2022\/03\/img-politicas-personales-min-1024x683.jpg 1024w, https:\/\/fundacioncarcafe.co\/wp-content\/uploads\/2022\/03\/img-politicas-personales-min-768x512.jpg 768w, https:\/\/fundacioncarcafe.co\/wp-content\/uploads\/2022\/03\/img-politicas-personales-min-1536x1025.jpg 1536w, https:\/\/fundacioncarcafe.co\/wp-content\/uploads\/2022\/03\/img-politicas-personales-min-16x12.jpg 16w, https:\/\/fundacioncarcafe.co\/wp-content\/uploads\/2022\/03\/img-politicas-personales-min-1200x800.jpg 1200w, https:\/\/fundacioncarcafe.co\/wp-content\/uploads\/2022\/03\/img-politicas-personales-min-150x100.jpg 150w\" sizes=\"auto, (max-width: 1988px) 100vw, 1988px\" \/><\/div>\n\t\t<\/figure>\n\t<\/div>\n<\/div><\/div><\/div><div class=\"wpb_column vc_column_container vc_col-sm-6\"><div class=\"vc_column-inner\"><div class=\"wpb_wrapper\">\t\t\n\t\t<div id=\"wd-62bb5ba290a8f\" class=\"title-wrapper wd-wpb set-mb-s reset-last-child  wd-title-color-default wd-title-style-simple wd-width-100 text-center \">\n\t\t\t\n\t\t\t<div class=\"liner-continer\">\n\t\t\t\t<h4 class=\"woodmart-title-container title  wd-font-weight-900 wd-fontsize-xl\" >Aqu\u00ed encontrar\u00e1s nuestras pol\u00edticas de manejo de datos personales<\/h4>\n\t\t\t\t\t\t\t<\/div>\n\t\t\t\n\t\t\t\n\t\t\t\t\t<\/div>\n\t\t\n\t\t\n\t<div class=\"wpb_text_column wpb_content_element\" >\n\t\t<div class=\"wpb_wrapper\">\n\t\t\t<div class=\"row\">\n<div class=\"col-md-1\"><a href=\"https:\/\/fundacioncarcafe.aicode-test.art\/wp-content\/uploads\/2022\/06\/Politica-de-Manejo-de-Datos-Personales.pdf\" download=\"\"><img decoding=\"async\" src=\"\/wp-content\/uploads\/2021\/06\/pdf.png\" alt=\"img pdf\" width=\"40\" height=\"auto\" \/><br \/>\nDescargar<br \/>\n<\/a><\/div>\n<div class=\"col-md-10\">\n<h1 style=\"margin: 0.8rem;\"><em>\u00a0 \u00a0 Pol\u00edtica de Manejo de Datos Personales<\/em><\/h1>\n<h1><\/h1>\n<\/div>\n<\/div>\n\n\t\t<\/div>\n\t<\/div>\n\n\t<div class=\"wpb_text_column wpb_content_element\" >\n\t\t<div class=\"wpb_wrapper\">\n\t\t\t<div class=\"row\">\n<div class=\"col-md-1\"><a href=\"https:\/\/fundacioncarcafe.aicode-test.art\/wp-content\/uploads\/2022\/06\/Our-Policies-for-personal-data.pdf\" download=\"\"><img decoding=\"async\" src=\"\/wp-content\/uploads\/2021\/06\/pdf.png\" alt=\"img pdf\" width=\"40\" height=\"auto\" \/><br \/>\nDescargar<br \/>\n<\/a><\/div>\n<div class=\"col-md-10\">\n<h1 style=\"margin: 0.8rem;\"><em>\u00a0 \u00a0 Our Policies for personal data.<\/em><\/h1>\n<h1><\/h1>\n<\/div>\n<\/div>\n\n\t\t<\/div>\n\t<\/div>\n<\/div><\/div><\/div><\/div><\/div><\/div><\/div><\/div><div class=\"vc_row wpb_row vc_row-fluid vc_custom_1624565722419\"><div class=\"wpb_column vc_column_container vc_col-sm-12\"><div class=\"vc_column-inner\"><div class=\"wpb_wrapper\"><div class=\"vc_row wpb_row vc_inner vc_row-fluid\"><div class=\"wpb_column vc_column_container vc_col-sm-6\"><div class=\"vc_column-inner\"><div class=\"wpb_wrapper\">\t\t\n\t\t<div id=\"wd-62bb5baed35ed\" class=\"title-wrapper wd-wpb set-mb-s reset-last-child  wd-title-color-default wd-title-style-simple wd-width-100 text-center \">\n\t\t\t\n\t\t\t<div class=\"liner-continer\">\n\t\t\t\t<h4 class=\"woodmart-title-container title  wd-font-weight-900 wd-fontsize-xl\" >Aqu\u00ed encontrar\u00e1s nuestras pol\u00edticas de Salvaguardia para trabajo en Centros Educativos<\/h4>\n\t\t\t\t\t\t\t<\/div>\n\t\t\t\n\t\t\t\n\t\t\t\t\t<\/div>\n\t\t\n\t\t\n\t<div class=\"wpb_text_column wpb_content_element\" >\n\t\t<div class=\"wpb_wrapper\">\n\t\t\t<div class=\"row\">\n<div class=\"col-md-1\"><a href=\"https:\/\/fundacioncarcafe.aicode-test.art\/wp-content\/uploads\/2022\/06\/Politica-de-Salvaguardia.pdf\" download=\"\"><img decoding=\"async\" src=\"\/wp-content\/uploads\/2021\/06\/pdf.png\" alt=\"img pdf\" width=\"40\" height=\"auto\" \/><br \/>\nDescargar<br \/>\n<\/a><\/div>\n<div class=\"col-md-10\">\n<h1 style=\"margin: 0.8rem;\"><em>\u00a0 \u00a0 \u00a0 \u00a0Pol\u00edtica de Salvaguardia.<\/em><\/h1>\n<h1><\/h1>\n<\/div>\n<\/div>\n\n\t\t<\/div>\n\t<\/div>\n\n\t<div class=\"wpb_text_column wpb_content_element\" >\n\t\t<div class=\"wpb_wrapper\">\n\t\t\t<div class=\"row\">\n<div class=\"col-md-1\"><a href=\"https:\/\/fundacioncarcafe.aicode-test.art\/wp-content\/uploads\/2022\/06\/Safeguarding-Policy.pdf\" download=\"\"><img decoding=\"async\" src=\"\/wp-content\/uploads\/2021\/06\/pdf.png\" alt=\"img pdf\" width=\"40\" height=\"auto\" \/><br \/>\nDescargar<br \/>\n<\/a><\/div>\n<div class=\"col-md-10\">\n<h1 style=\"margin: 0.8rem;\"><em>\u00a0 \u00a0 \u00a0 \u00a0Safeguarding Policy.<\/em><\/h1>\n<h1><\/h1>\n<\/div>\n<\/div>\n\n\t\t<\/div>\n\t<\/div>\n<\/div><\/div><\/div><div class=\"wpb_column vc_column_container vc_col-sm-6\"><div class=\"vc_column-inner\"><div class=\"wpb_wrapper\">\n\t<div id=\"imgPoliticasColegios\" class=\"wpb_single_image wpb_content_element vc_align_left\">\n\t\t\n\t\t<figure class=\"wpb_wrapper vc_figure\">\n\t\t\t<div class=\"vc_single_image-wrapper   vc_box_border_grey\"><img loading=\"lazy\" decoding=\"async\" width=\"2160\" height=\"1440\" src=\"https:\/\/fundacioncarcafe.co\/wp-content\/uploads\/2022\/03\/img-politicas-colegios-min.jpg\" class=\"vc_single_image-img attachment-full\" alt=\"\" title=\"img-politicas-colegios-min\" srcset=\"https:\/\/fundacioncarcafe.co\/wp-content\/uploads\/2022\/03\/img-politicas-colegios-min.jpg 2160w, https:\/\/fundacioncarcafe.co\/wp-content\/uploads\/2022\/03\/img-politicas-colegios-min-300x200.jpg 300w, https:\/\/fundacioncarcafe.co\/wp-content\/uploads\/2022\/03\/img-politicas-colegios-min-1024x683.jpg 1024w, https:\/\/fundacioncarcafe.co\/wp-content\/uploads\/2022\/03\/img-politicas-colegios-min-768x512.jpg 768w, https:\/\/fundacioncarcafe.co\/wp-content\/uploads\/2022\/03\/img-politicas-colegios-min-1536x1024.jpg 1536w, https:\/\/fundacioncarcafe.co\/wp-content\/uploads\/2022\/03\/img-politicas-colegios-min-2048x1365.jpg 2048w, https:\/\/fundacioncarcafe.co\/wp-content\/uploads\/2022\/03\/img-politicas-colegios-min-16x12.jpg 16w, https:\/\/fundacioncarcafe.co\/wp-content\/uploads\/2022\/03\/img-politicas-colegios-min-1200x800.jpg 1200w, https:\/\/fundacioncarcafe.co\/wp-content\/uploads\/2022\/03\/img-politicas-colegios-min-150x100.jpg 150w\" sizes=\"auto, (max-width: 2160px) 100vw, 2160px\" \/><\/div>\n\t\t<\/figure>\n\t<\/div>\n<\/div><\/div><\/div><\/div><\/div><\/div><\/div><\/div><div class=\"vc_row wpb_row vc_row-fluid vc_custom_1624565722419\"><div class=\"wpb_column vc_column_container vc_col-sm-12\"><div class=\"vc_column-inner\"><div class=\"wpb_wrapper\">\t\t\n\t\t<div id=\"wd-62bb5bb73f4a5\" class=\"title-wrapper wd-wpb set-mb-s reset-last-child  wd-title-color-default wd-title-style-simple wd-width-100 text-center \">\n\t\t\t\n\t\t\t<div class=\"liner-continer\">\n\t\t\t\t<h4 class=\"woodmart-title-container title  wd-font-weight-900 wd-fontsize-xl\" >Aqu\u00ed encontrar\u00e1s nuestras pol\u00edticas de Manejo de Imagen<\/h4>\n\t\t\t\t\t\t\t<\/div>\n\t\t\t\n\t\t\t\n\t\t\t\t\t<\/div>\n\t\t\n\t\t\n\t<div class=\"wpb_text_column wpb_content_element\" >\n\t\t<div class=\"wpb_wrapper\">\n\t\t\t<div class=\"row\">\n<div class=\"col-md-1\"><a href=\"https:\/\/fundacioncarcafe.aicode-test.art\/wp-content\/uploads\/2022\/06\/Consentimiento-de-Medios-Audiovisuales.pdf\" download=\"\"><img decoding=\"async\" src=\"\/wp-content\/uploads\/2021\/06\/pdf.png\" alt=\"img pdf\" width=\"40\" height=\"auto\" \/><br \/>\nDescargar<br \/>\n<\/a><\/div>\n<div class=\"col-md-10\">\n<h1 style=\"margin: 0.8rem;\">Consentimiento de Medios Audiovisuales<\/h1>\n<h1><\/h1>\n<\/div>\n<\/div>\n\n\t\t<\/div>\n\t<\/div>\n\n\t<div class=\"wpb_text_column wpb_content_element\" >\n\t\t<div class=\"wpb_wrapper\">\n\t\t\t<div class=\"row\">\n<div class=\"col-md-1\"><a href=\"https:\/\/fundacioncarcafe.aicode-test.art\/wp-content\/uploads\/2022\/06\/Audiovisual-Media-Concent-Form.pdf\" download=\"\"><img decoding=\"async\" src=\"\/wp-content\/uploads\/2021\/06\/pdf.png\" alt=\"img pdf\" width=\"40\" height=\"auto\" \/><br \/>\nDescargar<br \/>\n<\/a><\/div>\n<div class=\"col-md-10\">\n<h1 style=\"margin: 0.8rem;\"><em>Audiovisual Media Concent Form<\/em><\/h1>\n<h1><\/h1>\n<\/div>\n<\/div>\n\n\t\t<\/div>\n\t<\/div>\n<div class=\"vc_row wpb_row vc_inner vc_row-fluid\"><div class=\"wpb_column vc_column_container vc_col-sm-2\"><div class=\"vc_column-inner\"><div class=\"wpb_wrapper\"><\/div><\/div><\/div><div class=\"wpb_column vc_column_container vc_col-sm-8\"><div class=\"vc_column-inner\"><div class=\"wpb_wrapper\">\n\t<div id=\"imgPoliticasImagenes\" class=\"wpb_single_image wpb_content_element vc_align_left\">\n\t\t\n\t\t<figure class=\"wpb_wrapper vc_figure\">\n\t\t\t<div class=\"vc_single_image-wrapper   vc_box_border_grey\"><img loading=\"lazy\" decoding=\"async\" width=\"1920\" height=\"1080\" src=\"https:\/\/fundacioncarcafe.co\/wp-content\/uploads\/2022\/03\/img-politicas-manejo-imagen.jpg\" class=\"vc_single_image-img attachment-full\" alt=\"\" title=\"img-politicas-manejo-imagen\" srcset=\"https:\/\/fundacioncarcafe.co\/wp-content\/uploads\/2022\/03\/img-politicas-manejo-imagen.jpg 1920w, https:\/\/fundacioncarcafe.co\/wp-content\/uploads\/2022\/03\/img-politicas-manejo-imagen-300x169.jpg 300w, https:\/\/fundacioncarcafe.co\/wp-content\/uploads\/2022\/03\/img-politicas-manejo-imagen-1024x576.jpg 1024w, https:\/\/fundacioncarcafe.co\/wp-content\/uploads\/2022\/03\/img-politicas-manejo-imagen-768x432.jpg 768w, https:\/\/fundacioncarcafe.co\/wp-content\/uploads\/2022\/03\/img-politicas-manejo-imagen-1536x864.jpg 1536w, https:\/\/fundacioncarcafe.co\/wp-content\/uploads\/2022\/03\/img-politicas-manejo-imagen-16x9.jpg 16w, https:\/\/fundacioncarcafe.co\/wp-content\/uploads\/2022\/03\/img-politicas-manejo-imagen-1200x675.jpg 1200w, https:\/\/fundacioncarcafe.co\/wp-content\/uploads\/2022\/03\/img-politicas-manejo-imagen-150x84.jpg 150w\" sizes=\"auto, (max-width: 1920px) 100vw, 1920px\" \/><\/div>\n\t\t<\/figure>\n\t<\/div>\n<\/div><\/div><\/div><div class=\"wpb_column vc_column_container vc_col-sm-2\"><div class=\"vc_column-inner\"><div class=\"wpb_wrapper\"><\/div><\/div><\/div><\/div><\/div><\/div><\/div><\/div><div class=\"vc_row wpb_row vc_row-fluid vc_custom_1648754891182\"><div class=\"wpb_column vc_column_container vc_col-sm-12\"><div class=\"vc_column-inner\"><div class=\"wpb_wrapper\">\t\t\n\t\t<div id=\"wd-60d52892d7c54\" class=\"title-wrapper wd-wpb set-mb-s reset-last-child  wd-title-color-default wd-title-style-simple wd-width-100 text-center \">\n\t\t\t\n\t\t\t<div class=\"liner-continer\">\n\t\t\t\t<h1 class=\"woodmart-title-container title  wd-font-weight-900 wd-fontsize-xl\" >CUMPLIMIENTO DE REQUISITOS<\/h1>\n\t\t\t\t\t\t\t<\/div>\n\t\t\t\n\t\t\t\n\t\t\t\t\t<\/div>\n\t\t\n\t\t\n\t<div class=\"wpb_text_column wpb_content_element\" >\n\t\t<div class=\"wpb_wrapper\">\n\t\t\t<div style=\"text-align: justify;\">Art. 364-5. Registro web y remisi\u00f3n de comentarios de la sociedad civil (Estatuto Tributario Nacional). Todas las entidades que pretendan ser calificadas en el R\u00e9gimen Tributario Especial deber\u00e1n registrarse en el aplicativo web que para ello se\u00f1ale la DIAN. El registro de que trata el presente art\u00edculo tiene por objeto que el proceso de calificaci\u00f3n sea p\u00fablico, que la comun\u00eddad se pronuncie sobre los requisitos de acceso al R\u00e9gimen Tributario Especial, y que remita comentarios generales y observaciones sobre la respectiva entidad. El Gobierno Nacional reglamentar\u00e1 los plazos y condiciones a los que se refiere este art\u00edculo. La entidad solicitante deber\u00e1, durante el t\u00e9rmino establecido en el reglamento para la calificaci\u00f3n dentro del R\u00e9gimen Tributario Especial, previa solicitud de la DIAN, remitir las explicaciones que correspondan para desestimar los comentarios y las observaciones presentadas por la comunidad. Las entidades calificadas en el R\u00e9gimen Tributario Especial deber\u00e1n actualizar anualmente, en los primeros 3 meses de cada a\u00f1o, la informaci\u00f3n a la que se refiere este registro.<\/div>\n\n\t\t<\/div>\n\t<\/div>\n<\/div><\/div><\/div><\/div>\n<\/section>","protected":false},"excerpt":{"rendered":"POLITICAS y RTE (R\u00e9gimen Tributario Especial) Lorem Ipsum is simply dummy text of the printing and typesetting industry. Lorem Ipsum","protected":false},"author":1,"featured_media":0,"parent":0,"menu_order":0,"comment_status":"closed","ping_status":"closed","template":"","meta":{"wp_popup_display_lightbox":0,"wp_popup_suppress":"","wp_popup_trigger":"","wp_popup_trigger_amount":0,"wp_popup_disable_on_mobile":false,"footnotes":""},"class_list":["post-7620","page","type-page","status-publish","hentry"],"_links":{"self":[{"href":"https:\/\/fundacioncarcafe.co\/en\/wp-json\/wp\/v2\/pages\/7620","targetHints":{"allow":["GET"]}}],"collection":[{"href":"https:\/\/fundacioncarcafe.co\/en\/wp-json\/wp\/v2\/pages"}],"about":[{"href":"https:\/\/fundacioncarcafe.co\/en\/wp-json\/wp\/v2\/types\/page"}],"author":[{"embeddable":true,"href":"https:\/\/fundacioncarcafe.co\/en\/wp-json\/wp\/v2\/users\/1"}],"replies":[{"embeddable":true,"href":"https:\/\/fundacioncarcafe.co\/en\/wp-json\/wp\/v2\/comments?post=7620"}],"version-history":[{"count":42,"href":"https:\/\/fundacioncarcafe.co\/en\/wp-json\/wp\/v2\/pages\/7620\/revisions"}],"predecessor-version":[{"id":8582,"href":"https:\/\/fundacioncarcafe.co\/en\/wp-json\/wp\/v2\/pages\/7620\/revisions\/8582"}],"wp:attachment":[{"href":"https:\/\/fundacioncarcafe.co\/en\/wp-json\/wp\/v2\/media?parent=7620"}],"curies":[{"name":"wp","href":"https:\/\/api.w.org\/{rel}","templated":true}]}}